{"id":1899,"date":"2023-08-04T15:03:31","date_gmt":"2023-08-04T13:03:31","guid":{"rendered":"https:\/\/mk-kiens.com\/?page_id=1899"},"modified":"2024-06-04T07:15:32","modified_gmt":"2024-06-04T05:15:32","slug":"chronik","status":"publish","type":"page","link":"https:\/\/mk-kiens.com\/index.php\/chronik\/","title":{"rendered":"Chronik"},"content":{"rendered":"\n<div class=\"wp-block-group\"><div class=\"wp-block-group__inner-container is-layout-constrained wp-block-group-is-layout-constrained\">\n<div class=\"wp-block-columns is-layout-flex wp-container-core-columns-is-layout-9d6595d7 wp-block-columns-is-layout-flex\">\n<div class=\"wp-block-column is-layout-flow wp-block-column-is-layout-flow\">\n<h2 class=\"wp-block-heading has-text-align-center has-text-color has-x-large-font-size\" style=\"color:#355e3b;font-style:normal;font-weight:600\">200 Jahre Musikkapelle Kiens<\/h2>\n<\/div>\n<\/div>\n<\/div><\/div>\n\n\n\n<p class=\"has-text-color has-medium-font-size\" style=\"color:#355e3b\"><strong>Gria\u00dft enk<\/strong><\/p>\n\n\n\n<div class=\"wp-block-columns is-layout-flex wp-container-core-columns-is-layout-9d6595d7 wp-block-columns-is-layout-flex\">\n<div class=\"wp-block-column is-layout-flow wp-block-column-is-layout-flow\" style=\"flex-basis:66.66%\">\n<p style=\"font-size:16px\">Das 200-j\u00e4hrige Bestehen der Musikkapelle Kiens erf\u00fcllt uns mit gro\u00dfer Freude. Zur\u00fcckzublicken auf das Vergangene erweckt Neugier und Staunen \u00fcber gelebte Tradition und wegweisende Entwicklungen. Der Blick in die Gegenwart macht stolz auf die musikalische Leistung, die vielen Auftritte und die Anerkennung des Vereins in der Dorfgemeinschaft. Der Blick in die Zukunft zeugt von Respekt \u2212 Respekt vor allen, die sich neben ihren beruflichen und famili\u00e4ren Aufgaben auch ehrenamtlich engagieren und somit zu einem aktiven und interessanten Ortsleben beitragen. Wird dieser Einsatz stets gew\u00fcrdigt und von der Bev\u00f6lkerung gesch\u00e4tzt, so wird die Musikkapelle weiterhin jegliche Schwierigkeiten, welche sich ihr in den n\u00e4chsten 200 Jahren in den Weg stellen werden, musikalisch \u00fcbert\u00f6nen.<\/p>\n\n\n\n<p style=\"font-size:16px\">Dieses Vereinsjubil\u00e4um ist etwas ganz Besonderes, und die Musikkapelle Kiens hat seit 1820 Bedeutsames geleistet. Allein die Vorstellung, dass die \u201eKiena\u201c auch in den oft schwierigen Zeiten, wie z.B. w\u00e4hrend der beiden Weltkriege, ihre Instrumente nie zur Ruhe kommen lie\u00dfen, ist bewundernswert. Besonders unser Jubil\u00e4umsjahr 2020 hat gezeigt, dass wir auch heute immer wieder<br>mit neuen Herausforderungen konfrontiert werden, und es bleibt eine aufregende Aufgabe, den Verein zu pflegen und fortzuf\u00fchren.<br><\/p>\n\n\n\n<p style=\"font-size:16px\">Bedanken m\u00f6chte ich mich herzlich bei allen Mitgliedern der Musikkapelle Kiens, die das Fortbestehen unseres Vereins durch viel Einsatz sichern.<br><\/p>\n\n\n\n<p style=\"font-size:16px\">Ein aufrichtiger Dank gilt auch allen, die unsere Kapelle durch ihre Anwesenheit an unseren Veranstaltungen und ihre Begeisterung sowie durch finanzielle Beitr\u00e4ge unterst\u00fctzen.<br><\/p>\n\n\n\n<p style=\"font-size:16px\">Ich freue mich nun auf weitere spannende, kameradschaftliche und musikalische Momente in unserer Musikkapelle.<br><\/p>\n\n\n\n<p style=\"font-size:16px\">Der Obmann<br>Florian Graf<\/p>\n<\/div>\n\n\n\n<div class=\"wp-block-column is-vertically-aligned-top is-layout-flow wp-block-column-is-layout-flow\" style=\"flex-basis:33.33%\"><div class=\"wp-block-image is-style-rounded\">\n<figure class=\"aligncenter size-full\"><img loading=\"lazy\" decoding=\"async\" width=\"200\" height=\"200\" src=\"https:\/\/mk-kiens.com\/wp-content\/uploads\/2017\/06\/florian-2017.jpg\" alt=\"\" class=\"wp-image-858\" srcset=\"https:\/\/mk-kiens.com\/wp-content\/uploads\/2017\/06\/florian-2017.jpg 200w, https:\/\/mk-kiens.com\/wp-content\/uploads\/2017\/06\/florian-2017-150x150.jpg 150w\" sizes=\"auto, (max-width: 200px) 100vw, 200px\" \/><figcaption class=\"wp-element-caption\"> Obmann von 2017-2022<\/figcaption><\/figure><\/div><\/div>\n<\/div>\n\n\n\n<hr class=\"wp-block-separator aligncenter has-text-color has-alpha-channel-opacity has-background is-style-wide\" style=\"background-color:#355e3b;color:#355e3b\"\/>\n\n\n\n<p><\/p>\n\n\n\n<div class=\"wp-block-columns is-not-stacked-on-mobile is-layout-flex wp-container-core-columns-is-layout-9d6595d7 wp-block-columns-is-layout-flex\">\n<div class=\"wp-block-column is-vertically-aligned-center is-layout-flow wp-block-column-is-layout-flow\">\n<p class=\"has-text-color has-medium-font-size\" style=\"color:#355e3b\"><strong>Warum dieses Buch<\/strong><\/p>\n<\/div>\n<\/div>\n\n\n\n<div class=\"wp-block-columns is-layout-flex wp-container-core-columns-is-layout-9d6595d7 wp-block-columns-is-layout-flex\">\n<div class=\"wp-block-column is-layout-flow wp-block-column-is-layout-flow\">\n<p style=\"font-size:16px\">200 Jahre Musikkapelle Kiens sind es sicherlich wert, aufgeschrieben und dokumentiert zu werden. Im Laufe der Jahre sind leider bereits viele Geschichten, Dokumente und Informationen verloren gegangen, deshalb w\u00e4re wohl der beste Beginn f\u00fcr die Niederschrift aller Informationen vor 200 Jahren gewesen. Der zweitbeste Zeitpunkt ist jetzt.<br><br>Dank des gro\u00dfartigen Einsatzes einiger Mitglieder der Musikkapelle und Freunde der Musik, welche die Archive in S\u00fcdtirol und in Innsbruck durchforsteten, eine F\u00fclle von Bezirksgerichtsakten und Zeitungsartikeln sicherten, mit vielen Zeitzeugen sprachen, aber auch Fotos suchten und fanden, konnte eine gro\u00dfe F\u00fclle von neuen Informationen \u00fcber die Geschichte der Musikkapelle Kiens bereitgestellt und aufgearbeitet werden.<br><br>Leider konnten nicht alle gesammelten Bilder, Dokumente und Informationen in dieser, doch begrenzten Chronik, aufgeschrieben oder aufgelistet werden, obwohl mit innovativsten Mitteln gearbeitet wurde. Trotzdem soll dieses Buch eine interessante Lekt\u00fcre, ein Nachschlagewerk und schlie\u00dflich auch eine wertvolle Erinnerung und ein historischer Beitrag f\u00fcr die Gemeinde Kiens sein.<br><br>Ein Dank geht an alle, die mit gro\u00dfem Eifer an diesem Werk mitgearbeitet haben. Mit bestem Wissen und Gewissen wurden die Informationen in diesem Buch verarbeitet, und wir hoffen, dass Sie doch keine gr\u00f6\u00dferen Fehler finden m\u00f6gen. Diese Chronik soll nicht nur f\u00fcr die Kiener Bev\u00f6lkerung aufschlussreich sein, sondern auch f\u00fcr alle anderen heimatkundlich Interessierten, weil sie einen Einblick in das Vereinswesen, aber auch in das Leben der l\u00e4ndlichen Bev\u00f6lkerung in den letzten beiden Jahrhunderten bietet.<\/p>\n<\/div>\n<\/div>\n\n\n\n<hr class=\"wp-block-separator aligncenter has-text-color has-alpha-channel-opacity has-background is-style-wide\" style=\"background-color:#355e3b;color:#355e3b\"\/>\n\n\n\n<p><\/p>\n\n\n\n<div class=\"wp-block-columns is-not-stacked-on-mobile is-layout-flex wp-container-core-columns-is-layout-9d6595d7 wp-block-columns-is-layout-flex\">\n<div class=\"wp-block-column is-vertically-aligned-center has-background is-layout-flow wp-block-column-is-layout-flow\" style=\"background-color:#d6cba98a\">\n<p class=\"has-text-color has-medium-font-size\" style=\"color:#355e3b\"><strong>Das Chronikteam<\/strong><\/p>\n<\/div>\n<\/div>\n\n\n<div class=\"wp-block-image\">\n<figure class=\"aligncenter\"><img loading=\"lazy\" decoding=\"async\" width=\"2560\" height=\"1920\" src=\"https:\/\/mk-kiens.com\/wp-content\/uploads\/2023\/01\/image00005-scaled.jpeg\" alt=\"\" class=\"wp-image-1686\" srcset=\"https:\/\/mk-kiens.com\/wp-content\/uploads\/2023\/01\/image00005-scaled.jpeg 2560w, https:\/\/mk-kiens.com\/wp-content\/uploads\/2023\/01\/image00005-300x225.jpeg 300w, https:\/\/mk-kiens.com\/wp-content\/uploads\/2023\/01\/image00005-1024x768.jpeg 1024w, https:\/\/mk-kiens.com\/wp-content\/uploads\/2023\/01\/image00005-768x576.jpeg 768w, https:\/\/mk-kiens.com\/wp-content\/uploads\/2023\/01\/image00005-1536x1152.jpeg 1536w, https:\/\/mk-kiens.com\/wp-content\/uploads\/2023\/01\/image00005-2048x1536.jpeg 2048w\" sizes=\"auto, (max-width: 2560px) 100vw, 2560px\" \/><\/figure><\/div>\n\n\n<p><\/p>\n\n\n\n<div class=\"wp-block-columns is-layout-flex wp-container-core-columns-is-layout-9d6595d7 wp-block-columns-is-layout-flex\">\n<div class=\"wp-block-column is-vertically-aligned-center has-background is-layout-flow wp-block-column-is-layout-flow\" style=\"background-color:#d6cba98a\">\n<p class=\"has-text-color\" style=\"color:#355e3b\"><strong>Unser Chronikteam erz\u00e4hlt von ihren Erfahrungen aus und w\u00e4hrend dem Projekt<\/strong><\/p>\n<\/div>\n<\/div>\n\n\n\n<div class=\"wp-block-columns is-layout-flex wp-container-core-columns-is-layout-9d6595d7 wp-block-columns-is-layout-flex\">\n<div class=\"wp-block-column has-background is-layout-flow wp-block-column-is-layout-flow\" style=\"background-color:#d6cba98a\">\n<p class=\"has-small-font-size\"><strong>Hartmann Engl<\/strong><br>Es hat Spa\u00df gemacht, \u00fcber l\u00e4ngst vergangene Geschichten, die wir mit der MK Kiens im Laufe der vielen Jahre erlebt haben, nachzudenken und diese mit anderen \u2013 oft schon ausgetretenen \u2013 Musikanten zu teilen und \u00fcber das Geschehene zu lachen.<\/p>\n\n\n\n<p class=\"has-small-font-size\"><strong>Florian Graf<\/strong><br>Mir war es von Anfang an wichtig, dass an der Chronik nicht ausschlie\u00dflich der Vorstand arbeitet, sondern eine Arbeitsgruppe aus verschiedenen Mitgliedern der Musikkapelle. Ich kann mich genau an den ersten Workshop erinnern, welcher einberufen wurde. Aus diesem Workshop haben sich die heute im Projekt mitwirkenden Teammitglieder herauskristallisiert. Bei jeder weiteren Sitzung war ich immer wieder erstaunt \u00fcber die jeweiligen St\u00e4rken jeder\/s Einzelnen, und die Aufgaben bzw. F\u00e4higkeiten waren meiner Meinung nach, gut verteilt. Mich freut auch besonders zu sehen, wie jede\/r Einzelne mit Begeisterung und Engagement an der Geschichte der Musikkapelle Kiens mitarbeitet.<br><br><strong>Mirjam Gruber<\/strong><br>Die Mitarbeit im Chronikteam hat mir gezeigt, wie wichtig es ist, aktuelle Informationen aufzuschreiben und sicher abzulegen, damit k\u00fcnftige Generationen Entwicklungen nachvollziehen k\u00f6nnen. Ich pers\u00f6nlich habe gelernt, geschichtliche Ereignisse kritisch im Kontext zu betrachten, Quellen zu hinterfragen und zu vergleichen. Es war auch sehr toll zu sehen, wie viel Spa\u00df die Mitglieder unserer Musikkapelle im Laufe der Jahre hatten und haben.<\/p>\n<\/div>\n\n\n\n<div class=\"wp-block-column has-background is-layout-flow wp-block-column-is-layout-flow\" style=\"background-color:#d6cba98a\">\n<p class=\"has-small-font-size\"><strong>Oskar Hildgartner<\/strong><br>Ich habe viele neue interessante Informationen, Fotos, Materialien und Anekdoten gesammelt, und dadurch habe ich gelernt, viele Punkte\/Sachverhalte\/Quellen im Kopf abzuspeichern.<br><br><strong>Nadia Mairvongrasspeinten<\/strong><br>Es war interessant nachzuforschen, wie sich der Verein \u00fcber so viele Jahre ver\u00e4ndert hat, wie sich die geschichtlichen Ereignisse auf das Vereinsleben ausgewirkt haben und wie sich viele Situationen \u00fcber die Jahre hinweg immer wiederholen. Was mich beeindruckt hat, war, dass es \u00fcber diese so lange Zeit hinweg immer wieder motivierte und sehr engagierte Musikantinnen und Musikanten in unserem Dorf gegeben hat, die mit ihrem Einsatz dazu beigetragen haben, dass die MK Kiens nun seit 200 Jahren besteht, tolle musikalische Highlights feiern konnte und einen gro\u00dfen Beitrag im Dorfleben leistet.<br><br><strong>Christian Obexer<\/strong><br>Ich bin nun selbst schon seit \u00fcber einem Vierteljahrhundert Mitglied dieses Vereins, trotzdem hatte ich vor diesem Projekt wenig Ahnung von dessen Geschichte \u2013 die Gelegenheit, dies zu \u00e4ndern, wollte ich ergreifen. Au\u00dferdem wollte ich im Chronikteam auch einen Beitrag leisten, damit dieses besondere Buch entstehen konnte. Und wie oft bietet sich schon die M\u00f6glichkeit, \u201eGeschichte zu schreiben\u201c? Die Recherchearbeit war sehr interessant. Dankbar bin ich vor allem f\u00fcr jene \u00dcberlieferungen, die wir (aus verschiedenen Gr\u00fcnden) nicht alle abbilden konnten, aber welche f\u00fcr so einige Lacher gesorgt haben\u2026<\/p>\n<\/div>\n\n\n\n<div class=\"wp-block-column has-background is-layout-flow wp-block-column-is-layout-flow\" style=\"background-color:#d6cba98a\">\n<p class=\"has-small-font-size\"><strong>Karin Obexer<\/strong><br>Ich habe viel Neues \u00fcber die Entwicklung unseres Vereins erfahren, es gab viele \u00dcberraschungen beim Durchlesen der Chronik und immer wieder Momente, die mich zum Schmunzeln brachten. Obwohl die Mitarbeit beim Verfassen der Chronik sehr zeitintensiv war und viele ehrenamtliche Stunden der wertvollen Freizeit geopfert wurden, hat es mir viel Spa\u00df gemacht, und ich freue mich auf den Moment, an dem ich die endg\u00fcltige Druckversion in den H\u00e4nden halten darf.<br><br><strong>Maria Pitscheider<\/strong><br>Mit Begeisterung habe ich durch die intensive Auseinandersetzung mit der 200-j\u00e4hrigen Geschichte der MK Kiens erfahren k\u00f6nnen, mit wie viel Einsatz und Zusammenhalt die Mitglieder der Kapelle verschiedenste H\u00f6hen und Tiefen gemeinsam durchlebt haben. Daraus folgend wurde mir umso mehr bewusst, wie wichtig der Beitrag jedes einzelnen Mitgliedes f\u00fcr ein bereicherndes musikalisches Miteinander und den Fortbestand unserer Musikkapelle ist.<br><br><strong>Jasmin Wenger<\/strong><br>Es war interessant zu sehen, wo die Kiena Musikkapelle \u00fcberall gespielt hat, und zudem konnte ich viele neue Informationen und Geschichten \u00fcber das eigene Dorf erfahren, die ich bisher nicht kannte.<br><br><strong>Markus Auer<\/strong><br>Es war interessant, sich mit den anderen \u00fcber die Geschichte der Musikkapelle auszutauschen und sich wieder an vergangene Ereignisse zu erinnern.<\/p>\n<\/div>\n<\/div>\n\n\n\n<hr class=\"wp-block-separator aligncenter has-text-color has-alpha-channel-opacity has-background is-style-wide\" style=\"background-color:#355e3b;color:#355e3b\"\/>\n\n\n\n<p class=\"has-text-align-center has-text-color\" id=\"Kiena-Jubil\u00e4ums-Polka\" style=\"color:#355e3b;font-size:16px\">H\u00f6re jetzt die Kiena Jubil\u00e4ums-Polka von Armin Kofler<br>(Die G\u00f6nner &#8211; Oskar Hildgartner, Waltraud Oberhuber und deren Ehemann Roland Happacher)<\/p>\n\n\n<!--[if lt IE 9]><script>document.createElement('audio');<\/script><![endif]-->\n<audio class=\"wp-audio-shortcode\" id=\"audio-1899-1\" loop autoplay preload=\"auto\" style=\"width: 100%;\" controls=\"controls\"><source type=\"audio\/mpeg\" src=\"https:\/\/mk-kiens.com\/wp-content\/uploads\/2023\/01\/05-Musikkapelle-Kiens-Jubilaeumspolka.mp3?_=1\" \/><a href=\"https:\/\/mk-kiens.com\/wp-content\/uploads\/2023\/01\/05-Musikkapelle-Kiens-Jubilaeumspolka.mp3\">https:\/\/mk-kiens.com\/wp-content\/uploads\/2023\/01\/05-Musikkapelle-Kiens-Jubilaeumspolka.mp3<\/a><\/audio>\n\n\n<p><\/p>\n\n\n\n<hr class=\"wp-block-separator aligncenter has-text-color has-alpha-channel-opacity has-background is-style-wide\" style=\"background-color:#355e3b;color:#355e3b\"\/>\n\n\n\n<div class=\"wp-block-columns is-layout-flex wp-container-core-columns-is-layout-9d6595d7 wp-block-columns-is-layout-flex\">\n<div class=\"wp-block-column is-layout-flow wp-block-column-is-layout-flow\">\n<p class=\"has-text-align-center has-text-color has-medium-font-size\" style=\"color:#355e3b\"><strong>Und ab hier geht es zu den Inhalten, welche \u00fcber die QR-Codes im Buch direkt erreichbar sind.<\/strong><\/p>\n\n\n<div class=\"wp-block-image\">\n<figure class=\"aligncenter size-full\"><img loading=\"lazy\" decoding=\"async\" width=\"180\" height=\"180\" src=\"https:\/\/mk-kiens.com\/wp-content\/uploads\/2023\/08\/QR-Code\u200b.jpg\" alt=\"\" class=\"wp-image-1993\" srcset=\"https:\/\/mk-kiens.com\/wp-content\/uploads\/2023\/08\/QR-Code\u200b.jpg 180w, https:\/\/mk-kiens.com\/wp-content\/uploads\/2023\/08\/QR-Code\u200b-150x150.jpg 150w\" sizes=\"auto, (max-width: 180px) 100vw, 180px\" \/><\/figure><\/div>\n\n\n<p class=\"has-text-align-center\" style=\"font-size:16px\">Hole dir das Buch der Musikkapelle Kiens im Meldeamt der Gemeinde Kiens ab. Du findest darin viele Erkl\u00e4rungen und die entsprechende Zeitleiste die die Geschichte der Musikkapelle Kiens erz\u00e4hlt und die damit direkt zu den entsprechenden Inhalten und Themen verweisenden QR-Codes.<br>Viel Spa\u00df beim reinschauen, reinst\u00f6bern und reinh\u00f6ren.<\/p>\n<\/div>\n<\/div>\n\n\n\n<figure class=\"wp-block-image size-full is-resized\"><img loading=\"lazy\" decoding=\"async\" width=\"1512\" height=\"443\" src=\"https:\/\/mk-kiens.com\/wp-content\/uploads\/2023\/08\/Seit-200-Jahren-.jpg\" alt=\"\" class=\"wp-image-1976\" srcset=\"https:\/\/mk-kiens.com\/wp-content\/uploads\/2023\/08\/Seit-200-Jahren-.jpg 1512w, https:\/\/mk-kiens.com\/wp-content\/uploads\/2023\/08\/Seit-200-Jahren--300x88.jpg 300w, https:\/\/mk-kiens.com\/wp-content\/uploads\/2023\/08\/Seit-200-Jahren--1024x300.jpg 1024w, https:\/\/mk-kiens.com\/wp-content\/uploads\/2023\/08\/Seit-200-Jahren--768x225.jpg 768w\" sizes=\"auto, (max-width: 1512px) 100vw, 1512px\" \/><\/figure>\n\n\n\n<h3 class=\"wp-block-heading has-text-color has-link-color wp-elements-1b3718601aa5ea92203d21104ef0f5bd\" style=\"color:#355e3b\">Im Buch auf Seite 27 &#8211; KIENER FEUERWEHRMARSCH<\/h3>\n\n\n\n<figure class=\"wp-block-gallery has-nested-images columns-default is-cropped wp-block-gallery-1 is-layout-flex wp-block-gallery-is-layout-flex\" id=\"qrarchiv1013\">\n<figure class=\"wp-block-image size-large\"><img loading=\"lazy\" decoding=\"async\" width=\"1024\" height=\"693\" data-id=\"2294\" src=\"https:\/\/mk-kiens.com\/wp-content\/uploads\/2024\/06\/20180126-018-1024x693.jpg\" alt=\"\" class=\"wp-image-2294\" srcset=\"https:\/\/mk-kiens.com\/wp-content\/uploads\/2024\/06\/20180126-018-1024x693.jpg 1024w, https:\/\/mk-kiens.com\/wp-content\/uploads\/2024\/06\/20180126-018-300x203.jpg 300w, https:\/\/mk-kiens.com\/wp-content\/uploads\/2024\/06\/20180126-018-768x520.jpg 768w, https:\/\/mk-kiens.com\/wp-content\/uploads\/2024\/06\/20180126-018-1536x1039.jpg 1536w, https:\/\/mk-kiens.com\/wp-content\/uploads\/2024\/06\/20180126-018-2048x1385.jpg 2048w, https:\/\/mk-kiens.com\/wp-content\/uploads\/2024\/06\/20180126-018-400x270.jpg 400w\" sizes=\"auto, (max-width: 1024px) 100vw, 1024px\" \/><figcaption class=\"wp-element-caption\">Auf dem Gruppenfoto der Freiwilligen Feuerwehr (FF) Kiens von 1890 tragen die Musikanten und die Feuerwehrleute dieselbe Montur mit einer Schildkappe, welche die Kiener Musikanten auch sp\u00e4ter in der Faschistenzeit tragen sollten, als alle Tiroler Trachten verboten waren. Von 1890 bis mindestens 1899 hie\u00df die Musikkapelle von Kiens \u201eFeuerwehrkapelle\u201c.<\/figcaption><\/figure>\n\n\n\n<figure class=\"wp-block-image size-large\"><img loading=\"lazy\" decoding=\"async\" width=\"1024\" height=\"717\" data-id=\"2292\" src=\"https:\/\/mk-kiens.com\/wp-content\/uploads\/2024\/06\/20180517-001-alter-musikhut-1024x717.jpg\" alt=\"\" class=\"wp-image-2292\" srcset=\"https:\/\/mk-kiens.com\/wp-content\/uploads\/2024\/06\/20180517-001-alter-musikhut-1024x717.jpg 1024w, https:\/\/mk-kiens.com\/wp-content\/uploads\/2024\/06\/20180517-001-alter-musikhut-300x210.jpg 300w, https:\/\/mk-kiens.com\/wp-content\/uploads\/2024\/06\/20180517-001-alter-musikhut-768x538.jpg 768w, https:\/\/mk-kiens.com\/wp-content\/uploads\/2024\/06\/20180517-001-alter-musikhut-1536x1075.jpg 1536w, https:\/\/mk-kiens.com\/wp-content\/uploads\/2024\/06\/20180517-001-alter-musikhut-2048x1433.jpg 2048w\" sizes=\"auto, (max-width: 1024px) 100vw, 1024px\" \/><figcaption class=\"wp-element-caption\">Die originale Tellerm\u00fctze, wie sie ab dem Jahr 1889 getragen wurde, wenn die Musikkapelle in der Feuerwehruniform auftrat.<\/figcaption><\/figure>\n\n\n\n<figure class=\"wp-block-image size-large\"><img loading=\"lazy\" decoding=\"async\" width=\"1024\" height=\"768\" data-id=\"2293\" src=\"https:\/\/mk-kiens.com\/wp-content\/uploads\/2024\/06\/IMG_20220810_215307-1024x768.jpg\" alt=\"\" class=\"wp-image-2293\" srcset=\"https:\/\/mk-kiens.com\/wp-content\/uploads\/2024\/06\/IMG_20220810_215307-1024x768.jpg 1024w, https:\/\/mk-kiens.com\/wp-content\/uploads\/2024\/06\/IMG_20220810_215307-300x225.jpg 300w, https:\/\/mk-kiens.com\/wp-content\/uploads\/2024\/06\/IMG_20220810_215307-768x576.jpg 768w, https:\/\/mk-kiens.com\/wp-content\/uploads\/2024\/06\/IMG_20220810_215307-1536x1152.jpg 1536w, https:\/\/mk-kiens.com\/wp-content\/uploads\/2024\/06\/IMG_20220810_215307-2048x1536.jpg 2048w\" sizes=\"auto, (max-width: 1024px) 100vw, 1024px\" \/><figcaption class=\"wp-element-caption\">Vermutlich die Klarinettenstimme im Original des &#8222;Kiensner Feuerwehrmarsch&#8220; aus der Feder von Josef Happacher (Pinta Seppl), welcher die Kapelle 1914 und 1919-1925 als Kapellmeister geleitet hatte.<\/figcaption><\/figure>\n<\/figure>\n\n\n\n<hr class=\"wp-block-separator aligncenter has-text-color has-alpha-channel-opacity has-background is-style-wide\" style=\"background-color:#355e3b;color:#355e3b\"\/>\n\n\n\n<h3 class=\"wp-block-heading has-text-color has-link-color wp-elements-9b2185fc13d2b8e923e123435ef2f191\" style=\"color:#355e3b\">Im Buch auf Seite 29 &#8211; DIE ANF\u00c4NGE<\/h3>\n\n\n\n<figure class=\"wp-block-gallery has-nested-images columns-default is-cropped wp-block-gallery-2 is-layout-flex wp-block-gallery-is-layout-flex\" id=\"qrarchiv4900\">\n<figure class=\"wp-block-image size-large\"><img loading=\"lazy\" decoding=\"async\" width=\"1024\" height=\"752\" data-id=\"2314\" src=\"https:\/\/mk-kiens.com\/wp-content\/uploads\/2024\/06\/2018-12-17-01-1024x752.jpg\" alt=\"\" class=\"wp-image-2314\" srcset=\"https:\/\/mk-kiens.com\/wp-content\/uploads\/2024\/06\/2018-12-17-01-1024x752.jpg 1024w, https:\/\/mk-kiens.com\/wp-content\/uploads\/2024\/06\/2018-12-17-01-300x220.jpg 300w, https:\/\/mk-kiens.com\/wp-content\/uploads\/2024\/06\/2018-12-17-01-768x564.jpg 768w, https:\/\/mk-kiens.com\/wp-content\/uploads\/2024\/06\/2018-12-17-01.jpg 1274w\" sizes=\"auto, (max-width: 1024px) 100vw, 1024px\" \/><figcaption class=\"wp-element-caption\">Sitzend Willeit Josef (Noimoar, Gutsbesitzer aus Ehrenburg &#8211; best\u00e4tigt vonZahnarzt Willeit Josef sowie von P\u00f6rnbacher Lisas Schwester), passt genau zum Foto um 1915 wo er w\u00e4hrend des 1. Weltkrieges in Kiens Kapellmeister von 1915 \u2013 1918 war, da Josef Happacher\/Pinta Seppl in dieser Zeit seinen Pr\u00e4senzdienst abgeleistet hat.<\/figcaption><\/figure>\n\n\n\n<figure class=\"wp-block-image size-large\"><img loading=\"lazy\" decoding=\"async\" width=\"709\" height=\"1024\" data-id=\"2315\" src=\"https:\/\/mk-kiens.com\/wp-content\/uploads\/2024\/06\/2020-03-11-20-2004-709x1024.jpg\" alt=\"\" class=\"wp-image-2315\" srcset=\"https:\/\/mk-kiens.com\/wp-content\/uploads\/2024\/06\/2020-03-11-20-2004-709x1024.jpg 709w, https:\/\/mk-kiens.com\/wp-content\/uploads\/2024\/06\/2020-03-11-20-2004-208x300.jpg 208w, https:\/\/mk-kiens.com\/wp-content\/uploads\/2024\/06\/2020-03-11-20-2004-768x1110.jpg 768w, https:\/\/mk-kiens.com\/wp-content\/uploads\/2024\/06\/2020-03-11-20-2004-1063x1536.jpg 1063w, https:\/\/mk-kiens.com\/wp-content\/uploads\/2024\/06\/2020-03-11-20-2004-1418x2048.jpg 1418w, https:\/\/mk-kiens.com\/wp-content\/uploads\/2024\/06\/2020-03-11-20-2004-scaled.jpg 1772w\" sizes=\"auto, (max-width: 709px) 100vw, 709px\" \/><figcaption class=\"wp-element-caption\">Die ehemalige Badanlage befindet sich nur wenige Minuten Fu\u00dfmarsch nach dem Weiler \u201eIlstern\u201c. Das Foto zeigt das Objekt gegen 1920. Schon 1346, also im Sp\u00e4tmittelalter, ist eine dem heiligen Ulrich geweihte, in \u201eIlstern stehende Kapelle\u201c, erstmals erw\u00e4hnt worden. In der heutigen Gestalt stammt die Kirche hingegen aus dem Jahr 1491.<\/figcaption><\/figure>\n\n\n\n<figure class=\"wp-block-image size-large\"><img loading=\"lazy\" decoding=\"async\" width=\"1024\" height=\"698\" data-id=\"2316\" src=\"https:\/\/mk-kiens.com\/wp-content\/uploads\/2024\/06\/2020-04-11-20-2001-1024x698.jpg\" alt=\"\" class=\"wp-image-2316\" srcset=\"https:\/\/mk-kiens.com\/wp-content\/uploads\/2024\/06\/2020-04-11-20-2001-1024x698.jpg 1024w, https:\/\/mk-kiens.com\/wp-content\/uploads\/2024\/06\/2020-04-11-20-2001-300x205.jpg 300w, https:\/\/mk-kiens.com\/wp-content\/uploads\/2024\/06\/2020-04-11-20-2001-768x524.jpg 768w, https:\/\/mk-kiens.com\/wp-content\/uploads\/2024\/06\/2020-04-11-20-2001-1536x1047.jpg 1536w, https:\/\/mk-kiens.com\/wp-content\/uploads\/2024\/06\/2020-04-11-20-2001-2048x1396.jpg 2048w\" sizes=\"auto, (max-width: 1024px) 100vw, 1024px\" \/><figcaption class=\"wp-element-caption\">Kiens Oberdorf um 1900: Links von der Friedhofsmauer befindet sich der damals neu erbauten Schie\u00dfstand (das quer stehende Geb\u00e4ude) und ganz links das Widum. In Bildmitte befidnet sich der Gassenwirt.<\/figcaption><\/figure>\n\n\n\n<figure class=\"wp-block-image size-large\"><img loading=\"lazy\" decoding=\"async\" width=\"950\" height=\"1024\" data-id=\"2317\" src=\"https:\/\/mk-kiens.com\/wp-content\/uploads\/2024\/06\/2020-04-11-20-2004-950x1024.jpg\" alt=\"\" class=\"wp-image-2317\" srcset=\"https:\/\/mk-kiens.com\/wp-content\/uploads\/2024\/06\/2020-04-11-20-2004-950x1024.jpg 950w, https:\/\/mk-kiens.com\/wp-content\/uploads\/2024\/06\/2020-04-11-20-2004-278x300.jpg 278w, https:\/\/mk-kiens.com\/wp-content\/uploads\/2024\/06\/2020-04-11-20-2004-768x827.jpg 768w, https:\/\/mk-kiens.com\/wp-content\/uploads\/2024\/06\/2020-04-11-20-2004-1426x1536.jpg 1426w, https:\/\/mk-kiens.com\/wp-content\/uploads\/2024\/06\/2020-04-11-20-2004-1901x2048.jpg 1901w\" sizes=\"auto, (max-width: 950px) 100vw, 950px\" \/><\/figure>\n\n\n\n<figure class=\"wp-block-image size-large\"><img loading=\"lazy\" decoding=\"async\" width=\"1024\" height=\"779\" data-id=\"2318\" src=\"https:\/\/mk-kiens.com\/wp-content\/uploads\/2024\/06\/20170912-1-1024x779.jpg\" alt=\"\" class=\"wp-image-2318\" srcset=\"https:\/\/mk-kiens.com\/wp-content\/uploads\/2024\/06\/20170912-1-1024x779.jpg 1024w, https:\/\/mk-kiens.com\/wp-content\/uploads\/2024\/06\/20170912-1-300x228.jpg 300w, https:\/\/mk-kiens.com\/wp-content\/uploads\/2024\/06\/20170912-1-768x584.jpg 768w, https:\/\/mk-kiens.com\/wp-content\/uploads\/2024\/06\/20170912-1-1536x1168.jpg 1536w, https:\/\/mk-kiens.com\/wp-content\/uploads\/2024\/06\/20170912-1-2048x1558.jpg 2048w\" sizes=\"auto, (max-width: 1024px) 100vw, 1024px\" \/><figcaption class=\"wp-element-caption\">Die Musikkapelle Kiens in der Sch\u00fctzentracht in der Zeit vor dem ersten Weltkrieg am Gasthaus Hilber an der Hauptstra\u00dfe. Der Bub vorne rechts sitzend ist Josef Vetter aus Ehrenburg, gerade dahinter und der zweite von rechts ist Johann Happacher (Pinta) und ganz rechts mit dem Taktstock sitzt Kapellmeister Peter Gr\u00fcnbacher (Mair am Ort) aus Ehrenburg.\nIm Detail, am Boden sitzend von links: Holzer Thomas\/Tischler in M\u00fchlen, Happacher Johann\/Pintersohn, ist im ersten Weltkrieg gefallen), Vetter Josef\/Lehrer, Peter Gr\u00fcnbacher Mair am Ort in Ehrenburg\/J\u00e4gerschuster.\nZweite Reihe sitzend von links: Wasserer Sebastian Lehrer\/F\u00f6rster\/Gemeindesprecher (er hat nach dem Sonntagsgottesdienst auf den Stufen der Behausung unterm Kofel die Gemeindeneuigkeiten bekanntgegeben), dann Siesl Johann Bacher in M\u00fchlen, Siesl Alois\/Schuster Lois, Happacher Johann\/Pintervater und Kostner Josef\/Winklb\u00e4ck.\nStehend von links: Plaikner Alois mit den Tschinellen, Siesl Peter Schuster, Happacher Franz Pintersohn, Gatterer Josef\/Kruma, Oberhofer Josef\/Schmied, Rieser Jakob\/do Schwarze Jaggl und der letzte ist Einh\u00e4userer\/Eidechsschneider.\nHinten stehend von links: Hinteregger Vinzenz, Egidio ein Gadertaler Bahnangestellter (er soll ein Dienstbote vom Leitgamhof oder Gr\u00fcnbacher sein), Appel Johann K\u00f6ck mit Bierkrug, Mair Silvester\/Schuischtav\u00f6stl und noch ein Hinteregger. In der T\u00fcr stehend ein Gendarm.<\/figcaption><\/figure>\n\n\n\n<figure class=\"wp-block-image size-large\"><img loading=\"lazy\" decoding=\"async\" width=\"1024\" height=\"714\" data-id=\"2323\" src=\"https:\/\/mk-kiens.com\/wp-content\/uploads\/2024\/06\/20180126-004-1024x714.jpg\" alt=\"\" class=\"wp-image-2323\" srcset=\"https:\/\/mk-kiens.com\/wp-content\/uploads\/2024\/06\/20180126-004-1024x714.jpg 1024w, https:\/\/mk-kiens.com\/wp-content\/uploads\/2024\/06\/20180126-004-300x209.jpg 300w, https:\/\/mk-kiens.com\/wp-content\/uploads\/2024\/06\/20180126-004-768x535.jpg 768w, https:\/\/mk-kiens.com\/wp-content\/uploads\/2024\/06\/20180126-004-1536x1071.jpg 1536w, https:\/\/mk-kiens.com\/wp-content\/uploads\/2024\/06\/20180126-004-2048x1427.jpg 2048w\" sizes=\"auto, (max-width: 1024px) 100vw, 1024px\" \/><figcaption class=\"wp-element-caption\">Die Musikkapelle Kiens in der Sch\u00fctzentracht in der Zeit vor dem ersten Weltkrieg am Gasthaus Hilber an der Hauptstra\u00dfe. Der Bub vorne rechts sitzend ist Josef Vetter aus Ehrenburg, gerade dahinter und der zweite von rechts ist Johann Happacher (Pinta) und ganz rechts mit dem Taktstock sitzt Kapellmeister Peter Gr\u00fcnbacher (Mair am Ort) aus Ehrenburg.\nIm Detail, am Boden sitzend von links: Holzer Thomas\/Tischler in M\u00fchlen, Happacher Johann\/Pintersohn, ist im ersten Weltkrieg gefallen), Vetter Josef\/Lehrer, Peter Gr\u00fcnbacher Mair am Ort in Ehrenburg\/J\u00e4gerschuster.\nZweite Reihe sitzend von links: Wasserer Sebastian Lehrer\/F\u00f6rster\/Gemeindesprecher (er hat nach dem Sonntagsgottesdienst auf den Stufen der Behausung unterm Kofel die Gemeindeneuigkeiten bekanntgegeben), dann Siesl Johann Bacher in M\u00fchlen, Siesl Alois\/Schuster Lois, Happacher Johann\/Pintervater und Kostner Josef\/Winklb\u00e4ck.\nStehend von links: Plaikner Alois mit den Tschinellen, Siesl Peter Schuster, Happacher Franz Pintersohn, Gatterer Josef\/Kruma, Oberhofer Josef\/Schmied, Rieser Jakob\/do Schwarze Jaggl und der letzte ist Einh\u00e4userer\/Eidechsschneider.\nHinten stehend von links: Hinteregger Vinzenz, Egidio ein Gadertaler Bahnangestellter (er soll ein Dienstbote vom Leitgamhof oder Gr\u00fcnbacher sein), Appel Johann K\u00f6ck mit Bierkrug, Mair Silvester\/Schuischtav\u00f6stl und noch ein Hinteregger. In der T\u00fcr stehend ein Gendarm.<\/figcaption><\/figure>\n\n\n\n<figure class=\"wp-block-image size-large\"><img loading=\"lazy\" decoding=\"async\" width=\"1024\" height=\"714\" data-id=\"2324\" src=\"https:\/\/mk-kiens.com\/wp-content\/uploads\/2024\/06\/20180126-005-1024x714.jpg\" alt=\"\" class=\"wp-image-2324\" srcset=\"https:\/\/mk-kiens.com\/wp-content\/uploads\/2024\/06\/20180126-005-1024x714.jpg 1024w, https:\/\/mk-kiens.com\/wp-content\/uploads\/2024\/06\/20180126-005-300x209.jpg 300w, https:\/\/mk-kiens.com\/wp-content\/uploads\/2024\/06\/20180126-005-768x535.jpg 768w, https:\/\/mk-kiens.com\/wp-content\/uploads\/2024\/06\/20180126-005-1536x1071.jpg 1536w, https:\/\/mk-kiens.com\/wp-content\/uploads\/2024\/06\/20180126-005-2048x1427.jpg 2048w\" sizes=\"auto, (max-width: 1024px) 100vw, 1024px\" \/><figcaption class=\"wp-element-caption\">Gro\u00dfes Fest anl\u00e4sslich der 100-Jahr-Feier Musikkapelle Kiens vor dem Gasthof Gatterer\/Hilba.\nGanz hinten rechts sehen wir eine alte Scheune, wo sich heute das Wolla Haus befindet. Rechts auf der Anh\u00f6he erkennbar ist das Koltnhausa St\u00f6ckl.\n\nDer Tiroler \/ Der Landsmann vom 27.06.1920\n&#8222;Aus Kiens wird uns berichtet: Am 20. Juni feierte in unserem sonst so stillem Orte unsere altbekannte Musikkapelle ihre 100j\u00e4hrige Bestandfeier und war das ein Festtag wie wohl schon l\u00e4ngst den Kiensern seltsam.\n\nDie Ehrung dieser Jubilarkapelle zeigte sich durch die frohe Stimmung der Bev\u00f6lkerung, die von allen Seiten herbeigestr\u00f6mt war. Noch mehr aber durch die erschienenen Musikkapellen von St. Lorenzen und Pfalzen, welche ihr Bestes zum Vortrage brachten. Es war nur ein Streben, den Gedenktag dieser ehrenden Jubilarkapelle nach bestem K\u00f6nnen zu feiern. Besonders imposant war der Festzug zur Kirche und Feldmesse. Da sah man wieder einxial die alte Tirolerart vorr\u00fccken in ihrem Trachtenkleide und passenden Instrumenten als Verk\u00f6rperung des ersten Gr\u00fcndungstages unserer gefeierten Jubilarkapelle. Nach dem kirchlichen Festakt ward den Gefeierten und erschienenen Festg\u00e4sten ein Festmahl bereitet und gedachte bei dieser Gelegenheit unser Hochw. Herr Pfarrer als Festredner in sch\u00f6nen Worten der W\u00fcrdigung dieses Jubelfestes in der Geschichte unserer Ortskapelle. Hernach wurden im besonderer Ehrung die 40- und 50j\u00e4hrigen Mitglieder dieser Musikkapelle durch wertvolle Diplome ausgezeichnet. Eine \u00e4hnliche Anerkennung war auch unserem vielber\u00fchmten Kapellmeister zu teil. F\u00fcr den restlichen Teil des Tages war durch Musik und andere Volksbelustigungen gesorgt. Es war ein Bild st\u00e4ndiger Abwechslung. Die Hochsch\u00e4tzung unserer t\u00fcchtigen Musikkapelle fand an diesem sch\u00f6nen Tage ihre vollste W\u00fcrdigung und sei es unserer Musikkapelle geg\u00f6nnt, auch in der Zukunft recht oft Zeugnis dieser Ehrung geben zu k\u00f6nnen.&#8220;<\/figcaption><\/figure>\n\n\n\n<figure class=\"wp-block-image size-large\"><img loading=\"lazy\" decoding=\"async\" width=\"1024\" height=\"714\" data-id=\"2321\" src=\"https:\/\/mk-kiens.com\/wp-content\/uploads\/2024\/06\/20180126-010-1024x714.jpg\" alt=\"\" class=\"wp-image-2321\" srcset=\"https:\/\/mk-kiens.com\/wp-content\/uploads\/2024\/06\/20180126-010-1024x714.jpg 1024w, https:\/\/mk-kiens.com\/wp-content\/uploads\/2024\/06\/20180126-010-300x209.jpg 300w, https:\/\/mk-kiens.com\/wp-content\/uploads\/2024\/06\/20180126-010-768x535.jpg 768w, https:\/\/mk-kiens.com\/wp-content\/uploads\/2024\/06\/20180126-010-1536x1071.jpg 1536w, https:\/\/mk-kiens.com\/wp-content\/uploads\/2024\/06\/20180126-010-2048x1427.jpg 2048w\" sizes=\"auto, (max-width: 1024px) 100vw, 1024px\" \/><figcaption class=\"wp-element-caption\">100-Jahr-Feier der Musikkapelle Kiens im Jahr 1920, hier vor dem Gasthof Gatterer\/Hilba. Auf dem Festwagen befinden sich Kontess Hermine K\u00fcnigl und dahinter stehend Kreszenz Klotz, Fuhrmann ist Johann Falkensteiner\/Niedomoar.<\/figcaption><\/figure>\n\n\n\n<figure class=\"wp-block-image size-large\"><img loading=\"lazy\" decoding=\"async\" width=\"1024\" height=\"693\" data-id=\"2320\" src=\"https:\/\/mk-kiens.com\/wp-content\/uploads\/2024\/06\/20180126-014-1024x693.jpg\" alt=\"\" class=\"wp-image-2320\" srcset=\"https:\/\/mk-kiens.com\/wp-content\/uploads\/2024\/06\/20180126-014-1024x693.jpg 1024w, https:\/\/mk-kiens.com\/wp-content\/uploads\/2024\/06\/20180126-014-300x203.jpg 300w, https:\/\/mk-kiens.com\/wp-content\/uploads\/2024\/06\/20180126-014-768x520.jpg 768w, https:\/\/mk-kiens.com\/wp-content\/uploads\/2024\/06\/20180126-014-1536x1039.jpg 1536w, https:\/\/mk-kiens.com\/wp-content\/uploads\/2024\/06\/20180126-014-2048x1385.jpg 2048w, https:\/\/mk-kiens.com\/wp-content\/uploads\/2024\/06\/20180126-014-400x270.jpg 400w\" sizes=\"auto, (max-width: 1024px) 100vw, 1024px\" \/><figcaption class=\"wp-element-caption\">Beim Anstich 1901: Rechts Josef Vetter (1893 geboren) und links Johann Happacher\/Pinta junior.<\/figcaption><\/figure>\n\n\n\n<figure class=\"wp-block-image size-large\"><img loading=\"lazy\" decoding=\"async\" width=\"1024\" height=\"693\" data-id=\"2319\" src=\"https:\/\/mk-kiens.com\/wp-content\/uploads\/2024\/06\/20180126-019-1024x693.jpg\" alt=\"\" class=\"wp-image-2319\" srcset=\"https:\/\/mk-kiens.com\/wp-content\/uploads\/2024\/06\/20180126-019-1024x693.jpg 1024w, https:\/\/mk-kiens.com\/wp-content\/uploads\/2024\/06\/20180126-019-300x203.jpg 300w, https:\/\/mk-kiens.com\/wp-content\/uploads\/2024\/06\/20180126-019-768x520.jpg 768w, https:\/\/mk-kiens.com\/wp-content\/uploads\/2024\/06\/20180126-019-1536x1039.jpg 1536w, https:\/\/mk-kiens.com\/wp-content\/uploads\/2024\/06\/20180126-019-2048x1385.jpg 2048w, https:\/\/mk-kiens.com\/wp-content\/uploads\/2024\/06\/20180126-019-400x270.jpg 400w\" sizes=\"auto, (max-width: 1024px) 100vw, 1024px\" \/><figcaption class=\"wp-element-caption\">Musikkapelle Kiens um 1913: Das kleine M\u00e4dchen im wei\u00dfen Kleid ist Marianna Kostner, die Mutter von Huber Josef \/ Winklb\u00e4ck Sepp. Der Kapellmeister damals war Josef Willeit Noimoar, Gutsbesitzer aus Ehrenburg, der die Kapelle w\u00e4hrend des Krieges einige Jahre leitete.<\/figcaption><\/figure>\n<\/figure>\n\n\n\n<hr class=\"wp-block-separator aligncenter has-text-color has-alpha-channel-opacity has-background is-style-wide\" style=\"background-color:#355e3b;color:#355e3b\"\/>\n\n\n\n<h3 class=\"wp-block-heading has-text-color has-link-color wp-elements-3a6401a2b86f42b7709ff3d538106cae\" style=\"color:#355e3b\">Im Buch auf Seite 41 &#8211; IM FASCHISMUS<\/h3>\n\n\n\n<figure class=\"wp-block-gallery has-nested-images columns-default is-cropped wp-block-gallery-3 is-layout-flex wp-block-gallery-is-layout-flex\" id=\"qrarchiv4907\">\n<figure class=\"wp-block-image size-large\"><img loading=\"lazy\" decoding=\"async\" width=\"1024\" height=\"698\" data-id=\"2338\" src=\"https:\/\/mk-kiens.com\/wp-content\/uploads\/2024\/06\/018-Kiens-2-1024x698.jpg\" alt=\"\" class=\"wp-image-2338\" srcset=\"https:\/\/mk-kiens.com\/wp-content\/uploads\/2024\/06\/018-Kiens-2-1024x698.jpg 1024w, https:\/\/mk-kiens.com\/wp-content\/uploads\/2024\/06\/018-Kiens-2-300x205.jpg 300w, https:\/\/mk-kiens.com\/wp-content\/uploads\/2024\/06\/018-Kiens-2-768x524.jpg 768w, https:\/\/mk-kiens.com\/wp-content\/uploads\/2024\/06\/018-Kiens-2-1536x1047.jpg 1536w, https:\/\/mk-kiens.com\/wp-content\/uploads\/2024\/06\/018-Kiens-2-2048x1396.jpg 2048w\" sizes=\"auto, (max-width: 1024px) 100vw, 1024px\" \/><figcaption class=\"wp-element-caption\">Kiens um 1930<\/figcaption><\/figure>\n\n\n\n<figure class=\"wp-block-image size-large\"><img loading=\"lazy\" decoding=\"async\" width=\"1024\" height=\"677\" data-id=\"2329\" src=\"https:\/\/mk-kiens.com\/wp-content\/uploads\/2024\/06\/2018-03-30-006-1024x677.jpg\" alt=\"\" class=\"wp-image-2329\" srcset=\"https:\/\/mk-kiens.com\/wp-content\/uploads\/2024\/06\/2018-03-30-006-1024x677.jpg 1024w, https:\/\/mk-kiens.com\/wp-content\/uploads\/2024\/06\/2018-03-30-006-300x198.jpg 300w, https:\/\/mk-kiens.com\/wp-content\/uploads\/2024\/06\/2018-03-30-006-768x508.jpg 768w, https:\/\/mk-kiens.com\/wp-content\/uploads\/2024\/06\/2018-03-30-006-1536x1016.jpg 1536w, https:\/\/mk-kiens.com\/wp-content\/uploads\/2024\/06\/2018-03-30-006.jpg 1775w\" sizes=\"auto, (max-width: 1024px) 100vw, 1024px\" \/><figcaption class=\"wp-element-caption\">Musikausflug  Cortina im Jahre 1939 mit einem Cabrio-Bus der SAD des Typs Lancia.\nDer Zweite vorne stehend von links ist Josef Seebacher (Koltnhausa Peppe), der 5. von links vor der Korbflasche ist Josef Ploner (Schiffregga va Zimat) und auf dem offenen Bus oben ganz vorne in der Mitte ist Eduard Ertl\/do Longe Edl deutlich zu erkennen. Dahinter in der Mitte mit Schnurbart erkennt man den Mayrl Josef\/Kirschnlechna.<\/figcaption><\/figure>\n\n\n\n<figure class=\"wp-block-image size-large\"><img loading=\"lazy\" decoding=\"async\" width=\"1024\" height=\"626\" data-id=\"2331\" src=\"https:\/\/mk-kiens.com\/wp-content\/uploads\/2024\/06\/210128-20-20001-1024x626.jpg\" alt=\"\" class=\"wp-image-2331\" srcset=\"https:\/\/mk-kiens.com\/wp-content\/uploads\/2024\/06\/210128-20-20001-1024x626.jpg 1024w, https:\/\/mk-kiens.com\/wp-content\/uploads\/2024\/06\/210128-20-20001-300x183.jpg 300w, https:\/\/mk-kiens.com\/wp-content\/uploads\/2024\/06\/210128-20-20001-768x470.jpg 768w, https:\/\/mk-kiens.com\/wp-content\/uploads\/2024\/06\/210128-20-20001-1536x939.jpg 1536w, https:\/\/mk-kiens.com\/wp-content\/uploads\/2024\/06\/210128-20-20001-2048x1252.jpg 2048w\" sizes=\"auto, (max-width: 1024px) 100vw, 1024px\" \/><figcaption class=\"wp-element-caption\">Die Musikkapelle Kiens am Widum Anfang der 1930er Jahre. \nHier sehen wir rechts das Gr\u00fcnbach Mitterhaus daneben links dessen Futterhaus (das heute 2021 noch steht) und links davon das alte Futterhaus, welches zum Widum geh\u00f6rte. Vor dem Krieg entstand hier das Pfarrheim, heute befinden sich Garagen. Bemerkenswert sind die damals verwendeten Notenst\u00e4nderkonstruktionen.<\/figcaption><\/figure>\n\n\n\n<figure class=\"wp-block-image size-large\"><img loading=\"lazy\" decoding=\"async\" width=\"674\" height=\"1024\" data-id=\"2330\" src=\"https:\/\/mk-kiens.com\/wp-content\/uploads\/2024\/06\/20170914-1-674x1024.jpg\" alt=\"\" class=\"wp-image-2330\" srcset=\"https:\/\/mk-kiens.com\/wp-content\/uploads\/2024\/06\/20170914-1-674x1024.jpg 674w, https:\/\/mk-kiens.com\/wp-content\/uploads\/2024\/06\/20170914-1-198x300.jpg 198w, https:\/\/mk-kiens.com\/wp-content\/uploads\/2024\/06\/20170914-1-768x1166.jpg 768w, https:\/\/mk-kiens.com\/wp-content\/uploads\/2024\/06\/20170914-1-1012x1536.jpg 1012w, https:\/\/mk-kiens.com\/wp-content\/uploads\/2024\/06\/20170914-1-1349x2048.jpg 1349w, https:\/\/mk-kiens.com\/wp-content\/uploads\/2024\/06\/20170914-1-scaled.jpg 1686w\" sizes=\"auto, (max-width: 674px) 100vw, 674px\" \/><figcaption class=\"wp-element-caption\">Die Musikkapelle Kiens umrahmt die Primiz von Karl Harrasser (Hofersohn) in Getzenberg im Jahre 1934; vor dem Gasthof Gatterer\/Hilber wurde eine Triumphpforte errichtet. Wahrscheinlich ist hier die Primizprozession abgehalten worden, die fr\u00fcher von der Kirche \u00fcber die Antlassz\u00e4une hinunter auf die Hauptstra\u00dfe ging, hinein ins Dorf zur Kreuzung dann wieder hoch bis zur Kirche&#8230;.<\/figcaption><\/figure>\n\n\n\n<figure class=\"wp-block-image size-large\"><img loading=\"lazy\" decoding=\"async\" width=\"1024\" height=\"649\" data-id=\"2335\" src=\"https:\/\/mk-kiens.com\/wp-content\/uploads\/2024\/06\/20171117-0013-1024x649.jpg\" alt=\"\" class=\"wp-image-2335\" srcset=\"https:\/\/mk-kiens.com\/wp-content\/uploads\/2024\/06\/20171117-0013-1024x649.jpg 1024w, https:\/\/mk-kiens.com\/wp-content\/uploads\/2024\/06\/20171117-0013-300x190.jpg 300w, https:\/\/mk-kiens.com\/wp-content\/uploads\/2024\/06\/20171117-0013-768x487.jpg 768w, https:\/\/mk-kiens.com\/wp-content\/uploads\/2024\/06\/20171117-0013-1536x974.jpg 1536w, https:\/\/mk-kiens.com\/wp-content\/uploads\/2024\/06\/20171117-0013-2048x1298.jpg 2048w\" sizes=\"auto, (max-width: 1024px) 100vw, 1024px\" \/><figcaption class=\"wp-element-caption\">Die Primizlader anl\u00e4sslich der Primizfeier von Karl Harrasser\/Hofersohn im Jahe 1934.<\/figcaption><\/figure>\n\n\n\n<figure class=\"wp-block-image size-large\"><img loading=\"lazy\" decoding=\"async\" width=\"1024\" height=\"714\" data-id=\"2336\" src=\"https:\/\/mk-kiens.com\/wp-content\/uploads\/2024\/06\/20180126-003-1024x714.jpg\" alt=\"\" class=\"wp-image-2336\" srcset=\"https:\/\/mk-kiens.com\/wp-content\/uploads\/2024\/06\/20180126-003-1024x714.jpg 1024w, https:\/\/mk-kiens.com\/wp-content\/uploads\/2024\/06\/20180126-003-300x209.jpg 300w, https:\/\/mk-kiens.com\/wp-content\/uploads\/2024\/06\/20180126-003-768x535.jpg 768w, https:\/\/mk-kiens.com\/wp-content\/uploads\/2024\/06\/20180126-003-1536x1071.jpg 1536w, https:\/\/mk-kiens.com\/wp-content\/uploads\/2024\/06\/20180126-003-2048x1427.jpg 2048w\" sizes=\"auto, (max-width: 1024px) 100vw, 1024px\" \/><figcaption class=\"wp-element-caption\">MK Kiens im Jahre 1937:\nErste Reihe sitzend von links: Josef Falkensteiner (Gassenwirt) (kl. Trommel), Alois Oberfrank (Tschinellen), Johann Siessl (Schuster) (Gro\u00dfe Trommel). \nZweite Reihe von links: Johann Tinkhauser (Aichner) (Tenorhorn), Josef Seebacher (Tenorhorn), Josef Mayrl (Fl\u00fcgelhorn), Johann Holzer (Kapellmeister), Hermann Falkensteiner (Leitgam) (Klarinette), Alois Hildgartner (Klarinette), Friedrich Tinkhauser (Klarinette), Natalis Gasser (Klarinette).\nDritte Reihe von links: Josef Ploner (Fl\u00fcgelhorn), Albin Gatterer (Posaune), Anton Falkensteiner (Obomoar) (Posaune), Johann Siessl (Bacher) (Trompete), Johann Pitzinger (Trompete),Peter Gatterer (Fl\u00fcgelhorn).\nVierte Reihe von links: Josef Siessl (Tschurtschentaler) (Tuba), Alois Falkensteiner (Obomoar) (Tenorhorn), Franz Holzer (Horn), Johann Krautgartner (Trompete), Eduard Ertl (Tuba).<\/figcaption><\/figure>\n\n\n\n<figure class=\"wp-block-image size-large\"><img loading=\"lazy\" decoding=\"async\" width=\"1024\" height=\"714\" data-id=\"2334\" src=\"https:\/\/mk-kiens.com\/wp-content\/uploads\/2024\/06\/20180126-006-1024x714.jpg\" alt=\"\" class=\"wp-image-2334\" srcset=\"https:\/\/mk-kiens.com\/wp-content\/uploads\/2024\/06\/20180126-006-1024x714.jpg 1024w, https:\/\/mk-kiens.com\/wp-content\/uploads\/2024\/06\/20180126-006-300x209.jpg 300w, https:\/\/mk-kiens.com\/wp-content\/uploads\/2024\/06\/20180126-006-768x535.jpg 768w, https:\/\/mk-kiens.com\/wp-content\/uploads\/2024\/06\/20180126-006-1536x1071.jpg 1536w, https:\/\/mk-kiens.com\/wp-content\/uploads\/2024\/06\/20180126-006-2048x1427.jpg 2048w\" sizes=\"auto, (max-width: 1024px) 100vw, 1024px\" \/><figcaption class=\"wp-element-caption\">Primiz von Karl Harrasser Hofersohn in Getzenberg im Jahre 1934 aufgenommen vor dem Gasthof \/Gatterer Hilba im Unterdorf.<\/figcaption><\/figure>\n\n\n\n<figure class=\"wp-block-image size-large\"><img loading=\"lazy\" decoding=\"async\" width=\"1024\" height=\"714\" data-id=\"2337\" src=\"https:\/\/mk-kiens.com\/wp-content\/uploads\/2024\/06\/20180126-007-1024x714.jpg\" alt=\"\" class=\"wp-image-2337\" srcset=\"https:\/\/mk-kiens.com\/wp-content\/uploads\/2024\/06\/20180126-007-1024x714.jpg 1024w, https:\/\/mk-kiens.com\/wp-content\/uploads\/2024\/06\/20180126-007-300x209.jpg 300w, https:\/\/mk-kiens.com\/wp-content\/uploads\/2024\/06\/20180126-007-768x535.jpg 768w, https:\/\/mk-kiens.com\/wp-content\/uploads\/2024\/06\/20180126-007-1536x1071.jpg 1536w, https:\/\/mk-kiens.com\/wp-content\/uploads\/2024\/06\/20180126-007-2048x1427.jpg 2048w\" sizes=\"auto, (max-width: 1024px) 100vw, 1024px\" \/><figcaption class=\"wp-element-caption\">Die Prozession anl\u00e4sslich der Primiz von Karl Harasser \u2013 Hofern 1934, beim Dorfeingang Ost, wo heute noch das alte Spangla Haus steht.\nIm vorderen Bereich des Erdgeschosses befand sich die Schneiderei\/Werkstatt von Richard Kammerer der zusammen mitn Liner Eduard (Schorsch Edl aus Zimat) die Tracht der MK Kiens (1950) schneiderte. Beide Schneidermeister waren Mitglieder der Musikkapelle Kiens.<\/figcaption><\/figure>\n\n\n\n<figure class=\"wp-block-image size-large\"><img loading=\"lazy\" decoding=\"async\" width=\"1024\" height=\"714\" data-id=\"2339\" src=\"https:\/\/mk-kiens.com\/wp-content\/uploads\/2024\/06\/20180126-008-1024x714.jpg\" alt=\"\" class=\"wp-image-2339\" srcset=\"https:\/\/mk-kiens.com\/wp-content\/uploads\/2024\/06\/20180126-008-1024x714.jpg 1024w, https:\/\/mk-kiens.com\/wp-content\/uploads\/2024\/06\/20180126-008-300x209.jpg 300w, https:\/\/mk-kiens.com\/wp-content\/uploads\/2024\/06\/20180126-008-768x535.jpg 768w, https:\/\/mk-kiens.com\/wp-content\/uploads\/2024\/06\/20180126-008-1536x1071.jpg 1536w, https:\/\/mk-kiens.com\/wp-content\/uploads\/2024\/06\/20180126-008-2048x1427.jpg 2048w\" sizes=\"auto, (max-width: 1024px) 100vw, 1024px\" \/><figcaption class=\"wp-element-caption\">Gruppenfoto bei Primiz des Karl Harrasser\/Hofersohn in Getzenberg Jahr 1934  mit Familie und den sogenannten Primizladern.<\/figcaption><\/figure>\n\n\n\n<figure class=\"wp-block-image size-large\"><img loading=\"lazy\" decoding=\"async\" width=\"1024\" height=\"714\" data-id=\"2341\" src=\"https:\/\/mk-kiens.com\/wp-content\/uploads\/2024\/06\/20180126-011-1024x714.jpg\" alt=\"\" class=\"wp-image-2341\" srcset=\"https:\/\/mk-kiens.com\/wp-content\/uploads\/2024\/06\/20180126-011-1024x714.jpg 1024w, https:\/\/mk-kiens.com\/wp-content\/uploads\/2024\/06\/20180126-011-300x209.jpg 300w, https:\/\/mk-kiens.com\/wp-content\/uploads\/2024\/06\/20180126-011-768x535.jpg 768w, https:\/\/mk-kiens.com\/wp-content\/uploads\/2024\/06\/20180126-011-1536x1071.jpg 1536w, https:\/\/mk-kiens.com\/wp-content\/uploads\/2024\/06\/20180126-011-2048x1427.jpg 2048w\" sizes=\"auto, (max-width: 1024px) 100vw, 1024px\" \/><figcaption class=\"wp-element-caption\">Dieses Foto zeigt den Kooperator Gilbert Rabanser hinten links: Er soll in der Musikkapelle Kiens auch als Kapellmeister gewirkt haben&#8230;<\/figcaption><\/figure>\n\n\n\n<figure class=\"wp-block-image size-large\"><img loading=\"lazy\" decoding=\"async\" width=\"1024\" height=\"693\" data-id=\"2332\" src=\"https:\/\/mk-kiens.com\/wp-content\/uploads\/2024\/06\/20180126-015-1024x693.jpg\" alt=\"\" class=\"wp-image-2332\" srcset=\"https:\/\/mk-kiens.com\/wp-content\/uploads\/2024\/06\/20180126-015-1024x693.jpg 1024w, https:\/\/mk-kiens.com\/wp-content\/uploads\/2024\/06\/20180126-015-300x203.jpg 300w, https:\/\/mk-kiens.com\/wp-content\/uploads\/2024\/06\/20180126-015-768x520.jpg 768w, https:\/\/mk-kiens.com\/wp-content\/uploads\/2024\/06\/20180126-015-1536x1039.jpg 1536w, https:\/\/mk-kiens.com\/wp-content\/uploads\/2024\/06\/20180126-015-2048x1385.jpg 2048w, https:\/\/mk-kiens.com\/wp-content\/uploads\/2024\/06\/20180126-015-400x270.jpg 400w\" sizes=\"auto, (max-width: 1024px) 100vw, 1024px\" \/><figcaption class=\"wp-element-caption\">Auftritt der Musikkapelle Kiens unterm Gassenwirt vor dem ehemaligen Schie\u00dfstand im Kiener Oberdorf 1934 mit Kapellmeister Josef Happacher\/Pinta Seppl. Heute befindet sich dort das Schwimmbad vom Gasthof Gassenwirt.<\/figcaption><\/figure>\n\n\n\n<figure class=\"wp-block-image size-large\"><img loading=\"lazy\" decoding=\"async\" width=\"1024\" height=\"693\" data-id=\"2340\" src=\"https:\/\/mk-kiens.com\/wp-content\/uploads\/2024\/06\/20180126-016-1024x693.jpg\" alt=\"\" class=\"wp-image-2340\" srcset=\"https:\/\/mk-kiens.com\/wp-content\/uploads\/2024\/06\/20180126-016-1024x693.jpg 1024w, https:\/\/mk-kiens.com\/wp-content\/uploads\/2024\/06\/20180126-016-300x203.jpg 300w, https:\/\/mk-kiens.com\/wp-content\/uploads\/2024\/06\/20180126-016-768x520.jpg 768w, https:\/\/mk-kiens.com\/wp-content\/uploads\/2024\/06\/20180126-016-1536x1039.jpg 1536w, https:\/\/mk-kiens.com\/wp-content\/uploads\/2024\/06\/20180126-016-2048x1385.jpg 2048w, https:\/\/mk-kiens.com\/wp-content\/uploads\/2024\/06\/20180126-016-400x270.jpg 400w\" sizes=\"auto, (max-width: 1024px) 100vw, 1024px\" \/><figcaption class=\"wp-element-caption\">Empfang von Abt Ambros Giner 1934, hier auf dem Grianboch Plotz. Josef Happacher\/Pinta Seppl dirigiert die Kapelle. Links sehen wir das Grianboch Haus, in der Mitte das ehemalige Gasthaus Stemberger &#8211; sp\u00e4tere Gasthaus Tschurtschenthaler, das heutige Gassenwirt. kennzeichnend die Sonnenuhr. Rechts davon das alte Peintner Haus, wo der Tapezierer Felix Widmann mit seiner Familie bis ins Jahr 2015 wohnte.<\/figcaption><\/figure>\n\n\n\n<figure class=\"wp-block-image size-large\"><img loading=\"lazy\" decoding=\"async\" width=\"1024\" height=\"658\" data-id=\"2333\" src=\"https:\/\/mk-kiens.com\/wp-content\/uploads\/2024\/06\/20180213-001-1024x658.jpg\" alt=\"\" class=\"wp-image-2333\" srcset=\"https:\/\/mk-kiens.com\/wp-content\/uploads\/2024\/06\/20180213-001-1024x658.jpg 1024w, https:\/\/mk-kiens.com\/wp-content\/uploads\/2024\/06\/20180213-001-300x193.jpg 300w, https:\/\/mk-kiens.com\/wp-content\/uploads\/2024\/06\/20180213-001-768x494.jpg 768w, https:\/\/mk-kiens.com\/wp-content\/uploads\/2024\/06\/20180213-001-1536x988.jpg 1536w, https:\/\/mk-kiens.com\/wp-content\/uploads\/2024\/06\/20180213-001-2048x1317.jpg 2048w\" sizes=\"auto, (max-width: 1024px) 100vw, 1024px\" \/><figcaption class=\"wp-element-caption\">Die Musikkapelle Kiens spielt beim Empfang von Abt Ambros Giner 1934 am Gr\u00fcnbachplatz. Im Vordergrund der alte Brunnen mit Florian.<\/figcaption><\/figure>\n<\/figure>\n\n\n\n<hr class=\"wp-block-separator aligncenter has-text-color has-alpha-channel-opacity has-background is-style-wide\" style=\"background-color:#355e3b;color:#355e3b\"\/>\n\n\n\n<h3 class=\"wp-block-heading has-text-color has-link-color wp-elements-c8313ee9188feec7cd7a39db3df3e07b\" style=\"color:#355e3b\">Im Buch auf Seite 53 &#8211; NACH DEM KRIEG<\/h3>\n\n\n\n<figure class=\"wp-block-gallery has-nested-images columns-default is-cropped wp-block-gallery-4 is-layout-flex wp-block-gallery-is-layout-flex\" id=\"qrarchiv1113\">\n<figure class=\"wp-block-image size-large\"><img loading=\"lazy\" decoding=\"async\" width=\"1024\" height=\"647\" data-id=\"2302\" src=\"https:\/\/mk-kiens.com\/wp-content\/uploads\/2024\/06\/1949_1-Groednerjoch-1024x647.jpg\" alt=\"\" class=\"wp-image-2302\" srcset=\"https:\/\/mk-kiens.com\/wp-content\/uploads\/2024\/06\/1949_1-Groednerjoch-1024x647.jpg 1024w, https:\/\/mk-kiens.com\/wp-content\/uploads\/2024\/06\/1949_1-Groednerjoch-300x190.jpg 300w, https:\/\/mk-kiens.com\/wp-content\/uploads\/2024\/06\/1949_1-Groednerjoch-768x485.jpg 768w, https:\/\/mk-kiens.com\/wp-content\/uploads\/2024\/06\/1949_1-Groednerjoch.jpg 1446w\" sizes=\"auto, (max-width: 1024px) 100vw, 1024px\" \/><figcaption class=\"wp-element-caption\">Musikausflug aufs Gr\u00f6dner Joch im Jahre 1949: Vorne Hans Hinteregger, dahinter Josef Mair (Metzga Seppl) und links davon seine Schwester Maria Mair (Metzga Moidl).<\/figcaption><\/figure>\n\n\n\n<figure class=\"wp-block-image size-large\"><img loading=\"lazy\" decoding=\"async\" width=\"645\" height=\"1024\" data-id=\"2299\" src=\"https:\/\/mk-kiens.com\/wp-content\/uploads\/2024\/06\/1949_2-Groednerjoch-645x1024.jpg\" alt=\"\" class=\"wp-image-2299\" srcset=\"https:\/\/mk-kiens.com\/wp-content\/uploads\/2024\/06\/1949_2-Groednerjoch-645x1024.jpg 645w, https:\/\/mk-kiens.com\/wp-content\/uploads\/2024\/06\/1949_2-Groednerjoch-189x300.jpg 189w, https:\/\/mk-kiens.com\/wp-content\/uploads\/2024\/06\/1949_2-Groednerjoch-768x1220.jpg 768w, https:\/\/mk-kiens.com\/wp-content\/uploads\/2024\/06\/1949_2-Groednerjoch.jpg 897w\" sizes=\"auto, (max-width: 645px) 100vw, 645px\" \/><figcaption class=\"wp-element-caption\">Am Gr\u00f6dnerjoch: Engl Frieda (unsere Fahnenpatin)<\/figcaption><\/figure>\n\n\n\n<figure class=\"wp-block-image size-large\"><img loading=\"lazy\" decoding=\"async\" width=\"1024\" height=\"649\" data-id=\"2301\" src=\"https:\/\/mk-kiens.com\/wp-content\/uploads\/2024\/06\/20170830-1-1024x649.jpg\" alt=\"\" class=\"wp-image-2301\" srcset=\"https:\/\/mk-kiens.com\/wp-content\/uploads\/2024\/06\/20170830-1-1024x649.jpg 1024w, https:\/\/mk-kiens.com\/wp-content\/uploads\/2024\/06\/20170830-1-300x190.jpg 300w, https:\/\/mk-kiens.com\/wp-content\/uploads\/2024\/06\/20170830-1-768x487.jpg 768w, https:\/\/mk-kiens.com\/wp-content\/uploads\/2024\/06\/20170830-1-1536x974.jpg 1536w, https:\/\/mk-kiens.com\/wp-content\/uploads\/2024\/06\/20170830-1-2048x1298.jpg 2048w\" sizes=\"auto, (max-width: 1024px) 100vw, 1024px\" \/><figcaption class=\"wp-element-caption\">1949 Musikausflug auf das Gr\u00f6dnerjoch<\/figcaption><\/figure>\n\n\n\n<figure class=\"wp-block-image size-large\"><img loading=\"lazy\" decoding=\"async\" width=\"1024\" height=\"644\" data-id=\"2303\" src=\"https:\/\/mk-kiens.com\/wp-content\/uploads\/2024\/06\/20170904-23-1024x644.jpg\" alt=\"\" class=\"wp-image-2303\" srcset=\"https:\/\/mk-kiens.com\/wp-content\/uploads\/2024\/06\/20170904-23-1024x644.jpg 1024w, https:\/\/mk-kiens.com\/wp-content\/uploads\/2024\/06\/20170904-23-300x189.jpg 300w, https:\/\/mk-kiens.com\/wp-content\/uploads\/2024\/06\/20170904-23-768x483.jpg 768w, https:\/\/mk-kiens.com\/wp-content\/uploads\/2024\/06\/20170904-23-1536x965.jpg 1536w, https:\/\/mk-kiens.com\/wp-content\/uploads\/2024\/06\/20170904-23-2048x1287.jpg 2048w\" sizes=\"auto, (max-width: 1024px) 100vw, 1024px\" \/><figcaption class=\"wp-element-caption\">Musikausflug aufs Gr\u00f6dnerjoch im August 1949, ausgef\u00fchrt mit dem Lkw von Johann Ploner\/Plona Hansl von der Metzgerei Ploner (die obrane Metzgerei), do Voto va inson ehemaligen Klarinettist Heinz Ploner.\nVorne hockend von links: Engl Frieda\/Fahnenpatin, Mair Josef\/Metzga Seppl, Graber Alois\/Schlossa, Happacher Anna\/Pinta, Liner Eduard\/Schorsch Edl, a Burgertochter (k\u00f6nnte die Burga Loise sein), Siessl Johann\/do Bocha auf M\u00fchlen, Seebacher Josef\/Koltnhausa und Mair Maria\/Metzga Moidl. In der Mitte stehend mit den Armen verschr\u00e4nkt ist Johann Holzer (Tuscha), der Kapellmeister.<\/figcaption><\/figure>\n\n\n\n<figure class=\"wp-block-image size-large\"><img loading=\"lazy\" decoding=\"async\" width=\"1024\" height=\"605\" data-id=\"2300\" src=\"https:\/\/mk-kiens.com\/wp-content\/uploads\/2024\/06\/20180213-008-1024x605.jpg\" alt=\"\" class=\"wp-image-2300\" srcset=\"https:\/\/mk-kiens.com\/wp-content\/uploads\/2024\/06\/20180213-008-1024x605.jpg 1024w, https:\/\/mk-kiens.com\/wp-content\/uploads\/2024\/06\/20180213-008-300x177.jpg 300w, https:\/\/mk-kiens.com\/wp-content\/uploads\/2024\/06\/20180213-008-768x454.jpg 768w, https:\/\/mk-kiens.com\/wp-content\/uploads\/2024\/06\/20180213-008-1536x907.jpg 1536w, https:\/\/mk-kiens.com\/wp-content\/uploads\/2024\/06\/20180213-008-2048x1210.jpg 2048w\" sizes=\"auto, (max-width: 1024px) 100vw, 1024px\" \/><figcaption class=\"wp-element-caption\">Die Musikkapelle (Feuerwehrkapelle Kiens) Jahr 1945 beim 125 j\u00e4hrigen Jubil\u00e4um, lesbar auch am Trasparent am Hintergrund. Auf dem Foto sind noch zu erkennen: Emma Mayrl, Marianna Taibon, Martha Knapp, Antonia Falkensteiner, Johann Tinkhauser, Josef Seebacher, Josef Mair, Franz Holzer, Josef Holzer, Hermann Falkensteiner, Peter Gatterer, Johann Hinteregger, Josef Oberhofer, Albin Gatterer, Friedrich Tinkhauser, Johann Siessl, Willi Gasser, Johann Ploner.<\/figcaption><\/figure>\n\n\n\n<figure class=\"wp-block-image size-large\"><img loading=\"lazy\" decoding=\"async\" width=\"668\" height=\"1024\" data-id=\"2305\" src=\"https:\/\/mk-kiens.com\/wp-content\/uploads\/2024\/06\/20180304-001-668x1024.jpg\" alt=\"\" class=\"wp-image-2305\" srcset=\"https:\/\/mk-kiens.com\/wp-content\/uploads\/2024\/06\/20180304-001-668x1024.jpg 668w, https:\/\/mk-kiens.com\/wp-content\/uploads\/2024\/06\/20180304-001-196x300.jpg 196w, https:\/\/mk-kiens.com\/wp-content\/uploads\/2024\/06\/20180304-001-768x1178.jpg 768w, https:\/\/mk-kiens.com\/wp-content\/uploads\/2024\/06\/20180304-001-1001x1536.jpg 1001w, https:\/\/mk-kiens.com\/wp-content\/uploads\/2024\/06\/20180304-001-1335x2048.jpg 1335w, https:\/\/mk-kiens.com\/wp-content\/uploads\/2024\/06\/20180304-001-scaled.jpg 1669w\" sizes=\"auto, (max-width: 668px) 100vw, 668px\" \/><figcaption class=\"wp-element-caption\">Foto aufgenommen am Jaufenpass mit den Marketenderinnen  Mair Maria\/Metzga Moidl rechts und links Hinteregger Marie (die Mutter unseres F\u00e4hnrichs Bino).<\/figcaption><\/figure>\n\n\n\n<figure class=\"wp-block-image size-large\"><img loading=\"lazy\" decoding=\"async\" width=\"676\" height=\"1024\" data-id=\"2308\" src=\"https:\/\/mk-kiens.com\/wp-content\/uploads\/2024\/06\/20180304-002-676x1024.jpg\" alt=\"\" class=\"wp-image-2308\" srcset=\"https:\/\/mk-kiens.com\/wp-content\/uploads\/2024\/06\/20180304-002-676x1024.jpg 676w, https:\/\/mk-kiens.com\/wp-content\/uploads\/2024\/06\/20180304-002-198x300.jpg 198w, https:\/\/mk-kiens.com\/wp-content\/uploads\/2024\/06\/20180304-002-768x1163.jpg 768w, https:\/\/mk-kiens.com\/wp-content\/uploads\/2024\/06\/20180304-002-1014x1536.jpg 1014w, https:\/\/mk-kiens.com\/wp-content\/uploads\/2024\/06\/20180304-002-1352x2048.jpg 1352w, https:\/\/mk-kiens.com\/wp-content\/uploads\/2024\/06\/20180304-002-scaled.jpg 1690w\" sizes=\"auto, (max-width: 676px) 100vw, 676px\" \/><figcaption class=\"wp-element-caption\">Foto aufgenommen am Jaufenpass: \nGanz hinten in der Mitte mit Hut (unbekannt) dann links mit Hut Holzer Franz\/Messna, Gatterer Josef\/Kruma und rechts davon ist die Hinteregger Marie , vorne links ohne Hut und ohne Joppe ist Franz Hinteregger, weiter vorne rechts davon mit Hut ist Mair Maria\/Metzga Moidl und herunten ohne Hut ist die Harrasser Paula\/V\u00f6lsa Paula.\nIm Bild ist die Passstra\u00dfe zu erkennen, die ins Passeiertal und weiter nach Meran f\u00fchrt. Die Fahrt von Kiens nach Sterzing und \u00fcber den Jaufenpass nach Meran wurde mit einem 2-achsigen Lkw bestritten, auf dessen Ladefl\u00e4che Forstb\u00e4nke als Sitzgelegenheit f\u00fcr die Musikanten aufgestellt wurden. Die Fahrt dauerte in etwa 6 Stunden. Der Besitzer und Fahrer des Lkws war Hans Ploner\/obere Metzgerei in Kiens.<\/figcaption><\/figure>\n\n\n\n<figure class=\"wp-block-image size-large\"><img loading=\"lazy\" decoding=\"async\" width=\"1024\" height=\"674\" data-id=\"2307\" src=\"https:\/\/mk-kiens.com\/wp-content\/uploads\/2024\/06\/20180304-006-1024x674.jpg\" alt=\"\" class=\"wp-image-2307\" srcset=\"https:\/\/mk-kiens.com\/wp-content\/uploads\/2024\/06\/20180304-006-1024x674.jpg 1024w, https:\/\/mk-kiens.com\/wp-content\/uploads\/2024\/06\/20180304-006-300x197.jpg 300w, https:\/\/mk-kiens.com\/wp-content\/uploads\/2024\/06\/20180304-006-768x506.jpg 768w, https:\/\/mk-kiens.com\/wp-content\/uploads\/2024\/06\/20180304-006-1536x1011.jpg 1536w, https:\/\/mk-kiens.com\/wp-content\/uploads\/2024\/06\/20180304-006-2048x1348.jpg 2048w\" sizes=\"auto, (max-width: 1024px) 100vw, 1024px\" \/><figcaption class=\"wp-element-caption\">Jahr 1950 im M\u00e4rz: Die Musikkapelle Kiens begr\u00fc\u00dft und begleitet Alois Hildgartner\/Pluna Lois (Vater von Oskar Hildgartner ) vom Bahnhof St. Sigmund aus zu seinem Heimathaus (Pluna in Ilstern), der nach 10-j\u00e4hriger Gefangenschaft aus Russland zur\u00fcck kehrte. Von den Musikanten zu erkennen sind an der Tuba Hans Hinteregger, dahinter links Johann Siessl\/Schuischta Hansl mit Schnurbart und rechts davon Eduard Liner\/Schorsch Edl.<\/figcaption><\/figure>\n\n\n\n<figure class=\"wp-block-image size-large\"><img loading=\"lazy\" decoding=\"async\" width=\"1024\" height=\"727\" data-id=\"2306\" src=\"https:\/\/mk-kiens.com\/wp-content\/uploads\/2024\/06\/20180311_005-1024x727.jpg\" alt=\"\" class=\"wp-image-2306\" srcset=\"https:\/\/mk-kiens.com\/wp-content\/uploads\/2024\/06\/20180311_005-1024x727.jpg 1024w, https:\/\/mk-kiens.com\/wp-content\/uploads\/2024\/06\/20180311_005-300x213.jpg 300w, https:\/\/mk-kiens.com\/wp-content\/uploads\/2024\/06\/20180311_005-768x546.jpg 768w, https:\/\/mk-kiens.com\/wp-content\/uploads\/2024\/06\/20180311_005-1536x1091.jpg 1536w, https:\/\/mk-kiens.com\/wp-content\/uploads\/2024\/06\/20180311_005-2048x1455.jpg 2048w\" sizes=\"auto, (max-width: 1024px) 100vw, 1024px\" \/><figcaption class=\"wp-element-caption\">Umzug in Bruneck hier durch die Stadtgasse vom Unterrainertor hinunter zum Ursulinentor um 1946 . Aufnahme  etwas oberhalb der heutigen Stadtapotheke Zieglauer. Genauere Daten zum Anlass sind nicht \u00fcberliefert.<\/figcaption><\/figure>\n\n\n\n<figure class=\"wp-block-image size-large\"><img loading=\"lazy\" decoding=\"async\" width=\"1024\" height=\"716\" data-id=\"2304\" src=\"https:\/\/mk-kiens.com\/wp-content\/uploads\/2024\/06\/20180311_006-1024x716.jpg\" alt=\"\" class=\"wp-image-2304\" srcset=\"https:\/\/mk-kiens.com\/wp-content\/uploads\/2024\/06\/20180311_006-1024x716.jpg 1024w, https:\/\/mk-kiens.com\/wp-content\/uploads\/2024\/06\/20180311_006-300x210.jpg 300w, https:\/\/mk-kiens.com\/wp-content\/uploads\/2024\/06\/20180311_006-768x537.jpg 768w, https:\/\/mk-kiens.com\/wp-content\/uploads\/2024\/06\/20180311_006-1536x1074.jpg 1536w, https:\/\/mk-kiens.com\/wp-content\/uploads\/2024\/06\/20180311_006-2048x1432.jpg 2048w\" sizes=\"auto, (max-width: 1024px) 100vw, 1024px\" \/><figcaption class=\"wp-element-caption\">Bezirksfeuerwehrtag in St. Lorenzen im Jahre 1946: Die Kiena Musikkapelle marschiert durch das Marktl hinauf zur Kirche.\nDie Marketenderin links hei\u00dft Martha Knapp, Stabf\u00fchrer und Kapellmeister ist Johann Holzer (Tuscha) und die Marketenderin rechts, Antonia Falkensteiner (Gassenwirt); deutlich zu erkennen ist noch ganz rechts hinten mit der Helikontuba Hans Hinteregger, auf der linken Au\u00dfenseite an der Posaune mit Brille, Albin Gatterer (Kruma), dahinter mit der Helikon Tuba Eduard Ertl (Longe Edl) und ganz hinten links an der gro\u00dfen Trommel mit Schnurrbart, Johann Siessl (Schuischta Hansl). Die Marketenderin weiter hinten links d\u00fcrfte Emma Mayrl (Kirschenlechna) sein, und dahinter folgt eine Abordnung der Feuerwehr Kiens.<\/figcaption><\/figure>\n<\/figure>\n\n\n\n<hr class=\"wp-block-separator has-text-color has-alpha-channel-opacity has-background is-style-wide\" style=\"background-color:#355e3b;color:#355e3b\"\/>\n\n\n\n<h3 class=\"wp-block-heading has-text-color has-link-color wp-elements-4889e93d029a0892d2f8bcfae3f98540\" style=\"color:#355e3b\">Im Buch auf Seite 61 &#8211; BIS IN DIE 60er<\/h3>\n\n\n\n<figure class=\"wp-block-gallery has-nested-images columns-default is-cropped wp-block-gallery-5 is-layout-flex wp-block-gallery-is-layout-flex\" id=\"qrarchiv4984\">\n<figure class=\"wp-block-image size-large\"><img loading=\"lazy\" decoding=\"async\" width=\"959\" height=\"638\" data-id=\"2345\" src=\"https:\/\/mk-kiens.com\/wp-content\/uploads\/2024\/06\/1950_1.jpg\" alt=\"\" class=\"wp-image-2345\" srcset=\"https:\/\/mk-kiens.com\/wp-content\/uploads\/2024\/06\/1950_1.jpg 959w, https:\/\/mk-kiens.com\/wp-content\/uploads\/2024\/06\/1950_1-300x200.jpg 300w, https:\/\/mk-kiens.com\/wp-content\/uploads\/2024\/06\/1950_1-768x511.jpg 768w\" sizes=\"auto, (max-width: 959px) 100vw, 959px\" \/><figcaption class=\"wp-element-caption\">Von links die Geschwister Josef und Maria Mair (Metzga), unbekannt.\nStehend Engl Johann (Getzenberger Hansl). unbekannt und Engl Frieda (Fahnenpatin).<\/figcaption><\/figure>\n\n\n\n<figure class=\"wp-block-image size-large\"><img loading=\"lazy\" decoding=\"async\" width=\"943\" height=\"611\" data-id=\"2347\" src=\"https:\/\/mk-kiens.com\/wp-content\/uploads\/2024\/06\/1950_2.jpg\" alt=\"\" class=\"wp-image-2347\" srcset=\"https:\/\/mk-kiens.com\/wp-content\/uploads\/2024\/06\/1950_2.jpg 943w, https:\/\/mk-kiens.com\/wp-content\/uploads\/2024\/06\/1950_2-300x194.jpg 300w, https:\/\/mk-kiens.com\/wp-content\/uploads\/2024\/06\/1950_2-768x498.jpg 768w\" sizes=\"auto, (max-width: 943px) 100vw, 943px\" \/><figcaption class=\"wp-element-caption\">Mair Maria (Metzga Moidl), unbekannt, unbekannt, Engl Alois (Obohaus Lois), Engl Frieda (Metzga) und Hugo Happacher (Pinta)<\/figcaption><\/figure>\n\n\n\n<figure class=\"wp-block-image size-large\"><img loading=\"lazy\" decoding=\"async\" width=\"1024\" height=\"773\" data-id=\"2346\" src=\"https:\/\/mk-kiens.com\/wp-content\/uploads\/2024\/06\/1950_4-Heimkehrer-1024x773.jpg\" alt=\"\" class=\"wp-image-2346\" srcset=\"https:\/\/mk-kiens.com\/wp-content\/uploads\/2024\/06\/1950_4-Heimkehrer-1024x773.jpg 1024w, https:\/\/mk-kiens.com\/wp-content\/uploads\/2024\/06\/1950_4-Heimkehrer-300x227.jpg 300w, https:\/\/mk-kiens.com\/wp-content\/uploads\/2024\/06\/1950_4-Heimkehrer-768x580.jpg 768w, https:\/\/mk-kiens.com\/wp-content\/uploads\/2024\/06\/1950_4-Heimkehrer.jpg 1176w\" sizes=\"auto, (max-width: 1024px) 100vw, 1024px\" \/><figcaption class=\"wp-element-caption\">Von links: Engl Alois (Obohaus Lois), Engl Frieda (Fahnenpatin), Costa Josef (Gemeindeangestellter), Plotegher Candida, Hildgartner Alois (Pluna Lois), Mair Maria (Metzga Moidl), do Lanthaler Franz (Moar va Zimat), Da Col Hilda (Stega, Engl Johann (Getzenberger Hansl).\nSitzend: Mutschlechner Maria (Garba Moidl) und Happacher Hugo (Pinta).<\/figcaption><\/figure>\n\n\n\n<figure class=\"wp-block-image size-large\"><img loading=\"lazy\" decoding=\"async\" width=\"1024\" height=\"633\" data-id=\"2351\" src=\"https:\/\/mk-kiens.com\/wp-content\/uploads\/2024\/06\/1952_3-1024x633.jpg\" alt=\"\" class=\"wp-image-2351\" srcset=\"https:\/\/mk-kiens.com\/wp-content\/uploads\/2024\/06\/1952_3-1024x633.jpg 1024w, https:\/\/mk-kiens.com\/wp-content\/uploads\/2024\/06\/1952_3-300x186.jpg 300w, https:\/\/mk-kiens.com\/wp-content\/uploads\/2024\/06\/1952_3-768x475.jpg 768w, https:\/\/mk-kiens.com\/wp-content\/uploads\/2024\/06\/1952_3.jpg 1510w\" sizes=\"auto, (max-width: 1024px) 100vw, 1024px\" \/><figcaption class=\"wp-element-caption\">Umzug in Bruneck Jahr 1952\nDie Kapelle marschiert von der Stuckstrasse heraus auf die Hauptstra\u00dfe die Stadt entlang &#8211; der LKW mit Anh\u00e4nger beladen steht genau dort wo heute die kleine W\u00fcrstelbude am Kapuzinerplatz steht. Zu sehen ist auch die Kapuzinerkirche mit dem Haupteingang und links davon der Eingang zur Grotte. \nMarketenderin links ist Mair Maria (Metzga Moidl), Stabf\u00fchrer Josef Seebacher und rechts Engl Frieda (Metzga), erste Reihe von rechts Josef Holzer (Holza Seppl), Johann Plankensteiner (Hausa). \nDahinter zweite Reihe von rechts Natalis Gasser (Nino), Franz Holzer (Mesner), daneben Franz Hinteregger, hinten rechts an der Posaune Albin Gatterer (Kruma), daneben wo man nur das Haupt erkennt ist Josef Mair (Metzga Seppl), hinten rechts an der Tuba Hans Hinteregger, dann Josef Ploner (Schiffregger) und mit Schnurbart Johann Siessl (Schuischta Hansl).<\/figcaption><\/figure>\n\n\n\n<figure class=\"wp-block-image size-large\"><img loading=\"lazy\" decoding=\"async\" width=\"646\" height=\"1015\" data-id=\"2349\" src=\"https:\/\/mk-kiens.com\/wp-content\/uploads\/2024\/06\/1952_4.jpg\" alt=\"\" class=\"wp-image-2349\" srcset=\"https:\/\/mk-kiens.com\/wp-content\/uploads\/2024\/06\/1952_4.jpg 646w, https:\/\/mk-kiens.com\/wp-content\/uploads\/2024\/06\/1952_4-191x300.jpg 191w\" sizes=\"auto, (max-width: 646px) 100vw, 646px\" \/><\/figure>\n\n\n\n<figure class=\"wp-block-image size-large\"><img loading=\"lazy\" decoding=\"async\" width=\"1024\" height=\"645\" data-id=\"2350\" src=\"https:\/\/mk-kiens.com\/wp-content\/uploads\/2024\/06\/1952_7-1024x645.jpg\" alt=\"\" class=\"wp-image-2350\" srcset=\"https:\/\/mk-kiens.com\/wp-content\/uploads\/2024\/06\/1952_7-1024x645.jpg 1024w, https:\/\/mk-kiens.com\/wp-content\/uploads\/2024\/06\/1952_7-300x189.jpg 300w, https:\/\/mk-kiens.com\/wp-content\/uploads\/2024\/06\/1952_7-768x484.jpg 768w, https:\/\/mk-kiens.com\/wp-content\/uploads\/2024\/06\/1952_7-1536x968.jpg 1536w, https:\/\/mk-kiens.com\/wp-content\/uploads\/2024\/06\/1952_7.jpg 1650w\" sizes=\"auto, (max-width: 1024px) 100vw, 1024px\" \/><figcaption class=\"wp-element-caption\">Umzug in Bruneck im Jahre 1958 (jedenfalls nach 1957 da die MKK vorher noch keine Fahne hatte) \nVon rechts nach links: Marketenderin Maria Tinkhauser\/Oachna Maridl, Frieda Plankensteiner\/Hausa, Fahnentr\u00e4ger Alois Engl\/Obohausa und Frieda Engl\/Metzga, die versteckte Marketenderin ganz links k\u00f6nnte Tinkhauser Anna\/Oachna sein, da diese \u00f6fters mit Ihrer Schwester Maria bei Auftritten\/Anl\u00e4sse dabei war.<\/figcaption><\/figure>\n\n\n\n<figure class=\"wp-block-image size-large\"><img loading=\"lazy\" decoding=\"async\" width=\"738\" height=\"1024\" data-id=\"2354\" src=\"https:\/\/mk-kiens.com\/wp-content\/uploads\/2024\/06\/1952_12-Juni-Kiens-738x1024.jpg\" alt=\"\" class=\"wp-image-2354\" srcset=\"https:\/\/mk-kiens.com\/wp-content\/uploads\/2024\/06\/1952_12-Juni-Kiens-738x1024.jpg 738w, https:\/\/mk-kiens.com\/wp-content\/uploads\/2024\/06\/1952_12-Juni-Kiens-216x300.jpg 216w, https:\/\/mk-kiens.com\/wp-content\/uploads\/2024\/06\/1952_12-Juni-Kiens-768x1065.jpg 768w, https:\/\/mk-kiens.com\/wp-content\/uploads\/2024\/06\/1952_12-Juni-Kiens-1107x1536.jpg 1107w, https:\/\/mk-kiens.com\/wp-content\/uploads\/2024\/06\/1952_12-Juni-Kiens.jpg 1384w\" sizes=\"auto, (max-width: 738px) 100vw, 738px\" \/><figcaption class=\"wp-element-caption\">Die Marketenderin Happacher Anna\/Pinta  und rechts Engl Frieda\/Fahnenpatin, aufgenommen im Linda.<\/figcaption><\/figure>\n\n\n\n<figure class=\"wp-block-image size-large\"><img loading=\"lazy\" decoding=\"async\" width=\"618\" height=\"1011\" data-id=\"2348\" src=\"https:\/\/mk-kiens.com\/wp-content\/uploads\/2024\/06\/1954_2-Oktober-Kiens.jpg\" alt=\"\" class=\"wp-image-2348\" srcset=\"https:\/\/mk-kiens.com\/wp-content\/uploads\/2024\/06\/1954_2-Oktober-Kiens.jpg 618w, https:\/\/mk-kiens.com\/wp-content\/uploads\/2024\/06\/1954_2-Oktober-Kiens-183x300.jpg 183w\" sizes=\"auto, (max-width: 618px) 100vw, 618px\" \/><figcaption class=\"wp-element-caption\">Tinkhauser Maria\/Oachna , Mair Josef\/Metzga und seine Schwester Burgl vor dem Metzgerhaus auf der Terrasse ( vor dem Umbau kurz vor 1960 ) .<\/figcaption><\/figure>\n\n\n\n<figure class=\"wp-block-image size-large\"><img loading=\"lazy\" decoding=\"async\" width=\"641\" height=\"1024\" data-id=\"2356\" src=\"https:\/\/mk-kiens.com\/wp-content\/uploads\/2024\/06\/1955_1-Oktoberfest-641x1024.jpg\" alt=\"\" class=\"wp-image-2356\" srcset=\"https:\/\/mk-kiens.com\/wp-content\/uploads\/2024\/06\/1955_1-Oktoberfest-641x1024.jpg 641w, https:\/\/mk-kiens.com\/wp-content\/uploads\/2024\/06\/1955_1-Oktoberfest-188x300.jpg 188w, https:\/\/mk-kiens.com\/wp-content\/uploads\/2024\/06\/1955_1-Oktoberfest-768x1228.jpg 768w, https:\/\/mk-kiens.com\/wp-content\/uploads\/2024\/06\/1955_1-Oktoberfest.jpg 954w\" sizes=\"auto, (max-width: 641px) 100vw, 641px\" \/><figcaption class=\"wp-element-caption\">Beim Traubenfest Meran im Jahre 1955 &#8211; von links Hinteregger Hanne, Mair Notburga\/Metzga, Josef Seebacher\/Koltnhausa, Engl Frieda\/Metzga und Hildgartner Maria\/Kofla Maridl.<\/figcaption><\/figure>\n\n\n\n<figure class=\"wp-block-image size-large\"><img loading=\"lazy\" decoding=\"async\" width=\"1024\" height=\"703\" data-id=\"2352\" src=\"https:\/\/mk-kiens.com\/wp-content\/uploads\/2024\/06\/1956_1-Bruneck_-1024x703.jpg\" alt=\"\" class=\"wp-image-2352\" srcset=\"https:\/\/mk-kiens.com\/wp-content\/uploads\/2024\/06\/1956_1-Bruneck_-1024x703.jpg 1024w, https:\/\/mk-kiens.com\/wp-content\/uploads\/2024\/06\/1956_1-Bruneck_-300x206.jpg 300w, https:\/\/mk-kiens.com\/wp-content\/uploads\/2024\/06\/1956_1-Bruneck_-768x528.jpg 768w, https:\/\/mk-kiens.com\/wp-content\/uploads\/2024\/06\/1956_1-Bruneck_-1536x1055.jpg 1536w, https:\/\/mk-kiens.com\/wp-content\/uploads\/2024\/06\/1956_1-Bruneck_.jpg 1616w\" sizes=\"auto, (max-width: 1024px) 100vw, 1024px\" \/><figcaption class=\"wp-element-caption\">Umzug 700 Jahre Stadt Bruneck am Sonntag 22 Juli 1956\nVon links: Marketenderin Anna Tinkhauser\/Oachna, Notburga Mair\/Metzga Burgl, Stabf\u00fchrer Josef Seebacher, Frieda Mair\/Metzga und Plankensteiner Erika\/Hausa.<\/figcaption><\/figure>\n\n\n\n<figure class=\"wp-block-image size-large\"><img loading=\"lazy\" decoding=\"async\" width=\"1024\" height=\"624\" data-id=\"2353\" src=\"https:\/\/mk-kiens.com\/wp-content\/uploads\/2024\/06\/1957_01-1024x624.jpg\" alt=\"\" class=\"wp-image-2353\" srcset=\"https:\/\/mk-kiens.com\/wp-content\/uploads\/2024\/06\/1957_01-1024x624.jpg 1024w, https:\/\/mk-kiens.com\/wp-content\/uploads\/2024\/06\/1957_01-300x183.jpg 300w, https:\/\/mk-kiens.com\/wp-content\/uploads\/2024\/06\/1957_01-768x468.jpg 768w, https:\/\/mk-kiens.com\/wp-content\/uploads\/2024\/06\/1957_01.jpg 1420w\" sizes=\"auto, (max-width: 1024px) 100vw, 1024px\" \/><figcaption class=\"wp-element-caption\">Fahnenweihe mit Pfarrer Stanislaus R\u00f6d im Jahr 1957 vor dem alten Pfarrheim, dort wo sich heute die Garagen am Widum befinden. \nRechts des Pfarrers steht Agnes Seebacher\/Koltnhausa, Fahnenpatin Frieda Engl-Mair (Metzga Frieda), dann Irmgard Ertl\/V\u00f6lsa und Fahnentr\u00e4ger Alois Engl\/Obohausa. Stabf\u00fchrer und Kapellmeister ist Josef Seebacher\/Koltnhausa. \nVon den Musikanten erkennt man ganz links am Tenorhorn Tinkhauser Johann\/Oachna, dahinter an der Tuba Eduard Ertl\/Longe Edl, der kleine hinter dem Pfarrer ist Josef Foppa\/s&#8217;Foppale, ganz rechts au\u00dfen in der ersten Reihe am Fl\u00fcgelhorn Johann Plankensteiner\/Hausa und in derselben Reihe der dritten Reihe links ist Josef Mayrl\/Kirschenlechner, gerade dahinter ist Josef Mair\/Metzga Seppl und der l\u00e4ngste hinten am rechten Fenster Josef Ploner\/Schiffregger.<\/figcaption><\/figure>\n\n\n\n<figure class=\"wp-block-image size-large\"><img loading=\"lazy\" decoding=\"async\" width=\"642\" height=\"1024\" data-id=\"2355\" src=\"https:\/\/mk-kiens.com\/wp-content\/uploads\/2024\/06\/1957_02-642x1024.jpg\" alt=\"\" class=\"wp-image-2355\" srcset=\"https:\/\/mk-kiens.com\/wp-content\/uploads\/2024\/06\/1957_02-642x1024.jpg 642w, https:\/\/mk-kiens.com\/wp-content\/uploads\/2024\/06\/1957_02-188x300.jpg 188w, https:\/\/mk-kiens.com\/wp-content\/uploads\/2024\/06\/1957_02-768x1225.jpg 768w, https:\/\/mk-kiens.com\/wp-content\/uploads\/2024\/06\/1957_02-963x1536.jpg 963w, https:\/\/mk-kiens.com\/wp-content\/uploads\/2024\/06\/1957_02.jpg 1160w\" sizes=\"auto, (max-width: 642px) 100vw, 642px\" \/><figcaption class=\"wp-element-caption\">Fahnenweihe Jahr 1957 am 1. September: Links Agnes Seebacher\/Koltnhausa, Fahnenpatin Frieda Engl  und rechts Irmgard Ertl\/V\u00f6lsa sowie der Fahnentr\u00e4ger Alois Engl\/Obohausa.<\/figcaption><\/figure>\n\n\n\n<figure class=\"wp-block-image size-large\"><img loading=\"lazy\" decoding=\"async\" width=\"838\" height=\"1024\" data-id=\"2364\" src=\"https:\/\/mk-kiens.com\/wp-content\/uploads\/2024\/06\/1957_3-28.-Juli-5.-Bezirksmusiktreffen-Bruneck-838x1024.jpg\" alt=\"\" class=\"wp-image-2364\" srcset=\"https:\/\/mk-kiens.com\/wp-content\/uploads\/2024\/06\/1957_3-28.-Juli-5.-Bezirksmusiktreffen-Bruneck-838x1024.jpg 838w, https:\/\/mk-kiens.com\/wp-content\/uploads\/2024\/06\/1957_3-28.-Juli-5.-Bezirksmusiktreffen-Bruneck-245x300.jpg 245w, https:\/\/mk-kiens.com\/wp-content\/uploads\/2024\/06\/1957_3-28.-Juli-5.-Bezirksmusiktreffen-Bruneck-768x939.jpg 768w, https:\/\/mk-kiens.com\/wp-content\/uploads\/2024\/06\/1957_3-28.-Juli-5.-Bezirksmusiktreffen-Bruneck.jpg 922w\" sizes=\"auto, (max-width: 838px) 100vw, 838px\" \/><figcaption class=\"wp-element-caption\">5. Bezirksmusiktreffen in Bruneck am 28 Juli 1957.\nVon links: Liensberger Ernst\/G\u00e4nsebichla, Mair Josef\/Metzga, Hermann Plankensteiner\/Hausa, Erika Plankensteiner\/Hausa und ganz rechts Anna Tinkhauser\/Oachna. Die Marketenderin mit Trachtenhut ist von einer anderen Kapelle.<\/figcaption><\/figure>\n\n\n\n<figure class=\"wp-block-image size-large\"><img loading=\"lazy\" decoding=\"async\" width=\"1024\" height=\"751\" data-id=\"2357\" src=\"https:\/\/mk-kiens.com\/wp-content\/uploads\/2024\/06\/1957_4-Fahnenweihe-1024x751.jpg\" alt=\"\" class=\"wp-image-2357\" srcset=\"https:\/\/mk-kiens.com\/wp-content\/uploads\/2024\/06\/1957_4-Fahnenweihe-1024x751.jpg 1024w, https:\/\/mk-kiens.com\/wp-content\/uploads\/2024\/06\/1957_4-Fahnenweihe-300x220.jpg 300w, https:\/\/mk-kiens.com\/wp-content\/uploads\/2024\/06\/1957_4-Fahnenweihe-768x563.jpg 768w, https:\/\/mk-kiens.com\/wp-content\/uploads\/2024\/06\/1957_4-Fahnenweihe-1536x1127.jpg 1536w, https:\/\/mk-kiens.com\/wp-content\/uploads\/2024\/06\/1957_4-Fahnenweihe.jpg 1566w\" sizes=\"auto, (max-width: 1024px) 100vw, 1024px\" \/><figcaption class=\"wp-element-caption\">Von links: Ertl Irmgard\/V\u00f6lsa, Mairl Josef (Kirschnlexhna, Herr Liensberger vom VSM, Emil Schweiger aus Bruneck (welcher ab und zu in Kiens als Kapellmeister aushalf), Josef Seebacher (Koltnhausa), Peter Gatterer (Hilba), Josef Mair (Metzga) und Agnes Seebacher (Koltnhausa).\nHintere Reihe von links: Natalis (Nino Gasser), Eduard Ertl (Longe Edl), Fahnenpatin Frieda Engl), Fahnentr\u00e4ger Alois Engl (Obohaus Lois), Hans Hinteregger und Josef Ploner (Schiffregger). Die Aufnahme enstand im Linda, dort wo heute die Carabinieri Kaserne steht.<\/figcaption><\/figure>\n\n\n\n<figure class=\"wp-block-image size-large\"><img loading=\"lazy\" decoding=\"async\" width=\"1024\" height=\"772\" data-id=\"2382\" src=\"https:\/\/mk-kiens.com\/wp-content\/uploads\/2024\/06\/1957_5-Fahnenweihe-1024x772.jpg\" alt=\"\" class=\"wp-image-2382\" srcset=\"https:\/\/mk-kiens.com\/wp-content\/uploads\/2024\/06\/1957_5-Fahnenweihe-1024x772.jpg 1024w, https:\/\/mk-kiens.com\/wp-content\/uploads\/2024\/06\/1957_5-Fahnenweihe-300x226.jpg 300w, https:\/\/mk-kiens.com\/wp-content\/uploads\/2024\/06\/1957_5-Fahnenweihe-768x579.jpg 768w, https:\/\/mk-kiens.com\/wp-content\/uploads\/2024\/06\/1957_5-Fahnenweihe-1536x1159.jpg 1536w, https:\/\/mk-kiens.com\/wp-content\/uploads\/2024\/06\/1957_5-Fahnenweihe-2048x1545.jpg 2048w\" sizes=\"auto, (max-width: 1024px) 100vw, 1024px\" \/><figcaption class=\"wp-element-caption\">Aufnahme anl\u00e4sslich der Fahnenweihe im Jahr 1957 am 1. September: Vorne links Seebacher Agnes, Fahnenpatin Engl Frieda und Ertl Irmgard. Dahinter links Fahnentr\u00e4ger Engl Alois\/Obohausa und Hinteregger Johann.<\/figcaption><\/figure>\n\n\n\n<figure class=\"wp-block-image size-large\"><img loading=\"lazy\" decoding=\"async\" width=\"1024\" height=\"675\" data-id=\"2369\" src=\"https:\/\/mk-kiens.com\/wp-content\/uploads\/2024\/06\/1957_6-FF_Ball-1024x675.jpg\" alt=\"\" class=\"wp-image-2369\" srcset=\"https:\/\/mk-kiens.com\/wp-content\/uploads\/2024\/06\/1957_6-FF_Ball-1024x675.jpg 1024w, https:\/\/mk-kiens.com\/wp-content\/uploads\/2024\/06\/1957_6-FF_Ball-300x198.jpg 300w, https:\/\/mk-kiens.com\/wp-content\/uploads\/2024\/06\/1957_6-FF_Ball-768x506.jpg 768w, https:\/\/mk-kiens.com\/wp-content\/uploads\/2024\/06\/1957_6-FF_Ball-1536x1012.jpg 1536w, https:\/\/mk-kiens.com\/wp-content\/uploads\/2024\/06\/1957_6-FF_Ball.jpg 1644w\" sizes=\"auto, (max-width: 1024px) 100vw, 1024px\" \/><figcaption class=\"wp-element-caption\">Gedanken lesen m\u00fcsste man k\u00f6nnen, Jedenfalls haben diese Beiden sp\u00e4ter im Jahre 1961 geheiratet, Frieda Engl vom Perchnahof und do Metzgameister Josef Mair, Im Hintergrund sehen wir Peter Gatterer, den Hilbawirt.<\/figcaption><\/figure>\n\n\n\n<figure class=\"wp-block-image size-large\"><img loading=\"lazy\" decoding=\"async\" width=\"1024\" height=\"794\" data-id=\"2358\" src=\"https:\/\/mk-kiens.com\/wp-content\/uploads\/2024\/06\/1957_7-FF_Ball-1024x794.jpg\" alt=\"\" class=\"wp-image-2358\" srcset=\"https:\/\/mk-kiens.com\/wp-content\/uploads\/2024\/06\/1957_7-FF_Ball-1024x794.jpg 1024w, https:\/\/mk-kiens.com\/wp-content\/uploads\/2024\/06\/1957_7-FF_Ball-300x233.jpg 300w, https:\/\/mk-kiens.com\/wp-content\/uploads\/2024\/06\/1957_7-FF_Ball-768x595.jpg 768w, https:\/\/mk-kiens.com\/wp-content\/uploads\/2024\/06\/1957_7-FF_Ball.jpg 1264w\" sizes=\"auto, (max-width: 1024px) 100vw, 1024px\" \/><figcaption class=\"wp-element-caption\">Schnappschuss beim Ball\/Jahresvollversammlung der FF Kiens &#8211; wenn Blicke t\u00f6ten k\u00f6nnten: Unsere Fahnenpatin Engl Frieda  und sp\u00e4tere Ehefrau von Josef Mair ( Metzga Seppl ) ganz links unterhaltet sich mit einem Bezirksfuntion\u00e4r. Und do Seppl passt auf&#8230;<\/figcaption><\/figure>\n\n\n\n<figure class=\"wp-block-image size-large\"><img loading=\"lazy\" decoding=\"async\" width=\"1024\" height=\"683\" data-id=\"2359\" src=\"https:\/\/mk-kiens.com\/wp-content\/uploads\/2024\/06\/1957_8-FF_Ball-1024x683.jpg\" alt=\"\" class=\"wp-image-2359\" srcset=\"https:\/\/mk-kiens.com\/wp-content\/uploads\/2024\/06\/1957_8-FF_Ball-1024x683.jpg 1024w, https:\/\/mk-kiens.com\/wp-content\/uploads\/2024\/06\/1957_8-FF_Ball-300x200.jpg 300w, https:\/\/mk-kiens.com\/wp-content\/uploads\/2024\/06\/1957_8-FF_Ball-768x512.jpg 768w, https:\/\/mk-kiens.com\/wp-content\/uploads\/2024\/06\/1957_8-FF_Ball-1536x1024.jpg 1536w, https:\/\/mk-kiens.com\/wp-content\/uploads\/2024\/06\/1957_8-FF_Ball.jpg 1576w\" sizes=\"auto, (max-width: 1024px) 100vw, 1024px\" \/><figcaption class=\"wp-element-caption\">Aufgenommen beim Gasthof Hilber beim Ball\/Jahresvollversammlung der Freiwilligen Feuerwehr Kiens.\nVon links: Mair Josef\/Metzga Seppl und seine Frau Frieda Engl, dann Josef Mair Senior Metzgermeister und Vizekommandant, seine Tochter Anna\/Metzga Nanne und der damalige Kommandant Vinzenz Obermair.<\/figcaption><\/figure>\n\n\n\n<figure class=\"wp-block-image size-large\"><img loading=\"lazy\" decoding=\"async\" width=\"732\" height=\"1024\" data-id=\"2365\" src=\"https:\/\/mk-kiens.com\/wp-content\/uploads\/2024\/06\/1957_10-Fahnenweihe-732x1024.jpg\" alt=\"\" class=\"wp-image-2365\" srcset=\"https:\/\/mk-kiens.com\/wp-content\/uploads\/2024\/06\/1957_10-Fahnenweihe-732x1024.jpg 732w, https:\/\/mk-kiens.com\/wp-content\/uploads\/2024\/06\/1957_10-Fahnenweihe-214x300.jpg 214w, https:\/\/mk-kiens.com\/wp-content\/uploads\/2024\/06\/1957_10-Fahnenweihe-768x1075.jpg 768w, https:\/\/mk-kiens.com\/wp-content\/uploads\/2024\/06\/1957_10-Fahnenweihe-1098x1536.jpg 1098w, https:\/\/mk-kiens.com\/wp-content\/uploads\/2024\/06\/1957_10-Fahnenweihe.jpg 1102w\" sizes=\"auto, (max-width: 732px) 100vw, 732px\" \/><figcaption class=\"wp-element-caption\">Die Fahnenpatin Frieda Engl: Die Mutter unseres Schlagzeugers Johann Mair (Metzga Hons), sowie die Oma unserer Fl\u00f6tistin Nadia Mairvongrasspeinten und die Uroma unserer Marketenderin Lena Mair\/Tochter.<\/figcaption><\/figure>\n\n\n\n<figure class=\"wp-block-image size-large\"><img loading=\"lazy\" decoding=\"async\" width=\"1024\" height=\"701\" data-id=\"2366\" src=\"https:\/\/mk-kiens.com\/wp-content\/uploads\/2024\/06\/1958_1-Musikfest-Bruneck-Juli-1024x701.jpg\" alt=\"\" class=\"wp-image-2366\" srcset=\"https:\/\/mk-kiens.com\/wp-content\/uploads\/2024\/06\/1958_1-Musikfest-Bruneck-Juli-1024x701.jpg 1024w, https:\/\/mk-kiens.com\/wp-content\/uploads\/2024\/06\/1958_1-Musikfest-Bruneck-Juli-300x205.jpg 300w, https:\/\/mk-kiens.com\/wp-content\/uploads\/2024\/06\/1958_1-Musikfest-Bruneck-Juli-768x525.jpg 768w, https:\/\/mk-kiens.com\/wp-content\/uploads\/2024\/06\/1958_1-Musikfest-Bruneck-Juli.jpg 1127w\" sizes=\"auto, (max-width: 1024px) 100vw, 1024px\" \/><figcaption class=\"wp-element-caption\">Unsere Fahnenpatin Frieda Engl links mit Ihrer Schw\u00e4gerin Notburga Mair\/Metzga Burgl beim Musikfest in Bruneck<\/figcaption><\/figure>\n\n\n\n<figure class=\"wp-block-image size-large\"><img loading=\"lazy\" decoding=\"async\" width=\"1024\" height=\"715\" data-id=\"2367\" src=\"https:\/\/mk-kiens.com\/wp-content\/uploads\/2024\/06\/1959_1-Bregenz-1024x715.jpg\" alt=\"\" class=\"wp-image-2367\" srcset=\"https:\/\/mk-kiens.com\/wp-content\/uploads\/2024\/06\/1959_1-Bregenz-1024x715.jpg 1024w, https:\/\/mk-kiens.com\/wp-content\/uploads\/2024\/06\/1959_1-Bregenz-300x210.jpg 300w, https:\/\/mk-kiens.com\/wp-content\/uploads\/2024\/06\/1959_1-Bregenz-768x536.jpg 768w, https:\/\/mk-kiens.com\/wp-content\/uploads\/2024\/06\/1959_1-Bregenz.jpg 1134w\" sizes=\"auto, (max-width: 1024px) 100vw, 1024px\" \/><figcaption class=\"wp-element-caption\">Dreit\u00e4giger Ausflug nach Lochau\/Bregenz an den Bodensee (Vorarlberg) vom 22. bis 24. August 1959: Do werd a Standl w\u00e4hrend einer Schifffahrt gespielt. \nRechts von den Tuben spielt Knapp Eduard (Kofla Edl) die Posaune und rechts davon sitzend an der Posaune sieht man Johann Kammerer (Grianboch Hansl). Dahinter an der Klarinette Leopold Falkensteiner (Niedomoar).  Links davon an der Zugposaune und mit Brille Johann Hinteregger und links davon der F\u00e4hnrich Alois Engl (Obohausa), links davon am Horn Otto Kammerer (Spangla) vor ihm an der gro\u00dfen Trommel Josef Kammerer (Spangla Seppl) und an der kleinen Trommel in der Mitte erkennt man Leopold Hildgartner (Kofla Pold).<\/figcaption><\/figure>\n\n\n\n<figure class=\"wp-block-image size-large\"><img loading=\"lazy\" decoding=\"async\" width=\"1024\" height=\"716\" data-id=\"2360\" src=\"https:\/\/mk-kiens.com\/wp-content\/uploads\/2024\/06\/2018-03-30-001-1024x716.jpg\" alt=\"\" class=\"wp-image-2360\" srcset=\"https:\/\/mk-kiens.com\/wp-content\/uploads\/2024\/06\/2018-03-30-001-1024x716.jpg 1024w, https:\/\/mk-kiens.com\/wp-content\/uploads\/2024\/06\/2018-03-30-001-300x210.jpg 300w, https:\/\/mk-kiens.com\/wp-content\/uploads\/2024\/06\/2018-03-30-001-768x537.jpg 768w, https:\/\/mk-kiens.com\/wp-content\/uploads\/2024\/06\/2018-03-30-001.jpg 1196w\" sizes=\"auto, (max-width: 1024px) 100vw, 1024px\" \/><figcaption class=\"wp-element-caption\">Die Geschwister Gatterer\/Maura Franz Klarinette, Anton an der kleinen Trommel und Alois auf der Klarinette, fotografiert bei Ihrem Elternhaus.<\/figcaption><\/figure>\n\n\n\n<figure class=\"wp-block-image size-large\"><img loading=\"lazy\" decoding=\"async\" width=\"1024\" height=\"708\" data-id=\"2362\" src=\"https:\/\/mk-kiens.com\/wp-content\/uploads\/2024\/06\/2018-03-30-002-1024x708.jpg\" alt=\"\" class=\"wp-image-2362\" srcset=\"https:\/\/mk-kiens.com\/wp-content\/uploads\/2024\/06\/2018-03-30-002-1024x708.jpg 1024w, https:\/\/mk-kiens.com\/wp-content\/uploads\/2024\/06\/2018-03-30-002-300x208.jpg 300w, https:\/\/mk-kiens.com\/wp-content\/uploads\/2024\/06\/2018-03-30-002-768x531.jpg 768w, https:\/\/mk-kiens.com\/wp-content\/uploads\/2024\/06\/2018-03-30-002-1536x1063.jpg 1536w, https:\/\/mk-kiens.com\/wp-content\/uploads\/2024\/06\/2018-03-30-002.jpg 1600w\" sizes=\"auto, (max-width: 1024px) 100vw, 1024px\" \/><figcaption class=\"wp-element-caption\">Jahr 1960 war der Musikverein Lochau\/Bodensee zu Gast in Kiens und am Abend wurde beim Hilberwirt kr\u00e4ftig gefeiert.\nVon links nach rechts die Runde: Eduard Ertl\/Longe Edl, Karl Lanthaler, Alfons Tinkhauser\/Oachna, die 2 feschen Frauen sind wahrscheinlich vom Musikverein Lochau, dann in der Mitte sitzt Johann Plankensteiner\/Hausa, dann der B\u00fcrgermeister von Lochau, dann Hermann Plankensteiner\/Hausa, rechts davon Hilda Lechner\/Stega Hilda, dann Johann Tinkhauser\/Oachna, dann der Obmann des Musikvereins Lochau und ganz rechts Alois Engl\/Obohausa.<\/figcaption><\/figure>\n\n\n\n<figure class=\"wp-block-image size-large\"><img loading=\"lazy\" decoding=\"async\" width=\"1024\" height=\"711\" data-id=\"2363\" src=\"https:\/\/mk-kiens.com\/wp-content\/uploads\/2024\/06\/2018-03-30-003-1024x711.jpg\" alt=\"\" class=\"wp-image-2363\" srcset=\"https:\/\/mk-kiens.com\/wp-content\/uploads\/2024\/06\/2018-03-30-003-1024x711.jpg 1024w, https:\/\/mk-kiens.com\/wp-content\/uploads\/2024\/06\/2018-03-30-003-300x208.jpg 300w, https:\/\/mk-kiens.com\/wp-content\/uploads\/2024\/06\/2018-03-30-003-768x533.jpg 768w, https:\/\/mk-kiens.com\/wp-content\/uploads\/2024\/06\/2018-03-30-003-1536x1066.jpg 1536w, https:\/\/mk-kiens.com\/wp-content\/uploads\/2024\/06\/2018-03-30-003.jpg 1709w\" sizes=\"auto, (max-width: 1024px) 100vw, 1024px\" \/><figcaption class=\"wp-element-caption\">Jahr 1960 war der Musikverein Lochau zu Gast in Kiens, gefeiert wurde am Abend beim Hilberwirt. Von von links der B\u00fcrgermeister von Lochau, unbekannt, Hilda Lechner\/Stega Hilda, Eduard Liner\/Schorsch Edl, Alois Engl\/Obohausa und der Obmann des Musikvereins Lochau.<\/figcaption><\/figure>\n\n\n\n<figure class=\"wp-block-image size-large\"><img loading=\"lazy\" decoding=\"async\" width=\"1013\" height=\"1024\" data-id=\"2361\" src=\"https:\/\/mk-kiens.com\/wp-content\/uploads\/2024\/06\/2018-03-30-004-1013x1024.jpg\" alt=\"\" class=\"wp-image-2361\" srcset=\"https:\/\/mk-kiens.com\/wp-content\/uploads\/2024\/06\/2018-03-30-004-1013x1024.jpg 1013w, https:\/\/mk-kiens.com\/wp-content\/uploads\/2024\/06\/2018-03-30-004-297x300.jpg 297w, https:\/\/mk-kiens.com\/wp-content\/uploads\/2024\/06\/2018-03-30-004-768x776.jpg 768w, https:\/\/mk-kiens.com\/wp-content\/uploads\/2024\/06\/2018-03-30-004.jpg 1129w\" sizes=\"auto, (max-width: 1013px) 100vw, 1013px\" \/><figcaption class=\"wp-element-caption\">Jahr 1959 in Lochau am Bodensee bei einer Privatfeier. Man erkennt sitzend in der Musiktracht Johann Plankensteiner\/Hausa und dahinter Alois Mair\/Friesenbichla stehend, rechts die Marketenderin Hilda Lechner\/Stega Hilda und Josef Foppa\/s Foppale.<\/figcaption><\/figure>\n\n\n\n<figure class=\"wp-block-image size-large\"><img loading=\"lazy\" decoding=\"async\" width=\"1024\" height=\"769\" data-id=\"2377\" src=\"https:\/\/mk-kiens.com\/wp-content\/uploads\/2024\/06\/2019-01-07-01-1024x769.jpg\" alt=\"\" class=\"wp-image-2377\" srcset=\"https:\/\/mk-kiens.com\/wp-content\/uploads\/2024\/06\/2019-01-07-01-1024x769.jpg 1024w, https:\/\/mk-kiens.com\/wp-content\/uploads\/2024\/06\/2019-01-07-01-300x225.jpg 300w, https:\/\/mk-kiens.com\/wp-content\/uploads\/2024\/06\/2019-01-07-01-768x577.jpg 768w, https:\/\/mk-kiens.com\/wp-content\/uploads\/2024\/06\/2019-01-07-01-1536x1154.jpg 1536w, https:\/\/mk-kiens.com\/wp-content\/uploads\/2024\/06\/2019-01-07-01-2048x1538.jpg 2048w\" sizes=\"auto, (max-width: 1024px) 100vw, 1024px\" \/><figcaption class=\"wp-element-caption\">Jugendkapelle Ehrenburg vor der Ursulinenkirche in Bruneck Jahr 1955 anl\u00e4sslich eines Wertungsspiels.\nDie Marketenderin links hei\u00dft Wolfsgruber Anna (Obogolsa), die rechte Marketenderin hei\u00dft Defregger Greti. Nicht erkennbar ist der Musikant hinter der linken Marketenderin, aber es d\u00fcrfte Johann Harrasser (Erschbama Hansl) sein, der \u00f6fters als Stabf\u00fchrer ausgeholfen hat. \nErste Reihe von links: Falkensteiner Alois (Niedomoar) , dann P\u00f6rnbacher Erich, Mutschlechner Heinrich (Steckla Heini) , Brunner Hubert, Gatterer Alois (Maura Loisl). \nZweite Reihe von links: Wolfsgruber Franz (Obogolsa) am Tenorhorn, Falkensteiner Leopold (Niedomoar) , Rastner Johann, Huber Erich und Innerbichler Siegfried (Baumannhaus).\nDritte Reihe von links: Costa Josef (Edl Peppe), Gatterer Franz (Maura), der Kleine rechts davon am Tenorhorn hei\u00dft  Adolf Falkensteiner, daneben rechts der kleine, bei welchem nur der Kopf herausschaut ist Costadedoi Franz (Millheisl), dann Roland Lanz und ganz rechts an der Posaune Oskar Huber.\nVierte Reihe von links: Knapp Eduard (Kofla Edl), dann mit dem Arm in der H\u00fcfte ist Josef Wolfsgruber (Plottna Seppl), dann Josef Weger (P\u00e4chta), ganz hinten links an der Tuba ist Falkensteiner Anton (Niedomoar), daneben Soppelsa Aldo, dann Oberhammer Robert (Pottra) an der kleinen Trommel , dann Oberhammer Josef (Pottra Peppe) und Wolfsgruber Josef (Roda).<\/figcaption><\/figure>\n\n\n\n<figure class=\"wp-block-image size-large\"><img loading=\"lazy\" decoding=\"async\" width=\"1024\" height=\"707\" data-id=\"2379\" src=\"https:\/\/mk-kiens.com\/wp-content\/uploads\/2024\/06\/2020-04-11-20-2002-1024x707.jpg\" alt=\"\" class=\"wp-image-2379\" srcset=\"https:\/\/mk-kiens.com\/wp-content\/uploads\/2024\/06\/2020-04-11-20-2002-1024x707.jpg 1024w, https:\/\/mk-kiens.com\/wp-content\/uploads\/2024\/06\/2020-04-11-20-2002-300x207.jpg 300w, https:\/\/mk-kiens.com\/wp-content\/uploads\/2024\/06\/2020-04-11-20-2002-768x531.jpg 768w, https:\/\/mk-kiens.com\/wp-content\/uploads\/2024\/06\/2020-04-11-20-2002-1536x1061.jpg 1536w, https:\/\/mk-kiens.com\/wp-content\/uploads\/2024\/06\/2020-04-11-20-2002-2048x1415.jpg 2048w\" sizes=\"auto, (max-width: 1024px) 100vw, 1024px\" \/><figcaption class=\"wp-element-caption\">Jugendkapelle Ehrenburg spielt vor do Baur Villa, dort wo sich heute der Eislaufplatz\/Spielplatz befindet: Von links mitn linken Fu\u00df vorgestreckt Falkensteiner Leopold\/Niedomoar, mit dem Kopf nach unten ist P\u00f6rnbacher Erich, dann Gatterer Alois\/Maura Loisl, an der Tuba Soppelsa Aldo und rechts davon an der Tuba Falkensteiner Anton\/Niedomoar, rechts davon an der Posaune Knapp Eduard\/Kofla Edl, dann Costa Josef\/Edl Peppe, der kleine ist Brunner Hubert, dann Innerbichler Siegfried, ganz der kleine hei\u00dft Costadedoi Franz\/Millheisla, Mutschlechner Heinrich und verdeckt an der Posaune Testor Josef\/Kostola, sitzend links Falkensteiner Alois\/Niedomoar und rechts davon Wolfsgruber Franz\/Obogolsa.<\/figcaption><\/figure>\n\n\n\n<figure class=\"wp-block-image size-large\"><img loading=\"lazy\" decoding=\"async\" width=\"1024\" height=\"731\" data-id=\"2372\" src=\"https:\/\/mk-kiens.com\/wp-content\/uploads\/2024\/06\/2020-04-11-20-2003-1024x731.jpg\" alt=\"\" class=\"wp-image-2372\" srcset=\"https:\/\/mk-kiens.com\/wp-content\/uploads\/2024\/06\/2020-04-11-20-2003-1024x731.jpg 1024w, https:\/\/mk-kiens.com\/wp-content\/uploads\/2024\/06\/2020-04-11-20-2003-300x214.jpg 300w, https:\/\/mk-kiens.com\/wp-content\/uploads\/2024\/06\/2020-04-11-20-2003-768x548.jpg 768w, https:\/\/mk-kiens.com\/wp-content\/uploads\/2024\/06\/2020-04-11-20-2003-1536x1096.jpg 1536w, https:\/\/mk-kiens.com\/wp-content\/uploads\/2024\/06\/2020-04-11-20-2003-2048x1461.jpg 2048w\" sizes=\"auto, (max-width: 1024px) 100vw, 1024px\" \/><figcaption class=\"wp-element-caption\">Jugendkapelle Ehrenburg spielt ba do Baur Villa: Diese Villa mit Terrasse stand dort wo sich heute das Haus Nr. 22 in der Ehrenburgerstrasse befindet. Von links der Kleine ist Gatterer Alois\/Maura Loisl, P\u00f6rnbacher Erich, Falkensteiner Leopold\/Niedomoar, Gatterer Franz\/Maura, Rastner Johann, Huber Erich, Soppelsa Aldo, Falkensteiner Anton\/Niedomoar, sitzend links Falkensteiner Alois\/Niedomoar und Wolfsgruber Franz\/Obogolsa.<\/figcaption><\/figure>\n\n\n\n<figure class=\"wp-block-image size-large\"><img loading=\"lazy\" decoding=\"async\" width=\"1024\" height=\"718\" data-id=\"2380\" src=\"https:\/\/mk-kiens.com\/wp-content\/uploads\/2024\/06\/20170830-2-1024x718.jpg\" alt=\"\" class=\"wp-image-2380\" srcset=\"https:\/\/mk-kiens.com\/wp-content\/uploads\/2024\/06\/20170830-2-1024x718.jpg 1024w, https:\/\/mk-kiens.com\/wp-content\/uploads\/2024\/06\/20170830-2-300x210.jpg 300w, https:\/\/mk-kiens.com\/wp-content\/uploads\/2024\/06\/20170830-2-768x538.jpg 768w, https:\/\/mk-kiens.com\/wp-content\/uploads\/2024\/06\/20170830-2-1536x1076.jpg 1536w, https:\/\/mk-kiens.com\/wp-content\/uploads\/2024\/06\/20170830-2-2048x1435.jpg 2048w\" sizes=\"auto, (max-width: 1024px) 100vw, 1024px\" \/><figcaption class=\"wp-element-caption\">Konzert in St. Sigmund ban Gasthof Neuwirt um 1949\/50\nKapellmeister ist Johann Holzer (Tischla Hansl), am Tenorhorn links Tinkhauser Johann (Oachna Hansl), daneben am Tenorhorn Josef Seebacher (Koltnhausa Peppe), der Hornist rechts drau\u00dfen ist Holzer Franz Senior (Messna Franz), in der vorletzten Reihe der dritte von links ist Mair Josef (Metzga Seppl), in der letzten Reihe von links an der Tuba Josef Graber (Schlossa Seppl), dann Hans Hinteregger, an der gro\u00dfen Trommel Siessl Johann (Schuischta Hansl) an den Becken\/Tschinellen Josef Ploner (Schiffregga) und an der kleinen Trommel Eduard Liner (Schorsch Edl).<\/figcaption><\/figure>\n\n\n\n<figure class=\"wp-block-image size-large\"><img loading=\"lazy\" decoding=\"async\" width=\"1024\" height=\"698\" data-id=\"2376\" src=\"https:\/\/mk-kiens.com\/wp-content\/uploads\/2024\/06\/20170830-3-1024x698.jpg\" alt=\"\" class=\"wp-image-2376\" srcset=\"https:\/\/mk-kiens.com\/wp-content\/uploads\/2024\/06\/20170830-3-1024x698.jpg 1024w, https:\/\/mk-kiens.com\/wp-content\/uploads\/2024\/06\/20170830-3-300x204.jpg 300w, https:\/\/mk-kiens.com\/wp-content\/uploads\/2024\/06\/20170830-3-768x523.jpg 768w, https:\/\/mk-kiens.com\/wp-content\/uploads\/2024\/06\/20170830-3-1536x1047.jpg 1536w, https:\/\/mk-kiens.com\/wp-content\/uploads\/2024\/06\/20170830-3-2048x1396.jpg 2048w\" sizes=\"auto, (max-width: 1024px) 100vw, 1024px\" \/><figcaption class=\"wp-element-caption\">50 j\u00e4hriges Priesterjubil\u00e4um von Stanislaus R\u00f6d im Jahre 1953\nDas Foto entstand vor dem damaligen Gasthaus Tschurtschenthaler, das wir links sehen, oder am heutigen Grianboch Plotz: Am Boden sitzend von links Siessl Walter, Siessl Peppe, Kammerer Albert, Lanthaler Karl, Zambelli Walter\/Sohn va do Emma, Johann Gatterer\/Kruma Hansl, Platter Hubert und Holzer Herbert\/Messna\nDie Priester von links: Bertrand Vollmann Pfarrer in Kiens, Herr Augustin Prefekt vom Kloster Neustift, Prelat Ambros Giner von Neustift, Stanislaus R\u00f6d Pfarrer in Kiens, Herr Sparber Anselm, Posidius Holzer Pfarrer in St . Sigmund, Pfarrer Max Schrott vom Kloster Neustift und Pfarrer Gregor Schacher, der im Messnahaus wohnte. Die Personen in Zivil dahinter zwischen dem zweiten und dritten Priester von links hei\u00dft Alois Tschafeller\/Porschtbauer, dann Seeber Johann\/Rommila Hansl, Engl Josef\/Getzenberger Bauer, Johann Wierer vom Moserhof in Hofern, Peter Kammerer\/Grianbochbauer und Prof. Dr. Josef R\u00f6d. Der kleine Musikant ganz links hei\u00dft Artur Tauber\/Rastbichla, neben ihm ist Johann Tinkhauser\/Oachna, die Person hinter Ihm ist unbekannt und der Herr vor ihm in Zivil hei\u00dft Peter Crazzolara\/Lerchnerbauer in Hofern. Dann der Musikant Peter Kammerer\/Grianbocha, dann hinter Ihm ohne Hut ist Johann Hinteregger und der Musikant vor Ihm hei\u00dft Josef Mair\/Metzga, dann Peter Gatterer\/Hilba, Alois Mair\/Friesnbichla, Johann Kammerer\/Grianboch Hansl, Otto Kammerer\/Spangla, Natale Gasser\/Nino, Siessl Hansl\/Bocha, Kpm Josef Seebacher\/Koltnhausa und der Tubist rechts hei\u00dft Josef Graber\/Schlossa Seppl, dann der Musikant ganz hinten links in der vierten Reihe mit Schnurbart ist Johann Siessl\/Schuischta Hansl, halb verdeckt der Tubist Eduard Ertl\/Longe Edl, dann rechts davon in Zivil mit schwarzem Hut Alois Engl\/Obohaus Lois, dann vor ihm mit Hut und Schnurbart ist Zambelli  Kassian, dann Alois Graber\/Schlossa Lois, der n\u00e4chsten Musikant (der kleine Trommler) ohne Hut heisst Crepaz Fritz (ein flei\u00dfiger Aus<\/figcaption><\/figure>\n\n\n\n<figure class=\"wp-block-image size-large\"><img loading=\"lazy\" decoding=\"async\" width=\"691\" height=\"1024\" data-id=\"2368\" src=\"https:\/\/mk-kiens.com\/wp-content\/uploads\/2024\/06\/20170904-11-691x1024.jpg\" alt=\"\" class=\"wp-image-2368\" srcset=\"https:\/\/mk-kiens.com\/wp-content\/uploads\/2024\/06\/20170904-11-691x1024.jpg 691w, https:\/\/mk-kiens.com\/wp-content\/uploads\/2024\/06\/20170904-11-202x300.jpg 202w, https:\/\/mk-kiens.com\/wp-content\/uploads\/2024\/06\/20170904-11-768x1138.jpg 768w, https:\/\/mk-kiens.com\/wp-content\/uploads\/2024\/06\/20170904-11-1036x1536.jpg 1036w, https:\/\/mk-kiens.com\/wp-content\/uploads\/2024\/06\/20170904-11-1382x2048.jpg 1382w, https:\/\/mk-kiens.com\/wp-content\/uploads\/2024\/06\/20170904-11.jpg 1449w\" sizes=\"auto, (max-width: 691px) 100vw, 691px\" \/><figcaption class=\"wp-element-caption\">Prozession in Ehrenburg Hoch unser Frauentag am 15 August im Jahr 1950\/51 unter Potra an der Schmid Brugge (wo man heute nach Getzenberg f\u00e4hrt) mit Stabf\u00fchrer Josef Seebacher. Erste Reihe von links Tinkhauser Johann\/Oachna, Ploner Josef\/Schiffregger , Plankensteiner Johann\/Hausa Hansl, zweite Reihe von links Mayrl Josef\/Kirschnlechner, dann Hinteregger Franz.<\/figcaption><\/figure>\n\n\n\n<figure class=\"wp-block-image size-large\"><img loading=\"lazy\" decoding=\"async\" width=\"1024\" height=\"725\" data-id=\"2375\" src=\"https:\/\/mk-kiens.com\/wp-content\/uploads\/2024\/06\/20170904-12-1024x725.jpg\" alt=\"\" class=\"wp-image-2375\" srcset=\"https:\/\/mk-kiens.com\/wp-content\/uploads\/2024\/06\/20170904-12-1024x725.jpg 1024w, https:\/\/mk-kiens.com\/wp-content\/uploads\/2024\/06\/20170904-12-300x213.jpg 300w, https:\/\/mk-kiens.com\/wp-content\/uploads\/2024\/06\/20170904-12-768x544.jpg 768w, https:\/\/mk-kiens.com\/wp-content\/uploads\/2024\/06\/20170904-12-1536x1088.jpg 1536w, https:\/\/mk-kiens.com\/wp-content\/uploads\/2024\/06\/20170904-12-2048x1451.jpg 2048w\" sizes=\"auto, (max-width: 1024px) 100vw, 1024px\" \/><figcaption class=\"wp-element-caption\">Die Marketenderin von links: Kammerer Anna (Spangla Nannile), Piffrader Elisabeth (Oboschneida), Stabf\u00fchrer Hinteregger Johann, Hilda Lechner (Stega) und Hildgartner Erika (Kofla) in Lochau am Bodensee Jahr 1959. An der Klarinette hinter dem Stabf\u00fchrer ist Tinkhauser Johann\/Oachna  jun., ganz rechts Plankensteiner Hermann\/Hausa und dahinter Gatterer Josef\/Kruma Seppl.<\/figcaption><\/figure>\n\n\n\n<figure class=\"wp-block-image size-large\"><img loading=\"lazy\" decoding=\"async\" width=\"1024\" height=\"725\" data-id=\"2370\" src=\"https:\/\/mk-kiens.com\/wp-content\/uploads\/2024\/06\/20170904-13-1024x725.jpg\" alt=\"\" class=\"wp-image-2370\" srcset=\"https:\/\/mk-kiens.com\/wp-content\/uploads\/2024\/06\/20170904-13-1024x725.jpg 1024w, https:\/\/mk-kiens.com\/wp-content\/uploads\/2024\/06\/20170904-13-300x212.jpg 300w, https:\/\/mk-kiens.com\/wp-content\/uploads\/2024\/06\/20170904-13-768x543.jpg 768w, https:\/\/mk-kiens.com\/wp-content\/uploads\/2024\/06\/20170904-13-1536x1087.jpg 1536w, https:\/\/mk-kiens.com\/wp-content\/uploads\/2024\/06\/20170904-13-2048x1449.jpg 2048w\" sizes=\"auto, (max-width: 1024px) 100vw, 1024px\" \/><figcaption class=\"wp-element-caption\">Standkonzert vor dem Gasthof Obomoar in Ehrenburg am 15 August zum Festtag Hoch unser Frauentag unter der Leitung von Stabf\u00fchrer Hans Hinteregger.\nErste Reihe von links: Tinkhauser Johann\/Oachna und daneben sein Sohn Alfons, dann Mair Alois\/ Friesenbichla und Hermann Plankensteiner\/Hausa.\nZwei Reihe von links: Kammerer Peter\/Grianbocha, Falkensteiner Leopold\/Niedomoar, rechts davon Gatterer Josef\/Kruma Seppl, an der Tuba hinten ist Wolfsgruber Josef\/Plottna Seppl, an der Posaune Knapp Eduard\/Kofla Edl und rechts davon Liner Eduard\/Schorsch Edl.<\/figcaption><\/figure>\n\n\n\n<figure class=\"wp-block-image size-large\"><img loading=\"lazy\" decoding=\"async\" width=\"1022\" height=\"1024\" data-id=\"2373\" src=\"https:\/\/mk-kiens.com\/wp-content\/uploads\/2024\/06\/20170904-14-1022x1024.jpg\" alt=\"\" class=\"wp-image-2373\" srcset=\"https:\/\/mk-kiens.com\/wp-content\/uploads\/2024\/06\/20170904-14-1022x1024.jpg 1022w, https:\/\/mk-kiens.com\/wp-content\/uploads\/2024\/06\/20170904-14-300x300.jpg 300w, https:\/\/mk-kiens.com\/wp-content\/uploads\/2024\/06\/20170904-14-150x150.jpg 150w, https:\/\/mk-kiens.com\/wp-content\/uploads\/2024\/06\/20170904-14-768x770.jpg 768w, https:\/\/mk-kiens.com\/wp-content\/uploads\/2024\/06\/20170904-14-1532x1536.jpg 1532w, https:\/\/mk-kiens.com\/wp-content\/uploads\/2024\/06\/20170904-14-2043x2048.jpg 2043w\" sizes=\"auto, (max-width: 1022px) 100vw, 1022px\" \/><figcaption class=\"wp-element-caption\">Standkonzert vor dem Gasthof Obomoar in Ehrenburg am 15 August zum Festtag Hoch unser Frauentag.\nErste Reihe von links: Mair Alois\/Friesenbichla (Fl\u00fcgelhorn), Holzer Erich, Liensberger Ernst (G\u00e4nsebichla) und Leopold Falkensteiner\/Niedomoar an der Klarinetten, an den Tschinellen Hinteregger Hans, die gro\u00dfe Trommel spielt Kammerer Josef (Spangla Seppl) und die Posaune Knapp Eduard\/Kofla Edl.<\/figcaption><\/figure>\n\n\n\n<figure class=\"wp-block-image size-large\"><img loading=\"lazy\" decoding=\"async\" width=\"1024\" height=\"728\" data-id=\"2371\" src=\"https:\/\/mk-kiens.com\/wp-content\/uploads\/2024\/06\/20170904-15-1024x728.jpg\" alt=\"\" class=\"wp-image-2371\" srcset=\"https:\/\/mk-kiens.com\/wp-content\/uploads\/2024\/06\/20170904-15-1024x728.jpg 1024w, https:\/\/mk-kiens.com\/wp-content\/uploads\/2024\/06\/20170904-15-300x213.jpg 300w, https:\/\/mk-kiens.com\/wp-content\/uploads\/2024\/06\/20170904-15-768x546.jpg 768w, https:\/\/mk-kiens.com\/wp-content\/uploads\/2024\/06\/20170904-15-1536x1092.jpg 1536w, https:\/\/mk-kiens.com\/wp-content\/uploads\/2024\/06\/20170904-15-2048x1455.jpg 2048w\" sizes=\"auto, (max-width: 1024px) 100vw, 1024px\" \/><figcaption class=\"wp-element-caption\">Standkonzert vor dem Gasthof Obomoar in Ehrenburg am 15 August zum Festtag Hoch unser Frauentag unter der Leitung von Stabf\u00fchrer Hans Hinteregger.\nRechts am Fl\u00fcgelhorn Hermann Plankensteiner\/Hausa, Alois Mair\/Friesenbichla, an der Klarinette Alfons Tinkhauser\/Oachna und links davon am Tenorhorn sein Vater Johann Tinkhauser, dahinter am Bariton Peter Kammerer\/Grianbocha, dahinter am Genis do Karl Lanthaler, dahinter am F-Bass Albert Lechner\/Wolda und an der B-Tuba do Josef Wolfsgruber\/Plottna.<\/figcaption><\/figure>\n\n\n\n<figure class=\"wp-block-image size-large\"><img loading=\"lazy\" decoding=\"async\" width=\"1024\" height=\"649\" data-id=\"2388\" src=\"https:\/\/mk-kiens.com\/wp-content\/uploads\/2024\/06\/20170904-22-1024x649.jpg\" alt=\"\" class=\"wp-image-2388\" srcset=\"https:\/\/mk-kiens.com\/wp-content\/uploads\/2024\/06\/20170904-22-1024x649.jpg 1024w, https:\/\/mk-kiens.com\/wp-content\/uploads\/2024\/06\/20170904-22-300x190.jpg 300w, https:\/\/mk-kiens.com\/wp-content\/uploads\/2024\/06\/20170904-22-768x487.jpg 768w, https:\/\/mk-kiens.com\/wp-content\/uploads\/2024\/06\/20170904-22-1536x974.jpg 1536w, https:\/\/mk-kiens.com\/wp-content\/uploads\/2024\/06\/20170904-22-2048x1298.jpg 2048w\" sizes=\"auto, (max-width: 1024px) 100vw, 1024px\" \/><figcaption class=\"wp-element-caption\">1. S\ufffddtiroler Landesmusikfest in Meran am 16.09.1951.\nVon links: Hinteregger Marie, Mair Maria (Metzga), Stabf\ufffdhrer Josef Seebacher (Koltnhausa), Engl Frieda (Fahnenpatin) und Happacher Anna (Pinta, die Mutter von Oskar Hildgartner).<\/figcaption><\/figure>\n\n\n\n<figure class=\"wp-block-image size-large\"><img loading=\"lazy\" decoding=\"async\" width=\"1024\" height=\"725\" data-id=\"2385\" src=\"https:\/\/mk-kiens.com\/wp-content\/uploads\/2024\/06\/20170912-6-1024x725.jpg\" alt=\"\" class=\"wp-image-2385\" srcset=\"https:\/\/mk-kiens.com\/wp-content\/uploads\/2024\/06\/20170912-6-1024x725.jpg 1024w, https:\/\/mk-kiens.com\/wp-content\/uploads\/2024\/06\/20170912-6-300x212.jpg 300w, https:\/\/mk-kiens.com\/wp-content\/uploads\/2024\/06\/20170912-6-768x544.jpg 768w, https:\/\/mk-kiens.com\/wp-content\/uploads\/2024\/06\/20170912-6-1536x1087.jpg 1536w, https:\/\/mk-kiens.com\/wp-content\/uploads\/2024\/06\/20170912-6-2048x1450.jpg 2048w\" sizes=\"auto, (max-width: 1024px) 100vw, 1024px\" \/><figcaption class=\"wp-element-caption\">Dieses Foto entstand anl\u00e4sslich der Fahnenweihe im Jahre 1957 in der N\u00e4he der heutigen Carabinieri Kaserne. \nSitzend von links: Mayrl Josef (Kirschnleachna), Seebacher Josef (Koltnhausa), Natalis Gasser (Nino).\nHinten links stehend: Ertl Eduard (Longe Edl), F\u00e4hnricht Engl Alois(Obohausa) und Ploner Josef (Schiffregga).<\/figcaption><\/figure>\n\n\n\n<figure class=\"wp-block-image size-large\"><img loading=\"lazy\" decoding=\"async\" width=\"1024\" height=\"757\" data-id=\"2396\" src=\"https:\/\/mk-kiens.com\/wp-content\/uploads\/2024\/06\/20170912-12-1024x757.jpg\" alt=\"\" class=\"wp-image-2396\" srcset=\"https:\/\/mk-kiens.com\/wp-content\/uploads\/2024\/06\/20170912-12-1024x757.jpg 1024w, https:\/\/mk-kiens.com\/wp-content\/uploads\/2024\/06\/20170912-12-300x222.jpg 300w, https:\/\/mk-kiens.com\/wp-content\/uploads\/2024\/06\/20170912-12-768x568.jpg 768w, https:\/\/mk-kiens.com\/wp-content\/uploads\/2024\/06\/20170912-12-1536x1136.jpg 1536w, https:\/\/mk-kiens.com\/wp-content\/uploads\/2024\/06\/20170912-12-2048x1514.jpg 2048w\" sizes=\"auto, (max-width: 1024px) 100vw, 1024px\" \/><figcaption class=\"wp-element-caption\">Dieses Foto wurde gemacht anl\u00e4sslich der neu errichteten Tracht die wie folgt angefertigt wurde: Schwarze Schuhe, schwarze Socken und schwarze Hose, gr\u00fcne Hosentr\u00e4ger, brauner Rock mit gr\u00fcnen Bordr\u00e4nder, wei\u00dfes Hemd, Kravatte mit eingen\u00e4htem Edelwei\u00df, schwarzer Hut mit Joggel und Gurt. Im Gurt eingestickt wurde das Datum 1820-1950. Schneidermeister war Richard Kammerer\/Spangla mit seinem Lehrling Josef Foppa\/s,Foppale, der Schneidermeister Liner Eduard\/Schorsch Edl  kam erst sp\u00e4ter hinzu. Alle 3 waren aktive Musikanten der Musikkapelle Kiens. Sp\u00e4ter ab 1959 kamen die roten Leibchen dazu und die Kravatte mit Edelwei\u00df wurde von einer schwarzen Kravatte ersetzt. Im Jahre 1981 wurde die Kravatte dann durch einen schwarzen Flor ersetzt. Diese komplette Tracht wurde dann bis Ende des Jahres 2006 getragen\nErste Reihe am Boden sitzend von links: Siessl Johann\/Schuischta Hansl, Liner Eduard\/Schorsch Edl, Kammerer Josef\/Spangla Seppl. Zweite Reihe von links Marketenderin Happacher Anna (die Mutter von Oskar Hildgartner), Holzer Franz jun.\/Mesna, Gasser Natale\/Nino, Tinkhauser Johann\/Oachna, Holzer Johann\/Tuscha als Kapellmeister, Seebacher Josef\/Koltnhausa, Mayrl Josef\/Kirschnlechna, Holzer Josef\/Holza Seppl und Marketenderin Engl Frieda\/Metzga die sp\u00e4tere Fahnenpatin. Dritte Reihe von links Hinteregger Franz, Gatterer Josef\/Kruma, Kammerer Otto\/Spangla, Kammerer Peter\/Grianbocha, Gatterer Peter\/Hilba und Ploner Josef\/Schiffregga. Vierte Reihe von links Ertl Eduard\/Longe Edl, Holzer Franz sen.\/Mesna, Siessl Johann\/Bocha, Engl Albert\/Perchna, Happacher Adolf\/Pinta, Graber Josef\/Schlossa, Gatterer Albin\/Kruma und Hinteregger Hans.<\/figcaption><\/figure>\n\n\n\n<figure class=\"wp-block-image size-large\"><img loading=\"lazy\" decoding=\"async\" width=\"719\" height=\"1024\" data-id=\"2374\" src=\"https:\/\/mk-kiens.com\/wp-content\/uploads\/2024\/06\/20171019-1-719x1024.jpg\" alt=\"\" class=\"wp-image-2374\" srcset=\"https:\/\/mk-kiens.com\/wp-content\/uploads\/2024\/06\/20171019-1-719x1024.jpg 719w, https:\/\/mk-kiens.com\/wp-content\/uploads\/2024\/06\/20171019-1-211x300.jpg 211w, https:\/\/mk-kiens.com\/wp-content\/uploads\/2024\/06\/20171019-1-768x1094.jpg 768w, https:\/\/mk-kiens.com\/wp-content\/uploads\/2024\/06\/20171019-1-1078x1536.jpg 1078w, https:\/\/mk-kiens.com\/wp-content\/uploads\/2024\/06\/20171019-1-1437x2048.jpg 1437w, https:\/\/mk-kiens.com\/wp-content\/uploads\/2024\/06\/20171019-1-scaled.jpg 1797w\" sizes=\"auto, (max-width: 719px) 100vw, 719px\" \/><figcaption class=\"wp-element-caption\">Musikant Holzer Josef\/Holza Seppl spielte das Fl\u00fcgelhornsolo von der Overt\u00fcre \u201eDie Banditenbraut&#8220; von Franz von Suppe\u2019 mit Bravour.<\/figcaption><\/figure>\n\n\n\n<figure class=\"wp-block-image size-large\"><img loading=\"lazy\" decoding=\"async\" width=\"714\" height=\"1024\" data-id=\"2400\" src=\"https:\/\/mk-kiens.com\/wp-content\/uploads\/2024\/06\/20180126-001-714x1024.jpg\" alt=\"\" class=\"wp-image-2400\" srcset=\"https:\/\/mk-kiens.com\/wp-content\/uploads\/2024\/06\/20180126-001-714x1024.jpg 714w, https:\/\/mk-kiens.com\/wp-content\/uploads\/2024\/06\/20180126-001-209x300.jpg 209w, https:\/\/mk-kiens.com\/wp-content\/uploads\/2024\/06\/20180126-001-768x1102.jpg 768w, https:\/\/mk-kiens.com\/wp-content\/uploads\/2024\/06\/20180126-001-1071x1536.jpg 1071w, https:\/\/mk-kiens.com\/wp-content\/uploads\/2024\/06\/20180126-001-1427x2048.jpg 1427w, https:\/\/mk-kiens.com\/wp-content\/uploads\/2024\/06\/20180126-001-scaled.jpg 1784w\" sizes=\"auto, (max-width: 714px) 100vw, 714px\" \/><figcaption class=\"wp-element-caption\">Einweihung Gemeindehaus  in Kiens Jahr 1957. Die Musikkapelle nahm Aufstellung vor der alten Schmiede (heutige Caf\u00e9 Maridl &#8211; oder links vom Lebensmittelgesch\u00e4ft Gatterer). Stabf\u00fchrer ist Josef Seebacher\/Koltnhausa und links davon am Fl\u00fcgelhorn Johann Plankensteiner\/Hausa Hansl (der Bruder unseres langj\u00e4hrigen Mitgliedes Hermann Plankensteiner) &#8211; das Haus hinten links ist Kofler.<\/figcaption><\/figure>\n\n\n\n<figure class=\"wp-block-image size-large\"><img loading=\"lazy\" decoding=\"async\" width=\"1024\" height=\"714\" data-id=\"2397\" src=\"https:\/\/mk-kiens.com\/wp-content\/uploads\/2024\/06\/20180126-002-1024x714.jpg\" alt=\"\" class=\"wp-image-2397\" srcset=\"https:\/\/mk-kiens.com\/wp-content\/uploads\/2024\/06\/20180126-002-1024x714.jpg 1024w, https:\/\/mk-kiens.com\/wp-content\/uploads\/2024\/06\/20180126-002-300x209.jpg 300w, https:\/\/mk-kiens.com\/wp-content\/uploads\/2024\/06\/20180126-002-768x535.jpg 768w, https:\/\/mk-kiens.com\/wp-content\/uploads\/2024\/06\/20180126-002-1536x1071.jpg 1536w, https:\/\/mk-kiens.com\/wp-content\/uploads\/2024\/06\/20180126-002-2048x1427.jpg 2048w\" sizes=\"auto, (max-width: 1024px) 100vw, 1024px\" \/><figcaption class=\"wp-element-caption\">Die Jugendkapelle Ehrenburg beim Landesmusikfest in Meran im Jahre 1954: Kapellmeister und Stabf\u00fchrer Ignaz Baur mit den Marketenderinnen Anna Wolfsgruber\/Obogolsa Nannile links und Antonia Oberhammer\/Porta Tone rechts &#8211; und Tafeletr\u00e4ger ist Falkensteiner Rudi (Obomoar Rudi vom Gasthof Obomoar in Ehrenburg).<\/figcaption><\/figure>\n\n\n\n<figure class=\"wp-block-image size-large\"><img loading=\"lazy\" decoding=\"async\" width=\"714\" height=\"1024\" data-id=\"2399\" src=\"https:\/\/mk-kiens.com\/wp-content\/uploads\/2024\/06\/20180126-009-714x1024.jpg\" alt=\"\" class=\"wp-image-2399\" srcset=\"https:\/\/mk-kiens.com\/wp-content\/uploads\/2024\/06\/20180126-009-714x1024.jpg 714w, https:\/\/mk-kiens.com\/wp-content\/uploads\/2024\/06\/20180126-009-209x300.jpg 209w, https:\/\/mk-kiens.com\/wp-content\/uploads\/2024\/06\/20180126-009-768x1102.jpg 768w, https:\/\/mk-kiens.com\/wp-content\/uploads\/2024\/06\/20180126-009-1071x1536.jpg 1071w, https:\/\/mk-kiens.com\/wp-content\/uploads\/2024\/06\/20180126-009-1427x2048.jpg 1427w, https:\/\/mk-kiens.com\/wp-content\/uploads\/2024\/06\/20180126-009-scaled.jpg 1784w\" sizes=\"auto, (max-width: 714px) 100vw, 714px\" \/><figcaption class=\"wp-element-caption\">Einweihung Gemeindehaus Jahr 1957.\nDie Musikkapelle hat an der Kreuzung zur Josef R\u00f6d Stra\u00dfe Aufstellung genommen (vor dem heutigen Cafe Maridl). Das Geb\u00e4ude am linken Bildrand ist das heutige Haus Mair (Schlagzeuger Mair Johann\/Metzga Hons). Im Haus dahinter wohnte Natalis\/Nino Gasser, der damals s\u00e4mtliche Musikanten der Musikkapelle Kiens ausgebildet hatte.<\/figcaption><\/figure>\n\n\n\n<figure class=\"wp-block-image size-large\"><img loading=\"lazy\" decoding=\"async\" width=\"1024\" height=\"693\" data-id=\"2398\" src=\"https:\/\/mk-kiens.com\/wp-content\/uploads\/2024\/06\/20180126-017-1024x693.jpg\" alt=\"\" class=\"wp-image-2398\" srcset=\"https:\/\/mk-kiens.com\/wp-content\/uploads\/2024\/06\/20180126-017-1024x693.jpg 1024w, https:\/\/mk-kiens.com\/wp-content\/uploads\/2024\/06\/20180126-017-300x203.jpg 300w, https:\/\/mk-kiens.com\/wp-content\/uploads\/2024\/06\/20180126-017-768x520.jpg 768w, https:\/\/mk-kiens.com\/wp-content\/uploads\/2024\/06\/20180126-017-1536x1039.jpg 1536w, https:\/\/mk-kiens.com\/wp-content\/uploads\/2024\/06\/20180126-017-2048x1385.jpg 2048w, https:\/\/mk-kiens.com\/wp-content\/uploads\/2024\/06\/20180126-017-400x270.jpg 400w\" sizes=\"auto, (max-width: 1024px) 100vw, 1024px\" \/><figcaption class=\"wp-element-caption\">Der Anlass ist nicht bekannt.<\/figcaption><\/figure>\n\n\n\n<figure class=\"wp-block-image size-large\"><img loading=\"lazy\" decoding=\"async\" width=\"705\" height=\"1024\" data-id=\"2378\" src=\"https:\/\/mk-kiens.com\/wp-content\/uploads\/2024\/06\/20180130-002-705x1024.jpg\" alt=\"\" class=\"wp-image-2378\" srcset=\"https:\/\/mk-kiens.com\/wp-content\/uploads\/2024\/06\/20180130-002-705x1024.jpg 705w, https:\/\/mk-kiens.com\/wp-content\/uploads\/2024\/06\/20180130-002-207x300.jpg 207w, https:\/\/mk-kiens.com\/wp-content\/uploads\/2024\/06\/20180130-002-768x1115.jpg 768w, https:\/\/mk-kiens.com\/wp-content\/uploads\/2024\/06\/20180130-002-1058x1536.jpg 1058w, https:\/\/mk-kiens.com\/wp-content\/uploads\/2024\/06\/20180130-002-1411x2048.jpg 1411w, https:\/\/mk-kiens.com\/wp-content\/uploads\/2024\/06\/20180130-002.jpg 1681w\" sizes=\"auto, (max-width: 705px) 100vw, 705px\" \/><figcaption class=\"wp-element-caption\">Die Jugendkapelle Ehrenburg spielt bei der Prozession Hoch unser Frauentag am 15.August 1956. Links der Gasthof Obomoar.<\/figcaption><\/figure>\n\n\n\n<figure class=\"wp-block-image size-large\"><img loading=\"lazy\" decoding=\"async\" width=\"1024\" height=\"767\" data-id=\"2391\" src=\"https:\/\/mk-kiens.com\/wp-content\/uploads\/2024\/06\/20180130-003-1024x767.jpg\" alt=\"\" class=\"wp-image-2391\" srcset=\"https:\/\/mk-kiens.com\/wp-content\/uploads\/2024\/06\/20180130-003-1024x767.jpg 1024w, https:\/\/mk-kiens.com\/wp-content\/uploads\/2024\/06\/20180130-003-300x225.jpg 300w, https:\/\/mk-kiens.com\/wp-content\/uploads\/2024\/06\/20180130-003-768x575.jpg 768w, https:\/\/mk-kiens.com\/wp-content\/uploads\/2024\/06\/20180130-003-1536x1150.jpg 1536w, https:\/\/mk-kiens.com\/wp-content\/uploads\/2024\/06\/20180130-003-2048x1534.jpg 2048w\" sizes=\"auto, (max-width: 1024px) 100vw, 1024px\" \/><figcaption class=\"wp-element-caption\">Jugendkapelle Ehrenburg in den 50ziger Jahren: Die ersten 3 von links P\u00f6rnbacher Hermann, Innerbichler Siegfried, Brunner Hubert, do 6. ist Oberhammer Josef\/Porta Peppe und rechts davon Wolfsgruber Josef\/Roda, vorne sitzend von links do Falkensteiner Alois\/Niedomoar Lois und do Franz Wolfsgruber (Obogolsa), rechts hinten sitzend an der Trompete Eduard Costa\/Edl Peppe.<\/figcaption><\/figure>\n\n\n\n<figure class=\"wp-block-image size-large\"><img loading=\"lazy\" decoding=\"async\" width=\"1024\" height=\"782\" data-id=\"2394\" src=\"https:\/\/mk-kiens.com\/wp-content\/uploads\/2024\/06\/20180130-004-1024x782.jpg\" alt=\"\" class=\"wp-image-2394\" srcset=\"https:\/\/mk-kiens.com\/wp-content\/uploads\/2024\/06\/20180130-004-1024x782.jpg 1024w, https:\/\/mk-kiens.com\/wp-content\/uploads\/2024\/06\/20180130-004-300x229.jpg 300w, https:\/\/mk-kiens.com\/wp-content\/uploads\/2024\/06\/20180130-004-768x586.jpg 768w, https:\/\/mk-kiens.com\/wp-content\/uploads\/2024\/06\/20180130-004-1536x1172.jpg 1536w, https:\/\/mk-kiens.com\/wp-content\/uploads\/2024\/06\/20180130-004-2048x1563.jpg 2048w\" sizes=\"auto, (max-width: 1024px) 100vw, 1024px\" \/><figcaption class=\"wp-element-caption\">Die Jugendkapelle Ehrenburg unter Kapellmeister Ignaz Baur probt am 25.07.1955 auf der Terrasse der Baur Villa: Die Ersten 3 Klarinettisten von links: Gatterer Alois\/Maura Loisl, P\u00f6rnbacher Erich, Falkensteiner Leopold\/Niedomoar, Gatterer Franz\/Maura Franz, Huber Erich (Eisenbahner), Rastner Hans, am F-Bass Sapelza Aldo und an der B-Tuba do Falkensteiner Anton\\Niedomoar Tondl, an der Posaune Eduard Knapp\/Kofla Edl, vorne sitzend am Tenorhorn links Falkensteiner Alois\/Niedomoar und rechts davon Wolfsgruber Franz\/Obogolsa, hinten an der Trompete Josef Costa\/Edl Peppe, der kleine in der Mitte mit dem Genis Horn hei\u00dft Franz Costadedoi\/Millheisl Franz und rechts davon am Fl\u00fcgelhorn ist Brunner Hubert.<\/figcaption><\/figure>\n\n\n\n<figure class=\"wp-block-image size-large\"><img loading=\"lazy\" decoding=\"async\" width=\"1024\" height=\"649\" data-id=\"2389\" src=\"https:\/\/mk-kiens.com\/wp-content\/uploads\/2024\/06\/20180130-005-1024x649.jpg\" alt=\"\" class=\"wp-image-2389\" srcset=\"https:\/\/mk-kiens.com\/wp-content\/uploads\/2024\/06\/20180130-005-1024x649.jpg 1024w, https:\/\/mk-kiens.com\/wp-content\/uploads\/2024\/06\/20180130-005-300x190.jpg 300w, https:\/\/mk-kiens.com\/wp-content\/uploads\/2024\/06\/20180130-005-768x487.jpg 768w, https:\/\/mk-kiens.com\/wp-content\/uploads\/2024\/06\/20180130-005-1536x974.jpg 1536w, https:\/\/mk-kiens.com\/wp-content\/uploads\/2024\/06\/20180130-005-2048x1298.jpg 2048w\" sizes=\"auto, (max-width: 1024px) 100vw, 1024px\" \/><figcaption class=\"wp-element-caption\">Die Jugendkapelle Ehrenburg spielt vor dem Gasthof Knapp\/Burga in den 50ziger Jahren<\/figcaption><\/figure>\n\n\n\n<figure class=\"wp-block-image size-large\"><img loading=\"lazy\" decoding=\"async\" width=\"1024\" height=\"714\" data-id=\"2392\" src=\"https:\/\/mk-kiens.com\/wp-content\/uploads\/2024\/06\/20180130-006-1024x714.jpg\" alt=\"\" class=\"wp-image-2392\" srcset=\"https:\/\/mk-kiens.com\/wp-content\/uploads\/2024\/06\/20180130-006-1024x714.jpg 1024w, https:\/\/mk-kiens.com\/wp-content\/uploads\/2024\/06\/20180130-006-300x209.jpg 300w, https:\/\/mk-kiens.com\/wp-content\/uploads\/2024\/06\/20180130-006-768x536.jpg 768w, https:\/\/mk-kiens.com\/wp-content\/uploads\/2024\/06\/20180130-006-1536x1071.jpg 1536w, https:\/\/mk-kiens.com\/wp-content\/uploads\/2024\/06\/20180130-006-2048x1428.jpg 2048w\" sizes=\"auto, (max-width: 1024px) 100vw, 1024px\" \/><figcaption class=\"wp-element-caption\">Die Jugendkapelle Ehrenburg beim Umzug in Meran im Jahre 1954. Die Marketenderin links hei\u00dft Wolfsgruber Anna\/Obogolsa Nannile, Stabf\u00fchrer Ignaz Baur und die Marketenderin rechts ist Oberhammer Antonia (Potra Tone).<\/figcaption><\/figure>\n\n\n\n<figure class=\"wp-block-image size-large\"><img loading=\"lazy\" decoding=\"async\" width=\"723\" height=\"1024\" data-id=\"2387\" src=\"https:\/\/mk-kiens.com\/wp-content\/uploads\/2024\/06\/20180213-009-723x1024.jpg\" alt=\"\" class=\"wp-image-2387\" srcset=\"https:\/\/mk-kiens.com\/wp-content\/uploads\/2024\/06\/20180213-009-723x1024.jpg 723w, https:\/\/mk-kiens.com\/wp-content\/uploads\/2024\/06\/20180213-009-212x300.jpg 212w, https:\/\/mk-kiens.com\/wp-content\/uploads\/2024\/06\/20180213-009-768x1088.jpg 768w, https:\/\/mk-kiens.com\/wp-content\/uploads\/2024\/06\/20180213-009-1084x1536.jpg 1084w, https:\/\/mk-kiens.com\/wp-content\/uploads\/2024\/06\/20180213-009-1446x2048.jpg 1446w, https:\/\/mk-kiens.com\/wp-content\/uploads\/2024\/06\/20180213-009-scaled.jpg 1807w\" sizes=\"auto, (max-width: 723px) 100vw, 723px\" \/><figcaption class=\"wp-element-caption\">Fahnenweihe September 1957. Von links: Agnes Seebacher\/Koltnhausa, Fahnenpatin Frieda Engl\/Metzga, Irmgard Ertl\/V\u00f6lsa und F\u00e4hnrich Alois Engl\/Obohausa.<\/figcaption><\/figure>\n\n\n\n<figure class=\"wp-block-image size-large\"><img loading=\"lazy\" decoding=\"async\" width=\"1024\" height=\"585\" data-id=\"2390\" src=\"https:\/\/mk-kiens.com\/wp-content\/uploads\/2024\/06\/20180213-010-1024x585.jpg\" alt=\"\" class=\"wp-image-2390\" srcset=\"https:\/\/mk-kiens.com\/wp-content\/uploads\/2024\/06\/20180213-010-1024x585.jpg 1024w, https:\/\/mk-kiens.com\/wp-content\/uploads\/2024\/06\/20180213-010-300x171.jpg 300w, https:\/\/mk-kiens.com\/wp-content\/uploads\/2024\/06\/20180213-010-768x439.jpg 768w, https:\/\/mk-kiens.com\/wp-content\/uploads\/2024\/06\/20180213-010-1536x877.jpg 1536w, https:\/\/mk-kiens.com\/wp-content\/uploads\/2024\/06\/20180213-010-2048x1170.jpg 2048w\" sizes=\"auto, (max-width: 1024px) 100vw, 1024px\" \/><figcaption class=\"wp-element-caption\">50 j\u00e4hriges Priesterjubil\u00e4um von Stanislaus R\u00f6d im Jahre 1953\nDas Foto entstand vor dem damaligen Gasthaus Tschurtschenthaler, das wir links sehen, oder am heutigen Grianboch Plotz: Am Boden sitzend von links Siessl Walter, Siessl Peppe, Kammerer Albert, Lanthaler Karl, Zambelli Walter\/Sohn va do Emma, Johann Gatterer\/Kruma Hansl, Platter Hubert und Holzer Herbert\/Messna\nDie Priester von links: Bertrand Vollmann Pfarrer in Kiens, Herr Augustin Prefekt vom Kloster Neustift, Prelat Ambros Giner von Neustift, Stanislaus R\u00f6d Pfarrer in Kiens, Herr Sparber Anselm, Posidius Holzer Pfarrer in St . Sigmund, Pfarrer Max Schrott vom Kloster Neustift und Pfarrer Gregor Schacher, der im Messnahaus wohnte. Die Personen in Zivil dahinter zwischen dem zweiten und dritten Priester von links hei\u00dft Alois Tschafeller\/Porschtbauer, dann Seeber Johann\/Rommila Hansl, Engl Josef\/Getzenberger Bauer, Johann Wierer vom Moserhof in Hofern, Peter Kammerer\/Grianbochbauer und Prof. Dr. Josef R\u00f6d. Der kleine Musikant ganz links hei\u00dft Artur Tauber\/Rastbichla, neben ihm ist Johann Tinkhauser\/Oachna, die Person hinter Ihm ist unbekannt und der Herr vor ihm in Zivil hei\u00dft Peter Crazzolara\/Lerchnerbauer in Hofern. Dann der Musikant Peter Kammerer\/Grianbocha, dann hinter Ihm ohne Hut ist Johann Hinteregger und der Musikant vor Ihm hei\u00dft Josef Mair\/Metzga, dann Peter Gatterer\/Hilba, Alois Mair\/Friesnbichla, Johann Kammerer\/Grianboch Hansl, Otto Kammerer\/Spangla, Natale Gasser\/Nino, Siessl Hansl\/Bocha, Kpm Josef Seebacher\/Koltnhausa und der Tubist rechts hei\u00dft Josef Graber\/Schlossa Seppl, dann der Musikant ganz hinten links in der vierten Reihe mit Schnurbart ist Johann Siessl\/Schuischta Hansl, halb verdeckt der Tubist Eduard Ertl\/Longe Edl, dann rechts davon in Zivil mit schwarzem Hut Alois Engl\/Obohaus Lois, dann vor ihm mit Hut und Schnurbart ist Zambelli  Kassian, dann Alois Graber\/Schlossa Lois, der n\u00e4chsten Musikant (der kleine Trommler) ohne Hut heisst Crepaz Fritz (ein flei\u00dfiger Aus<\/figcaption><\/figure>\n\n\n\n<figure class=\"wp-block-image size-large\"><img loading=\"lazy\" decoding=\"async\" width=\"1024\" height=\"683\" data-id=\"2386\" src=\"https:\/\/mk-kiens.com\/wp-content\/uploads\/2024\/06\/20180304-003-1024x683.jpg\" alt=\"\" class=\"wp-image-2386\" srcset=\"https:\/\/mk-kiens.com\/wp-content\/uploads\/2024\/06\/20180304-003-1024x683.jpg 1024w, https:\/\/mk-kiens.com\/wp-content\/uploads\/2024\/06\/20180304-003-300x200.jpg 300w, https:\/\/mk-kiens.com\/wp-content\/uploads\/2024\/06\/20180304-003-768x512.jpg 768w, https:\/\/mk-kiens.com\/wp-content\/uploads\/2024\/06\/20180304-003-1536x1024.jpg 1536w, https:\/\/mk-kiens.com\/wp-content\/uploads\/2024\/06\/20180304-003-2048x1365.jpg 2048w\" sizes=\"auto, (max-width: 1024px) 100vw, 1024px\" \/><figcaption class=\"wp-element-caption\">Fronleichnam in St. Sigmund \nMan sieht den Oboschneida Stodl und die Gartenmauer vom Huberhof:  Das Foto enstand an der Stelle, woo man heute rechts in den M\u00fchlenweg abbiegt. Die Marketenderin sind Engl Frieda (links) und Maria Mair\/Metzga.<\/figcaption><\/figure>\n\n\n\n<figure class=\"wp-block-image size-large\"><img loading=\"lazy\" decoding=\"async\" width=\"666\" height=\"1024\" data-id=\"2383\" src=\"https:\/\/mk-kiens.com\/wp-content\/uploads\/2024\/06\/20180304-004-666x1024.jpg\" alt=\"\" class=\"wp-image-2383\" srcset=\"https:\/\/mk-kiens.com\/wp-content\/uploads\/2024\/06\/20180304-004-666x1024.jpg 666w, https:\/\/mk-kiens.com\/wp-content\/uploads\/2024\/06\/20180304-004-195x300.jpg 195w, https:\/\/mk-kiens.com\/wp-content\/uploads\/2024\/06\/20180304-004-768x1181.jpg 768w, https:\/\/mk-kiens.com\/wp-content\/uploads\/2024\/06\/20180304-004-999x1536.jpg 999w, https:\/\/mk-kiens.com\/wp-content\/uploads\/2024\/06\/20180304-004-1332x2048.jpg 1332w, https:\/\/mk-kiens.com\/wp-content\/uploads\/2024\/06\/20180304-004-scaled.jpg 1665w\" sizes=\"auto, (max-width: 666px) 100vw, 666px\" \/><figcaption class=\"wp-element-caption\">Die Marketenderinnen mit Kolleginnen einer anderen Kapelle. Ort nicht bekannt.<\/figcaption><\/figure>\n\n\n\n<figure class=\"wp-block-image size-large\"><img loading=\"lazy\" decoding=\"async\" width=\"1009\" height=\"1024\" data-id=\"2384\" src=\"https:\/\/mk-kiens.com\/wp-content\/uploads\/2024\/06\/20180304-005-1009x1024.jpg\" alt=\"\" class=\"wp-image-2384\" srcset=\"https:\/\/mk-kiens.com\/wp-content\/uploads\/2024\/06\/20180304-005-1009x1024.jpg 1009w, https:\/\/mk-kiens.com\/wp-content\/uploads\/2024\/06\/20180304-005-296x300.jpg 296w, https:\/\/mk-kiens.com\/wp-content\/uploads\/2024\/06\/20180304-005-768x779.jpg 768w, https:\/\/mk-kiens.com\/wp-content\/uploads\/2024\/06\/20180304-005-1514x1536.jpg 1514w, https:\/\/mk-kiens.com\/wp-content\/uploads\/2024\/06\/20180304-005-2019x2048.jpg 2019w\" sizes=\"auto, (max-width: 1009px) 100vw, 1009px\" \/><figcaption class=\"wp-element-caption\">Erinnerungen an einen Ausflug nach Prags im August 1950: Links Maria Mair\/Metzga Miodl und Maria Hinteregger, die Mutter unseres F\u00e4hnrichs Bernhard Kammerer (Bino) am &#8222;Hotel Pragser Wildsee&#8220;.<\/figcaption><\/figure>\n\n\n\n<figure class=\"wp-block-image size-large\"><img loading=\"lazy\" decoding=\"async\" width=\"1024\" height=\"645\" data-id=\"2395\" src=\"https:\/\/mk-kiens.com\/wp-content\/uploads\/2024\/06\/20180304-007-1024x645.jpg\" alt=\"\" class=\"wp-image-2395\" srcset=\"https:\/\/mk-kiens.com\/wp-content\/uploads\/2024\/06\/20180304-007-1024x645.jpg 1024w, https:\/\/mk-kiens.com\/wp-content\/uploads\/2024\/06\/20180304-007-300x189.jpg 300w, https:\/\/mk-kiens.com\/wp-content\/uploads\/2024\/06\/20180304-007-768x484.jpg 768w, https:\/\/mk-kiens.com\/wp-content\/uploads\/2024\/06\/20180304-007-1536x968.jpg 1536w, https:\/\/mk-kiens.com\/wp-content\/uploads\/2024\/06\/20180304-007-2048x1290.jpg 2048w\" sizes=\"auto, (max-width: 1024px) 100vw, 1024px\" \/><figcaption class=\"wp-element-caption\">Laut der handschriftlicher Fotobeschreibung auf der R\u00fcckseite handelt es sich hier um einen Umzug bei einem &#8222;Musikfest in Meran&#8220;: Hinteregger Marie, Mair Notburga\/Metzga Burgl, Stabf\u00fchrer Josef Seebacher, Engl Frieda\/Metzga und Hildgartner Maria\/Kofla Maridl.<\/figcaption><\/figure>\n\n\n\n<figure class=\"wp-block-image size-large\"><img loading=\"lazy\" decoding=\"async\" width=\"1024\" height=\"987\" data-id=\"2393\" src=\"https:\/\/mk-kiens.com\/wp-content\/uploads\/2024\/06\/20180304-011-1024x987.jpg\" alt=\"\" class=\"wp-image-2393\" srcset=\"https:\/\/mk-kiens.com\/wp-content\/uploads\/2024\/06\/20180304-011-1024x987.jpg 1024w, https:\/\/mk-kiens.com\/wp-content\/uploads\/2024\/06\/20180304-011-300x289.jpg 300w, https:\/\/mk-kiens.com\/wp-content\/uploads\/2024\/06\/20180304-011-768x740.jpg 768w, https:\/\/mk-kiens.com\/wp-content\/uploads\/2024\/06\/20180304-011-1536x1480.jpg 1536w, https:\/\/mk-kiens.com\/wp-content\/uploads\/2024\/06\/20180304-011.jpg 1987w\" sizes=\"auto, (max-width: 1024px) 100vw, 1024px\" \/><figcaption class=\"wp-element-caption\">Am Graben beim Musikfest Bruneck im Juli des Jahres 1957: Engl Frieda\/Metzga Frieda mit Ihrer Schw\u00e4gerin Notburga Mair in Meran, dahinter 3 Musikanten der Knappenkapelle Prettau. Die Musikkapelle Kiens hatte am Wertungsspiel teilgenommen und den ersten Rang erzielt.<\/figcaption><\/figure>\n\n\n\n<figure class=\"wp-block-image size-large\"><img loading=\"lazy\" decoding=\"async\" width=\"652\" height=\"1024\" data-id=\"2381\" src=\"https:\/\/mk-kiens.com\/wp-content\/uploads\/2024\/06\/20180304-012-652x1024.jpg\" alt=\"\" class=\"wp-image-2381\" srcset=\"https:\/\/mk-kiens.com\/wp-content\/uploads\/2024\/06\/20180304-012-652x1024.jpg 652w, https:\/\/mk-kiens.com\/wp-content\/uploads\/2024\/06\/20180304-012-191x300.jpg 191w, https:\/\/mk-kiens.com\/wp-content\/uploads\/2024\/06\/20180304-012-768x1207.jpg 768w, https:\/\/mk-kiens.com\/wp-content\/uploads\/2024\/06\/20180304-012-977x1536.jpg 977w, https:\/\/mk-kiens.com\/wp-content\/uploads\/2024\/06\/20180304-012-1303x2048.jpg 1303w, https:\/\/mk-kiens.com\/wp-content\/uploads\/2024\/06\/20180304-012-scaled.jpg 1629w\" sizes=\"auto, (max-width: 652px) 100vw, 652px\" \/><figcaption class=\"wp-element-caption\">Musikfest in Bruneck 1957 von links Engl Frieda und Mair Notburga\/Metzga Burgl<\/figcaption><\/figure>\n<\/figure>\n\n\n\n<hr class=\"wp-block-separator aligncenter has-text-color has-alpha-channel-opacity has-background is-style-wide\" style=\"background-color:#355e3b;color:#355e3b\"\/>\n\n\n\n<h3 class=\"wp-block-heading has-text-color has-link-color wp-elements-6546b3e02ecba3c437e0c1e15d41d12b\" style=\"color:#355e3b\">Im Buch auf Seite 66 &#8211; BIS IN DIE 60er TEIL2<\/h3>\n\n\n\n<figure class=\"wp-block-gallery has-nested-images columns-default is-cropped wp-block-gallery-6 is-layout-flex wp-block-gallery-is-layout-flex\" id=\"qrarchiv4997\">\n<figure class=\"wp-block-image size-large\"><img loading=\"lazy\" decoding=\"async\" width=\"1024\" height=\"637\" data-id=\"2403\" src=\"https:\/\/mk-kiens.com\/wp-content\/uploads\/2024\/06\/196x_gruppenfoto-1024x637.jpg\" alt=\"\" class=\"wp-image-2403\" srcset=\"https:\/\/mk-kiens.com\/wp-content\/uploads\/2024\/06\/196x_gruppenfoto-1024x637.jpg 1024w, https:\/\/mk-kiens.com\/wp-content\/uploads\/2024\/06\/196x_gruppenfoto-300x187.jpg 300w, https:\/\/mk-kiens.com\/wp-content\/uploads\/2024\/06\/196x_gruppenfoto-768x478.jpg 768w, https:\/\/mk-kiens.com\/wp-content\/uploads\/2024\/06\/196x_gruppenfoto.jpg 1488w\" sizes=\"auto, (max-width: 1024px) 100vw, 1024px\" \/><figcaption class=\"wp-element-caption\">Gruppenfoto in den 60ern mit den Marketenderinnen Notburga Mair links und rechts Frieda Engl. Vorne sitzend von links Josef Ploner\/Schiffregga, rechts davon Erich Kammerer (Spangla).\nErste Reihe sitzend von links: Hermann Plankensteiner (Hausa) Franz Lanthaler, Johann Plankensteiner (Hausa), Josef Mayrl (Kirschnlechner), Kapellmeister Josef Seebacher (Koltnhausa), Johann Tinkhauser (Oachna), Peter Gatterer (Hilba), Peter Kammerer (Grianbocha), hinter der linken Marketenderin ist Albert Lechner (Wolda), unbekannt, Richard Kammerer (Schneidermeister), Ernst Liensberger (G\u00e4nsebichla), Alfons Tinkhauser (Oachna), unbekannt, Josef Gatterer (Kruma), Franz Holzer (Mesna) und der kleine rechts hei\u00dft Josef Foppa (is Foppale), an der Tuba hinten links Eduard Ertl (Longe Edl), Franz Holzer sen. (Mesna), Josef Mair (Metzga), unbekannt, unbekannt, unbekannt, Alois Mair (Friesenbichla), rechts davon mit der Trompete unter seinem Arm ist Johann Ausserhofer (R\u00f6ckwiesa), unbekannt, F\u00e4hnriche Alois Engl (Obohausa) und rechts davon Johann Hinteregger an der Tuba.<\/figcaption><\/figure>\n\n\n\n<figure class=\"wp-block-image size-large\"><img loading=\"lazy\" decoding=\"async\" width=\"1024\" height=\"603\" data-id=\"2404\" src=\"https:\/\/mk-kiens.com\/wp-content\/uploads\/2024\/06\/1952_1-1024x603.jpg\" alt=\"\" class=\"wp-image-2404\" srcset=\"https:\/\/mk-kiens.com\/wp-content\/uploads\/2024\/06\/1952_1-1024x603.jpg 1024w, https:\/\/mk-kiens.com\/wp-content\/uploads\/2024\/06\/1952_1-300x177.jpg 300w, https:\/\/mk-kiens.com\/wp-content\/uploads\/2024\/06\/1952_1-768x452.jpg 768w, https:\/\/mk-kiens.com\/wp-content\/uploads\/2024\/06\/1952_1.jpg 1518w\" sizes=\"auto, (max-width: 1024px) 100vw, 1024px\" \/><figcaption class=\"wp-element-caption\">Platzkonzert mit Stabf\u00fchrer Hans Hinteregger\nErste Reihe von links: Tinkhauser Johann (Oachna) und daneben sein Sohn Johann jun., dann Erich P\u00f6rnbacher), Alois Mair (Friesenbichla) und Hermann Plankensteiner (Hausa). \nZweite Reihe von links: Peter Kammerer (Grianbocha), dann an der Klarinette hinterm Fl\u00fcgelhornisten Alois Mair ist Richard Kammerer (vom Cafe Kammerer) und rechts davon Karl Lanthaler, links der dritte am Bariton ist Peter Gatterer (Hilba), hinten rechts mit der Ventilposaune ist Josef Mair (Metzga Seppl) und links davon an der Posaune Eduard Knapp (Kofla Edl). Der letzte hinten rechts an der Posaune ist Josef Testor (Kostola), links davon an der kleinen Trommel Leopold Hildgartner (Kofla), dann Josef Kammerer (Spangla Seppl), der nach M\u00fchlbach ausgewandert ist, und an der Tuba erkennt man Josef Wolfsgruber (Plottna Seppl).<\/figcaption><\/figure>\n\n\n\n<figure class=\"wp-block-image size-large\"><img loading=\"lazy\" decoding=\"async\" width=\"1024\" height=\"817\" data-id=\"2406\" src=\"https:\/\/mk-kiens.com\/wp-content\/uploads\/2024\/06\/1952_5-1024x817.jpg\" alt=\"\" class=\"wp-image-2406\" srcset=\"https:\/\/mk-kiens.com\/wp-content\/uploads\/2024\/06\/1952_5-1024x817.jpg 1024w, https:\/\/mk-kiens.com\/wp-content\/uploads\/2024\/06\/1952_5-300x239.jpg 300w, https:\/\/mk-kiens.com\/wp-content\/uploads\/2024\/06\/1952_5-768x613.jpg 768w, https:\/\/mk-kiens.com\/wp-content\/uploads\/2024\/06\/1952_5.jpg 1384w\" sizes=\"auto, (max-width: 1024px) 100vw, 1024px\" \/><figcaption class=\"wp-element-caption\">140 j\u00e4hriges Jubil\u00e4um im Jahre 1960\nAufmarschiert mit den Fahnenabordnungen und der Musikkapelle Kiens am Dorfplatz bei der B\u00e4ckerei Gatterer (siehe auch Festschrift von Karl Pfeifhofer Teil 3, Seite 684)\nGanz deutlich zu erkennen ist der Fahnentr\u00e4ger Alois Engl (Obohaus Lois) ganz vorne und links in der Feuerwehruniform steht Peter Kammerer (do Spangla Voto\/Kammerer Tankbau).\nStabf\u00fchrer ist Hans Hinteregger und von den Musikanten erkennt man von links in der ersten Reihe Tinkhauser Johann\/Oachna am Tenorhorn und daneben sein Sohn Alfons. In der zweiten Reihe links erkennt man Peter Kammerer\/Grianbocha.<\/figcaption><\/figure>\n\n\n\n<figure class=\"wp-block-image size-large\"><img loading=\"lazy\" decoding=\"async\" width=\"1024\" height=\"537\" data-id=\"2402\" src=\"https:\/\/mk-kiens.com\/wp-content\/uploads\/2024\/06\/1952_6-1024x537.jpg\" alt=\"\" class=\"wp-image-2402\" srcset=\"https:\/\/mk-kiens.com\/wp-content\/uploads\/2024\/06\/1952_6-1024x537.jpg 1024w, https:\/\/mk-kiens.com\/wp-content\/uploads\/2024\/06\/1952_6-300x157.jpg 300w, https:\/\/mk-kiens.com\/wp-content\/uploads\/2024\/06\/1952_6-768x403.jpg 768w, https:\/\/mk-kiens.com\/wp-content\/uploads\/2024\/06\/1952_6-1536x806.jpg 1536w, https:\/\/mk-kiens.com\/wp-content\/uploads\/2024\/06\/1952_6.jpg 1608w\" sizes=\"auto, (max-width: 1024px) 100vw, 1024px\" \/><figcaption class=\"wp-element-caption\">Die Musikkapelle Kiens im Jahr 1960 beim Empfang des Musikvereins Lochau in Kiens. Zu erkennen sind Stabf\u00fchrer Hans Hinteregger, links am Fl\u00fcgelhorn  Hermann Plankensteiner\/Hausa, Alois Mair\/Friesnbichla, Josef Gatterer\/Kruma, Erich Holzer und dahinter ist Konrad Seebacher, rechts vom Stabf\u00fchrer ist Ernst Liensberger\/G\u00e4nsebichla, Erich P\u00f6rnbacher und Helmut B\u00fcrgstaller, der Fahnentr\u00e4ger links ist Alois Engl\/Obohausa, am Tenorhorn dann Johann Tinkhauser\/Oachna, Peter Kammerer\/Grianbocha  und dahinter an der Tuba Josef Wolfsgruber\/Plottna Seppl.<\/figcaption><\/figure>\n\n\n\n<figure class=\"wp-block-image size-large\"><img loading=\"lazy\" decoding=\"async\" width=\"1024\" height=\"778\" data-id=\"2405\" src=\"https:\/\/mk-kiens.com\/wp-content\/uploads\/2024\/06\/1961_1-Hochzeit-1024x778.jpg\" alt=\"\" class=\"wp-image-2405\" srcset=\"https:\/\/mk-kiens.com\/wp-content\/uploads\/2024\/06\/1961_1-Hochzeit-1024x778.jpg 1024w, https:\/\/mk-kiens.com\/wp-content\/uploads\/2024\/06\/1961_1-Hochzeit-300x228.jpg 300w, https:\/\/mk-kiens.com\/wp-content\/uploads\/2024\/06\/1961_1-Hochzeit-768x584.jpg 768w, https:\/\/mk-kiens.com\/wp-content\/uploads\/2024\/06\/1961_1-Hochzeit.jpg 1500w\" sizes=\"auto, (max-width: 1024px) 100vw, 1024px\" \/><figcaption class=\"wp-element-caption\">Mair Josef (Metzga Seppl) heiratet Engl Frida.<\/figcaption><\/figure>\n\n\n\n<figure class=\"wp-block-image size-large\"><img loading=\"lazy\" decoding=\"async\" width=\"1024\" height=\"664\" data-id=\"2407\" src=\"https:\/\/mk-kiens.com\/wp-content\/uploads\/2024\/06\/1964_1-Pater-1024x664.jpg\" alt=\"\" class=\"wp-image-2407\" srcset=\"https:\/\/mk-kiens.com\/wp-content\/uploads\/2024\/06\/1964_1-Pater-1024x664.jpg 1024w, https:\/\/mk-kiens.com\/wp-content\/uploads\/2024\/06\/1964_1-Pater-300x194.jpg 300w, https:\/\/mk-kiens.com\/wp-content\/uploads\/2024\/06\/1964_1-Pater-768x498.jpg 768w, https:\/\/mk-kiens.com\/wp-content\/uploads\/2024\/06\/1964_1-Pater-1536x996.jpg 1536w, https:\/\/mk-kiens.com\/wp-content\/uploads\/2024\/06\/1964_1-Pater.jpg 1706w\" sizes=\"auto, (max-width: 1024px) 100vw, 1024px\" \/><figcaption class=\"wp-element-caption\">Konzert im Oberdorf am Gasserwirt am Standort des heutigen Schwimmbads. Im Bild mit dem Primizianten Pater Nikolaus\/Pocha von M\u00fchlen bei Issing nach der Messe und Prozession im Juni 1964.<\/figcaption><\/figure>\n\n\n\n<figure class=\"wp-block-image size-large\"><img loading=\"lazy\" decoding=\"async\" width=\"1024\" height=\"652\" data-id=\"2410\" src=\"https:\/\/mk-kiens.com\/wp-content\/uploads\/2024\/06\/1970_1-1024x652.jpg\" alt=\"\" class=\"wp-image-2410\" srcset=\"https:\/\/mk-kiens.com\/wp-content\/uploads\/2024\/06\/1970_1-1024x652.jpg 1024w, https:\/\/mk-kiens.com\/wp-content\/uploads\/2024\/06\/1970_1-300x191.jpg 300w, https:\/\/mk-kiens.com\/wp-content\/uploads\/2024\/06\/1970_1-768x489.jpg 768w, https:\/\/mk-kiens.com\/wp-content\/uploads\/2024\/06\/1970_1.jpg 1338w\" sizes=\"auto, (max-width: 1024px) 100vw, 1024px\" \/><figcaption class=\"wp-element-caption\">150 j\u00e4hrige Jubil\u00e4um zu Pfingsten: Llinks Silginer Annelies\/Brunner, Stabf\u00fchrer Hans Hinteregger und Berta Plankensteiner\/Hausa &#8211; sp\u00e4tere Koltnhausa Wirtin.<\/figcaption><\/figure>\n\n\n\n<figure class=\"wp-block-image size-large\"><img loading=\"lazy\" decoding=\"async\" width=\"1024\" height=\"757\" data-id=\"2411\" src=\"https:\/\/mk-kiens.com\/wp-content\/uploads\/2024\/06\/1970_2-1024x757.jpg\" alt=\"\" class=\"wp-image-2411\" srcset=\"https:\/\/mk-kiens.com\/wp-content\/uploads\/2024\/06\/1970_2-1024x757.jpg 1024w, https:\/\/mk-kiens.com\/wp-content\/uploads\/2024\/06\/1970_2-300x222.jpg 300w, https:\/\/mk-kiens.com\/wp-content\/uploads\/2024\/06\/1970_2-768x568.jpg 768w, https:\/\/mk-kiens.com\/wp-content\/uploads\/2024\/06\/1970_2.jpg 1260w\" sizes=\"auto, (max-width: 1024px) 100vw, 1024px\" \/><figcaption class=\"wp-element-caption\">150 j\u00e4hriges Jubil\u00e4um MK Kiens im Jahre 1970\nLinks eine Abordnung des Spielmannszuges der Feuerwehr Kusterdingen Deutschland, die eine Partnerschaft mit der Feuerwehr Ehrenburg pflegt. Der Fahnentr\u00e4ger Alois Engl\/Obohausa schaut hoch zur Fahne, die Marketenderin Annelies Silginer\/Brunna und der Stabf\u00fchrer Hans Hinteregger sind gerade dabei die Wimpeln f\u00fcr die Fahnenabordnungen zu verteilen.\nDer kleine Bub rechts von der Marketenderin der mit dem Gesicht nach rechts schaut ist Oskar Hildgartner und der kleine Bub links von der Fahne mit dunklen Haaren und rotem Pullover ist Hartmann Engl\/Obohausa, die Musikanten von links: Am Tenorhorn Johann Tinkhauser\/Oachna und an der Klarinette sein Sohn Alfons, dann am Fl\u00fcgelhorn eine Aushilfe aus Pfunders (do Pfundra Sepp) der bei der Firma Kammerer arbeitete und Hermann Plankensteiner\/Hausa. Zweite Reihe von rechts nach links Alois Mair\/Friesnbichla, Helmut B\u00fcrgstaller, Leopold Falkensteiner\/Niedomoar und Peter Kammerer\/Grianbocha, dahinter an der Tuba erkennt man Albert Lechner\/Wolda Albert, vor ihm am Horn Otto Kammerer\/Spangla, dahinter an der Posaune Eduard Knapp\/Kofla Edl und rechts davon sieht man noch das Gesicht von Johann Kammerer\/Grianboch Hansl.<\/figcaption><\/figure>\n\n\n\n<figure class=\"wp-block-image size-large\"><img loading=\"lazy\" decoding=\"async\" width=\"1024\" height=\"734\" data-id=\"2408\" src=\"https:\/\/mk-kiens.com\/wp-content\/uploads\/2024\/06\/1970_3-1024x734.jpg\" alt=\"\" class=\"wp-image-2408\" srcset=\"https:\/\/mk-kiens.com\/wp-content\/uploads\/2024\/06\/1970_3-1024x734.jpg 1024w, https:\/\/mk-kiens.com\/wp-content\/uploads\/2024\/06\/1970_3-300x215.jpg 300w, https:\/\/mk-kiens.com\/wp-content\/uploads\/2024\/06\/1970_3-768x551.jpg 768w, https:\/\/mk-kiens.com\/wp-content\/uploads\/2024\/06\/1970_3.jpg 1280w\" sizes=\"auto, (max-width: 1024px) 100vw, 1024px\" \/><figcaption class=\"wp-element-caption\">150 j\u00e4hriges Jubil\u00e4um im Jahre 1970. Die Fahnenabordnung vorne stammt aus Terenten und jen dahinter aus Bruneck. Die 2 Herrn weiter hinten etwas rechts sind vom VSM Bozen. Mit dem hellblauen Mercedes-Bus recht sind einige der G\u00e4ste aus Kusterdingen zum Jubil\u00e4um angereist.<\/figcaption><\/figure>\n\n\n\n<figure class=\"wp-block-image size-large\"><img loading=\"lazy\" decoding=\"async\" width=\"1024\" height=\"658\" data-id=\"2415\" src=\"https:\/\/mk-kiens.com\/wp-content\/uploads\/2024\/06\/1970_4-1024x658.jpg\" alt=\"\" class=\"wp-image-2415\" srcset=\"https:\/\/mk-kiens.com\/wp-content\/uploads\/2024\/06\/1970_4-1024x658.jpg 1024w, https:\/\/mk-kiens.com\/wp-content\/uploads\/2024\/06\/1970_4-300x193.jpg 300w, https:\/\/mk-kiens.com\/wp-content\/uploads\/2024\/06\/1970_4-768x493.jpg 768w, https:\/\/mk-kiens.com\/wp-content\/uploads\/2024\/06\/1970_4.jpg 1354w\" sizes=\"auto, (max-width: 1024px) 100vw, 1024px\" \/><figcaption class=\"wp-element-caption\">Die 150 Jahre Musikkapelle Kiens wurden mit einem Zeltfest in der Leitgam Wiese gefeiert.<\/figcaption><\/figure>\n\n\n\n<figure class=\"wp-block-image size-large\"><img loading=\"lazy\" decoding=\"async\" width=\"1024\" height=\"697\" data-id=\"2409\" src=\"https:\/\/mk-kiens.com\/wp-content\/uploads\/2024\/06\/1970_5-1024x697.jpg\" alt=\"\" class=\"wp-image-2409\" srcset=\"https:\/\/mk-kiens.com\/wp-content\/uploads\/2024\/06\/1970_5-1024x697.jpg 1024w, https:\/\/mk-kiens.com\/wp-content\/uploads\/2024\/06\/1970_5-300x204.jpg 300w, https:\/\/mk-kiens.com\/wp-content\/uploads\/2024\/06\/1970_5-768x523.jpg 768w, https:\/\/mk-kiens.com\/wp-content\/uploads\/2024\/06\/1970_5.jpg 1364w\" sizes=\"auto, (max-width: 1024px) 100vw, 1024px\" \/><figcaption class=\"wp-element-caption\">Einzug am Grianbocha Plotz zum Festgottesdienst zur Jubil\u00e4umsfeier zum 105ig j\u00e4hrigen Bestehens der Musikkapelle Kiens. Hinter der Kapelle marschiert die Freiwillige Feuerwehr Kusterdingen, welche eine enge Freundschaft mit der Freiwilligen Feuerwehr Ehrenburg pflegt.<\/figcaption><\/figure>\n\n\n\n<figure class=\"wp-block-image size-large\"><img loading=\"lazy\" decoding=\"async\" width=\"1024\" height=\"748\" data-id=\"2412\" src=\"https:\/\/mk-kiens.com\/wp-content\/uploads\/2024\/06\/1970_6-1024x748.jpg\" alt=\"\" class=\"wp-image-2412\" srcset=\"https:\/\/mk-kiens.com\/wp-content\/uploads\/2024\/06\/1970_6-1024x748.jpg 1024w, https:\/\/mk-kiens.com\/wp-content\/uploads\/2024\/06\/1970_6-300x219.jpg 300w, https:\/\/mk-kiens.com\/wp-content\/uploads\/2024\/06\/1970_6-768x561.jpg 768w, https:\/\/mk-kiens.com\/wp-content\/uploads\/2024\/06\/1970_6.jpg 1262w\" sizes=\"auto, (max-width: 1024px) 100vw, 1024px\" \/><figcaption class=\"wp-element-caption\">Der Herr zwischen den beiden Verbansfunktion\u00e4ren des VSM ist Rudolf Wierer, der damalige B\u00fcrgermeister von Kiens. Die Marketenderin links ist Annelies Silginer\/Brunna aus St. Sigmund mit Stabf\u00fchrer Hans Hinteregger und Berta Plankensteiner\/Hausa, Fahnentr\u00e4ger Alois Engl\/Obohausa. Hinter der Musikkapelle marschiert die Abordnung des Spielmannszuges der Feuerwehr von Kusterdingen\/Schwabenland.<\/figcaption><\/figure>\n\n\n\n<figure class=\"wp-block-image size-large\"><img loading=\"lazy\" decoding=\"async\" width=\"1024\" height=\"766\" data-id=\"2417\" src=\"https:\/\/mk-kiens.com\/wp-content\/uploads\/2024\/06\/1970_7-1024x766.jpg\" alt=\"\" class=\"wp-image-2417\" srcset=\"https:\/\/mk-kiens.com\/wp-content\/uploads\/2024\/06\/1970_7-1024x766.jpg 1024w, https:\/\/mk-kiens.com\/wp-content\/uploads\/2024\/06\/1970_7-300x224.jpg 300w, https:\/\/mk-kiens.com\/wp-content\/uploads\/2024\/06\/1970_7-768x574.jpg 768w, https:\/\/mk-kiens.com\/wp-content\/uploads\/2024\/06\/1970_7.jpg 1254w\" sizes=\"auto, (max-width: 1024px) 100vw, 1024px\" \/><figcaption class=\"wp-element-caption\">Die Kapelle marschiert ins Oberdorf zur Pfarrkirche ban Olten Fischahaus vorbei  (hier daneben links wo heute das Haus Vanea steht war vorher die alte Carabinieristation).<\/figcaption><\/figure>\n\n\n\n<figure class=\"wp-block-image size-large\"><img loading=\"lazy\" decoding=\"async\" width=\"756\" height=\"1024\" data-id=\"2413\" src=\"https:\/\/mk-kiens.com\/wp-content\/uploads\/2024\/06\/1970_8-756x1024.jpg\" alt=\"\" class=\"wp-image-2413\" srcset=\"https:\/\/mk-kiens.com\/wp-content\/uploads\/2024\/06\/1970_8-756x1024.jpg 756w, https:\/\/mk-kiens.com\/wp-content\/uploads\/2024\/06\/1970_8-222x300.jpg 222w, https:\/\/mk-kiens.com\/wp-content\/uploads\/2024\/06\/1970_8-768x1040.jpg 768w, https:\/\/mk-kiens.com\/wp-content\/uploads\/2024\/06\/1970_8.jpg 938w\" sizes=\"auto, (max-width: 756px) 100vw, 756px\" \/><figcaption class=\"wp-element-caption\">Fahnentr\u00e4ger Alois Engl\/Obohausa und Stabf\u00fchrer Hans Hinteregger, mit Marketenderin Berta Plankensteiner\/Hausa und gerade dahinter Ihr Bruder Hermann Plankensteiner am Fl\u00fcgelhorn.<\/figcaption><\/figure>\n\n\n\n<figure class=\"wp-block-image size-large\"><img loading=\"lazy\" decoding=\"async\" width=\"1024\" height=\"809\" data-id=\"2435\" src=\"https:\/\/mk-kiens.com\/wp-content\/uploads\/2024\/06\/20170821-1-1024x809.jpg\" alt=\"\" class=\"wp-image-2435\" srcset=\"https:\/\/mk-kiens.com\/wp-content\/uploads\/2024\/06\/20170821-1-1024x809.jpg 1024w, https:\/\/mk-kiens.com\/wp-content\/uploads\/2024\/06\/20170821-1-300x237.jpg 300w, https:\/\/mk-kiens.com\/wp-content\/uploads\/2024\/06\/20170821-1-768x607.jpg 768w, https:\/\/mk-kiens.com\/wp-content\/uploads\/2024\/06\/20170821-1-1536x1214.jpg 1536w, https:\/\/mk-kiens.com\/wp-content\/uploads\/2024\/06\/20170821-1-2048x1618.jpg 2048w\" sizes=\"auto, (max-width: 1024px) 100vw, 1024px\" \/><figcaption class=\"wp-element-caption\">MK Kiens aufgenommen im Jahre 1975 im Treitling.\nSitzend von links: Johann Kammerer\/Spangla Hons und Alfred Bachmann\/Rohra ,  \nErste Reihe von links: Irmgard Ertl, Josef Gatterer, Ernst Liensberger, Leopold Falkensteiner, Natale\/Nino Gasser, Franz Holzer, Oskar Hildgartner und Berta Plankensteiner\/Hausa.\nZweite Reihe von links: Johann Tinkhauser, Peter Kammerer, Hermann Plankensteiner, Johann Hinteregger, Stabf\u00fchrer Konrad Seebacher, Josef Mair, Johann Radm\u00fcller, Paul Engl, Alois Mair. \nDritte Reihe von links: Roman Slomp, Albert Lechner, Franz Lanthaler, Hartmann Engl, Fahnentr\u00e4ger Josef Huber, Johann Kammerer, Eduard Knapp und Josef Costa.<\/figcaption><\/figure>\n\n\n\n<figure class=\"wp-block-image size-large\"><img loading=\"lazy\" decoding=\"async\" width=\"1024\" height=\"668\" data-id=\"2425\" src=\"https:\/\/mk-kiens.com\/wp-content\/uploads\/2024\/06\/20170904-1-1024x668.jpg\" alt=\"\" class=\"wp-image-2425\" srcset=\"https:\/\/mk-kiens.com\/wp-content\/uploads\/2024\/06\/20170904-1-1024x668.jpg 1024w, https:\/\/mk-kiens.com\/wp-content\/uploads\/2024\/06\/20170904-1-300x196.jpg 300w, https:\/\/mk-kiens.com\/wp-content\/uploads\/2024\/06\/20170904-1-768x501.jpg 768w, https:\/\/mk-kiens.com\/wp-content\/uploads\/2024\/06\/20170904-1-1536x1002.jpg 1536w, https:\/\/mk-kiens.com\/wp-content\/uploads\/2024\/06\/20170904-1-2048x1336.jpg 2048w\" sizes=\"auto, (max-width: 1024px) 100vw, 1024px\" \/><figcaption class=\"wp-element-caption\">MK Kiens beim Ausflug nach Berchtesgaden im Jahr 1960.\nVon links, hockend: Plankensteiner Hermann\/Hausa, Mair Josef\/Metzga, Lanthaler Karl, Holzer Erich, Tinkhauser Alfons \/Oachna, Holzer Hermann\/Tuscha, Liner Eduard\/Schorsch Edl, Hildgartner Leopold\/Kofla und Foppa Josef\/s&#8217;Foppale\nZweite Reihe: Tinkhauser Johann\/Oachna, Kammerer Peter\/Grianbocha, Mair Alois\/Friesnbichla, Kammerer Josef\/Spangla, Gatterer Josef\/Kruma, die H\u00e4nde verschr\u00e4nkt hat Ausserhofer Johann\/R\u00f6ckwiesa, Tinkhauser Johann jun.\/Oachna, Knapp Eduard\/Kofla Edl, Kammerer Otto\/Spangla, Testor Josef\/Koschtola, Tauber Arthur\/Rastbichla.\nDritte Reihe ganz hinten von links Mayrl Josef\/Kirschnlechna, Ertl Eduard\/Longe Edl, P\u00f6rnbacher Erich, dahinter die Person mit verdecktem Gesicht ist nicht erkennbar, rechts daneben ist Plankensteiner Johann\/Hausa, Falkensteiner Leopold\/Niedomoar, Kammerer Johann\/Grianboch Hansl mit dem Gesicht im Schatten und Liensberger Ernst\/G\u00e4nsebichla.<\/figcaption><\/figure>\n\n\n\n<figure class=\"wp-block-image size-large\"><img loading=\"lazy\" decoding=\"async\" width=\"1024\" height=\"726\" data-id=\"2420\" src=\"https:\/\/mk-kiens.com\/wp-content\/uploads\/2024\/06\/20170904-2-1024x726.jpg\" alt=\"\" class=\"wp-image-2420\" srcset=\"https:\/\/mk-kiens.com\/wp-content\/uploads\/2024\/06\/20170904-2-1024x726.jpg 1024w, https:\/\/mk-kiens.com\/wp-content\/uploads\/2024\/06\/20170904-2-300x213.jpg 300w, https:\/\/mk-kiens.com\/wp-content\/uploads\/2024\/06\/20170904-2-768x544.jpg 768w, https:\/\/mk-kiens.com\/wp-content\/uploads\/2024\/06\/20170904-2-1536x1088.jpg 1536w, https:\/\/mk-kiens.com\/wp-content\/uploads\/2024\/06\/20170904-2-2048x1451.jpg 2048w\" sizes=\"auto, (max-width: 1024px) 100vw, 1024px\" \/><figcaption class=\"wp-element-caption\">Konzert im Oberdorf am Gasserwirt am Standort des heutigen Schwimmbads. Im Bild mit dem Primizianten Pater Nikolaus\/Pocha von M\u00fchlen bei Issing nach der Messe und Prozession im Juni 1964. \nVon links: Hermann Plankensteiner\/Hauser, Crepaz Fritz mit Brille\/Aushilfe aus Bruneck, Mair Alois\/Friesenbichla an den Fl\u00fcgelh\u00f6rner, Gatterer Josef\/Kruma, Holzer Erich, dann der kleine direkt hinter Pater Nikolaus hei\u00dft Hofer Josef\/Morrini Seppile der aus Mauls stammt, rechts davon wo man nur den Kopf sieht ist Liensberger Ernst\/G\u00e4nsebichla, Falkensteiner Leopold\/Niedomoar, Tinkhauser Alfons\/Oachna, B\u00fcrgstaller Helmuth und Foppa Josef\/Foppale, ganz rechts stehend Aushilfskapellmeister Emil Schweiger aus Bruneck.\nZweite Reihe von links: Mit Brille Hans Hinteregger, Albert Lechner\/Wolda Albert, Josef Wolfsgruber\/Plottna Seppl, Liner Eduard\/Schorsch Edl mit Glatze, rechts daneben Karl Lanthaler, dahinter an der kleinenTrommel stehend vor der T\u00fcr Leopold Hildgartner und rechts davon Josef Kammerer\/Spangla Seppl, rechts davon sitzend in der zweitern Reihe und l\u00e4chelnd Otto Kammerer\/Spangla, Wagger Albin aus Bruneck, der als Aushilfe hier war, Johann Radm\u00fcller\/Plaickna Hansl. \nIn der dritten Reihe rechts an der T\u00fcr sitzend Konrad Seebacher\/Koltnhausa, Eduard Knapp\/Kofla Edl, Johann Kammerer\/Grianbocha und bei Mair Josef\/Metzga erkennt man nur teilweise. Ganz links in Zivil mit wei\u00dfem Hemd ist Anton Gatterer\/B\u00e4ckn Tondl, die Dame daneben ist nicht bekannt und Karl Falkensteiner\/Leitgam.<\/figcaption><\/figure>\n\n\n\n<figure class=\"wp-block-image size-large\"><img loading=\"lazy\" decoding=\"async\" width=\"1024\" height=\"728\" data-id=\"2424\" src=\"https:\/\/mk-kiens.com\/wp-content\/uploads\/2024\/06\/20170904-09-1024x728.jpg\" alt=\"\" class=\"wp-image-2424\" srcset=\"https:\/\/mk-kiens.com\/wp-content\/uploads\/2024\/06\/20170904-09-1024x728.jpg 1024w, https:\/\/mk-kiens.com\/wp-content\/uploads\/2024\/06\/20170904-09-300x213.jpg 300w, https:\/\/mk-kiens.com\/wp-content\/uploads\/2024\/06\/20170904-09-768x546.jpg 768w, https:\/\/mk-kiens.com\/wp-content\/uploads\/2024\/06\/20170904-09-1536x1092.jpg 1536w, https:\/\/mk-kiens.com\/wp-content\/uploads\/2024\/06\/20170904-09-2048x1456.jpg 2048w\" sizes=\"auto, (max-width: 1024px) 100vw, 1024px\" \/><figcaption class=\"wp-element-caption\">Mit klingendem Spiel geht es steil empor zur Kirche in Ehrenburg, hier in der Kurve oberhalb des Widums, also waren die alten Hasen damals schon konditionell gut drauf. Allerdings, laut dem Gesichtsausdruck des Stabf\u00fchrers Hans Hinteregger, d\u00fcrfte die Stimmung des gespielten St\u00fcckes nicht so gut gewesen.\nIn der ersten Reihe von links: Am Tenorhorn Johann Tinkhauser und an der Klarinette sein Sohn Alfons Tinkhauser\/Oachna, am Fl\u00fcgelhorn Alois Mair\/Friesnbichla und rechts davon Hermann Plankensteiner\/Hausa, dahinter an der Klarinette Erich Holzer und hinter diesem an der Trompete Artur Tauber\/Rastbichla.<\/figcaption><\/figure>\n\n\n\n<figure class=\"wp-block-image size-large\"><img loading=\"lazy\" decoding=\"async\" width=\"768\" height=\"1024\" data-id=\"2423\" src=\"https:\/\/mk-kiens.com\/wp-content\/uploads\/2024\/06\/20170904-10-768x1024.jpg\" alt=\"\" class=\"wp-image-2423\" srcset=\"https:\/\/mk-kiens.com\/wp-content\/uploads\/2024\/06\/20170904-10-768x1024.jpg 768w, https:\/\/mk-kiens.com\/wp-content\/uploads\/2024\/06\/20170904-10-225x300.jpg 225w, https:\/\/mk-kiens.com\/wp-content\/uploads\/2024\/06\/20170904-10-1152x1536.jpg 1152w, https:\/\/mk-kiens.com\/wp-content\/uploads\/2024\/06\/20170904-10-1535x2048.jpg 1535w, https:\/\/mk-kiens.com\/wp-content\/uploads\/2024\/06\/20170904-10.jpg 1740w\" sizes=\"auto, (max-width: 768px) 100vw, 768px\" \/><figcaption class=\"wp-element-caption\">Am Gasthof Knapp\/Burga in Ehrenburg: Die Hoch unser Frauentag-Prozession am 15 August in den 60er Jahren.<\/figcaption><\/figure>\n\n\n\n<figure class=\"wp-block-image size-large\"><img loading=\"lazy\" decoding=\"async\" width=\"668\" height=\"1024\" data-id=\"2419\" src=\"https:\/\/mk-kiens.com\/wp-content\/uploads\/2024\/06\/20170904-16-668x1024.jpg\" alt=\"\" class=\"wp-image-2419\" srcset=\"https:\/\/mk-kiens.com\/wp-content\/uploads\/2024\/06\/20170904-16-668x1024.jpg 668w, https:\/\/mk-kiens.com\/wp-content\/uploads\/2024\/06\/20170904-16-196x300.jpg 196w, https:\/\/mk-kiens.com\/wp-content\/uploads\/2024\/06\/20170904-16-768x1178.jpg 768w, https:\/\/mk-kiens.com\/wp-content\/uploads\/2024\/06\/20170904-16-1002x1536.jpg 1002w, https:\/\/mk-kiens.com\/wp-content\/uploads\/2024\/06\/20170904-16-1335x2048.jpg 1335w, https:\/\/mk-kiens.com\/wp-content\/uploads\/2024\/06\/20170904-16-scaled.jpg 1669w\" sizes=\"auto, (max-width: 668px) 100vw, 668px\" \/><figcaption class=\"wp-element-caption\">In M\u00fcnchen im Jahr 1963 bei der Bavaria Statue: Testor Josef\/Kostola, Leopold Falkensteiner\/Niedomoar und Josef Wolfsgruber\/Plottna mit do Frau Hernegger Maria, die Schwester von Hernegger Loisl und die Tante von do Hernegger Desiree (die wiederum ist die Ehefrau von Florian Graf, einer unserer Obm\u00e4nner).<\/figcaption><\/figure>\n\n\n\n<figure class=\"wp-block-image size-large\"><img loading=\"lazy\" decoding=\"async\" width=\"1024\" height=\"719\" data-id=\"2429\" src=\"https:\/\/mk-kiens.com\/wp-content\/uploads\/2024\/06\/20170904-20-1024x719.jpg\" alt=\"\" class=\"wp-image-2429\" srcset=\"https:\/\/mk-kiens.com\/wp-content\/uploads\/2024\/06\/20170904-20-1024x719.jpg 1024w, https:\/\/mk-kiens.com\/wp-content\/uploads\/2024\/06\/20170904-20-300x211.jpg 300w, https:\/\/mk-kiens.com\/wp-content\/uploads\/2024\/06\/20170904-20-768x539.jpg 768w, https:\/\/mk-kiens.com\/wp-content\/uploads\/2024\/06\/20170904-20-1536x1078.jpg 1536w, https:\/\/mk-kiens.com\/wp-content\/uploads\/2024\/06\/20170904-20-2048x1437.jpg 2048w\" sizes=\"auto, (max-width: 1024px) 100vw, 1024px\" \/><figcaption class=\"wp-element-caption\">Konzert beim Gasthof Neuwirt in Zimat\/St. Sigmund zu Ehren des Primizianten Josef Ploner\/Schiffregger im Juli 1961.\nEs dirigiert der damalige Kapellmeister Johann Plankensteiner\/Hausa, noch zu erkennen auf dem Foto sind vor dem Kapellmeisterpult von rechts nach links: Helmuth B\u00fcrgstaller, Erich P\u00f6rnbacher, Leopold Falkensteiner\/Niedomoar, Richard Kammerer\/Spangla, dann die beiden (verdeckten) Klarinettisten Erich Holzer und Josef Gatterer\/Kruma und der letzte heisst Konrad Seebacher\/Koltnhausa, in der hinteren Reihe bei den Fl\u00fcgelh\u00f6rner von rechts nach links Hermann Plankensteiner\/Hausa, Alois Mair\/Friesenbichla und Karl Lanthaler, dann am Tenorhorn Johann Tinkhauser\/Oachna, von PeterKammerer\/Grianbocha sieht man nur den Kopf, und weiter am Bariton Peter Gatterer\/Hilba, an der Tuba mit Brille Hans Hinteregger, rechts davon sieht man nur das Gesicht von Johann Ausserhofer\/R\u00f6ckwiesa, dann  weiter rechts an der Posaune mit schwarzem Haar zruggekemmt ist Eduard Knapp\/Kofla Edl und rechts davon Josef Testor\/Kostola und Josef Mair\/Metzga sitzt vor dem Herrn mit wei\u00dfen Hemd und wei\u00dfer Jacke, am Schlagzeug hinten von rechts nach links Leopold Hildgartner, Josef Kammerer\/Spangla Seppl und Eduard Liner\/Schorsch Edl, links davon an der Tuba sitzend Anton Falkensteiner\/Niedomoar.<\/figcaption><\/figure>\n\n\n\n<figure class=\"wp-block-image size-large\"><img loading=\"lazy\" decoding=\"async\" width=\"1024\" height=\"715\" data-id=\"2427\" src=\"https:\/\/mk-kiens.com\/wp-content\/uploads\/2024\/06\/20170904-21-1024x715.jpg\" alt=\"\" class=\"wp-image-2427\" srcset=\"https:\/\/mk-kiens.com\/wp-content\/uploads\/2024\/06\/20170904-21-1024x715.jpg 1024w, https:\/\/mk-kiens.com\/wp-content\/uploads\/2024\/06\/20170904-21-300x210.jpg 300w, https:\/\/mk-kiens.com\/wp-content\/uploads\/2024\/06\/20170904-21-768x536.jpg 768w, https:\/\/mk-kiens.com\/wp-content\/uploads\/2024\/06\/20170904-21-1536x1073.jpg 1536w, https:\/\/mk-kiens.com\/wp-content\/uploads\/2024\/06\/20170904-21-2048x1430.jpg 2048w\" sizes=\"auto, (max-width: 1024px) 100vw, 1024px\" \/><figcaption class=\"wp-element-caption\">Anl\u00e4sslich der Primiz von Josef Ploner\/Schiffregger in St. Sigmund beim Kirchplatz im Jahre 1961: Stabf\u00fchrer Hans Hinteregger, links mitn Schnurbart Johann Tinkhauser\/Oachna und neben Ihm Sein Sohn Johann Jun.\/Oachna, dann Erich P\u00f6rnbacher und Hermann Plankensteiner\/Hausa, dahinter am Fl\u00fcgelhorn Karl Lanthaler, links davon do Franz Harrasser\/Schneida Franz dann Leopold Falkensteiner\/Niedomoar und ganz links verdeckt ist (vermutlich) Peter Kammerer\/Grianbocha. Der verdeckt dahinter ist leider nicht erkennbar, dazwischen schaut Albert Lechner\/Wolda heraus, dann vor ihm mit gesenkten Kopf ist Helmuth B\u00fcrgstaller, rechts daneben Ernst Liensberger und rechts davon Josef Gatterer\/Kruma, der kleine links von Liensberger Ernst (man erkennt nur den Kopf) ist Josef Foppa\/Foppale. Dann der vierte rechts am Fl\u00fcgelhorn ist Johann Plankensteiner\/Hausa, dahinter mit Brille Roman Slomp, dahinter an der Posaune Johann Kammerer\/Grianboch Hansl, dahinter Testor Josef\/Kostola und an der kleinen Trommel Leopold Hildgartner\/Kofla. An der gro\u00dfen Trommel hinten Josef Kammerer\/Spangla Seppl, vor ihm ist Eduard Knapp\/Kofla Edl, vor ihm halb verdeckt Otto Kammerer\/Spangla und der Musikant links von Roman Slomp, nur teilweise ersichtlich, isch do Johann Ausserhofer\/R\u00f6ckwiesa Hansl. Ganz hinten mit gesenktem Kopf haben wir Josef Wolfsgruber\/Plottna Seppl und vor ihm den Tubisten Anton Falkensteiner\/Niedomoar Tondl, der Musikant vor dem Schallbecher der Tuba in der Mitte ist Holzer Erich und der ganz links drau\u00dfen vor der Tuba heisst Aldo Sapelza.<\/figcaption><\/figure>\n\n\n\n<figure class=\"wp-block-image size-large\"><img loading=\"lazy\" decoding=\"async\" width=\"1024\" height=\"755\" data-id=\"2441\" src=\"https:\/\/mk-kiens.com\/wp-content\/uploads\/2024\/06\/20170912-3-1024x755.jpg\" alt=\"\" class=\"wp-image-2441\" srcset=\"https:\/\/mk-kiens.com\/wp-content\/uploads\/2024\/06\/20170912-3-1024x755.jpg 1024w, https:\/\/mk-kiens.com\/wp-content\/uploads\/2024\/06\/20170912-3-300x221.jpg 300w, https:\/\/mk-kiens.com\/wp-content\/uploads\/2024\/06\/20170912-3-768x566.jpg 768w, https:\/\/mk-kiens.com\/wp-content\/uploads\/2024\/06\/20170912-3-1536x1132.jpg 1536w, https:\/\/mk-kiens.com\/wp-content\/uploads\/2024\/06\/20170912-3-2048x1510.jpg 2048w\" sizes=\"auto, (max-width: 1024px) 100vw, 1024px\" \/><figcaption class=\"wp-element-caption\">MK Kiens zu Gast beim Musikverein Kirchheim bei M\u00fcnchnen im Juli 1972 zu einem Freundschaftstreffen: Empfang vor dem Rathaus, rechts die  Marketenderin Plankensteiner Berta, Stabf\u00fchrer Seebacher Konrad und Ertl Irmgard.\nErste Reihe von rechts halb verdeckt ist Tinkhauser Alfons, Plankensteiner Hermann, Mair Alois und Tinkhauser Johann am Tenorhorn, dahinter am Tenorhorn Kammerer Peter, am Bariton Hans Hinteregger, am Genis Lanthaler Karl, an der Tuba Lechner Albert\/Wolda und im Zivil Mellauner Rudolf (Lehrer in Pfalzen), der gelegentlich als Aushilfe t\u00e4tig war.<\/figcaption><\/figure>\n\n\n\n<figure class=\"wp-block-image size-large\"><img loading=\"lazy\" decoding=\"async\" width=\"1024\" height=\"730\" data-id=\"2430\" src=\"https:\/\/mk-kiens.com\/wp-content\/uploads\/2024\/06\/20170912-4-1024x730.jpg\" alt=\"\" class=\"wp-image-2430\" srcset=\"https:\/\/mk-kiens.com\/wp-content\/uploads\/2024\/06\/20170912-4-1024x730.jpg 1024w, https:\/\/mk-kiens.com\/wp-content\/uploads\/2024\/06\/20170912-4-300x214.jpg 300w, https:\/\/mk-kiens.com\/wp-content\/uploads\/2024\/06\/20170912-4-768x547.jpg 768w, https:\/\/mk-kiens.com\/wp-content\/uploads\/2024\/06\/20170912-4-1536x1095.jpg 1536w, https:\/\/mk-kiens.com\/wp-content\/uploads\/2024\/06\/20170912-4-2048x1460.jpg 2048w\" sizes=\"auto, (max-width: 1024px) 100vw, 1024px\" \/><figcaption class=\"wp-element-caption\">Die MK Kiens zusammen mit der St. Lorenzen und der MK Onach beim Umzug anl\u00e4sslich des 25-j\u00e4hrigen Jubil\u00e4ums des VSM in Bozen im Mai 1973. Stabf\u00fchrer ist Hans Hinteregger. Die Formation marschrieren \u00fcber die Talferbr\u00fccke und hinten rechtes erkennt man die S\u00e4ule vom Siegesdenkmal.<\/figcaption><\/figure>\n\n\n\n<figure class=\"wp-block-image size-large\"><img loading=\"lazy\" decoding=\"async\" width=\"1024\" height=\"727\" data-id=\"2431\" src=\"https:\/\/mk-kiens.com\/wp-content\/uploads\/2024\/06\/20170912-5-1024x727.jpg\" alt=\"\" class=\"wp-image-2431\" srcset=\"https:\/\/mk-kiens.com\/wp-content\/uploads\/2024\/06\/20170912-5-1024x727.jpg 1024w, https:\/\/mk-kiens.com\/wp-content\/uploads\/2024\/06\/20170912-5-300x213.jpg 300w, https:\/\/mk-kiens.com\/wp-content\/uploads\/2024\/06\/20170912-5-768x545.jpg 768w, https:\/\/mk-kiens.com\/wp-content\/uploads\/2024\/06\/20170912-5-1536x1090.jpg 1536w, https:\/\/mk-kiens.com\/wp-content\/uploads\/2024\/06\/20170912-5-2048x1454.jpg 2048w\" sizes=\"auto, (max-width: 1024px) 100vw, 1024px\" \/><figcaption class=\"wp-element-caption\">Die MK Kiens zusammen mit der St. Lorenzen und der MK Onach beim Umzug anl\u00e4sslich des 25-j\u00e4hrigen Jubil\u00e4ums des VSM in Bozen, im Mai 1973.\nDeutlich zu erkennen sind Oskar Hildgartner mit der Es Klarinette haltend in der rechten Hand, daneben links Leopold Falkensteiner\/Niedomoar und links davon Alois Mair\/Friesnbichla, dahinter ist Costa Josef\/Edl Peppe und links davon Paul Engl\/Einsiedel zu erkennen. Und ganz links au\u00dfen ist Peter Kammerer\/Grianbocha am Tenorhorn.\nDie Lorenzner erkennt man mit dem goldenen Band am Hut und die Uinichna an der Gr\u00fcnen Joppe.<\/figcaption><\/figure>\n\n\n\n<figure class=\"wp-block-image size-large\"><img loading=\"lazy\" decoding=\"async\" width=\"729\" height=\"1024\" data-id=\"2428\" src=\"https:\/\/mk-kiens.com\/wp-content\/uploads\/2024\/06\/20170915-3-729x1024.jpg\" alt=\"\" class=\"wp-image-2428\" srcset=\"https:\/\/mk-kiens.com\/wp-content\/uploads\/2024\/06\/20170915-3-729x1024.jpg 729w, https:\/\/mk-kiens.com\/wp-content\/uploads\/2024\/06\/20170915-3-214x300.jpg 214w, https:\/\/mk-kiens.com\/wp-content\/uploads\/2024\/06\/20170915-3-768x1078.jpg 768w, https:\/\/mk-kiens.com\/wp-content\/uploads\/2024\/06\/20170915-3-1094x1536.jpg 1094w, https:\/\/mk-kiens.com\/wp-content\/uploads\/2024\/06\/20170915-3-1459x2048.jpg 1459w, https:\/\/mk-kiens.com\/wp-content\/uploads\/2024\/06\/20170915-3-scaled.jpg 1823w\" sizes=\"auto, (max-width: 729px) 100vw, 729px\" \/><figcaption class=\"wp-element-caption\">Die Herz-Jesu-Prozession f\u00fchrte in den 70er-Jahren unter Pfarrer Bertrand Vollmann \u00fcber die Antlasz\u00e4une bis kurz vor das Kreuz, rechts \u00fcber die Wiese bis zum heutigen Hotel Kronblick, weiter zum Gemeindehaus, \u00fcber die Dorfstra\u00dfe hinauf bis zum Sch\u00f6nbrothof, weiter bis zur Feuerwehrhalle und schlie\u00dflich zur Kirche. Heutzutage w\u00e4re es f\u00fcr viele unvorstellbar, nach dem einst\u00fcndigen Gottesdienst noch zwei Stunden an einer Prozession teilzunehmen. In der Feuerwehruniform sehen wir Hubert Obermair, der fast 30 Jahre Kommandant der FF Kiens war, Fahnentr\u00e4ger Alois Engl (Obohausa), Stabf\u00fchrer Hans Hinteregger, links davon in der ersten Reihe Johann Tinkhauser (Oachna) und rechts davon Hermann Plankensteiner (Hausa).<\/figcaption><\/figure>\n\n\n\n<figure class=\"wp-block-image size-large\"><img loading=\"lazy\" decoding=\"async\" width=\"1024\" height=\"720\" data-id=\"2426\" src=\"https:\/\/mk-kiens.com\/wp-content\/uploads\/2024\/06\/20170928-2-1024x720.jpg\" alt=\"\" class=\"wp-image-2426\" srcset=\"https:\/\/mk-kiens.com\/wp-content\/uploads\/2024\/06\/20170928-2-1024x720.jpg 1024w, https:\/\/mk-kiens.com\/wp-content\/uploads\/2024\/06\/20170928-2-300x211.jpg 300w, https:\/\/mk-kiens.com\/wp-content\/uploads\/2024\/06\/20170928-2-768x540.jpg 768w, https:\/\/mk-kiens.com\/wp-content\/uploads\/2024\/06\/20170928-2-1536x1081.jpg 1536w, https:\/\/mk-kiens.com\/wp-content\/uploads\/2024\/06\/20170928-2-2048x1441.jpg 2048w\" sizes=\"auto, (max-width: 1024px) 100vw, 1024px\" \/><figcaption class=\"wp-element-caption\">MK Kiens bei der Viehausstellung in Cremona im Jahr 1978. Links die Marketenderin Engl Margareth\/Obohausa, Kapellmeister und Stabf\u00fchrer Arnold Gottfried und rechts die Marketenderin Klara Silgener, links am Tenorhorn ist Peter Kammerer\/Grianbocha deutlich zu erkennen und rechts am Fl\u00fcgelhorn  in der Innenseite Paul Engl\/Einsiedel.<\/figcaption><\/figure>\n\n\n\n<figure class=\"wp-block-image size-large\"><img loading=\"lazy\" decoding=\"async\" width=\"1024\" height=\"694\" data-id=\"2432\" src=\"https:\/\/mk-kiens.com\/wp-content\/uploads\/2024\/06\/20170928-3-1024x694.jpg\" alt=\"\" class=\"wp-image-2432\" srcset=\"https:\/\/mk-kiens.com\/wp-content\/uploads\/2024\/06\/20170928-3-1024x694.jpg 1024w, https:\/\/mk-kiens.com\/wp-content\/uploads\/2024\/06\/20170928-3-300x203.jpg 300w, https:\/\/mk-kiens.com\/wp-content\/uploads\/2024\/06\/20170928-3-768x520.jpg 768w, https:\/\/mk-kiens.com\/wp-content\/uploads\/2024\/06\/20170928-3-1536x1040.jpg 1536w, https:\/\/mk-kiens.com\/wp-content\/uploads\/2024\/06\/20170928-3-2048x1387.jpg 2048w, https:\/\/mk-kiens.com\/wp-content\/uploads\/2024\/06\/20170928-3-400x270.jpg 400w\" sizes=\"auto, (max-width: 1024px) 100vw, 1024px\" \/><figcaption class=\"wp-element-caption\">Umzug in Bruneck Jahr 1976 mit Fahnentr\u00e4ger Volkmar Gr\u00fcner, links davon  in kurzen Lederhosen Johann Mair (Metzga Hons) und rechts Gabriel Gr\u00fcner. \nDie Marketenderin links ist Margareth Engl\/Obohausa mit Stabf\u00fchrer Hans Hinteregger und Klara Silgener rechts davon.<\/figcaption><\/figure>\n\n\n\n<figure class=\"wp-block-image size-large\"><img loading=\"lazy\" decoding=\"async\" width=\"743\" height=\"1024\" data-id=\"2433\" src=\"https:\/\/mk-kiens.com\/wp-content\/uploads\/2024\/06\/20170928-4-743x1024.jpg\" alt=\"\" class=\"wp-image-2433\" srcset=\"https:\/\/mk-kiens.com\/wp-content\/uploads\/2024\/06\/20170928-4-743x1024.jpg 743w, https:\/\/mk-kiens.com\/wp-content\/uploads\/2024\/06\/20170928-4-218x300.jpg 218w, https:\/\/mk-kiens.com\/wp-content\/uploads\/2024\/06\/20170928-4-768x1058.jpg 768w, https:\/\/mk-kiens.com\/wp-content\/uploads\/2024\/06\/20170928-4-1115x1536.jpg 1115w, https:\/\/mk-kiens.com\/wp-content\/uploads\/2024\/06\/20170928-4-1486x2048.jpg 1486w, https:\/\/mk-kiens.com\/wp-content\/uploads\/2024\/06\/20170928-4-scaled.jpg 1858w\" sizes=\"auto, (max-width: 743px) 100vw, 743px\" \/><figcaption class=\"wp-element-caption\">Musikausflug an den K\u00f6nigssee im Jahre 1960, hier beim Aufmarsch im Schlossplatz am K\u00f6niglichen Schloss Berchtesgaden.\nVorne von links: Marketenderin Tinkhauser Anna\/Oachna, Fahnentr\u00e4ger Engl Alois\/Obohausa und rechts davon Tinkhauser Maria\/Oachna. Die Marketenderin hinten links ist Hildgartner Erika\/Kofla, Stabf\u00fchrer Hans Hinteregger und rechts davon Piffrader Elisabeth\/Oboschneida Lisl.<\/figcaption><\/figure>\n\n\n\n<figure class=\"wp-block-image size-large\"><img loading=\"lazy\" decoding=\"async\" width=\"1024\" height=\"688\" data-id=\"2418\" src=\"https:\/\/mk-kiens.com\/wp-content\/uploads\/2024\/06\/20171117-002-1024x688.jpg\" alt=\"\" class=\"wp-image-2418\" srcset=\"https:\/\/mk-kiens.com\/wp-content\/uploads\/2024\/06\/20171117-002-1024x688.jpg 1024w, https:\/\/mk-kiens.com\/wp-content\/uploads\/2024\/06\/20171117-002-300x202.jpg 300w, https:\/\/mk-kiens.com\/wp-content\/uploads\/2024\/06\/20171117-002-768x516.jpg 768w, https:\/\/mk-kiens.com\/wp-content\/uploads\/2024\/06\/20171117-002-1536x1032.jpg 1536w, https:\/\/mk-kiens.com\/wp-content\/uploads\/2024\/06\/20171117-002-2048x1377.jpg 2048w, https:\/\/mk-kiens.com\/wp-content\/uploads\/2024\/06\/20171117-002-400x270.jpg 400w\" sizes=\"auto, (max-width: 1024px) 100vw, 1024px\" \/><figcaption class=\"wp-element-caption\">Aufmarsch der Musikkapelle Kiens zum Konzertnachmittag in die Leitgam Wiese im Jahre 1970 anl\u00e4sslich der 150 Jahr-Feier.<\/figcaption><\/figure>\n\n\n\n<figure class=\"wp-block-image size-large\"><img loading=\"lazy\" decoding=\"async\" width=\"1007\" height=\"1024\" data-id=\"2414\" src=\"https:\/\/mk-kiens.com\/wp-content\/uploads\/2024\/06\/20180125-002-1007x1024.jpg\" alt=\"\" class=\"wp-image-2414\" srcset=\"https:\/\/mk-kiens.com\/wp-content\/uploads\/2024\/06\/20180125-002-1007x1024.jpg 1007w, https:\/\/mk-kiens.com\/wp-content\/uploads\/2024\/06\/20180125-002-295x300.jpg 295w, https:\/\/mk-kiens.com\/wp-content\/uploads\/2024\/06\/20180125-002-768x781.jpg 768w, https:\/\/mk-kiens.com\/wp-content\/uploads\/2024\/06\/20180125-002-1510x1536.jpg 1510w, https:\/\/mk-kiens.com\/wp-content\/uploads\/2024\/06\/20180125-002-2014x2048.jpg 2014w, https:\/\/mk-kiens.com\/wp-content\/uploads\/2024\/06\/20180125-002.jpg 2044w\" sizes=\"auto, (max-width: 1007px) 100vw, 1007px\" \/><figcaption class=\"wp-element-caption\">Oskar Hildgartner zuhause mit der Es-Klarinette im Jahre 1972.<\/figcaption><\/figure>\n\n\n\n<figure class=\"wp-block-image size-large\"><img loading=\"lazy\" decoding=\"async\" width=\"1024\" height=\"721\" data-id=\"2421\" src=\"https:\/\/mk-kiens.com\/wp-content\/uploads\/2024\/06\/20180131-001-1024x721.jpg\" alt=\"\" class=\"wp-image-2421\" srcset=\"https:\/\/mk-kiens.com\/wp-content\/uploads\/2024\/06\/20180131-001-1024x721.jpg 1024w, https:\/\/mk-kiens.com\/wp-content\/uploads\/2024\/06\/20180131-001-300x211.jpg 300w, https:\/\/mk-kiens.com\/wp-content\/uploads\/2024\/06\/20180131-001-768x541.jpg 768w, https:\/\/mk-kiens.com\/wp-content\/uploads\/2024\/06\/20180131-001-1536x1082.jpg 1536w, https:\/\/mk-kiens.com\/wp-content\/uploads\/2024\/06\/20180131-001-2048x1443.jpg 2048w\" sizes=\"auto, (max-width: 1024px) 100vw, 1024px\" \/><figcaption class=\"wp-element-caption\">Empfang der Musikkapelle Lochau\/Vorarlberg am Dorfplatz an der Hauptstra\u00dfe im Jahr 1960 zu Pfingsten: Berta Plankensteiner\/Hausa und Wilhelm Gerd\/Sekret\u00e4r Gerd tragen zu diesem Anlass ein Gedicht vor. Daneben Stabf\u00fchrer Hans Hinteregger, von den Musikanten noch zu erkennen sind in der ersten Reihe von rechts nach links: Hermann Plankensteiner\/Hausa, Franz Lanthaler, Johann Tinkhauser, Alfons Tinkhauser und Johann Tinkhauser Senior  (alle Oachna) sowie der Fahnentr\u00e4ger Alois Engl\/Obohausa. In der zweiten Reihe von rechts erkennt man noch Johann Plankensteiner\/Hausa Hansl. In der dritten Reihe Leopold Falkensteiner\/Niedomoar und ganz links am Tenorhorn Peter Kammerer\/Grianbocha.<\/figcaption><\/figure>\n\n\n\n<figure class=\"wp-block-image size-large\"><img loading=\"lazy\" decoding=\"async\" width=\"1024\" height=\"696\" data-id=\"2416\" src=\"https:\/\/mk-kiens.com\/wp-content\/uploads\/2024\/06\/20180131-002-1024x696.jpg\" alt=\"\" class=\"wp-image-2416\" srcset=\"https:\/\/mk-kiens.com\/wp-content\/uploads\/2024\/06\/20180131-002-1024x696.jpg 1024w, https:\/\/mk-kiens.com\/wp-content\/uploads\/2024\/06\/20180131-002-300x204.jpg 300w, https:\/\/mk-kiens.com\/wp-content\/uploads\/2024\/06\/20180131-002-768x522.jpg 768w, https:\/\/mk-kiens.com\/wp-content\/uploads\/2024\/06\/20180131-002-1536x1044.jpg 1536w, https:\/\/mk-kiens.com\/wp-content\/uploads\/2024\/06\/20180131-002-2048x1392.jpg 2048w\" sizes=\"auto, (max-width: 1024px) 100vw, 1024px\" \/><figcaption class=\"wp-element-caption\">Empfang der Musikkapelle Lochau im Jahre 1960 zu Pfingsten , Links befindet sich die Weinhandlung von Josef Ploner und das alte Carabinierihaus; huete befindet sich dort Parkplatz, die Filiale der Volksbank und Falktours. Die beiden Kinder sind Berta Plankensteiner\/Hausa und Wilhelm Gerd\/Sekret\u00e4r Gerd, welche den G\u00e4sten ein  Gedicht vorgetragen hatten. Rechts erkennt man das alte Gemeindehaus und links davon auf der Stra\u00dfe die soeben eingetroffenen Mitglieder der Musikkapelle Lochau, welche auf den Einmarsch zum offiziellen Empfang wartet.<\/figcaption><\/figure>\n\n\n\n<figure class=\"wp-block-image size-large\"><img loading=\"lazy\" decoding=\"async\" width=\"687\" height=\"1024\" data-id=\"2422\" src=\"https:\/\/mk-kiens.com\/wp-content\/uploads\/2024\/06\/20180304-009-687x1024.jpg\" alt=\"\" class=\"wp-image-2422\" srcset=\"https:\/\/mk-kiens.com\/wp-content\/uploads\/2024\/06\/20180304-009-687x1024.jpg 687w, https:\/\/mk-kiens.com\/wp-content\/uploads\/2024\/06\/20180304-009-201x300.jpg 201w, https:\/\/mk-kiens.com\/wp-content\/uploads\/2024\/06\/20180304-009-768x1145.jpg 768w, https:\/\/mk-kiens.com\/wp-content\/uploads\/2024\/06\/20180304-009-1030x1536.jpg 1030w, https:\/\/mk-kiens.com\/wp-content\/uploads\/2024\/06\/20180304-009-1374x2048.jpg 1374w, https:\/\/mk-kiens.com\/wp-content\/uploads\/2024\/06\/20180304-009-scaled.jpg 1717w\" sizes=\"auto, (max-width: 687px) 100vw, 687px\" \/><figcaption class=\"wp-element-caption\">Die Geschwister Maria und Josef Mair (Metzga), aufgenommen gleich nach dem Wolla Haus am Ortsausgang rechts Richtung St. Sigmund.<\/figcaption><\/figure>\n\n\n\n<figure class=\"wp-block-image size-large\"><img loading=\"lazy\" decoding=\"async\" width=\"1024\" height=\"671\" data-id=\"2434\" src=\"https:\/\/mk-kiens.com\/wp-content\/uploads\/2024\/06\/20180402-009-FF-Halle-Einweihnung-1974-1024x671.jpg\" alt=\"\" class=\"wp-image-2434\" srcset=\"https:\/\/mk-kiens.com\/wp-content\/uploads\/2024\/06\/20180402-009-FF-Halle-Einweihnung-1974-1024x671.jpg 1024w, https:\/\/mk-kiens.com\/wp-content\/uploads\/2024\/06\/20180402-009-FF-Halle-Einweihnung-1974-300x197.jpg 300w, https:\/\/mk-kiens.com\/wp-content\/uploads\/2024\/06\/20180402-009-FF-Halle-Einweihnung-1974-768x503.jpg 768w, https:\/\/mk-kiens.com\/wp-content\/uploads\/2024\/06\/20180402-009-FF-Halle-Einweihnung-1974-1536x1006.jpg 1536w, https:\/\/mk-kiens.com\/wp-content\/uploads\/2024\/06\/20180402-009-FF-Halle-Einweihnung-1974-2048x1342.jpg 2048w\" sizes=\"auto, (max-width: 1024px) 100vw, 1024px\" \/><figcaption class=\"wp-element-caption\">Einweihung Feuerwehrhalle Kiens 1974 mit den Priester von links Christopf Laner, Chrisostumus Giner und Bertrand Vollmann. Dirigent der Kapelle ist Konrad Seebacher, die Musikanten in der ersten Reihe von rechts nach links sind Johann Tinkhauser (Oachna), Paul Engl (Einsiedel ), Alois Mair (Friesnbichla), halbverdecktist Hermann Plankensteiner (Hausa), dann  Alfons Tinkhauser (Oachna), dann Oskar Hildgartner und F\u00e4hnrich Huber Josef\/Winklbeck.<\/figcaption><\/figure>\n\n\n\n<figure class=\"wp-block-image size-large\"><img loading=\"lazy\" decoding=\"async\" width=\"1024\" height=\"684\" data-id=\"2439\" src=\"https:\/\/mk-kiens.com\/wp-content\/uploads\/2024\/06\/20180402-010-FF-Halle-Einweihnung-1974-1024x684.jpg\" alt=\"\" class=\"wp-image-2439\" srcset=\"https:\/\/mk-kiens.com\/wp-content\/uploads\/2024\/06\/20180402-010-FF-Halle-Einweihnung-1974-1024x684.jpg 1024w, https:\/\/mk-kiens.com\/wp-content\/uploads\/2024\/06\/20180402-010-FF-Halle-Einweihnung-1974-300x200.jpg 300w, https:\/\/mk-kiens.com\/wp-content\/uploads\/2024\/06\/20180402-010-FF-Halle-Einweihnung-1974-768x513.jpg 768w, https:\/\/mk-kiens.com\/wp-content\/uploads\/2024\/06\/20180402-010-FF-Halle-Einweihnung-1974-1536x1025.jpg 1536w, https:\/\/mk-kiens.com\/wp-content\/uploads\/2024\/06\/20180402-010-FF-Halle-Einweihnung-1974-2048x1367.jpg 2048w\" sizes=\"auto, (max-width: 1024px) 100vw, 1024px\" \/><figcaption class=\"wp-element-caption\">Im Saal der Feuerwehrhalle Kiens anl\u00e4sslich der Einweihung der Feuerwehrhalle Jahr 1974: \nIn Zivil links mit blauem Anzug ist Gaudenz Blasbichler mit Alois Hildgartner ( Vater von Oskar Hildgartner ). Die Musikanten von rechts nach links: Johann Tinkhauser (Oachna), Johann Kammerer (Grianboch Hansl) und mit Hut Konrad Seebacher (Koltnhausa), der Musikant mit dem abgewandten Gesicht nicht zeigt heisst () und links davon Feuerwehrmann Johann Messner (Pronta Hons) und Peter Kammerer (Grianbocha), dahinter diskutiert Johann Willeit (Fedra Hons).<\/figcaption><\/figure>\n\n\n\n<figure class=\"wp-block-image size-large\"><img loading=\"lazy\" decoding=\"async\" width=\"1024\" height=\"679\" data-id=\"2443\" src=\"https:\/\/mk-kiens.com\/wp-content\/uploads\/2024\/06\/20180402-011-FF-Halle-Einweihnung-1974-1024x679.jpg\" alt=\"\" class=\"wp-image-2443\" srcset=\"https:\/\/mk-kiens.com\/wp-content\/uploads\/2024\/06\/20180402-011-FF-Halle-Einweihnung-1974-1024x679.jpg 1024w, https:\/\/mk-kiens.com\/wp-content\/uploads\/2024\/06\/20180402-011-FF-Halle-Einweihnung-1974-300x199.jpg 300w, https:\/\/mk-kiens.com\/wp-content\/uploads\/2024\/06\/20180402-011-FF-Halle-Einweihnung-1974-768x509.jpg 768w, https:\/\/mk-kiens.com\/wp-content\/uploads\/2024\/06\/20180402-011-FF-Halle-Einweihnung-1974-1536x1018.jpg 1536w, https:\/\/mk-kiens.com\/wp-content\/uploads\/2024\/06\/20180402-011-FF-Halle-Einweihnung-1974-2048x1357.jpg 2048w\" sizes=\"auto, (max-width: 1024px) 100vw, 1024px\" \/><figcaption class=\"wp-element-caption\">Umtrunk in der soeben gesegneten Feuerwehrhalle. F\u00f6rster Volkmar Gr\u00fcner, der F\u00e4hnrich Huber Josef (Winklbeck). Links hinten noch zu erkennen Josef Plankensteiner (Hausa Peppe).<\/figcaption><\/figure>\n\n\n\n<figure class=\"wp-block-image size-large\"><img loading=\"lazy\" decoding=\"async\" width=\"1024\" height=\"671\" data-id=\"2437\" src=\"https:\/\/mk-kiens.com\/wp-content\/uploads\/2024\/06\/20180402-012-FF-Halle-Einweihung-1974-1024x671.jpg\" alt=\"\" class=\"wp-image-2437\" srcset=\"https:\/\/mk-kiens.com\/wp-content\/uploads\/2024\/06\/20180402-012-FF-Halle-Einweihung-1974-1024x671.jpg 1024w, https:\/\/mk-kiens.com\/wp-content\/uploads\/2024\/06\/20180402-012-FF-Halle-Einweihung-1974-300x197.jpg 300w, https:\/\/mk-kiens.com\/wp-content\/uploads\/2024\/06\/20180402-012-FF-Halle-Einweihung-1974-768x503.jpg 768w, https:\/\/mk-kiens.com\/wp-content\/uploads\/2024\/06\/20180402-012-FF-Halle-Einweihung-1974-1536x1007.jpg 1536w, https:\/\/mk-kiens.com\/wp-content\/uploads\/2024\/06\/20180402-012-FF-Halle-Einweihung-1974-2048x1342.jpg 2048w\" sizes=\"auto, (max-width: 1024px) 100vw, 1024px\" \/><figcaption class=\"wp-element-caption\">Feuerwehrhalle Einweihung im Jahre 1974, Einzug vom Widum zur Feuerwehrhalle: F\u00e4hnrich Josef Huber (Winklbeck), Stabf\u00fchrer Konrad Seebacher (Koltnhausa) , Gut zu erkennen sind in der ersten Reihe noch am Tenorhorn Johann Tinkhauser (Oachna), an der Es-Klarinette Oskar Hildgartner und rechts am Fl\u00fcgelhorn Paul Engl (Einsiedel).<\/figcaption><\/figure>\n\n\n\n<figure class=\"wp-block-image size-large\"><img loading=\"lazy\" decoding=\"async\" width=\"1024\" height=\"689\" data-id=\"2448\" src=\"https:\/\/mk-kiens.com\/wp-content\/uploads\/2024\/06\/20180424-001-1024x689.jpg\" alt=\"\" class=\"wp-image-2448\" srcset=\"https:\/\/mk-kiens.com\/wp-content\/uploads\/2024\/06\/20180424-001-1024x689.jpg 1024w, https:\/\/mk-kiens.com\/wp-content\/uploads\/2024\/06\/20180424-001-300x202.jpg 300w, https:\/\/mk-kiens.com\/wp-content\/uploads\/2024\/06\/20180424-001-768x517.jpg 768w, https:\/\/mk-kiens.com\/wp-content\/uploads\/2024\/06\/20180424-001-1536x1034.jpg 1536w, https:\/\/mk-kiens.com\/wp-content\/uploads\/2024\/06\/20180424-001-2048x1378.jpg 2048w, https:\/\/mk-kiens.com\/wp-content\/uploads\/2024\/06\/20180424-001-400x270.jpg 400w\" sizes=\"auto, (max-width: 1024px) 100vw, 1024px\" \/><figcaption class=\"wp-element-caption\">Prozession zur Primiz von Gottfried Kaser (Wochtlechna) im Jahre 1965. Diese Aufnahme entstand beim alten J\u00e4gerhaus in Ehrenburg, dort wo heute die Feuerwehrhalle steht.\nKaser wurde am 15. Oktober 1940 in Kiens geboren und wuchs am Wachtlechen-Hof in Getzenberg auf. Am 29. Juni 1965 wurde er in Brixen zum Priester geweiht. Zwischen 1966 und 1980 wirkte er als Kooperator in M\u00fchlwald, Aldein, Laas, St. Michael\/Eppan, Sexten und St. Ulrich. Im Jahr 1980 wurde er Pfarrer in Prettau, wo er bis 2004 wirkte. Von 1981 bis 1997 war er gleichzeitig Pfarrer in St. Peter\/Ahrn und zudem von 1997 bis 2004 Pfarrer in Steinhaus. Von 2004 bis 2016 war Kaser Dekan und Pfarrer in Deutschnofen; zus\u00e4tzlich seit 2006 Pfarrer in Eggen und seit 2013 Pfarrer in Welschnofen. Im Jahr 2016 wurde er von seinen Auftr\u00e4gen als Pfarrer entbunden, wirkte aber weiterhin als Seelsorger in der Seelsorgeeinheit Kiens. Am 19. Dezember verstarb Kaser im Jesuheim in Girlan.<\/figcaption><\/figure>\n\n\n\n<figure class=\"wp-block-image size-large\"><img loading=\"lazy\" decoding=\"async\" width=\"1024\" height=\"689\" data-id=\"2444\" src=\"https:\/\/mk-kiens.com\/wp-content\/uploads\/2024\/06\/20180424-002-1024x689.jpg\" alt=\"\" class=\"wp-image-2444\" srcset=\"https:\/\/mk-kiens.com\/wp-content\/uploads\/2024\/06\/20180424-002-1024x689.jpg 1024w, https:\/\/mk-kiens.com\/wp-content\/uploads\/2024\/06\/20180424-002-300x202.jpg 300w, https:\/\/mk-kiens.com\/wp-content\/uploads\/2024\/06\/20180424-002-768x517.jpg 768w, https:\/\/mk-kiens.com\/wp-content\/uploads\/2024\/06\/20180424-002-1536x1034.jpg 1536w, https:\/\/mk-kiens.com\/wp-content\/uploads\/2024\/06\/20180424-002-2048x1378.jpg 2048w, https:\/\/mk-kiens.com\/wp-content\/uploads\/2024\/06\/20180424-002-400x270.jpg 400w\" sizes=\"auto, (max-width: 1024px) 100vw, 1024px\" \/><figcaption class=\"wp-element-caption\">Primiz von Gottfried Kaser (Wochtlechna) am 11. Juli des Jahres 1965, welcher zwischen den beiden wei\u00dfen Fahnen erkennbar ist.<\/figcaption><\/figure>\n\n\n\n<figure class=\"wp-block-image size-large\"><img loading=\"lazy\" decoding=\"async\" width=\"1024\" height=\"695\" data-id=\"2436\" src=\"https:\/\/mk-kiens.com\/wp-content\/uploads\/2024\/06\/20180506-001-st.-georgen-jaenner-1972-1024x695.jpg\" alt=\"\" class=\"wp-image-2436\" srcset=\"https:\/\/mk-kiens.com\/wp-content\/uploads\/2024\/06\/20180506-001-st.-georgen-jaenner-1972-1024x695.jpg 1024w, https:\/\/mk-kiens.com\/wp-content\/uploads\/2024\/06\/20180506-001-st.-georgen-jaenner-1972-300x204.jpg 300w, https:\/\/mk-kiens.com\/wp-content\/uploads\/2024\/06\/20180506-001-st.-georgen-jaenner-1972-768x521.jpg 768w, https:\/\/mk-kiens.com\/wp-content\/uploads\/2024\/06\/20180506-001-st.-georgen-jaenner-1972-400x270.jpg 400w, https:\/\/mk-kiens.com\/wp-content\/uploads\/2024\/06\/20180506-001-st.-georgen-jaenner-1972.jpg 1365w\" sizes=\"auto, (max-width: 1024px) 100vw, 1024px\" \/><figcaption class=\"wp-element-caption\">Musikball in St. Georgen im J\u00e4nner 1972: \nVon links Stadler Anna (Wolda Nannile), Albert Lechner (Wolda Albert), Hermann Plankensteiner (Hausa), Tinkhauser Johann (Oachna), Fahnenpatin Frieda Engl (Metzga), Mair Josef (Metzga Seppl), Berta Plankensteiner (Hausa) und Konrad Seebacher (Koltnhausa).\nAls Paare: Ganz links die Eheleute Lechner (Wolda), dann die Eheleute Mair (Metzga) und die Eheleute und Wirtsleute vom Hotel Post (Koltnhausa).<\/figcaption><\/figure>\n\n\n\n<figure class=\"wp-block-image size-large\"><img loading=\"lazy\" decoding=\"async\" width=\"1024\" height=\"691\" data-id=\"2438\" src=\"https:\/\/mk-kiens.com\/wp-content\/uploads\/2024\/06\/20180506-002-st.-georgen-jaenner-1972-1024x691.jpg\" alt=\"\" class=\"wp-image-2438\" srcset=\"https:\/\/mk-kiens.com\/wp-content\/uploads\/2024\/06\/20180506-002-st.-georgen-jaenner-1972-1024x691.jpg 1024w, https:\/\/mk-kiens.com\/wp-content\/uploads\/2024\/06\/20180506-002-st.-georgen-jaenner-1972-300x202.jpg 300w, https:\/\/mk-kiens.com\/wp-content\/uploads\/2024\/06\/20180506-002-st.-georgen-jaenner-1972-768x518.jpg 768w, https:\/\/mk-kiens.com\/wp-content\/uploads\/2024\/06\/20180506-002-st.-georgen-jaenner-1972-400x270.jpg 400w, https:\/\/mk-kiens.com\/wp-content\/uploads\/2024\/06\/20180506-002-st.-georgen-jaenner-1972.jpg 1372w\" sizes=\"auto, (max-width: 1024px) 100vw, 1024px\" \/><figcaption class=\"wp-element-caption\">Musikball in St. Georgen im J\u00e4nner 1972: Tinkhauser Johann (Oachna Hansl) und Fahnenpatin Frieda Engl (Metzga Frieda).<\/figcaption><\/figure>\n\n\n\n<figure class=\"wp-block-image size-large\"><img loading=\"lazy\" decoding=\"async\" width=\"1024\" height=\"695\" data-id=\"2440\" src=\"https:\/\/mk-kiens.com\/wp-content\/uploads\/2024\/06\/20180506-003-st.-georgen-jaenner-1972-1024x695.jpg\" alt=\"\" class=\"wp-image-2440\" srcset=\"https:\/\/mk-kiens.com\/wp-content\/uploads\/2024\/06\/20180506-003-st.-georgen-jaenner-1972-1024x695.jpg 1024w, https:\/\/mk-kiens.com\/wp-content\/uploads\/2024\/06\/20180506-003-st.-georgen-jaenner-1972-300x204.jpg 300w, https:\/\/mk-kiens.com\/wp-content\/uploads\/2024\/06\/20180506-003-st.-georgen-jaenner-1972-768x522.jpg 768w, https:\/\/mk-kiens.com\/wp-content\/uploads\/2024\/06\/20180506-003-st.-georgen-jaenner-1972-400x270.jpg 400w, https:\/\/mk-kiens.com\/wp-content\/uploads\/2024\/06\/20180506-003-st.-georgen-jaenner-1972.jpg 1496w\" sizes=\"auto, (max-width: 1024px) 100vw, 1024px\" \/><figcaption class=\"wp-element-caption\">Musikball in St.Georgen im J\u00e4nner 1972: Von links Fahnenpatin Engl Frieda (Metzga), Ihr sp\u00e4terer Ehemann Josef Mair (Metzga Seppl) und Berta Plankensteiner (Hausa).<\/figcaption><\/figure>\n\n\n\n<figure class=\"wp-block-image size-large\"><img loading=\"lazy\" decoding=\"async\" width=\"1024\" height=\"692\" data-id=\"2442\" src=\"https:\/\/mk-kiens.com\/wp-content\/uploads\/2024\/06\/20180506-004-1973-1024x692.jpg\" alt=\"\" class=\"wp-image-2442\" srcset=\"https:\/\/mk-kiens.com\/wp-content\/uploads\/2024\/06\/20180506-004-1973-1024x692.jpg 1024w, https:\/\/mk-kiens.com\/wp-content\/uploads\/2024\/06\/20180506-004-1973-300x203.jpg 300w, https:\/\/mk-kiens.com\/wp-content\/uploads\/2024\/06\/20180506-004-1973-768x519.jpg 768w, https:\/\/mk-kiens.com\/wp-content\/uploads\/2024\/06\/20180506-004-1973-400x270.jpg 400w, https:\/\/mk-kiens.com\/wp-content\/uploads\/2024\/06\/20180506-004-1973.jpg 1157w\" sizes=\"auto, (max-width: 1024px) 100vw, 1024px\" \/><figcaption class=\"wp-element-caption\">Konzert vor dem Gesch\u00e4ft vom Elektro Zambelli im Jahr 1973 (heute B\u00fcro von Falktours): An der Posaune Mair Josef (Metzga) und Johann Kammerer (Grianbocha) links davon.<\/figcaption><\/figure>\n\n\n\n<figure class=\"wp-block-image size-large\"><img loading=\"lazy\" decoding=\"async\" width=\"1024\" height=\"700\" data-id=\"2445\" src=\"https:\/\/mk-kiens.com\/wp-content\/uploads\/2024\/06\/20180506-005-meran-oktober-1974-1024x700.jpg\" alt=\"\" class=\"wp-image-2445\" srcset=\"https:\/\/mk-kiens.com\/wp-content\/uploads\/2024\/06\/20180506-005-meran-oktober-1974-1024x700.jpg 1024w, https:\/\/mk-kiens.com\/wp-content\/uploads\/2024\/06\/20180506-005-meran-oktober-1974-300x205.jpg 300w, https:\/\/mk-kiens.com\/wp-content\/uploads\/2024\/06\/20180506-005-meran-oktober-1974-768x525.jpg 768w, https:\/\/mk-kiens.com\/wp-content\/uploads\/2024\/06\/20180506-005-meran-oktober-1974-1536x1049.jpg 1536w, https:\/\/mk-kiens.com\/wp-content\/uploads\/2024\/06\/20180506-005-meran-oktober-1974.jpg 1622w\" sizes=\"auto, (max-width: 1024px) 100vw, 1024px\" \/><figcaption class=\"wp-element-caption\">Musikkapelle Kiens im gemeinsmen Block mit der Musikkapelle St.Lorenzen beim Traubenfestumzug in Meran Jahr 1974. Die Musikanten aus St.Lorenzen erkennt man am Hut mit braunem Band.<\/figcaption><\/figure>\n\n\n\n<figure class=\"wp-block-image size-large\"><img loading=\"lazy\" decoding=\"async\" width=\"676\" height=\"1024\" data-id=\"2447\" src=\"https:\/\/mk-kiens.com\/wp-content\/uploads\/2024\/06\/20180506-006-musikball-1978-676x1024.jpg\" alt=\"\" class=\"wp-image-2447\" srcset=\"https:\/\/mk-kiens.com\/wp-content\/uploads\/2024\/06\/20180506-006-musikball-1978-676x1024.jpg 676w, https:\/\/mk-kiens.com\/wp-content\/uploads\/2024\/06\/20180506-006-musikball-1978-198x300.jpg 198w, https:\/\/mk-kiens.com\/wp-content\/uploads\/2024\/06\/20180506-006-musikball-1978-768x1163.jpg 768w, https:\/\/mk-kiens.com\/wp-content\/uploads\/2024\/06\/20180506-006-musikball-1978-1014x1536.jpg 1014w, https:\/\/mk-kiens.com\/wp-content\/uploads\/2024\/06\/20180506-006-musikball-1978.jpg 1158w\" sizes=\"auto, (max-width: 676px) 100vw, 676px\" \/><figcaption class=\"wp-element-caption\">Musikball Jahr 1978 beim Kaltenhauser\/Hotel Post: Sitzend Mair Josef\/Metzga Seppl und Engl Margareth\/Obohausa als Marketenderin, dahinter steht Slomp Roman.<\/figcaption><\/figure>\n\n\n\n<figure class=\"wp-block-image size-large\"><img loading=\"lazy\" decoding=\"async\" width=\"1024\" height=\"686\" data-id=\"2449\" src=\"https:\/\/mk-kiens.com\/wp-content\/uploads\/2024\/06\/20180506-015-1980-1024x686.jpg\" alt=\"\" class=\"wp-image-2449\" srcset=\"https:\/\/mk-kiens.com\/wp-content\/uploads\/2024\/06\/20180506-015-1980-1024x686.jpg 1024w, https:\/\/mk-kiens.com\/wp-content\/uploads\/2024\/06\/20180506-015-1980-300x201.jpg 300w, https:\/\/mk-kiens.com\/wp-content\/uploads\/2024\/06\/20180506-015-1980-768x514.jpg 768w, https:\/\/mk-kiens.com\/wp-content\/uploads\/2024\/06\/20180506-015-1980-1536x1029.jpg 1536w, https:\/\/mk-kiens.com\/wp-content\/uploads\/2024\/06\/20180506-015-1980-2048x1372.jpg 2048w\" sizes=\"auto, (max-width: 1024px) 100vw, 1024px\" \/><figcaption class=\"wp-element-caption\">MK Kiens Jahr 1978 aufgenommen im Treitling. Hockend von links Johann und Bernhard (Bino) Kammerer\/Spangla, rechts Martin Gatterer\/Hilba, die Marketenderin (von links) Klara Silgener, Margareth Engl (Obohausa), dann sitzend von links Josef Gatterer\/Kruma, Ernst Liensberger\/G\u00e4nsebichla, Heinz Ploner, Graber Johann\/Schlossa, Holzer Franz\/Messna, Kapellmeister und Stabf\u00fchrer Konrad Seebacher, Oskar Hildgartner, Martin Lanthaler, Mair Alois\/Friesnbichla, Engl Paul (Einsiedel) und Hermann Plankensteiner\/Hausa. Stehend von links Johann Tinkhauser (Oachna in Zimat), Peter Kammerer (Grianbocha) , Robert Lanthaler, Franz Lanthaler, Werner Steiner, Hartmann Engl (Obohausa) , Otto Kammerer (Spangla) , Michael Lanthaler, Artur Kammerer, Josef Costa (Edl Peppe) , Fahnenpatin Frieda Engl (Metzga Frieda) und F\u00e4hnrich Volkmar Gr\u00fcner (F\u00f6rster). Letzte Reihe von links an der Tuba Roman Slomp, Albert Lechner (Wolda), Eduard Knapp (Kofla Edl), Josef Mair (Metzga), Siegfried Seeber (Klopfa Zipfl) und Johann Radm\u00fcller (Plaickna Hansl).<\/figcaption><\/figure>\n\n\n\n<figure class=\"wp-block-image size-large\"><img loading=\"lazy\" decoding=\"async\" width=\"1024\" height=\"717\" data-id=\"2446\" src=\"https:\/\/mk-kiens.com\/wp-content\/uploads\/2024\/06\/20180507_25-1024x717.jpg\" alt=\"\" class=\"wp-image-2446\" srcset=\"https:\/\/mk-kiens.com\/wp-content\/uploads\/2024\/06\/20180507_25-1024x717.jpg 1024w, https:\/\/mk-kiens.com\/wp-content\/uploads\/2024\/06\/20180507_25-300x210.jpg 300w, https:\/\/mk-kiens.com\/wp-content\/uploads\/2024\/06\/20180507_25-768x538.jpg 768w, https:\/\/mk-kiens.com\/wp-content\/uploads\/2024\/06\/20180507_25.jpg 1238w\" sizes=\"auto, (max-width: 1024px) 100vw, 1024px\" \/><figcaption class=\"wp-element-caption\">Primiz\/Prozession Walter Innerbichler Jahr 1964. die Prozession zieht gerade am Pottra Ehrenburg vorbei,<\/figcaption><\/figure>\n\n\n\n<figure class=\"wp-block-image size-large\"><img loading=\"lazy\" decoding=\"async\" width=\"1024\" height=\"768\" data-id=\"2450\" src=\"https:\/\/mk-kiens.com\/wp-content\/uploads\/2024\/06\/20180507_26-1024x768.jpg\" alt=\"\" class=\"wp-image-2450\" srcset=\"https:\/\/mk-kiens.com\/wp-content\/uploads\/2024\/06\/20180507_26-1024x768.jpg 1024w, https:\/\/mk-kiens.com\/wp-content\/uploads\/2024\/06\/20180507_26-300x225.jpg 300w, https:\/\/mk-kiens.com\/wp-content\/uploads\/2024\/06\/20180507_26-768x576.jpg 768w, https:\/\/mk-kiens.com\/wp-content\/uploads\/2024\/06\/20180507_26-1536x1152.jpg 1536w, https:\/\/mk-kiens.com\/wp-content\/uploads\/2024\/06\/20180507_26-2048x1536.jpg 2048w\" sizes=\"auto, (max-width: 1024px) 100vw, 1024px\" \/><figcaption class=\"wp-element-caption\">Pfarrer Walter Innerbichler wurde 1940 in Sand in T\u00e4ufers geboren. Nach seiner Ausbildung im Vinzentinum und im Priesterseminar in Brixen wurde er im Juni 1964 in Brixen zum Priester geweiht. Seine Primiz feierte er am 2. Juli 1964 in Ehrenburg. Hier h\u00e4lt die Prozession beim Altar am Gasthof Burga.<\/figcaption><\/figure>\n\n\n\n<figure class=\"wp-block-image size-large\"><img loading=\"lazy\" decoding=\"async\" width=\"1024\" height=\"705\" data-id=\"2451\" src=\"https:\/\/mk-kiens.com\/wp-content\/uploads\/2024\/06\/20180509_001-1024x705.jpg\" alt=\"\" class=\"wp-image-2451\" srcset=\"https:\/\/mk-kiens.com\/wp-content\/uploads\/2024\/06\/20180509_001-1024x705.jpg 1024w, https:\/\/mk-kiens.com\/wp-content\/uploads\/2024\/06\/20180509_001-300x207.jpg 300w, https:\/\/mk-kiens.com\/wp-content\/uploads\/2024\/06\/20180509_001-768x529.jpg 768w, https:\/\/mk-kiens.com\/wp-content\/uploads\/2024\/06\/20180509_001-1536x1058.jpg 1536w, https:\/\/mk-kiens.com\/wp-content\/uploads\/2024\/06\/20180509_001-2048x1410.jpg 2048w\" sizes=\"auto, (max-width: 1024px) 100vw, 1024px\" \/><figcaption class=\"wp-element-caption\">Feuerwehr Bezirkstag in Kiens Jahr 1962, Einzug von der Grundschule\/Obomair Brugge zur Kirche.\nNAch der Br\u00fccke und hinter der Feuerwehrmannschaft sieht man das alte Feuerwehrhaus von Kiens, welches so bis ins Jahr 1974 benutzt wurde. Oben sehen wir einen alten Fiat 600 und dahinter das Zuhause von Hartmann Engl\/Obohausa. Stabf\u00fchrer ist Emil Schweiger aus Bruneck (hat oft Aushilfe geleistet), welcher mit der MK Kiens immer ein gutes Verh\u00e4ltnis pflegte &#8211; besonders mit unserem Alt-Musikant und Ehrenmitglied Hans Hinteregger.<\/figcaption><\/figure>\n\n\n\n<figure class=\"wp-block-image size-large\"><img loading=\"lazy\" decoding=\"async\" width=\"1024\" height=\"704\" data-id=\"2452\" src=\"https:\/\/mk-kiens.com\/wp-content\/uploads\/2024\/06\/20180522-001-1968-Primiz-Pater-Albin-1024x704.jpg\" alt=\"\" class=\"wp-image-2452\" srcset=\"https:\/\/mk-kiens.com\/wp-content\/uploads\/2024\/06\/20180522-001-1968-Primiz-Pater-Albin-1024x704.jpg 1024w, https:\/\/mk-kiens.com\/wp-content\/uploads\/2024\/06\/20180522-001-1968-Primiz-Pater-Albin-300x206.jpg 300w, https:\/\/mk-kiens.com\/wp-content\/uploads\/2024\/06\/20180522-001-1968-Primiz-Pater-Albin-768x528.jpg 768w, https:\/\/mk-kiens.com\/wp-content\/uploads\/2024\/06\/20180522-001-1968-Primiz-Pater-Albin-1536x1055.jpg 1536w, https:\/\/mk-kiens.com\/wp-content\/uploads\/2024\/06\/20180522-001-1968-Primiz-Pater-Albin-2048x1407.jpg 2048w\" sizes=\"auto, (max-width: 1024px) 100vw, 1024px\" \/><figcaption class=\"wp-element-caption\">Primiz\/Prozession Pater Albin Peskoller im Jahr 1968. Von der Musikkapelle erkennt man links Stabf\u00fchrer Hans Hinteregger, Alois Mair\/Friesnbichla und Hermann Plankensteiner\/Hausa. An der Festansprache arbeitet Peter Gatterer\/Hilberwirt.<\/figcaption><\/figure>\n\n\n\n<figure class=\"wp-block-image size-large\"><img loading=\"lazy\" decoding=\"async\" width=\"1024\" height=\"701\" data-id=\"2453\" src=\"https:\/\/mk-kiens.com\/wp-content\/uploads\/2024\/06\/20180524-002-Primiz-1024x701.jpg\" alt=\"\" class=\"wp-image-2453\" srcset=\"https:\/\/mk-kiens.com\/wp-content\/uploads\/2024\/06\/20180524-002-Primiz-1024x701.jpg 1024w, https:\/\/mk-kiens.com\/wp-content\/uploads\/2024\/06\/20180524-002-Primiz-300x205.jpg 300w, https:\/\/mk-kiens.com\/wp-content\/uploads\/2024\/06\/20180524-002-Primiz-768x526.jpg 768w, https:\/\/mk-kiens.com\/wp-content\/uploads\/2024\/06\/20180524-002-Primiz-1536x1052.jpg 1536w, https:\/\/mk-kiens.com\/wp-content\/uploads\/2024\/06\/20180524-002-Primiz-2048x1402.jpg 2048w\" sizes=\"auto, (max-width: 1024px) 100vw, 1024px\" \/><figcaption class=\"wp-element-caption\">Primiz\/Prozession von Norbert Hans Slomp am 28.04. 1968: Vor der Bar Maridl\/Kammerer Bar wurde eine gro\u00dfe Triumpfpforte errichtet.<\/figcaption><\/figure>\n\n\n\n<figure class=\"wp-block-image size-large\"><img loading=\"lazy\" decoding=\"async\" width=\"1024\" height=\"703\" data-id=\"2455\" src=\"https:\/\/mk-kiens.com\/wp-content\/uploads\/2024\/06\/20180524-003-Primiz-1024x703.jpg\" alt=\"\" class=\"wp-image-2455\" srcset=\"https:\/\/mk-kiens.com\/wp-content\/uploads\/2024\/06\/20180524-003-Primiz-1024x703.jpg 1024w, https:\/\/mk-kiens.com\/wp-content\/uploads\/2024\/06\/20180524-003-Primiz-300x206.jpg 300w, https:\/\/mk-kiens.com\/wp-content\/uploads\/2024\/06\/20180524-003-Primiz-768x527.jpg 768w, https:\/\/mk-kiens.com\/wp-content\/uploads\/2024\/06\/20180524-003-Primiz-1536x1055.jpg 1536w, https:\/\/mk-kiens.com\/wp-content\/uploads\/2024\/06\/20180524-003-Primiz-2048x1407.jpg 2048w\" sizes=\"auto, (max-width: 1024px) 100vw, 1024px\" \/><figcaption class=\"wp-element-caption\">Primiz eines Neustifter Chorherrn In der Pfarrkirche seines Heimatortes Kiens feierte am 28. April der Neustifter Chorherr Norbert Hans Slomp sein Erstlingsopfer. Nach einem bewegten Studiengang von 17 Jahren erreichte der Neupriester nun sein nie aus dem Auge verlorenes Ziel. Die Sorge und das Gebet seiner Heimatpfarre haben ihn all die vielen Jahre hindurch begleitet.<\/figcaption><\/figure>\n\n\n\n<figure class=\"wp-block-image size-large\"><img loading=\"lazy\" decoding=\"async\" width=\"1024\" height=\"683\" data-id=\"2457\" src=\"https:\/\/mk-kiens.com\/wp-content\/uploads\/2024\/06\/20190607-001-1024x683.jpg\" alt=\"\" class=\"wp-image-2457\" srcset=\"https:\/\/mk-kiens.com\/wp-content\/uploads\/2024\/06\/20190607-001-1024x683.jpg 1024w, https:\/\/mk-kiens.com\/wp-content\/uploads\/2024\/06\/20190607-001-300x200.jpg 300w, https:\/\/mk-kiens.com\/wp-content\/uploads\/2024\/06\/20190607-001-768x512.jpg 768w, https:\/\/mk-kiens.com\/wp-content\/uploads\/2024\/06\/20190607-001-1536x1024.jpg 1536w, https:\/\/mk-kiens.com\/wp-content\/uploads\/2024\/06\/20190607-001-2048x1366.jpg 2048w\" sizes=\"auto, (max-width: 1024px) 100vw, 1024px\" \/><figcaption class=\"wp-element-caption\">Aufmarsch in Bruneck durch die Oberstadt.<\/figcaption><\/figure>\n\n\n\n<figure class=\"wp-block-image size-large\"><img loading=\"lazy\" decoding=\"async\" width=\"1024\" height=\"781\" data-id=\"2456\" src=\"https:\/\/mk-kiens.com\/wp-content\/uploads\/2024\/06\/hochzeit-1024x781.jpg\" alt=\"\" class=\"wp-image-2456\" srcset=\"https:\/\/mk-kiens.com\/wp-content\/uploads\/2024\/06\/hochzeit-1024x781.jpg 1024w, https:\/\/mk-kiens.com\/wp-content\/uploads\/2024\/06\/hochzeit-300x229.jpg 300w, https:\/\/mk-kiens.com\/wp-content\/uploads\/2024\/06\/hochzeit-768x586.jpg 768w, https:\/\/mk-kiens.com\/wp-content\/uploads\/2024\/06\/hochzeit.jpg 1499w\" sizes=\"auto, (max-width: 1024px) 100vw, 1024px\" \/><figcaption class=\"wp-element-caption\">Aufmarsch zur Hochzeit von Josef Mair\/Metzga Seppl und Frieda Engl\/Perchna Tochter im Jahre 1961. Zu sehen auch das Brautauto, ein wei\u00dfer Fiat 550er.\nDie Musikkapelle Kiens unter Stabf\u00fchrer Emil Schweiger aus Bruneck begleitet das Hochzeitspaar vom Unterdorf zur Kirche. Rechts sehen wir das alte G\u00e4nsebichlerhaus, das Zuhause unseres ehemaligen Klarinettisten Ernst Liensberger. Heute befindet sich dort die S\u00fcdtiroler Volksbank. Links davon in der Holzkonstruktion sehen wir einen alten Schuppen\/Lager und gegen vorne hin war die alte Carabinieristation \/das alte Carabinierihaus. Im Hintergrund an der anderen Seite der Hauptsra\u00dfe ist das alte Eisenkrumahaus zu sehen. Und vorne angebaut, wo sich Personen aufhalten, war ein kleines Schuhgesch\u00e4f. Heute steht dort das Haus von Ploner Peter, in welchem u.a. die Sparkasse untergebracht ist.\nVon den Musikanten erkennt man in der ersten Reihe von links Johann Tinkhauser\/Oachna und daneben sein Sohn Johann jun, dann Helmuth B\u00fcrgstaller, Fritz Crepaz aus Bruneck und Hermann Plankensteiner\/Hausa.\nIn der zweiten Reihe von links Peter Kammerer\/Grianbocha, an der Klarinette Leopold Falkensteiner\/Niedomoar und Ernst Liensberger\/G\u00e4nsebichla.<\/figcaption><\/figure>\n<\/figure>\n\n\n\n<hr class=\"wp-block-separator has-text-color has-alpha-channel-opacity has-background is-style-wide\" style=\"background-color:#355e3b;color:#355e3b\"\/>\n\n\n\n<h3 class=\"wp-block-heading has-text-color has-link-color wp-elements-85d6761ec8122e9df10a666c482ee10d\" style=\"color:#355e3b\">Im Buch auf Seite 71 &#8211; WERTUNGSSPIELE<\/h3>\n\n\n\n<div class=\"wp-block-buttons is-content-justification-center is-layout-flex wp-container-core-buttons-is-layout-16018d1d wp-block-buttons-is-layout-flex\">\n<div class=\"wp-block-button\"><a class=\"wp-block-button__link has-text-align-center wp-element-button\" href=\"https:\/\/mk-kiens.com\/index.php\/musikkapelle-kiens\/konzertwertung\/\"><strong><mark style=\"background-color:rgba(0, 0, 0, 0)\" class=\"has-inline-color has-white-color\">gehe zu eigenen Bericht auf unserer Webseite<\/mark><\/strong><\/a><\/div>\n<\/div>\n\n\n\n<p><\/p>\n\n\n\n<hr class=\"wp-block-separator has-text-color has-alpha-channel-opacity has-background is-style-wide\" style=\"background-color:#355e3b;color:#355e3b\"\/>\n\n\n\n<h3 class=\"wp-block-heading has-text-color has-link-color wp-elements-5b6cb007902fb2c9fc45f2111497e140\" style=\"color:#355e3b\">Im Buch auf Seite 73 &#8211; AUSFLUG WIEN<\/h3>\n\n\n\n<figure class=\"wp-block-gallery has-nested-images columns-default is-cropped wp-block-gallery-7 is-layout-flex wp-block-gallery-is-layout-flex\" id=\"qrarchiv4488\">\n<figure class=\"wp-block-image size-large\"><img loading=\"lazy\" decoding=\"async\" width=\"1013\" height=\"1024\" data-id=\"2484\" src=\"https:\/\/mk-kiens.com\/wp-content\/uploads\/2024\/06\/20180507_003-1985-wien-01-1013x1024.jpg\" alt=\"\" class=\"wp-image-2484\" srcset=\"https:\/\/mk-kiens.com\/wp-content\/uploads\/2024\/06\/20180507_003-1985-wien-01-1013x1024.jpg 1013w, https:\/\/mk-kiens.com\/wp-content\/uploads\/2024\/06\/20180507_003-1985-wien-01-297x300.jpg 297w, https:\/\/mk-kiens.com\/wp-content\/uploads\/2024\/06\/20180507_003-1985-wien-01-768x776.jpg 768w, https:\/\/mk-kiens.com\/wp-content\/uploads\/2024\/06\/20180507_003-1985-wien-01.jpg 1152w\" sizes=\"auto, (max-width: 1013px) 100vw, 1013px\" \/><figcaption class=\"wp-element-caption\">1985 im Wei\u00dfen Rossl am Wolfgangsee, Paul Engl\/Einsiedel, Mair Margit\/Metzga und Wolfgang Oberstaller.<\/figcaption><\/figure>\n\n\n\n<figure class=\"wp-block-image size-large\"><img loading=\"lazy\" decoding=\"async\" width=\"804\" height=\"1024\" data-id=\"2482\" src=\"https:\/\/mk-kiens.com\/wp-content\/uploads\/2024\/06\/20180507_004-1985-wien-02-804x1024.jpg\" alt=\"\" class=\"wp-image-2482\" srcset=\"https:\/\/mk-kiens.com\/wp-content\/uploads\/2024\/06\/20180507_004-1985-wien-02-804x1024.jpg 804w, https:\/\/mk-kiens.com\/wp-content\/uploads\/2024\/06\/20180507_004-1985-wien-02-235x300.jpg 235w, https:\/\/mk-kiens.com\/wp-content\/uploads\/2024\/06\/20180507_004-1985-wien-02-768x979.jpg 768w, https:\/\/mk-kiens.com\/wp-content\/uploads\/2024\/06\/20180507_004-1985-wien-02.jpg 1017w\" sizes=\"auto, (max-width: 804px) 100vw, 804px\" \/><figcaption class=\"wp-element-caption\">Musikausflug nach Wien Jahr 1985, Mair Margit\/Metzga, Engl Paul\/Einsiedel und Helene Seebacher.<\/figcaption><\/figure>\n\n\n\n<figure class=\"wp-block-image size-large\"><img loading=\"lazy\" decoding=\"async\" width=\"1021\" height=\"1024\" data-id=\"2483\" src=\"https:\/\/mk-kiens.com\/wp-content\/uploads\/2024\/06\/20180507_005-1985-wien-03-1021x1024.jpg\" alt=\"\" class=\"wp-image-2483\" srcset=\"https:\/\/mk-kiens.com\/wp-content\/uploads\/2024\/06\/20180507_005-1985-wien-03-1021x1024.jpg 1021w, https:\/\/mk-kiens.com\/wp-content\/uploads\/2024\/06\/20180507_005-1985-wien-03-300x300.jpg 300w, https:\/\/mk-kiens.com\/wp-content\/uploads\/2024\/06\/20180507_005-1985-wien-03-150x150.jpg 150w, https:\/\/mk-kiens.com\/wp-content\/uploads\/2024\/06\/20180507_005-1985-wien-03-768x770.jpg 768w, https:\/\/mk-kiens.com\/wp-content\/uploads\/2024\/06\/20180507_005-1985-wien-03.jpg 1152w\" sizes=\"auto, (max-width: 1021px) 100vw, 1021px\" \/><figcaption class=\"wp-element-caption\">Wolfsgangsee, R\u00fcckfahrt aus Wien Jahr 1985 links Mair Margit\/Metzga, mit Bart Paul Engl\/Einsiedel, Weger Johann\/Pronta afn Kienberg und Roman Slomp mit Brill.<\/figcaption><\/figure>\n\n\n\n<figure class=\"wp-block-image size-large\"><img loading=\"lazy\" decoding=\"async\" width=\"1024\" height=\"794\" data-id=\"2485\" src=\"https:\/\/mk-kiens.com\/wp-content\/uploads\/2024\/06\/20180507_006-1985-wien-04-1024x794.jpg\" alt=\"\" class=\"wp-image-2485\" srcset=\"https:\/\/mk-kiens.com\/wp-content\/uploads\/2024\/06\/20180507_006-1985-wien-04-1024x794.jpg 1024w, https:\/\/mk-kiens.com\/wp-content\/uploads\/2024\/06\/20180507_006-1985-wien-04-300x233.jpg 300w, https:\/\/mk-kiens.com\/wp-content\/uploads\/2024\/06\/20180507_006-1985-wien-04-768x596.jpg 768w, https:\/\/mk-kiens.com\/wp-content\/uploads\/2024\/06\/20180507_006-1985-wien-04.jpg 1323w\" sizes=\"auto, (max-width: 1024px) 100vw, 1024px\" \/><figcaption class=\"wp-element-caption\">Musikausflug nach Wien Jahr 1985 , hier im Park von Schloss Sch\u00f6nbrunn: Mair Margit\/Metzga, Slomp Roman und Helene Seebacher.<\/figcaption><\/figure>\n\n\n\n<figure class=\"wp-block-image size-large\"><img loading=\"lazy\" decoding=\"async\" width=\"1024\" height=\"778\" data-id=\"2486\" src=\"https:\/\/mk-kiens.com\/wp-content\/uploads\/2024\/06\/20180507_007-1985-wien-05-1024x778.jpg\" alt=\"\" class=\"wp-image-2486\" srcset=\"https:\/\/mk-kiens.com\/wp-content\/uploads\/2024\/06\/20180507_007-1985-wien-05-1024x778.jpg 1024w, https:\/\/mk-kiens.com\/wp-content\/uploads\/2024\/06\/20180507_007-1985-wien-05-300x228.jpg 300w, https:\/\/mk-kiens.com\/wp-content\/uploads\/2024\/06\/20180507_007-1985-wien-05-768x583.jpg 768w, https:\/\/mk-kiens.com\/wp-content\/uploads\/2024\/06\/20180507_007-1985-wien-05.jpg 1323w\" sizes=\"auto, (max-width: 1024px) 100vw, 1024px\" \/><figcaption class=\"wp-element-caption\">Musikausflug nach Wien Jahr 1985 , hier im Park von Schloss Sch\u00f6nbrunn:  Mair Margit, Frieda Engl und Helene Seebacher\/Koltnhausa.<\/figcaption><\/figure>\n\n\n\n<figure class=\"wp-block-image size-large\"><img loading=\"lazy\" decoding=\"async\" width=\"1024\" height=\"784\" data-id=\"2487\" src=\"https:\/\/mk-kiens.com\/wp-content\/uploads\/2024\/06\/20180507_008-1985-wien-06-1024x784.jpg\" alt=\"\" class=\"wp-image-2487\" srcset=\"https:\/\/mk-kiens.com\/wp-content\/uploads\/2024\/06\/20180507_008-1985-wien-06-1024x784.jpg 1024w, https:\/\/mk-kiens.com\/wp-content\/uploads\/2024\/06\/20180507_008-1985-wien-06-300x230.jpg 300w, https:\/\/mk-kiens.com\/wp-content\/uploads\/2024\/06\/20180507_008-1985-wien-06-768x588.jpg 768w, https:\/\/mk-kiens.com\/wp-content\/uploads\/2024\/06\/20180507_008-1985-wien-06.jpg 1317w\" sizes=\"auto, (max-width: 1024px) 100vw, 1024px\" \/><figcaption class=\"wp-element-caption\">Musikausflug nach Wien Jahr 1985 , hier im Park von Schloss Sch\u00f6nbrunn: Elfriede Engl (Einsiedel), Margit Mair\/Metzga und Helene Seebacher.<\/figcaption><\/figure>\n\n\n\n<figure class=\"wp-block-image size-large\"><img loading=\"lazy\" decoding=\"async\" width=\"1024\" height=\"689\" data-id=\"2495\" src=\"https:\/\/mk-kiens.com\/wp-content\/uploads\/2024\/06\/dia_0014-1024x689.jpg\" alt=\"\" class=\"wp-image-2495\" srcset=\"https:\/\/mk-kiens.com\/wp-content\/uploads\/2024\/06\/dia_0014-1024x689.jpg 1024w, https:\/\/mk-kiens.com\/wp-content\/uploads\/2024\/06\/dia_0014-300x202.jpg 300w, https:\/\/mk-kiens.com\/wp-content\/uploads\/2024\/06\/dia_0014-768x517.jpg 768w, https:\/\/mk-kiens.com\/wp-content\/uploads\/2024\/06\/dia_0014-1536x1034.jpg 1536w, https:\/\/mk-kiens.com\/wp-content\/uploads\/2024\/06\/dia_0014-2048x1378.jpg 2048w, https:\/\/mk-kiens.com\/wp-content\/uploads\/2024\/06\/dia_0014-400x270.jpg 400w\" sizes=\"auto, (max-width: 1024px) 100vw, 1024px\" \/><\/figure>\n\n\n\n<figure class=\"wp-block-image size-large\"><img loading=\"lazy\" decoding=\"async\" width=\"1024\" height=\"689\" data-id=\"2496\" src=\"https:\/\/mk-kiens.com\/wp-content\/uploads\/2024\/06\/dia_0190-1024x689.jpg\" alt=\"\" class=\"wp-image-2496\" srcset=\"https:\/\/mk-kiens.com\/wp-content\/uploads\/2024\/06\/dia_0190-1024x689.jpg 1024w, https:\/\/mk-kiens.com\/wp-content\/uploads\/2024\/06\/dia_0190-300x202.jpg 300w, https:\/\/mk-kiens.com\/wp-content\/uploads\/2024\/06\/dia_0190-768x517.jpg 768w, https:\/\/mk-kiens.com\/wp-content\/uploads\/2024\/06\/dia_0190-1536x1034.jpg 1536w, https:\/\/mk-kiens.com\/wp-content\/uploads\/2024\/06\/dia_0190-2048x1378.jpg 2048w, https:\/\/mk-kiens.com\/wp-content\/uploads\/2024\/06\/dia_0190-400x270.jpg 400w\" sizes=\"auto, (max-width: 1024px) 100vw, 1024px\" \/><\/figure>\n\n\n\n<figure class=\"wp-block-image size-large\"><img loading=\"lazy\" decoding=\"async\" width=\"1024\" height=\"689\" data-id=\"2488\" src=\"https:\/\/mk-kiens.com\/wp-content\/uploads\/2024\/06\/dia_0192-1024x689.jpg\" alt=\"\" class=\"wp-image-2488\" srcset=\"https:\/\/mk-kiens.com\/wp-content\/uploads\/2024\/06\/dia_0192-1024x689.jpg 1024w, https:\/\/mk-kiens.com\/wp-content\/uploads\/2024\/06\/dia_0192-300x202.jpg 300w, https:\/\/mk-kiens.com\/wp-content\/uploads\/2024\/06\/dia_0192-768x517.jpg 768w, https:\/\/mk-kiens.com\/wp-content\/uploads\/2024\/06\/dia_0192-1536x1034.jpg 1536w, https:\/\/mk-kiens.com\/wp-content\/uploads\/2024\/06\/dia_0192-2048x1378.jpg 2048w, https:\/\/mk-kiens.com\/wp-content\/uploads\/2024\/06\/dia_0192-400x270.jpg 400w\" sizes=\"auto, (max-width: 1024px) 100vw, 1024px\" \/><\/figure>\n\n\n\n<figure class=\"wp-block-image size-large\"><img loading=\"lazy\" decoding=\"async\" width=\"1024\" height=\"689\" data-id=\"2493\" src=\"https:\/\/mk-kiens.com\/wp-content\/uploads\/2024\/06\/dia_0193-1024x689.jpg\" alt=\"\" class=\"wp-image-2493\" srcset=\"https:\/\/mk-kiens.com\/wp-content\/uploads\/2024\/06\/dia_0193-1024x689.jpg 1024w, https:\/\/mk-kiens.com\/wp-content\/uploads\/2024\/06\/dia_0193-300x202.jpg 300w, https:\/\/mk-kiens.com\/wp-content\/uploads\/2024\/06\/dia_0193-768x517.jpg 768w, https:\/\/mk-kiens.com\/wp-content\/uploads\/2024\/06\/dia_0193-1536x1034.jpg 1536w, https:\/\/mk-kiens.com\/wp-content\/uploads\/2024\/06\/dia_0193-2048x1378.jpg 2048w, https:\/\/mk-kiens.com\/wp-content\/uploads\/2024\/06\/dia_0193-400x270.jpg 400w\" sizes=\"auto, (max-width: 1024px) 100vw, 1024px\" \/><\/figure>\n\n\n\n<figure class=\"wp-block-image size-large\"><img loading=\"lazy\" decoding=\"async\" width=\"1024\" height=\"689\" data-id=\"2491\" src=\"https:\/\/mk-kiens.com\/wp-content\/uploads\/2024\/06\/dia_0194_1-1024x689.jpg\" alt=\"\" class=\"wp-image-2491\" srcset=\"https:\/\/mk-kiens.com\/wp-content\/uploads\/2024\/06\/dia_0194_1-1024x689.jpg 1024w, https:\/\/mk-kiens.com\/wp-content\/uploads\/2024\/06\/dia_0194_1-300x202.jpg 300w, https:\/\/mk-kiens.com\/wp-content\/uploads\/2024\/06\/dia_0194_1-768x517.jpg 768w, https:\/\/mk-kiens.com\/wp-content\/uploads\/2024\/06\/dia_0194_1-1536x1034.jpg 1536w, https:\/\/mk-kiens.com\/wp-content\/uploads\/2024\/06\/dia_0194_1-2048x1378.jpg 2048w, https:\/\/mk-kiens.com\/wp-content\/uploads\/2024\/06\/dia_0194_1-400x270.jpg 400w\" sizes=\"auto, (max-width: 1024px) 100vw, 1024px\" \/><\/figure>\n\n\n\n<figure class=\"wp-block-image size-large\"><img loading=\"lazy\" decoding=\"async\" width=\"1024\" height=\"689\" data-id=\"2489\" src=\"https:\/\/mk-kiens.com\/wp-content\/uploads\/2024\/06\/dia_0196_1-1024x689.jpg\" alt=\"\" class=\"wp-image-2489\" srcset=\"https:\/\/mk-kiens.com\/wp-content\/uploads\/2024\/06\/dia_0196_1-1024x689.jpg 1024w, https:\/\/mk-kiens.com\/wp-content\/uploads\/2024\/06\/dia_0196_1-300x202.jpg 300w, https:\/\/mk-kiens.com\/wp-content\/uploads\/2024\/06\/dia_0196_1-768x517.jpg 768w, https:\/\/mk-kiens.com\/wp-content\/uploads\/2024\/06\/dia_0196_1-1536x1034.jpg 1536w, https:\/\/mk-kiens.com\/wp-content\/uploads\/2024\/06\/dia_0196_1-2048x1378.jpg 2048w, https:\/\/mk-kiens.com\/wp-content\/uploads\/2024\/06\/dia_0196_1-400x270.jpg 400w\" sizes=\"auto, (max-width: 1024px) 100vw, 1024px\" \/><figcaption class=\"wp-element-caption\">Die Musikkapelle besucht Wien, hier bei einem Zwischenstop unterwegs: Ganz links in Tracht und mit Bart Paul Engl\/Einsiedel, vorne in der Mitte Wolfgang Oberstaller, dahinter Johann Weger\/Pronta Hons, rechts davon der Aushilfstrompeter aus Pfalzen Walter Hainz\/Jochile.<\/figcaption><\/figure>\n\n\n\n<figure class=\"wp-block-image size-large\"><img loading=\"lazy\" decoding=\"async\" width=\"1024\" height=\"689\" data-id=\"2492\" src=\"https:\/\/mk-kiens.com\/wp-content\/uploads\/2024\/06\/dia_0197_1-1024x689.jpg\" alt=\"\" class=\"wp-image-2492\" srcset=\"https:\/\/mk-kiens.com\/wp-content\/uploads\/2024\/06\/dia_0197_1-1024x689.jpg 1024w, https:\/\/mk-kiens.com\/wp-content\/uploads\/2024\/06\/dia_0197_1-300x202.jpg 300w, https:\/\/mk-kiens.com\/wp-content\/uploads\/2024\/06\/dia_0197_1-768x517.jpg 768w, https:\/\/mk-kiens.com\/wp-content\/uploads\/2024\/06\/dia_0197_1-1536x1034.jpg 1536w, https:\/\/mk-kiens.com\/wp-content\/uploads\/2024\/06\/dia_0197_1-2048x1378.jpg 2048w, https:\/\/mk-kiens.com\/wp-content\/uploads\/2024\/06\/dia_0197_1-400x270.jpg 400w\" sizes=\"auto, (max-width: 1024px) 100vw, 1024px\" \/><figcaption class=\"wp-element-caption\">Zwischenstop am R\u00fcckweg beim Stanglwirt Nahe Kitzb\u00fchel: Do Aushilfstrompeter Hainz Walter\/Jochile aus Pfalzen raft mit dem Goa\u00dfbock um die Gunst der Gai\u00dfen??<\/figcaption><\/figure>\n\n\n\n<figure class=\"wp-block-image size-large\"><img loading=\"lazy\" decoding=\"async\" width=\"1024\" height=\"689\" data-id=\"2494\" src=\"https:\/\/mk-kiens.com\/wp-content\/uploads\/2024\/06\/dia_0204_1-1024x689.jpg\" alt=\"\" class=\"wp-image-2494\" srcset=\"https:\/\/mk-kiens.com\/wp-content\/uploads\/2024\/06\/dia_0204_1-1024x689.jpg 1024w, https:\/\/mk-kiens.com\/wp-content\/uploads\/2024\/06\/dia_0204_1-300x202.jpg 300w, https:\/\/mk-kiens.com\/wp-content\/uploads\/2024\/06\/dia_0204_1-768x517.jpg 768w, https:\/\/mk-kiens.com\/wp-content\/uploads\/2024\/06\/dia_0204_1-1536x1034.jpg 1536w, https:\/\/mk-kiens.com\/wp-content\/uploads\/2024\/06\/dia_0204_1-2048x1378.jpg 2048w, https:\/\/mk-kiens.com\/wp-content\/uploads\/2024\/06\/dia_0204_1-400x270.jpg 400w\" sizes=\"auto, (max-width: 1024px) 100vw, 1024px\" \/><figcaption class=\"wp-element-caption\">Beim Stanglwirt in Going n\u00e4he Kitzb\u00fchel, von links die Marketenderin Margareth Engl\/Obohausa, Roman Slomp, Margit Mair\/Metzga und Helene Seebacher\/Koltnhausa, dann ganz links Peter Kammerer\/Grianbocha, rechts davon Leopold Falkensteiner\/Niedomoar, weiter rechts\/in der Mitte mit Brille Josef Gatterer\/Kruma Seppl, rechts davon mit wei\u00dfem Haar Alois Mair\/Friesenbichla, dneben mit Bart sehen wir Volkmar Gr\u00fcner, der N\u00e4chste rechts ist Johann Radm\u00fcller\/Plaickna Hansl und ganz rechts Otto Kammerer\/Spangla,<\/figcaption><\/figure>\n\n\n\n<figure class=\"wp-block-image size-large\"><img loading=\"lazy\" decoding=\"async\" width=\"1024\" height=\"689\" data-id=\"2490\" src=\"https:\/\/mk-kiens.com\/wp-content\/uploads\/2024\/06\/dia_0205_1-1024x689.jpg\" alt=\"\" class=\"wp-image-2490\" srcset=\"https:\/\/mk-kiens.com\/wp-content\/uploads\/2024\/06\/dia_0205_1-1024x689.jpg 1024w, https:\/\/mk-kiens.com\/wp-content\/uploads\/2024\/06\/dia_0205_1-300x202.jpg 300w, https:\/\/mk-kiens.com\/wp-content\/uploads\/2024\/06\/dia_0205_1-768x517.jpg 768w, https:\/\/mk-kiens.com\/wp-content\/uploads\/2024\/06\/dia_0205_1-1536x1034.jpg 1536w, https:\/\/mk-kiens.com\/wp-content\/uploads\/2024\/06\/dia_0205_1-2048x1378.jpg 2048w, https:\/\/mk-kiens.com\/wp-content\/uploads\/2024\/06\/dia_0205_1-400x270.jpg 400w\" sizes=\"auto, (max-width: 1024px) 100vw, 1024px\" \/><figcaption class=\"wp-element-caption\">Zwischenstopp am R\u00fcckweg beim Stanglwirt in Going N\u00e4he Kitzb\u00fchel: Hinten links sitzt mit Volkmar Gr\u00fcner und rechts davon mit wei\u00dfem Haar und Brille Hans Hinteregger, in der Mitte unterwegs Wolfgang Oberstaller, dann in Zivil Heinz Ploner und rechts davon Paul Engl\/Einsiedel,<\/figcaption><\/figure>\n<\/figure>\n\n\n\n<hr class=\"wp-block-separator has-text-color has-alpha-channel-opacity has-background is-style-wide\" style=\"background-color:#355e3b;color:#355e3b\"\/>\n\n\n\n<h3 class=\"wp-block-heading has-text-color has-link-color wp-elements-3e061155dbbe20c4d268f1371303e042\" style=\"color:#355e3b\">Im Buch auf Seite 74 &#8211; AUSFLUG NACH KUSTERDINGEN<\/h3>\n\n\n\n<figure class=\"wp-block-gallery has-nested-images columns-default is-cropped wp-block-gallery-8 is-layout-flex wp-block-gallery-is-layout-flex\" id=\"qrarchiv2212\">\n<figure class=\"wp-block-image size-large\"><img loading=\"lazy\" decoding=\"async\" width=\"557\" height=\"1024\" data-id=\"2501\" src=\"https:\/\/mk-kiens.com\/wp-content\/uploads\/2024\/06\/1950_3-557x1024.jpg\" alt=\"\" class=\"wp-image-2501\" srcset=\"https:\/\/mk-kiens.com\/wp-content\/uploads\/2024\/06\/1950_3-557x1024.jpg 557w, https:\/\/mk-kiens.com\/wp-content\/uploads\/2024\/06\/1950_3-163x300.jpg 163w, https:\/\/mk-kiens.com\/wp-content\/uploads\/2024\/06\/1950_3-768x1412.jpg 768w, https:\/\/mk-kiens.com\/wp-content\/uploads\/2024\/06\/1950_3.jpg 832w\" sizes=\"auto, (max-width: 557px) 100vw, 557px\" \/><figcaption class=\"wp-element-caption\">Ausflug nach Kusterdingen im Jahre 1961, hier beim Besuch der B\u00e4renh\u00f6hle.\nJohann Kammerer (Grianboch Hansl), Eduard Knapp (Kofla Edl) und Josef Mair (Metzga Seppl).<\/figcaption><\/figure>\n\n\n\n<figure class=\"wp-block-image size-large\"><img loading=\"lazy\" decoding=\"async\" width=\"1024\" height=\"608\" data-id=\"2503\" src=\"https:\/\/mk-kiens.com\/wp-content\/uploads\/2024\/06\/1952_2-1024x608.jpg\" alt=\"\" class=\"wp-image-2503\" srcset=\"https:\/\/mk-kiens.com\/wp-content\/uploads\/2024\/06\/1952_2-1024x608.jpg 1024w, https:\/\/mk-kiens.com\/wp-content\/uploads\/2024\/06\/1952_2-300x178.jpg 300w, https:\/\/mk-kiens.com\/wp-content\/uploads\/2024\/06\/1952_2-768x456.jpg 768w, https:\/\/mk-kiens.com\/wp-content\/uploads\/2024\/06\/1952_2.jpg 1351w\" sizes=\"auto, (max-width: 1024px) 100vw, 1024px\" \/><figcaption class=\"wp-element-caption\">1974 vom 14. bis 18. Juni, wieder Mal bei unserer Partnerkapelle in Kusterdingen zu Gast. Fahnentr\u00e4ger Josef Huber (Winklbeck), die Marketenderin links ist Nocker Maridl und rechts Plaickner Waltraud mit dem Stabf\u00fchrer Hans Hinteregger.<\/figcaption><\/figure>\n\n\n\n<figure class=\"wp-block-image size-large\"><img loading=\"lazy\" decoding=\"async\" width=\"1024\" height=\"659\" data-id=\"2502\" src=\"https:\/\/mk-kiens.com\/wp-content\/uploads\/2024\/06\/20170904-17-1024x659.jpg\" alt=\"\" class=\"wp-image-2502\" srcset=\"https:\/\/mk-kiens.com\/wp-content\/uploads\/2024\/06\/20170904-17-1024x659.jpg 1024w, https:\/\/mk-kiens.com\/wp-content\/uploads\/2024\/06\/20170904-17-300x193.jpg 300w, https:\/\/mk-kiens.com\/wp-content\/uploads\/2024\/06\/20170904-17-768x494.jpg 768w, https:\/\/mk-kiens.com\/wp-content\/uploads\/2024\/06\/20170904-17-1536x989.jpg 1536w, https:\/\/mk-kiens.com\/wp-content\/uploads\/2024\/06\/20170904-17-2048x1318.jpg 2048w\" sizes=\"auto, (max-width: 1024px) 100vw, 1024px\" \/><figcaption class=\"wp-element-caption\">Ausflug nach Kusterdingen im Jahre 1961, hier beim Besuch der B\u00e4renh\u00f6hle.\nVon Links: Falkensteiner Leopold\/Niedomoar, Mair Alois\/Friesenbichla, Holzer Hermann\/Tuscha, do B\u00e4r und B\u00e4rin, Hildgartner Leopold\/Kofla und Plankensteiner Hermann\/Hausa.<\/figcaption><\/figure>\n\n\n\n<figure class=\"wp-block-image size-large\"><img loading=\"lazy\" decoding=\"async\" width=\"1024\" height=\"723\" data-id=\"2519\" src=\"https:\/\/mk-kiens.com\/wp-content\/uploads\/2024\/06\/20170912-11-1024x723.jpg\" alt=\"\" class=\"wp-image-2519\" srcset=\"https:\/\/mk-kiens.com\/wp-content\/uploads\/2024\/06\/20170912-11-1024x723.jpg 1024w, https:\/\/mk-kiens.com\/wp-content\/uploads\/2024\/06\/20170912-11-300x212.jpg 300w, https:\/\/mk-kiens.com\/wp-content\/uploads\/2024\/06\/20170912-11-768x542.jpg 768w, https:\/\/mk-kiens.com\/wp-content\/uploads\/2024\/06\/20170912-11-1536x1084.jpg 1536w, https:\/\/mk-kiens.com\/wp-content\/uploads\/2024\/06\/20170912-11-2048x1446.jpg 2048w\" sizes=\"auto, (max-width: 1024px) 100vw, 1024px\" \/><figcaption class=\"wp-element-caption\">Musikausflug Kusterdingen im Jahr 1984 zu deren 60 j\u00e4hrigem Jubil\u00e4um, hier beim abschlie\u00dfenden Gemeinschaftsspiel mit dem Musikverein Kusterdingen. Bei genauem Hinh\u00f6ren erkennt man &#8222;Mein Heimatland&#8220; von Sepp Thaler.\nVon links an den Klarinetten Josef Gatterer\/Kruma Seppl, Gerlinde Oberstaller, Helmuth Gatterer\/Helli, Leopold Falkensteiner\/Niedomoar, Mair Siegfried\/Ochsntreiba, Alfons Tinkhauser\/Oachna und do Heinz Ploner.\nIn der zweiten Reihe am Fl\u00fcgelhorn Auer Helmuth\/Genno und Mair Alois\/Friesenbichla. Rechts unten an der Trompete Weger Johann\/Pronta Hons, in der n\u00e4chsten Reihe am Horn Siessl Karlheinz, Engl Martha\/ Kerbla, an den Tschinellen Konrad Seebacher\/Koltnhausa und an der gro\u00dfen Trommel Hans Kammerer\/Spangla.<\/figcaption><\/figure>\n\n\n\n<figure class=\"wp-block-image size-large\"><img loading=\"lazy\" decoding=\"async\" width=\"675\" height=\"1024\" data-id=\"2506\" src=\"https:\/\/mk-kiens.com\/wp-content\/uploads\/2024\/06\/20171027-002-675x1024.jpg\" alt=\"\" class=\"wp-image-2506\" srcset=\"https:\/\/mk-kiens.com\/wp-content\/uploads\/2024\/06\/20171027-002-675x1024.jpg 675w, https:\/\/mk-kiens.com\/wp-content\/uploads\/2024\/06\/20171027-002-198x300.jpg 198w, https:\/\/mk-kiens.com\/wp-content\/uploads\/2024\/06\/20171027-002-768x1165.jpg 768w, https:\/\/mk-kiens.com\/wp-content\/uploads\/2024\/06\/20171027-002-1012x1536.jpg 1012w, https:\/\/mk-kiens.com\/wp-content\/uploads\/2024\/06\/20171027-002-1350x2048.jpg 1350w, https:\/\/mk-kiens.com\/wp-content\/uploads\/2024\/06\/20171027-002-scaled.jpg 1687w\" sizes=\"auto, (max-width: 675px) 100vw, 675px\" \/><figcaption class=\"wp-element-caption\">F\u00e4hnrich Engl Franz\/Einsiedel mit Gamper Eduard aus Feldthurns (damals Aushilfskapellmeister) vor dem Festzelt in Kusterdingen.<\/figcaption><\/figure>\n\n\n\n<figure class=\"wp-block-image size-large\"><img loading=\"lazy\" decoding=\"async\" width=\"1024\" height=\"756\" data-id=\"2513\" src=\"https:\/\/mk-kiens.com\/wp-content\/uploads\/2024\/06\/20180311_007-1024x756.jpg\" alt=\"\" class=\"wp-image-2513\" srcset=\"https:\/\/mk-kiens.com\/wp-content\/uploads\/2024\/06\/20180311_007-1024x756.jpg 1024w, https:\/\/mk-kiens.com\/wp-content\/uploads\/2024\/06\/20180311_007-300x221.jpg 300w, https:\/\/mk-kiens.com\/wp-content\/uploads\/2024\/06\/20180311_007-768x567.jpg 768w, https:\/\/mk-kiens.com\/wp-content\/uploads\/2024\/06\/20180311_007-1536x1134.jpg 1536w, https:\/\/mk-kiens.com\/wp-content\/uploads\/2024\/06\/20180311_007-2048x1512.jpg 2048w\" sizes=\"auto, (max-width: 1024px) 100vw, 1024px\" \/><figcaption class=\"wp-element-caption\">Einzug der MK Kiens in Kusterdingen Jahr 1964 im Juni. Von links: Marketenderin Maria Putzer\/Rubner Midl, Aushilfsstabf\u00fchrer Emil Schwaiger aus Bruneck und rechts Gertraud Lamprecht\/Gossnwirts Traudl.<\/figcaption><\/figure>\n\n\n\n<figure class=\"wp-block-image size-large\"><img loading=\"lazy\" decoding=\"async\" width=\"1024\" height=\"727\" data-id=\"2509\" src=\"https:\/\/mk-kiens.com\/wp-content\/uploads\/2024\/06\/20180311_008-1024x727.jpg\" alt=\"\" class=\"wp-image-2509\" srcset=\"https:\/\/mk-kiens.com\/wp-content\/uploads\/2024\/06\/20180311_008-1024x727.jpg 1024w, https:\/\/mk-kiens.com\/wp-content\/uploads\/2024\/06\/20180311_008-300x213.jpg 300w, https:\/\/mk-kiens.com\/wp-content\/uploads\/2024\/06\/20180311_008-768x545.jpg 768w, https:\/\/mk-kiens.com\/wp-content\/uploads\/2024\/06\/20180311_008-1536x1091.jpg 1536w, https:\/\/mk-kiens.com\/wp-content\/uploads\/2024\/06\/20180311_008-2048x1455.jpg 2048w\" sizes=\"auto, (max-width: 1024px) 100vw, 1024px\" \/><figcaption class=\"wp-element-caption\">Am Dorfplatz in Kusterdingen Juni 1964<\/figcaption><\/figure>\n\n\n\n<figure class=\"wp-block-image size-large\"><img loading=\"lazy\" decoding=\"async\" width=\"1024\" height=\"677\" data-id=\"2518\" src=\"https:\/\/mk-kiens.com\/wp-content\/uploads\/2024\/06\/20180402-003-1024x677.jpg\" alt=\"\" class=\"wp-image-2518\" srcset=\"https:\/\/mk-kiens.com\/wp-content\/uploads\/2024\/06\/20180402-003-1024x677.jpg 1024w, https:\/\/mk-kiens.com\/wp-content\/uploads\/2024\/06\/20180402-003-300x198.jpg 300w, https:\/\/mk-kiens.com\/wp-content\/uploads\/2024\/06\/20180402-003-768x508.jpg 768w, https:\/\/mk-kiens.com\/wp-content\/uploads\/2024\/06\/20180402-003-1536x1015.jpg 1536w, https:\/\/mk-kiens.com\/wp-content\/uploads\/2024\/06\/20180402-003-2048x1354.jpg 2048w\" sizes=\"auto, (max-width: 1024px) 100vw, 1024px\" \/><figcaption class=\"wp-element-caption\">von links nach rechts : Gatterer Helmut (Helli), Oberstaller Theo und Innerhofer Josef (Gatscha), welcher seinem geleerten Bierglas einen ehrvollen Blick erteilt, nachdem er mit diesem Freundschaft geschlossen hatte.<\/figcaption><\/figure>\n\n\n\n<figure class=\"wp-block-image size-large\"><img loading=\"lazy\" decoding=\"async\" width=\"1024\" height=\"672\" data-id=\"2504\" src=\"https:\/\/mk-kiens.com\/wp-content\/uploads\/2024\/06\/20180507_018-199x_auflug_01-1024x672.jpg\" alt=\"\" class=\"wp-image-2504\" srcset=\"https:\/\/mk-kiens.com\/wp-content\/uploads\/2024\/06\/20180507_018-199x_auflug_01-1024x672.jpg 1024w, https:\/\/mk-kiens.com\/wp-content\/uploads\/2024\/06\/20180507_018-199x_auflug_01-300x197.jpg 300w, https:\/\/mk-kiens.com\/wp-content\/uploads\/2024\/06\/20180507_018-199x_auflug_01-768x504.jpg 768w, https:\/\/mk-kiens.com\/wp-content\/uploads\/2024\/06\/20180507_018-199x_auflug_01-1536x1007.jpg 1536w, https:\/\/mk-kiens.com\/wp-content\/uploads\/2024\/06\/20180507_018-199x_auflug_01.jpg 1761w\" sizes=\"auto, (max-width: 1024px) 100vw, 1024px\" \/><figcaption class=\"wp-element-caption\">Unsere Musikanten Paul Engl, Hannes Kammerer und Alex Silbernagl beim Neinern in ein einer hiesigen Fleischerei.<\/figcaption><\/figure>\n\n\n\n<figure class=\"wp-block-image size-large\"><img loading=\"lazy\" decoding=\"async\" width=\"1024\" height=\"733\" data-id=\"2505\" src=\"https:\/\/mk-kiens.com\/wp-content\/uploads\/2024\/06\/20180517-004-1024x733.jpg\" alt=\"\" class=\"wp-image-2505\" srcset=\"https:\/\/mk-kiens.com\/wp-content\/uploads\/2024\/06\/20180517-004-1024x733.jpg 1024w, https:\/\/mk-kiens.com\/wp-content\/uploads\/2024\/06\/20180517-004-300x215.jpg 300w, https:\/\/mk-kiens.com\/wp-content\/uploads\/2024\/06\/20180517-004-768x549.jpg 768w, https:\/\/mk-kiens.com\/wp-content\/uploads\/2024\/06\/20180517-004-1536x1099.jpg 1536w, https:\/\/mk-kiens.com\/wp-content\/uploads\/2024\/06\/20180517-004-2048x1465.jpg 2048w\" sizes=\"auto, (max-width: 1024px) 100vw, 1024px\" \/><figcaption class=\"wp-element-caption\">Kusterdingen im Jahr 1964.\nVon links die Marketenderin Unterkircher Hermine aus Ehrenburg (die Frau van Niedomoar Ferdl), Putzer Maria\/Rubner Midl, Aushilfs\/Stabf\u00fchrer Emil Schweiger aus Bruneck, Lamprecht Gertraud\/Gossnwirts Traudl und Maria Plankensteiner\/Hausa Maridl.<\/figcaption><\/figure>\n\n\n\n<figure class=\"wp-block-image size-large\"><img loading=\"lazy\" decoding=\"async\" width=\"1024\" height=\"695\" data-id=\"2510\" src=\"https:\/\/mk-kiens.com\/wp-content\/uploads\/2024\/06\/20180524-001-Kusterdingen-1984-1024x695.jpg\" alt=\"\" class=\"wp-image-2510\" srcset=\"https:\/\/mk-kiens.com\/wp-content\/uploads\/2024\/06\/20180524-001-Kusterdingen-1984-1024x695.jpg 1024w, https:\/\/mk-kiens.com\/wp-content\/uploads\/2024\/06\/20180524-001-Kusterdingen-1984-300x204.jpg 300w, https:\/\/mk-kiens.com\/wp-content\/uploads\/2024\/06\/20180524-001-Kusterdingen-1984-768x522.jpg 768w, https:\/\/mk-kiens.com\/wp-content\/uploads\/2024\/06\/20180524-001-Kusterdingen-1984-1536x1043.jpg 1536w, https:\/\/mk-kiens.com\/wp-content\/uploads\/2024\/06\/20180524-001-Kusterdingen-1984-2048x1391.jpg 2048w, https:\/\/mk-kiens.com\/wp-content\/uploads\/2024\/06\/20180524-001-Kusterdingen-1984-400x270.jpg 400w\" sizes=\"auto, (max-width: 1024px) 100vw, 1024px\" \/><figcaption class=\"wp-element-caption\">Die Kiena Musik war Gast bei Ihrer Partnerkapelle Kusterdingen im Jahr 1984. Unter der Leitung des Kapellmeister Florian Leitner wurde zu Ehren ihres 60-j\u00e4hrigen Jubil\u00e4ums ein Konzert im Festzelt abgehalten.<\/figcaption><\/figure>\n\n\n\n<figure class=\"wp-block-image size-large\"><img loading=\"lazy\" decoding=\"async\" width=\"619\" height=\"1024\" data-id=\"2512\" src=\"https:\/\/mk-kiens.com\/wp-content\/uploads\/2024\/06\/20180530-01-kusterdingen-1964-619x1024.jpg\" alt=\"\" class=\"wp-image-2512\" srcset=\"https:\/\/mk-kiens.com\/wp-content\/uploads\/2024\/06\/20180530-01-kusterdingen-1964-619x1024.jpg 619w, https:\/\/mk-kiens.com\/wp-content\/uploads\/2024\/06\/20180530-01-kusterdingen-1964-181x300.jpg 181w, https:\/\/mk-kiens.com\/wp-content\/uploads\/2024\/06\/20180530-01-kusterdingen-1964-768x1270.jpg 768w, https:\/\/mk-kiens.com\/wp-content\/uploads\/2024\/06\/20180530-01-kusterdingen-1964-929x1536.jpg 929w, https:\/\/mk-kiens.com\/wp-content\/uploads\/2024\/06\/20180530-01-kusterdingen-1964-1238x2048.jpg 1238w, https:\/\/mk-kiens.com\/wp-content\/uploads\/2024\/06\/20180530-01-kusterdingen-1964-scaled.jpg 1548w\" sizes=\"auto, (max-width: 619px) 100vw, 619px\" \/><figcaption class=\"wp-element-caption\">Pressebericht von der Jubil\u00e4umsfeier in Kusterdingen<\/figcaption><\/figure>\n\n\n\n<figure class=\"wp-block-image size-large\"><img loading=\"lazy\" decoding=\"async\" width=\"1024\" height=\"556\" data-id=\"2525\" src=\"https:\/\/mk-kiens.com\/wp-content\/uploads\/2024\/06\/20180530-02-kusterdingen-1964-1024x556.jpg\" alt=\"\" class=\"wp-image-2525\" srcset=\"https:\/\/mk-kiens.com\/wp-content\/uploads\/2024\/06\/20180530-02-kusterdingen-1964-1024x556.jpg 1024w, https:\/\/mk-kiens.com\/wp-content\/uploads\/2024\/06\/20180530-02-kusterdingen-1964-300x163.jpg 300w, https:\/\/mk-kiens.com\/wp-content\/uploads\/2024\/06\/20180530-02-kusterdingen-1964-768x417.jpg 768w, https:\/\/mk-kiens.com\/wp-content\/uploads\/2024\/06\/20180530-02-kusterdingen-1964-1536x834.jpg 1536w, https:\/\/mk-kiens.com\/wp-content\/uploads\/2024\/06\/20180530-02-kusterdingen-1964-2048x1112.jpg 2048w\" sizes=\"auto, (max-width: 1024px) 100vw, 1024px\" \/><figcaption class=\"wp-element-caption\">Empfang am Rathausplatz bei unserer Partnerkapelle in Kusterdingen Jahr 1964.<\/figcaption><\/figure>\n\n\n\n<figure class=\"wp-block-image size-large\"><img loading=\"lazy\" decoding=\"async\" width=\"1024\" height=\"672\" data-id=\"2507\" src=\"https:\/\/mk-kiens.com\/wp-content\/uploads\/2024\/06\/20180530-03-kusterdingen-1966-1024x672.jpg\" alt=\"\" class=\"wp-image-2507\" srcset=\"https:\/\/mk-kiens.com\/wp-content\/uploads\/2024\/06\/20180530-03-kusterdingen-1966-1024x672.jpg 1024w, https:\/\/mk-kiens.com\/wp-content\/uploads\/2024\/06\/20180530-03-kusterdingen-1966-300x197.jpg 300w, https:\/\/mk-kiens.com\/wp-content\/uploads\/2024\/06\/20180530-03-kusterdingen-1966-768x504.jpg 768w, https:\/\/mk-kiens.com\/wp-content\/uploads\/2024\/06\/20180530-03-kusterdingen-1966-1536x1008.jpg 1536w, https:\/\/mk-kiens.com\/wp-content\/uploads\/2024\/06\/20180530-03-kusterdingen-1966-2048x1344.jpg 2048w\" sizes=\"auto, (max-width: 1024px) 100vw, 1024px\" \/><figcaption class=\"wp-element-caption\">Die MK Kiens auf Besuch bei der Partnerkapelle Kusterdingen ( Schwabenland ) im  Jahre 1966 mit Fahnentr\u00e4ger Hubert Obermair als Aushilfe und Stabf\u00fchrer Hans Hinteregger. Die Marketenderinnen hei\u00dft Berta Plankensteiner\/Hausarechts und &#8230; links.\nDolomiten 01.08.1966 Seite 10, unvollst\u00e4ndig: &#8222;Vor kurzemunternahmen die Mu sikkapelle von Kiens, die Freiwillige Feuerwehr von Ehrenburg, die Schuhplattlergruppe von Ehrenburg sowie das Profanter-Trio aus Brixen und dio drei Gebr\u00fcder Putzer aus Vinti einen mehrt\u00e4gigen Ausflug nach Kusterdingen in der Schw\u00e4 bischen Alb, um dort einen Gegen besuch abzustatten und sich zugleich am 10. Kreisfeuerwehrtag des Land kreises T\u00fcbingen in Kusterdingen zu beteiligen. Auf der Hinfahrt, die f\u00fcr alle Fahrtg\u00e4ste ein gro\u00dfes Erlebnis dar stellte, wurde in Augsburg der erste l\u00e4ngere Aufenthalt genommen. An schlie\u00dfend ging die Fahrt \u00fcber Ulm und Reutlingen nach Kusterdingen. Zum Empfang der S\u00fcdtiroler G\u00e4ste hatten sich der Musikverein Kuster dingen, der Spielmannszug der Frei willigen Feuerwehr und viele Ein heimische eingefunden. Unter klin gendem Spiel wurden die Puster taler zum Rathausplatz begleitet, wo sie B\u00fcrgermeister Kindler und dann auch Feuerwehrkommandant Walter Nerz mit herzlichen Worten und mit der Ueberreichung von Blumenk\u00f6r ben willkommen hie\u00df. Eine beinahe un\u00fcbersehbare Men schenmenge spendete st\u00fcrmischen Applaus. Nach der Ankunft beim Festzelt wurde der Auftakt zu einem reichhaltigen und abwechslungsrei chen Festprogramm mit Konzerten, Darbietungen der Volkstumsgruppen und humoristischen Einlagen ge geben. F\u00fcr den folgenden Montag war eine Besichtigung der Stadt vorge sehen. Am Nachmittag unterhielten Jugendliche von Kusterdingen die S\u00fcdtiroler G\u00e4ste durch sportliche Wettk\u00e4mpfe. F\u00fcr den Abend dessel ben Tages war im Festzelt der gro\u00dfe\n\n. Der Begr\u00fc\u00dfungsfestabend, der im gro\u00dfen Zelt statt-fand, vereinte mehr als dreitausend Personen, darunter auch die S\u00fcdtiroler Gastgruppen und die Feuerwehrm\u00e4<\/figcaption><\/figure>\n\n\n\n<figure class=\"wp-block-image size-large\"><img loading=\"lazy\" decoding=\"async\" width=\"1024\" height=\"721\" data-id=\"2515\" src=\"https:\/\/mk-kiens.com\/wp-content\/uploads\/2024\/06\/20180530-04-kusterdingen-1999-1024x721.jpg\" alt=\"\" class=\"wp-image-2515\" srcset=\"https:\/\/mk-kiens.com\/wp-content\/uploads\/2024\/06\/20180530-04-kusterdingen-1999-1024x721.jpg 1024w, https:\/\/mk-kiens.com\/wp-content\/uploads\/2024\/06\/20180530-04-kusterdingen-1999-300x211.jpg 300w, https:\/\/mk-kiens.com\/wp-content\/uploads\/2024\/06\/20180530-04-kusterdingen-1999-768x541.jpg 768w, https:\/\/mk-kiens.com\/wp-content\/uploads\/2024\/06\/20180530-04-kusterdingen-1999-1536x1081.jpg 1536w, https:\/\/mk-kiens.com\/wp-content\/uploads\/2024\/06\/20180530-04-kusterdingen-1999-2048x1442.jpg 2048w\" sizes=\"auto, (max-width: 1024px) 100vw, 1024px\" \/><figcaption class=\"wp-element-caption\">Umzug in Kusterdingen (Schwabenland) bei unserer Partnerkapelle im Jahre 1999. Fahnentr\u00e4ger ist Franz Engl (Einsiedel) , die Marketenderin links ist Atzwanger Waldtraud, Stabf\u00fchrer Oskar Hildgartner und die Marketenderin rechts ist Fischnaller Deborah. Von den Musikanten erkennt man noch in der ersten Reihe von links Hannes Kammerer\/Tenorhorn, Ivan Holzer und Paul Engl\/Einsiedel am Fl\u00fcgelhorn, Marlene Plankensteiner\/Hausa und Heinz Ploner an der Klarinette, dahinter in der zweiten Reihe von rechts erkennt man noch Siegfried Mair\/Ochsentreiber, Sabine Unterpertinger, Karin Obexer, Sigrid Willeit und Engl Michael (Einsiedel) am Tenorhorn, in der dritten Reihe links der lachende Musikant der nach rechts schaut ist Josef Innerhofer\/Gatscha.\n\nAus dem Tagblatt &#8222;Dolomiten&#8220; vom 08.09.1999 liest man: MUSIK\/Besuch &#8211; Ausflug nach Kusterdingen Musikkapelle Kiens besucht Kapelle in Schwaben Musikalische Gr\u00fc\u00dfe aus S\u00fcdtirol brachte die Musikkapelle Kiens ins schw\u00e4bische Kusterdingen. \nDie Musikkapelle Kiens unternahm k\u00fcrzlich einen Ausflug nach Kusterdingen, einer schw\u00e4bischen Gemeinde, etwa 70 Kilometer von Stuttgart entfernt. Schon seit 1961 besteht eine Patenschaft zwischen den Musikkapellen beider Orte. Anl\u00e4sslich des 75j\u00e4hrigen Bestehens des Musikvereins Kusterdingen wurde ein gro\u00dfes Fest veranstaltet, bei dem die Patenkapelle Kiens nat\u00fcrlich nicht fehlen durfte. Der Obmann des Musikvereins Kusterdingen, Robert Mozer, dr\u00fcckte in der Begr\u00fc\u00dfung seine Freude dar\u00fcber aus, dass \u00fcber so viele Jahre und Kilometer hinweg die innige Freundschaft nach wie vor gepflegt und durch gegenseitige Besuche aufgefrischt werde. Erst am sp\u00e4ten Abend kam die Musikkapelle Kiens musikalisch zum Zug und gab ein Konzert. Anschlie\u00dfend hockte man sich mit den Kusterdinger Freun den zusammen und verbrachte in geselliger Runde gem\u00fctliche Stunden. Bei einem Krug schw\u00e4bischen Bieres wurden einerseits alte Bekanntschaften neu belebt, andererseits neue Kontakte gekn\u00fcpft. Am darauffol<\/figcaption><\/figure>\n\n\n\n<figure class=\"wp-block-image size-large\"><img loading=\"lazy\" decoding=\"async\" width=\"1024\" height=\"683\" data-id=\"2511\" src=\"https:\/\/mk-kiens.com\/wp-content\/uploads\/2024\/06\/20180530-05-mv-kusterdingen-2007-1024x683.jpg\" alt=\"\" class=\"wp-image-2511\" srcset=\"https:\/\/mk-kiens.com\/wp-content\/uploads\/2024\/06\/20180530-05-mv-kusterdingen-2007-1024x683.jpg 1024w, https:\/\/mk-kiens.com\/wp-content\/uploads\/2024\/06\/20180530-05-mv-kusterdingen-2007-300x200.jpg 300w, https:\/\/mk-kiens.com\/wp-content\/uploads\/2024\/06\/20180530-05-mv-kusterdingen-2007-768x512.jpg 768w, https:\/\/mk-kiens.com\/wp-content\/uploads\/2024\/06\/20180530-05-mv-kusterdingen-2007-1536x1024.jpg 1536w, https:\/\/mk-kiens.com\/wp-content\/uploads\/2024\/06\/20180530-05-mv-kusterdingen-2007-2048x1365.jpg 2048w\" sizes=\"auto, (max-width: 1024px) 100vw, 1024px\" \/><figcaption class=\"wp-element-caption\">Die Mitglieder und Mitgliederinnen des Musikvereins Kusterdingen 2007.<\/figcaption><\/figure>\n\n\n\n<figure class=\"wp-block-image size-large\"><img loading=\"lazy\" decoding=\"async\" width=\"867\" height=\"1024\" data-id=\"2508\" src=\"https:\/\/mk-kiens.com\/wp-content\/uploads\/2024\/06\/20191230110117177-867x1024.jpg\" alt=\"\" class=\"wp-image-2508\" srcset=\"https:\/\/mk-kiens.com\/wp-content\/uploads\/2024\/06\/20191230110117177-867x1024.jpg 867w, https:\/\/mk-kiens.com\/wp-content\/uploads\/2024\/06\/20191230110117177-254x300.jpg 254w, https:\/\/mk-kiens.com\/wp-content\/uploads\/2024\/06\/20191230110117177-768x907.jpg 768w, https:\/\/mk-kiens.com\/wp-content\/uploads\/2024\/06\/20191230110117177-1301x1536.jpg 1301w, https:\/\/mk-kiens.com\/wp-content\/uploads\/2024\/06\/20191230110117177.jpg 1498w\" sizes=\"auto, (max-width: 867px) 100vw, 867px\" \/><\/figure>\n\n\n\n<figure class=\"wp-block-image size-large\"><img loading=\"lazy\" decoding=\"async\" width=\"1024\" height=\"689\" data-id=\"2516\" src=\"https:\/\/mk-kiens.com\/wp-content\/uploads\/2024\/06\/dia_0018-1024x689.jpg\" alt=\"\" class=\"wp-image-2516\" srcset=\"https:\/\/mk-kiens.com\/wp-content\/uploads\/2024\/06\/dia_0018-1024x689.jpg 1024w, https:\/\/mk-kiens.com\/wp-content\/uploads\/2024\/06\/dia_0018-300x202.jpg 300w, https:\/\/mk-kiens.com\/wp-content\/uploads\/2024\/06\/dia_0018-768x517.jpg 768w, https:\/\/mk-kiens.com\/wp-content\/uploads\/2024\/06\/dia_0018-1536x1034.jpg 1536w, https:\/\/mk-kiens.com\/wp-content\/uploads\/2024\/06\/dia_0018-2048x1378.jpg 2048w, https:\/\/mk-kiens.com\/wp-content\/uploads\/2024\/06\/dia_0018-400x270.jpg 400w\" sizes=\"auto, (max-width: 1024px) 100vw, 1024px\" \/><figcaption class=\"wp-element-caption\">Kurze Pause zwischen den St\u00fccken&#8230;<\/figcaption><\/figure>\n\n\n\n<figure class=\"wp-block-image size-large\"><img loading=\"lazy\" decoding=\"async\" width=\"1024\" height=\"689\" data-id=\"2520\" src=\"https:\/\/mk-kiens.com\/wp-content\/uploads\/2024\/06\/dia_0108-1024x689.jpg\" alt=\"\" class=\"wp-image-2520\" srcset=\"https:\/\/mk-kiens.com\/wp-content\/uploads\/2024\/06\/dia_0108-1024x689.jpg 1024w, https:\/\/mk-kiens.com\/wp-content\/uploads\/2024\/06\/dia_0108-300x202.jpg 300w, https:\/\/mk-kiens.com\/wp-content\/uploads\/2024\/06\/dia_0108-768x517.jpg 768w, https:\/\/mk-kiens.com\/wp-content\/uploads\/2024\/06\/dia_0108-1536x1034.jpg 1536w, https:\/\/mk-kiens.com\/wp-content\/uploads\/2024\/06\/dia_0108-2048x1378.jpg 2048w, https:\/\/mk-kiens.com\/wp-content\/uploads\/2024\/06\/dia_0108-400x270.jpg 400w\" sizes=\"auto, (max-width: 1024px) 100vw, 1024px\" \/><figcaption class=\"wp-element-caption\">Auf dem Weg ins Festzelt nach dem Umzug &#8211; Jubil\u00e4um MV Kusterdingen 75 Jahre im Jahr 1999<\/figcaption><\/figure>\n\n\n\n<figure class=\"wp-block-image size-large\"><img loading=\"lazy\" decoding=\"async\" width=\"1024\" height=\"689\" data-id=\"2524\" src=\"https:\/\/mk-kiens.com\/wp-content\/uploads\/2024\/06\/dia_0109-1024x689.jpg\" alt=\"\" class=\"wp-image-2524\" srcset=\"https:\/\/mk-kiens.com\/wp-content\/uploads\/2024\/06\/dia_0109-1024x689.jpg 1024w, https:\/\/mk-kiens.com\/wp-content\/uploads\/2024\/06\/dia_0109-300x202.jpg 300w, https:\/\/mk-kiens.com\/wp-content\/uploads\/2024\/06\/dia_0109-768x517.jpg 768w, https:\/\/mk-kiens.com\/wp-content\/uploads\/2024\/06\/dia_0109-1536x1034.jpg 1536w, https:\/\/mk-kiens.com\/wp-content\/uploads\/2024\/06\/dia_0109-2048x1378.jpg 2048w, https:\/\/mk-kiens.com\/wp-content\/uploads\/2024\/06\/dia_0109-400x270.jpg 400w\" sizes=\"auto, (max-width: 1024px) 100vw, 1024px\" \/><figcaption class=\"wp-element-caption\">Nach dem Umzug dirigiert ausnahmsweise Oskar Hildgartner. Links davon an der Klarinette Eduard Gamper, damals als Aushilfe aus Feldthurns, dahinter am Fl\u00fcgelhorn Ivan Holzer, vorne mit Bart an der Klarinette Heinz Ploner, rechts davon Leopold Falkensteiner\/Niedomoar, Marlen Plankensteiner\/Hausa, Sigrid Willleit und die Marketenderin Deborah Fischnaller. In der zweiten Reihe von rechts an der Trompete mit Brille Christian Obexer, Martin Tinkhauser\/Oachna und Helmut Silbernagel. Dritte Reihe von rechts am Horn Markus Auer und weiter links Andreas Messner\/Ando. In der vierten Reihe von rechts an der Posaune Hartmann Engl\/Obohausa und mit Brille Hannes Obexer, in der Mitte ganz hinten mit Hut erkennt man noch Johann Mair\/Metzga.<\/figcaption><\/figure>\n\n\n\n<figure class=\"wp-block-image size-large\"><img loading=\"lazy\" decoding=\"async\" width=\"1024\" height=\"689\" data-id=\"2523\" src=\"https:\/\/mk-kiens.com\/wp-content\/uploads\/2024\/06\/dia_0179-1024x689.jpg\" alt=\"\" class=\"wp-image-2523\" srcset=\"https:\/\/mk-kiens.com\/wp-content\/uploads\/2024\/06\/dia_0179-1024x689.jpg 1024w, https:\/\/mk-kiens.com\/wp-content\/uploads\/2024\/06\/dia_0179-300x202.jpg 300w, https:\/\/mk-kiens.com\/wp-content\/uploads\/2024\/06\/dia_0179-768x517.jpg 768w, https:\/\/mk-kiens.com\/wp-content\/uploads\/2024\/06\/dia_0179-1536x1034.jpg 1536w, https:\/\/mk-kiens.com\/wp-content\/uploads\/2024\/06\/dia_0179-2048x1378.jpg 2048w, https:\/\/mk-kiens.com\/wp-content\/uploads\/2024\/06\/dia_0179-400x270.jpg 400w\" sizes=\"auto, (max-width: 1024px) 100vw, 1024px\" \/><figcaption class=\"wp-element-caption\">Nach der Pflicht folgte das Vergn\u00fcgen.<\/figcaption><\/figure>\n\n\n\n<figure class=\"wp-block-image size-large\"><img loading=\"lazy\" decoding=\"async\" width=\"1024\" height=\"689\" data-id=\"2522\" src=\"https:\/\/mk-kiens.com\/wp-content\/uploads\/2024\/06\/dia_0180-1024x689.jpg\" alt=\"\" class=\"wp-image-2522\" srcset=\"https:\/\/mk-kiens.com\/wp-content\/uploads\/2024\/06\/dia_0180-1024x689.jpg 1024w, https:\/\/mk-kiens.com\/wp-content\/uploads\/2024\/06\/dia_0180-300x202.jpg 300w, https:\/\/mk-kiens.com\/wp-content\/uploads\/2024\/06\/dia_0180-768x517.jpg 768w, https:\/\/mk-kiens.com\/wp-content\/uploads\/2024\/06\/dia_0180-1536x1034.jpg 1536w, https:\/\/mk-kiens.com\/wp-content\/uploads\/2024\/06\/dia_0180-2048x1378.jpg 2048w, https:\/\/mk-kiens.com\/wp-content\/uploads\/2024\/06\/dia_0180-400x270.jpg 400w\" sizes=\"auto, (max-width: 1024px) 100vw, 1024px\" \/><figcaption class=\"wp-element-caption\">Die verdiente St\u00e4rkung wird genossen: Den R\u00fccken zeigt Johann Mair\/Metzga, aihm gegen\u00fcber von links Kapellmeister Florian Leitner aus Pfunders, Josef Costa\/Edl Peppe, Alfons Tinkhauser\/Oachna und ganz rechts Josef Gatterer\/Kruma Seppl.<\/figcaption><\/figure>\n\n\n\n<figure class=\"wp-block-image size-large\"><img loading=\"lazy\" decoding=\"async\" width=\"1024\" height=\"689\" data-id=\"2514\" src=\"https:\/\/mk-kiens.com\/wp-content\/uploads\/2024\/06\/dia_0182-1024x689.jpg\" alt=\"\" class=\"wp-image-2514\" srcset=\"https:\/\/mk-kiens.com\/wp-content\/uploads\/2024\/06\/dia_0182-1024x689.jpg 1024w, https:\/\/mk-kiens.com\/wp-content\/uploads\/2024\/06\/dia_0182-300x202.jpg 300w, https:\/\/mk-kiens.com\/wp-content\/uploads\/2024\/06\/dia_0182-768x517.jpg 768w, https:\/\/mk-kiens.com\/wp-content\/uploads\/2024\/06\/dia_0182-1536x1034.jpg 1536w, https:\/\/mk-kiens.com\/wp-content\/uploads\/2024\/06\/dia_0182-2048x1378.jpg 2048w, https:\/\/mk-kiens.com\/wp-content\/uploads\/2024\/06\/dia_0182-400x270.jpg 400w\" sizes=\"auto, (max-width: 1024px) 100vw, 1024px\" \/><figcaption class=\"wp-element-caption\">Die Musikkapelle Kiens feiert mit der Partnerkapelle ihr 60 j\u00e4hriges Bestehen.\nVorne am Fl\u00fcgelhorn ist Alois Mair\/Friesenbichla, dann ganz rechts am Horn Alexander Silbernagel, Karlheinz Siessl, Martha Engl\/Kerbla, am Begleitinstrument mit Brille Josef Mair\/Metzga, Josef Innerhofer, Toni Leitner, Wolfgang Oberstaller und links davon mit Brille Peter Kammerer\/Grianbocha, hinten rechts mit schwarzem Haar an der Posaune Hartmann Engl\/Obohausa und daneben mit hoher Stirn Oskar Hildgartner, dahinter stehend Johann Mair\/Metzga, an der gro\u00dfen Trommel do Kammra Hons und an den Tschinellen rechts Konrad Seebacher\/Koltnhausa, der Tubist mit Brille hei\u00dft Roman Slomp und daneben sitzt Johann Hinteregger.<\/figcaption><\/figure>\n\n\n\n<figure class=\"wp-block-image size-large\"><img loading=\"lazy\" decoding=\"async\" width=\"1024\" height=\"689\" data-id=\"2517\" src=\"https:\/\/mk-kiens.com\/wp-content\/uploads\/2024\/06\/dia_0188-1024x689.jpg\" alt=\"\" class=\"wp-image-2517\" srcset=\"https:\/\/mk-kiens.com\/wp-content\/uploads\/2024\/06\/dia_0188-1024x689.jpg 1024w, https:\/\/mk-kiens.com\/wp-content\/uploads\/2024\/06\/dia_0188-300x202.jpg 300w, https:\/\/mk-kiens.com\/wp-content\/uploads\/2024\/06\/dia_0188-768x517.jpg 768w, https:\/\/mk-kiens.com\/wp-content\/uploads\/2024\/06\/dia_0188-1536x1034.jpg 1536w, https:\/\/mk-kiens.com\/wp-content\/uploads\/2024\/06\/dia_0188-2048x1378.jpg 2048w, https:\/\/mk-kiens.com\/wp-content\/uploads\/2024\/06\/dia_0188-400x270.jpg 400w\" sizes=\"auto, (max-width: 1024px) 100vw, 1024px\" \/><figcaption class=\"wp-element-caption\">Busfohrn isch ollm luschtig&#8230;<\/figcaption><\/figure>\n\n\n\n<figure class=\"wp-block-image size-large\"><img loading=\"lazy\" decoding=\"async\" width=\"689\" height=\"1024\" data-id=\"2526\" src=\"https:\/\/mk-kiens.com\/wp-content\/uploads\/2024\/06\/dia_0191-689x1024.jpg\" alt=\"\" class=\"wp-image-2526\" srcset=\"https:\/\/mk-kiens.com\/wp-content\/uploads\/2024\/06\/dia_0191-689x1024.jpg 689w, https:\/\/mk-kiens.com\/wp-content\/uploads\/2024\/06\/dia_0191-202x300.jpg 202w, https:\/\/mk-kiens.com\/wp-content\/uploads\/2024\/06\/dia_0191-768x1141.jpg 768w, https:\/\/mk-kiens.com\/wp-content\/uploads\/2024\/06\/dia_0191-1034x1536.jpg 1034w, https:\/\/mk-kiens.com\/wp-content\/uploads\/2024\/06\/dia_0191-1378x2048.jpg 1378w, https:\/\/mk-kiens.com\/wp-content\/uploads\/2024\/06\/dia_0191-scaled.jpg 1723w\" sizes=\"auto, (max-width: 689px) 100vw, 689px\" \/><figcaption class=\"wp-element-caption\">&#8230;unterwegs&#8230;Oskar \u00dcberschrieb &#8222;Ausflug nach Chiemsee\/Prien  Jahr 1980 mit Busreisen Harrasser \/V\u00f6lsa aus Kiens&#8220;, am Bus steht aber Kusterdingen&#8230;<\/figcaption><\/figure>\n\n\n\n<figure class=\"wp-block-image size-large\"><img loading=\"lazy\" decoding=\"async\" width=\"1024\" height=\"689\" data-id=\"2528\" src=\"https:\/\/mk-kiens.com\/wp-content\/uploads\/2024\/06\/dia_0200-1024x689.jpg\" alt=\"\" class=\"wp-image-2528\" srcset=\"https:\/\/mk-kiens.com\/wp-content\/uploads\/2024\/06\/dia_0200-1024x689.jpg 1024w, https:\/\/mk-kiens.com\/wp-content\/uploads\/2024\/06\/dia_0200-300x202.jpg 300w, https:\/\/mk-kiens.com\/wp-content\/uploads\/2024\/06\/dia_0200-768x517.jpg 768w, https:\/\/mk-kiens.com\/wp-content\/uploads\/2024\/06\/dia_0200-1536x1034.jpg 1536w, https:\/\/mk-kiens.com\/wp-content\/uploads\/2024\/06\/dia_0200-2048x1378.jpg 2048w, https:\/\/mk-kiens.com\/wp-content\/uploads\/2024\/06\/dia_0200-400x270.jpg 400w\" sizes=\"auto, (max-width: 1024px) 100vw, 1024px\" \/><figcaption class=\"wp-element-caption\">Nach getaner Arbeit versammelten sich die Freunde zum Essen, um gemeinsam die Momente des Tages zu reflektieren. An der Tafel sitzen Oskar Hildgartner, Paul Enge\/Einsiedel, Hans Hinteregger, Roman Slomp und Peter Kammerer\/Grianbocha. In gem\u00fctlicher Runde teilen sie nicht nur Mahlzeiten, sondern auch Erinnerungen und Geschichten, die das Zusammengeh\u00f6rigkeitsgef\u00fchl weiter st\u00e4rken.<\/figcaption><\/figure>\n\n\n\n<figure class=\"wp-block-image size-large\"><img loading=\"lazy\" decoding=\"async\" width=\"1024\" height=\"689\" data-id=\"2527\" src=\"https:\/\/mk-kiens.com\/wp-content\/uploads\/2024\/06\/dia_0206-1024x689.jpg\" alt=\"\" class=\"wp-image-2527\" srcset=\"https:\/\/mk-kiens.com\/wp-content\/uploads\/2024\/06\/dia_0206-1024x689.jpg 1024w, https:\/\/mk-kiens.com\/wp-content\/uploads\/2024\/06\/dia_0206-300x202.jpg 300w, https:\/\/mk-kiens.com\/wp-content\/uploads\/2024\/06\/dia_0206-768x517.jpg 768w, https:\/\/mk-kiens.com\/wp-content\/uploads\/2024\/06\/dia_0206-1536x1034.jpg 1536w, https:\/\/mk-kiens.com\/wp-content\/uploads\/2024\/06\/dia_0206-2048x1378.jpg 2048w, https:\/\/mk-kiens.com\/wp-content\/uploads\/2024\/06\/dia_0206-400x270.jpg 400w\" sizes=\"auto, (max-width: 1024px) 100vw, 1024px\" \/><figcaption class=\"wp-element-caption\">Von links den R\u00fccken zeigend Roman Slomp, Hans Hinteregger, Paul Engl\/Einsiedel und Oskar Hildgartner, auf gegen\u00fcber liegenden Seite von links sitzt Martha Engl\/Kerbla, mit Schnauzer Franz Engl\/Einsiedel, &#8230;, dann die Marketenderinnen Margareth Falkensteiner\/Gassenwirt und Margit Mair\/Metzga.<\/figcaption><\/figure>\n\n\n\n<figure class=\"wp-block-image size-large\"><img loading=\"lazy\" decoding=\"async\" width=\"1024\" height=\"734\" data-id=\"2521\" src=\"https:\/\/mk-kiens.com\/wp-content\/uploads\/2024\/06\/IMG_20230110_180540-1-1024x734.jpg\" alt=\"\" class=\"wp-image-2521\" srcset=\"https:\/\/mk-kiens.com\/wp-content\/uploads\/2024\/06\/IMG_20230110_180540-1-1024x734.jpg 1024w, https:\/\/mk-kiens.com\/wp-content\/uploads\/2024\/06\/IMG_20230110_180540-1-300x215.jpg 300w, https:\/\/mk-kiens.com\/wp-content\/uploads\/2024\/06\/IMG_20230110_180540-1-768x551.jpg 768w, https:\/\/mk-kiens.com\/wp-content\/uploads\/2024\/06\/IMG_20230110_180540-1-1536x1102.jpg 1536w, https:\/\/mk-kiens.com\/wp-content\/uploads\/2024\/06\/IMG_20230110_180540-1-2048x1469.jpg 2048w\" sizes=\"auto, (max-width: 1024px) 100vw, 1024px\" \/><figcaption class=\"wp-element-caption\">Die MK Kiens auf Besuch bei der Partnerkapelle Kusterdingen ( Schwabenland ) im  Jahre 1966 mit Fahnentr\u00e4ger Hubert Obermair als Aushilfe und Stabf\u00fchrer Hans Hinteregger. Die Marketenderinnen hei\u00dft Berta Plankensteiner\/Hausarechts und &#8230; links.<\/figcaption><\/figure>\n<\/figure>\n\n\n\n<hr class=\"wp-block-separator has-text-color has-alpha-channel-opacity has-background is-style-wide\" style=\"background-color:#355e3b;color:#355e3b\"\/>\n\n\n\n<h3 class=\"wp-block-heading has-text-color has-link-color wp-elements-198c8a5ddc12c7ca98f4725231ccbf4a\" style=\"color:#355e3b\">Im Buch auf Seite 77 &#8211; DIE 80er<\/h3>\n\n\n\n<figure class=\"wp-block-gallery has-nested-images columns-default is-cropped wp-block-gallery-9 is-layout-flex wp-block-gallery-is-layout-flex\" id=\"qrarchiv1789\">\n<figure class=\"wp-block-image size-large\"><img loading=\"lazy\" decoding=\"async\" width=\"638\" height=\"1024\" data-id=\"2536\" src=\"https:\/\/mk-kiens.com\/wp-content\/uploads\/2024\/06\/1986_-638x1024.jpg\" alt=\"\" class=\"wp-image-2536\" srcset=\"https:\/\/mk-kiens.com\/wp-content\/uploads\/2024\/06\/1986_-638x1024.jpg 638w, https:\/\/mk-kiens.com\/wp-content\/uploads\/2024\/06\/1986_-187x300.jpg 187w, https:\/\/mk-kiens.com\/wp-content\/uploads\/2024\/06\/1986_-768x1232.jpg 768w, https:\/\/mk-kiens.com\/wp-content\/uploads\/2024\/06\/1986_-958x1536.jpg 958w, https:\/\/mk-kiens.com\/wp-content\/uploads\/2024\/06\/1986_.jpg 1068w\" sizes=\"auto, (max-width: 638px) 100vw, 638px\" \/><figcaption class=\"wp-element-caption\">Die Marketenderinn rechts Margareth Falkensteiner\/Gossnwirt und links Margit Mair\/Metzga ban Kirschtakropfn vokafn im Jahr 1986.<\/figcaption><\/figure>\n\n\n\n<figure class=\"wp-block-image size-large\"><img loading=\"lazy\" decoding=\"async\" width=\"1024\" height=\"620\" data-id=\"2532\" src=\"https:\/\/mk-kiens.com\/wp-content\/uploads\/2024\/06\/1986_30.juli_opa-1024x620.jpg\" alt=\"\" class=\"wp-image-2532\" srcset=\"https:\/\/mk-kiens.com\/wp-content\/uploads\/2024\/06\/1986_30.juli_opa-1024x620.jpg 1024w, https:\/\/mk-kiens.com\/wp-content\/uploads\/2024\/06\/1986_30.juli_opa-300x182.jpg 300w, https:\/\/mk-kiens.com\/wp-content\/uploads\/2024\/06\/1986_30.juli_opa-768x465.jpg 768w, https:\/\/mk-kiens.com\/wp-content\/uploads\/2024\/06\/1986_30.juli_opa-1536x930.jpg 1536w, https:\/\/mk-kiens.com\/wp-content\/uploads\/2024\/06\/1986_30.juli_opa.jpg 1744w\" sizes=\"auto, (max-width: 1024px) 100vw, 1024px\" \/><figcaption class=\"wp-element-caption\">Gratulation Johann Tinkhauser\/Oachna zum 80er. Rechts davon der Obmann Josef Mair, dahinter am Fl\u00fcgelhorn Hermann Plankensteiner, daneben Paul Engl\/Einsiedel, an der Tuba hinten Roman Slomp, vor der Tuba rechts wo man nur das Gesicht sieht ist Bernhard Mair\/Brunelleschi und links davon Gerlinde Oberstaller, die in die T\u00fcrkei ausgewandert ist. Hinter der Frau vom Jubilar erkennt man noch den Heinz Ploner.<\/figcaption><\/figure>\n\n\n\n<figure class=\"wp-block-image size-large\"><img loading=\"lazy\" decoding=\"async\" width=\"1024\" height=\"688\" data-id=\"2575\" src=\"https:\/\/mk-kiens.com\/wp-content\/uploads\/2024\/06\/1988_hochzeit-1024x688.jpg\" alt=\"\" class=\"wp-image-2575\" srcset=\"https:\/\/mk-kiens.com\/wp-content\/uploads\/2024\/06\/1988_hochzeit-1024x688.jpg 1024w, https:\/\/mk-kiens.com\/wp-content\/uploads\/2024\/06\/1988_hochzeit-300x202.jpg 300w, https:\/\/mk-kiens.com\/wp-content\/uploads\/2024\/06\/1988_hochzeit-768x516.jpg 768w, https:\/\/mk-kiens.com\/wp-content\/uploads\/2024\/06\/1988_hochzeit-1536x1032.jpg 1536w, https:\/\/mk-kiens.com\/wp-content\/uploads\/2024\/06\/1988_hochzeit-2048x1376.jpg 2048w, https:\/\/mk-kiens.com\/wp-content\/uploads\/2024\/06\/1988_hochzeit-400x270.jpg 400w\" sizes=\"auto, (max-width: 1024px) 100vw, 1024px\" \/><figcaption class=\"wp-element-caption\">Mair Margit mit Hubert Mairvongrasspeinten Jahr 1988<\/figcaption><\/figure>\n\n\n\n<figure class=\"wp-block-image size-large\"><img loading=\"lazy\" decoding=\"async\" width=\"1024\" height=\"669\" data-id=\"2533\" src=\"https:\/\/mk-kiens.com\/wp-content\/uploads\/2024\/06\/1988_hochzeit_03-1024x669.jpg\" alt=\"\" class=\"wp-image-2533\" srcset=\"https:\/\/mk-kiens.com\/wp-content\/uploads\/2024\/06\/1988_hochzeit_03-1024x669.jpg 1024w, https:\/\/mk-kiens.com\/wp-content\/uploads\/2024\/06\/1988_hochzeit_03-300x196.jpg 300w, https:\/\/mk-kiens.com\/wp-content\/uploads\/2024\/06\/1988_hochzeit_03-768x502.jpg 768w, https:\/\/mk-kiens.com\/wp-content\/uploads\/2024\/06\/1988_hochzeit_03.jpg 1534w\" sizes=\"auto, (max-width: 1024px) 100vw, 1024px\" \/><figcaption class=\"wp-element-caption\">Mair Margit mit Hubert Mairvongrasspeinten Jahr 1988<\/figcaption><\/figure>\n\n\n\n<figure class=\"wp-block-image size-large\"><img loading=\"lazy\" decoding=\"async\" width=\"1024\" height=\"721\" data-id=\"2535\" src=\"https:\/\/mk-kiens.com\/wp-content\/uploads\/2024\/06\/1988_hochzeit_04-1024x721.jpg\" alt=\"\" class=\"wp-image-2535\" srcset=\"https:\/\/mk-kiens.com\/wp-content\/uploads\/2024\/06\/1988_hochzeit_04-1024x721.jpg 1024w, https:\/\/mk-kiens.com\/wp-content\/uploads\/2024\/06\/1988_hochzeit_04-300x211.jpg 300w, https:\/\/mk-kiens.com\/wp-content\/uploads\/2024\/06\/1988_hochzeit_04-768x540.jpg 768w, https:\/\/mk-kiens.com\/wp-content\/uploads\/2024\/06\/1988_hochzeit_04.jpg 1421w\" sizes=\"auto, (max-width: 1024px) 100vw, 1024px\" \/><figcaption class=\"wp-element-caption\">Mair Margit Jahr 1988 am Kirchplatz, die Kapelle wartet auf das Brautpaar. Stabf\u00fchrer Konrad Seebacher, am Tenorhorn links Wolfgang Oberstaller, dahinter Josef Innerhofer, mit den wei\u00dfen Stutzen Dora Niederkofler, hinter dem Stabf\u00fchrer an der Klarinette ist Siegfried Mair, rechts davon Paul Engl, dann Hermann Plankensteiner und dahinter am Fl\u00fcgelhorn Theo Oberstaller, ganz hinten an der gro\u00dfen Trommel erkennt man noch Paul Gatterer (Kruma).<\/figcaption><\/figure>\n\n\n\n<figure class=\"wp-block-image size-large\"><img loading=\"lazy\" decoding=\"async\" width=\"1024\" height=\"680\" data-id=\"2549\" src=\"https:\/\/mk-kiens.com\/wp-content\/uploads\/2024\/06\/1997_hochzeit_hansi_02-1024x680.jpg\" alt=\"\" class=\"wp-image-2549\" srcset=\"https:\/\/mk-kiens.com\/wp-content\/uploads\/2024\/06\/1997_hochzeit_hansi_02-1024x680.jpg 1024w, https:\/\/mk-kiens.com\/wp-content\/uploads\/2024\/06\/1997_hochzeit_hansi_02-300x199.jpg 300w, https:\/\/mk-kiens.com\/wp-content\/uploads\/2024\/06\/1997_hochzeit_hansi_02-768x510.jpg 768w, https:\/\/mk-kiens.com\/wp-content\/uploads\/2024\/06\/1997_hochzeit_hansi_02-1536x1021.jpg 1536w, https:\/\/mk-kiens.com\/wp-content\/uploads\/2024\/06\/1997_hochzeit_hansi_02.jpg 1770w\" sizes=\"auto, (max-width: 1024px) 100vw, 1024px\" \/><figcaption class=\"wp-element-caption\">Standl bei der Hochzeit von Mair Hansi\/Metzga Hons und Patrizia Capovilla in Brixen Jahr 1997.<\/figcaption><\/figure>\n\n\n\n<figure class=\"wp-block-image size-large\"><img loading=\"lazy\" decoding=\"async\" width=\"1024\" height=\"692\" data-id=\"2540\" src=\"https:\/\/mk-kiens.com\/wp-content\/uploads\/2024\/06\/2019-05-22-001-20Radm-C3-BCller-20Johanna-1024x692.jpg\" alt=\"\" class=\"wp-image-2540\" srcset=\"https:\/\/mk-kiens.com\/wp-content\/uploads\/2024\/06\/2019-05-22-001-20Radm-C3-BCller-20Johanna-1024x692.jpg 1024w, https:\/\/mk-kiens.com\/wp-content\/uploads\/2024\/06\/2019-05-22-001-20Radm-C3-BCller-20Johanna-300x203.jpg 300w, https:\/\/mk-kiens.com\/wp-content\/uploads\/2024\/06\/2019-05-22-001-20Radm-C3-BCller-20Johanna-768x519.jpg 768w, https:\/\/mk-kiens.com\/wp-content\/uploads\/2024\/06\/2019-05-22-001-20Radm-C3-BCller-20Johanna-1536x1038.jpg 1536w, https:\/\/mk-kiens.com\/wp-content\/uploads\/2024\/06\/2019-05-22-001-20Radm-C3-BCller-20Johanna-2048x1384.jpg 2048w, https:\/\/mk-kiens.com\/wp-content\/uploads\/2024\/06\/2019-05-22-001-20Radm-C3-BCller-20Johanna-400x270.jpg 400w\" sizes=\"auto, (max-width: 1024px) 100vw, 1024px\" \/><figcaption class=\"wp-element-caption\">Eine weitere Pr\u00e4mi\u00e4re im Bild: 1981 wurde die Trompeterin Johanna Radm\u00fcller (Plaickner) als erste Musikantin in die Musikkapelle Kiens aufgenommen.<\/figcaption><\/figure>\n\n\n\n<figure class=\"wp-block-image size-large\"><img loading=\"lazy\" decoding=\"async\" width=\"1024\" height=\"656\" data-id=\"2538\" src=\"https:\/\/mk-kiens.com\/wp-content\/uploads\/2024\/06\/2021-08-03-Ansichtskarte-Kiens-0001-1024x656.jpg\" alt=\"\" class=\"wp-image-2538\" srcset=\"https:\/\/mk-kiens.com\/wp-content\/uploads\/2024\/06\/2021-08-03-Ansichtskarte-Kiens-0001-1024x656.jpg 1024w, https:\/\/mk-kiens.com\/wp-content\/uploads\/2024\/06\/2021-08-03-Ansichtskarte-Kiens-0001-300x192.jpg 300w, https:\/\/mk-kiens.com\/wp-content\/uploads\/2024\/06\/2021-08-03-Ansichtskarte-Kiens-0001-768x492.jpg 768w, https:\/\/mk-kiens.com\/wp-content\/uploads\/2024\/06\/2021-08-03-Ansichtskarte-Kiens-0001-1536x983.jpg 1536w, https:\/\/mk-kiens.com\/wp-content\/uploads\/2024\/06\/2021-08-03-Ansichtskarte-Kiens-0001-2048x1311.jpg 2048w\" sizes=\"auto, (max-width: 1024px) 100vw, 1024px\" \/><figcaption class=\"wp-element-caption\">Prozzesion Maria Himmelfahrt Ehrenburg<\/figcaption><\/figure>\n\n\n\n<figure class=\"wp-block-image size-large\"><img loading=\"lazy\" decoding=\"async\" width=\"665\" height=\"1024\" data-id=\"2537\" src=\"https:\/\/mk-kiens.com\/wp-content\/uploads\/2024\/06\/2021-08-03-Ansichtskarte-Kiens-0002-665x1024.jpg\" alt=\"\" class=\"wp-image-2537\" srcset=\"https:\/\/mk-kiens.com\/wp-content\/uploads\/2024\/06\/2021-08-03-Ansichtskarte-Kiens-0002-665x1024.jpg 665w, https:\/\/mk-kiens.com\/wp-content\/uploads\/2024\/06\/2021-08-03-Ansichtskarte-Kiens-0002-195x300.jpg 195w, https:\/\/mk-kiens.com\/wp-content\/uploads\/2024\/06\/2021-08-03-Ansichtskarte-Kiens-0002-768x1183.jpg 768w, https:\/\/mk-kiens.com\/wp-content\/uploads\/2024\/06\/2021-08-03-Ansichtskarte-Kiens-0002-997x1536.jpg 997w, https:\/\/mk-kiens.com\/wp-content\/uploads\/2024\/06\/2021-08-03-Ansichtskarte-Kiens-0002-1330x2048.jpg 1330w, https:\/\/mk-kiens.com\/wp-content\/uploads\/2024\/06\/2021-08-03-Ansichtskarte-Kiens-0002-scaled.jpg 1662w\" sizes=\"auto, (max-width: 665px) 100vw, 665px\" \/><figcaption class=\"wp-element-caption\">F\u00e4hnrich Franz Engl (Einsiedel)<\/figcaption><\/figure>\n\n\n\n<figure class=\"wp-block-image size-large\"><img loading=\"lazy\" decoding=\"async\" width=\"1024\" height=\"758\" data-id=\"2581\" src=\"https:\/\/mk-kiens.com\/wp-content\/uploads\/2024\/06\/20170901-02-1024x758.jpg\" alt=\"\" class=\"wp-image-2581\" srcset=\"https:\/\/mk-kiens.com\/wp-content\/uploads\/2024\/06\/20170901-02-1024x758.jpg 1024w, https:\/\/mk-kiens.com\/wp-content\/uploads\/2024\/06\/20170901-02-300x222.jpg 300w, https:\/\/mk-kiens.com\/wp-content\/uploads\/2024\/06\/20170901-02-768x568.jpg 768w, https:\/\/mk-kiens.com\/wp-content\/uploads\/2024\/06\/20170901-02-1536x1137.jpg 1536w, https:\/\/mk-kiens.com\/wp-content\/uploads\/2024\/06\/20170901-02-2048x1516.jpg 2048w\" sizes=\"auto, (max-width: 1024px) 100vw, 1024px\" \/><figcaption class=\"wp-element-caption\">Von links, erste Reihe hockend: Engl Martha\/Kerbla, Siessl Karlheinz, Mayrl Michael\/Kirschenlechner, Engl Christian\/Kerbla und Gatterer Helmuth\/Helli.\nZweite Reihe: Mair Margit, Oberstaller Gerlinde, Gatterer Josef\/Kruma Seppl, Holzer Franz\/Messna, Falkensteiner Leopold\/Niedomoar, Kapellmeister Leitner Florian, Tinkhauser Alfons\/Oachna, Ploner Heinz, Mair Siegfried\/Ochsentreiber und Falkensteiner Margareth\/Gassenwirt. \nDritte Reihe: Plankensteiner Hermann\/Hausa, Engl Paul\/Einsiedel, Oberstaller Theo, Mair Alois\/Friesenbichla, Radm\u00fcller Johanna, Weger Johann\/Pronta, Costa Eduard\/Edl Peppe, Silbernagel Alexander, F\u00e4hnrich Engl Franz\/Einsiedel und Fahnenpatin Engl Frieda.\nVierte Reihe: Engl Hartmann\/Obohausa, Hildgartner Oskar, Oberstaller Wolfgang, Kammerer Peter\/Grianbocha, Innerhofer Josef\/Gatscha, Leitner Toni  Mair Josef\/Metzga Seppl.\nF\u00fcnfte Reihe: Slomp Roman, Hinteregger Hansl, Kammerer Hans\/Spangla, Seebacher Konrad und Mair Johann\/Metzga Hons.<\/figcaption><\/figure>\n\n\n\n<figure class=\"wp-block-image size-large\"><img loading=\"lazy\" decoding=\"async\" width=\"1024\" height=\"695\" data-id=\"2555\" src=\"https:\/\/mk-kiens.com\/wp-content\/uploads\/2024\/06\/20170904-3-1024x695.jpg\" alt=\"\" class=\"wp-image-2555\" srcset=\"https:\/\/mk-kiens.com\/wp-content\/uploads\/2024\/06\/20170904-3-1024x695.jpg 1024w, https:\/\/mk-kiens.com\/wp-content\/uploads\/2024\/06\/20170904-3-300x204.jpg 300w, https:\/\/mk-kiens.com\/wp-content\/uploads\/2024\/06\/20170904-3-768x521.jpg 768w, https:\/\/mk-kiens.com\/wp-content\/uploads\/2024\/06\/20170904-3-1536x1042.jpg 1536w, https:\/\/mk-kiens.com\/wp-content\/uploads\/2024\/06\/20170904-3-2048x1389.jpg 2048w, https:\/\/mk-kiens.com\/wp-content\/uploads\/2024\/06\/20170904-3-400x270.jpg 400w\" sizes=\"auto, (max-width: 1024px) 100vw, 1024px\" \/><figcaption class=\"wp-element-caption\">Hochzeitsst\u00e4ndchen f\u00fcr Erika Mair\/Metzga und Paul Mairvongrasspeinten die am 24 Oktober 1987 im Valentinskirchlein in Pfalzen geheiratet haben.\nVon links Wolfgang Oberstaller, Josef Innerhofer\/Gatscha, Hartmann Engl\/Obohausa, vorne am Schlagzeug Oskar Hildgartner, dahinter an der Tuba Mairl Michael\/Kirschnlechna, dann mit Bart Paul Engl\/Einsiedel, Hermann Plankensteiner\/Hausa und Karlheinz Siessl.<\/figcaption><\/figure>\n\n\n\n<figure class=\"wp-block-image size-large\"><img loading=\"lazy\" decoding=\"async\" width=\"1024\" height=\"692\" data-id=\"2550\" src=\"https:\/\/mk-kiens.com\/wp-content\/uploads\/2024\/06\/20170904-4-1024x692.jpg\" alt=\"\" class=\"wp-image-2550\" srcset=\"https:\/\/mk-kiens.com\/wp-content\/uploads\/2024\/06\/20170904-4-1024x692.jpg 1024w, https:\/\/mk-kiens.com\/wp-content\/uploads\/2024\/06\/20170904-4-300x203.jpg 300w, https:\/\/mk-kiens.com\/wp-content\/uploads\/2024\/06\/20170904-4-768x519.jpg 768w, https:\/\/mk-kiens.com\/wp-content\/uploads\/2024\/06\/20170904-4-1536x1037.jpg 1536w, https:\/\/mk-kiens.com\/wp-content\/uploads\/2024\/06\/20170904-4-2048x1383.jpg 2048w, https:\/\/mk-kiens.com\/wp-content\/uploads\/2024\/06\/20170904-4-400x270.jpg 400w\" sizes=\"auto, (max-width: 1024px) 100vw, 1024px\" \/><figcaption class=\"wp-element-caption\">Die Musikkapelle begleitet mit viel weiterer Prominenz den Kunstbahnrodeler Paul Hildgartner zum Hotel Lido. \nAuf dem Foto zu erkennen sind an den Posaunen rechts Hartmann Engl\/Obohausa, Oskar Hildgartner, am Horn Alex Silbernagel,  Roman Slomp an der Tuba ganz au\u00dfen mit Brille, dahinter Konrad Seebacher und die gro\u00dfen Trommel spielte Johann Radm\u00fcller\/Plaickna Hons.<\/figcaption><\/figure>\n\n\n\n<figure class=\"wp-block-image size-large\"><img loading=\"lazy\" decoding=\"async\" width=\"1024\" height=\"822\" data-id=\"2571\" src=\"https:\/\/mk-kiens.com\/wp-content\/uploads\/2024\/06\/20170904-7-1024x822.jpg\" alt=\"\" class=\"wp-image-2571\" srcset=\"https:\/\/mk-kiens.com\/wp-content\/uploads\/2024\/06\/20170904-7-1024x822.jpg 1024w, https:\/\/mk-kiens.com\/wp-content\/uploads\/2024\/06\/20170904-7-300x241.jpg 300w, https:\/\/mk-kiens.com\/wp-content\/uploads\/2024\/06\/20170904-7-768x616.jpg 768w, https:\/\/mk-kiens.com\/wp-content\/uploads\/2024\/06\/20170904-7-1536x1233.jpg 1536w, https:\/\/mk-kiens.com\/wp-content\/uploads\/2024\/06\/20170904-7-2048x1644.jpg 2048w\" sizes=\"auto, (max-width: 1024px) 100vw, 1024px\" \/><figcaption class=\"wp-element-caption\">Die Musikkapelle Kiens im Jahre 1980 aufgenommen im Grianboch Feld unter der Kirche.\nSitzend von links: Bernhard Kammerer (Pino, Martin Gatterer (Hilba) und Johann Kammerer (Spangla Hons).\nZweite Reihe von links: Marketenderin Klara Silgener, Stabf\u00fchrer Konrad Seebacher, Margareth Engl (Obohausa), der Fl\u00fcgelhornist Hermann Plankensteiner, dann Josef Costa (Edl Peppe), Alois Mair (Friesenbichla), Natalis Gasser (Nino), Kpm Rudolf Mellauner (Lehrer in Pfalzen), Josef Gatterer (Kruma), Franz Holzer (Messna), Leopold Falkensteiner und Heinz Ploner.\nDritte Reihe stehend von links: Wolfgang Oberstaller, Peter Kammerer (Grianbocha), Toni Leitner, Josef Innerhofer (Gatscha), Alex Silbernagel, Siegfried Mair (Ochsntreiba) und Oskar Hildgartner, Fahnenpatin Frieda Engl und F\u00e4hnrich Volkmar Gr\u00fcner (F\u00f6rster).\nLetzte Reihe von links: Roman Slomp, Albert Lechner (Wold), Josef Mair (Metzg), Hartmann Engl (Obohausa), Johann Radm\u00fcller (Plaickna Hansl), Johann Weger (Pronta), Arthur Kammerer (Spangla), Paul Engl (Einsiedel) und Michael Lanthaler.<\/figcaption><\/figure>\n\n\n\n<figure class=\"wp-block-image size-large\"><img loading=\"lazy\" decoding=\"async\" width=\"1024\" height=\"699\" data-id=\"2577\" src=\"https:\/\/mk-kiens.com\/wp-content\/uploads\/2024\/06\/20170912-2-1024x699.jpg\" alt=\"\" class=\"wp-image-2577\" srcset=\"https:\/\/mk-kiens.com\/wp-content\/uploads\/2024\/06\/20170912-2-1024x699.jpg 1024w, https:\/\/mk-kiens.com\/wp-content\/uploads\/2024\/06\/20170912-2-300x205.jpg 300w, https:\/\/mk-kiens.com\/wp-content\/uploads\/2024\/06\/20170912-2-768x524.jpg 768w, https:\/\/mk-kiens.com\/wp-content\/uploads\/2024\/06\/20170912-2-1536x1048.jpg 1536w, https:\/\/mk-kiens.com\/wp-content\/uploads\/2024\/06\/20170912-2-2048x1398.jpg 2048w\" sizes=\"auto, (max-width: 1024px) 100vw, 1024px\" \/><figcaption class=\"wp-element-caption\">Auslandsfahrt nach Wellheim im Jahre 1988. \nHockend von Links: Kammerer Hons (Spangla), Gatterer Paul (Kruma) und Mair Johann (Metzga).\nZweite Reihe von links: Kapellmeister Seebacher Konrad, die Marketenderin Mair Margit, Plankensteiner Hermann, Engl Paul, Oberstaller Theo, Gatterer Helmuth, Niederkofler Dora, Mair Siegfried, Ploner Heinz und Oberstaller Andrea, Tschafeller Irmgard und der F\u00e4hnrich Engl Franz.\nHintere Reihe von links: Innerhofer Josef, Oberstaller Wolfgang, Messner Andreas, Falkensteiner Leopold, Silbernagel Alex, Weger Johann (Pronta) und Silbernagel Helmuth Letzte Reihe von links an der Tuba Slomp Roman, Mairl Michael, Mair Josef, Engl Hartmann, Hildgartner Oskar, Engl Martha (Kerbla) und Siessl Karlheinz.<\/figcaption><\/figure>\n\n\n\n<figure class=\"wp-block-image size-large\"><img loading=\"lazy\" decoding=\"async\" width=\"1024\" height=\"717\" data-id=\"2570\" src=\"https:\/\/mk-kiens.com\/wp-content\/uploads\/2024\/06\/20170912-9-1024x717.jpg\" alt=\"\" class=\"wp-image-2570\" srcset=\"https:\/\/mk-kiens.com\/wp-content\/uploads\/2024\/06\/20170912-9-1024x717.jpg 1024w, https:\/\/mk-kiens.com\/wp-content\/uploads\/2024\/06\/20170912-9-300x210.jpg 300w, https:\/\/mk-kiens.com\/wp-content\/uploads\/2024\/06\/20170912-9-768x538.jpg 768w, https:\/\/mk-kiens.com\/wp-content\/uploads\/2024\/06\/20170912-9-1536x1076.jpg 1536w, https:\/\/mk-kiens.com\/wp-content\/uploads\/2024\/06\/20170912-9-2048x1434.jpg 2048w\" sizes=\"auto, (max-width: 1024px) 100vw, 1024px\" \/><figcaption class=\"wp-element-caption\">Musikkapelle Kiens im Jahre 1984, aufgenommen im Treitling.\nVon links: Mair Margit\/Metzga, Margareth Falkensteiner\/Gassenwirt, Christian Engl\/Kerbla, Gerlinde Oberstaller, Josef Gatterer\/Kruma, Franz Holzer\/Messna, Kapellmeister Florian Leitner aus Pfunders, Leopold Falkensteiner, Alfons Tinkhauser, Heinz Ploner und Siegfried Mair\/Ochsntreiba. Zweite Reihe von links: Helmuth Gatterer\/Helli, Martha Engl\/Kerbla, Karlheinz Siessl, Michael Mayrl\/Kirschnlechna, Alois Mair\/Friesenbichla, Johanna Radm\u00fcller\/Plaickna, Johann Weger\/Pronta, Josef Costa\/Edl Peppe, Alex Silbernagel, Fahnentr\u00e4ger Franz Engel\/Einsiedel und Fahnenpatin Frieda Engl.\nDritte Reihe von links: Hermann Plankensteiner\/Hausa, Paul Engl\/Einsiedel, Theo Oberstaller, Josef Mair\/Metzga, Wolfgang Oberstaller, Peter Kammerer\/Grianbocha und Josef Innerhofer\/Gatscha.\nVierte Reihe von links: Roman Slomp, Hans Hinteregger, Hartmann Engl, Oskar Hildgartner, Johann Kammerer\/Spangla, Konrad Seebacher und Johann Mair\/Metzga Hons.<\/figcaption><\/figure>\n\n\n\n<figure class=\"wp-block-image size-large\"><img loading=\"lazy\" decoding=\"async\" width=\"1024\" height=\"699\" data-id=\"2579\" src=\"https:\/\/mk-kiens.com\/wp-content\/uploads\/2024\/06\/20170912-10-1024x699.jpg\" alt=\"\" class=\"wp-image-2579\" srcset=\"https:\/\/mk-kiens.com\/wp-content\/uploads\/2024\/06\/20170912-10-1024x699.jpg 1024w, https:\/\/mk-kiens.com\/wp-content\/uploads\/2024\/06\/20170912-10-300x205.jpg 300w, https:\/\/mk-kiens.com\/wp-content\/uploads\/2024\/06\/20170912-10-768x524.jpg 768w, https:\/\/mk-kiens.com\/wp-content\/uploads\/2024\/06\/20170912-10-1536x1049.jpg 1536w, https:\/\/mk-kiens.com\/wp-content\/uploads\/2024\/06\/20170912-10-2048x1399.jpg 2048w\" sizes=\"auto, (max-width: 1024px) 100vw, 1024px\" \/><figcaption class=\"wp-element-caption\">Die Musikkapelle begleitet mit viel weiterer Prominenz den Kunstbahnrodeler Paul Hildgartner, welcher in Sarajevo bei den Olympischen Winterspielen 1984 die Goldmedaille im Herren Einsitzer gewann, entlang der Ehrenburgestrasse zum Hotel Lido. Dort wurde zu seinen Ehren eine Feier abgehalten.\nLinks die Marketenderin Margareth Falkensteiner\/Gassenwirt, Stabf\u00fchrer und Kapellmeister Florian Leitner aus Pfunders, rechts Margit Mair\/Metzga, in der ersten Reihe noch gut zu erkennen sind von links Peter Kammerer\/Grianbocha, Heinz Ploner, Siegfried Mair\/Ochsntreiba, Paul Engl\/Einsiedel und Hermann Plankensteiner\/Hausa. In der zweiten Reihe von links am Tenorhorn Wolfgang Oberstaller, Alfons Tinkhauser\/Oachna, Helmuth Auer\/Genno, G\u00fcnther Auer und Alois Mair\/Friesnbichla.<\/figcaption><\/figure>\n\n\n\n<figure class=\"wp-block-image size-large\"><img loading=\"lazy\" decoding=\"async\" width=\"1024\" height=\"690\" data-id=\"2548\" src=\"https:\/\/mk-kiens.com\/wp-content\/uploads\/2024\/06\/20170915-4-1024x690.jpg\" alt=\"\" class=\"wp-image-2548\" srcset=\"https:\/\/mk-kiens.com\/wp-content\/uploads\/2024\/06\/20170915-4-1024x690.jpg 1024w, https:\/\/mk-kiens.com\/wp-content\/uploads\/2024\/06\/20170915-4-300x202.jpg 300w, https:\/\/mk-kiens.com\/wp-content\/uploads\/2024\/06\/20170915-4-768x517.jpg 768w, https:\/\/mk-kiens.com\/wp-content\/uploads\/2024\/06\/20170915-4-1536x1035.jpg 1536w, https:\/\/mk-kiens.com\/wp-content\/uploads\/2024\/06\/20170915-4-2048x1380.jpg 2048w, https:\/\/mk-kiens.com\/wp-content\/uploads\/2024\/06\/20170915-4-400x270.jpg 400w\" sizes=\"auto, (max-width: 1024px) 100vw, 1024px\" \/><figcaption class=\"wp-element-caption\">Einweihung des neuen Tankl\u00f6schfahrzeuges der Freiwilligen Feuerwehr Kiens im Jahr 1982: Auszug mit Stabf\u00fchrer Florian Leitner (Aushilfskapellmeister aus Pfunders). Im Bereich der heutigen Tennisbar wurde zu diesem Anlass ein Bierzelt errichtet-\nErste Reihe von links: Kammerer Peter\/Grianbocha, Ploner Heinz, Engl Paul\/Einsiedel und Plankensteiner Hermann\/Hausa. In der zweiten Reihe von links Oberstaller Wolfgang, Tinkhauser Alfons\/Oachna an der Klarinette mit Schnurbart, rechts davon Theo Oberstaller. In der dritten Reihe erkennbar ist links Innerhofer Josef\/Gatscha und dahinter der Tuba Slomp Roman.<\/figcaption><\/figure>\n\n\n\n<figure class=\"wp-block-image size-large\"><img loading=\"lazy\" decoding=\"async\" width=\"1024\" height=\"734\" data-id=\"2566\" src=\"https:\/\/mk-kiens.com\/wp-content\/uploads\/2024\/06\/20170928-1-1024x734.jpg\" alt=\"\" class=\"wp-image-2566\" srcset=\"https:\/\/mk-kiens.com\/wp-content\/uploads\/2024\/06\/20170928-1-1024x734.jpg 1024w, https:\/\/mk-kiens.com\/wp-content\/uploads\/2024\/06\/20170928-1-300x215.jpg 300w, https:\/\/mk-kiens.com\/wp-content\/uploads\/2024\/06\/20170928-1-768x550.jpg 768w, https:\/\/mk-kiens.com\/wp-content\/uploads\/2024\/06\/20170928-1-1536x1101.jpg 1536w, https:\/\/mk-kiens.com\/wp-content\/uploads\/2024\/06\/20170928-1-2048x1467.jpg 2048w\" sizes=\"auto, (max-width: 1024px) 100vw, 1024px\" \/><figcaption class=\"wp-element-caption\">Empfang von Paul Hildgartner 1980, welcher bei den Olympischen Winterspielen in Lake Placid\/USA im Kunstbahnrodeln Silber gewann. Die Musikkapelle begleitete den Sportler vom Bauernhof Geastl aus bis zum Kaffee Maridl ins Dorfzentrum. \nLinks die Marketenderin Engl Margareth\/Obohausa,Stabf\u00fchrer\/Kpm Mellauner Rudolf und rechts Silgener Klara. In der ersten Reihe gut zu erkennen ist Oskar Hildgartner, der damals die Es-Klarinette spielte, dahinter erkennt man noch den Leopold Falkensteiner an der Klarinette und rechts davon Natalis Gasser\/Nino. Rechts au\u00dfen der ersten Reihe marschiert Hermann Plankensteiner und dahinter Alois Mair.<\/figcaption><\/figure>\n\n\n\n<figure class=\"wp-block-image size-large\"><img loading=\"lazy\" decoding=\"async\" width=\"975\" height=\"1024\" data-id=\"2578\" src=\"https:\/\/mk-kiens.com\/wp-content\/uploads\/2024\/06\/20170928-5-975x1024.jpg\" alt=\"\" class=\"wp-image-2578\" srcset=\"https:\/\/mk-kiens.com\/wp-content\/uploads\/2024\/06\/20170928-5-975x1024.jpg 975w, https:\/\/mk-kiens.com\/wp-content\/uploads\/2024\/06\/20170928-5-286x300.jpg 286w, https:\/\/mk-kiens.com\/wp-content\/uploads\/2024\/06\/20170928-5-768x807.jpg 768w, https:\/\/mk-kiens.com\/wp-content\/uploads\/2024\/06\/20170928-5-1463x1536.jpg 1463w, https:\/\/mk-kiens.com\/wp-content\/uploads\/2024\/06\/20170928-5-1950x2048.jpg 1950w\" sizes=\"auto, (max-width: 975px) 100vw, 975px\" \/><figcaption class=\"wp-element-caption\">Postkartenidylle f\u00fcr Postkarte aus Kiens: Im Hotel Post\/Koltnhausa bei einer Marende sind Klara Silgener vorne links (Ehefrau von Oskar Hildgartner) , dann Paul Engl, Roman Slomp, Margareth Engl, Josef Mair\/Metzga und Hartmann Engl, welcher f\u00fcr diese Szene sogar die Ziechorgl gelernt hat. Am Bild oben sehen wir St. Sigmund vom Schiffregger, in der Szene rechtswandert Leitner Toni mit seinem Sohn Klaus und seiner Frau Anni und unten rechts ist das Hoffina Kirchl abgebildet..<\/figcaption><\/figure>\n\n\n\n<figure class=\"wp-block-image size-large\"><img loading=\"lazy\" decoding=\"async\" width=\"1024\" height=\"693\" data-id=\"2545\" src=\"https:\/\/mk-kiens.com\/wp-content\/uploads\/2024\/06\/20171117-002002-1024x693.jpg\" alt=\"\" class=\"wp-image-2545\" srcset=\"https:\/\/mk-kiens.com\/wp-content\/uploads\/2024\/06\/20171117-002002-1024x693.jpg 1024w, https:\/\/mk-kiens.com\/wp-content\/uploads\/2024\/06\/20171117-002002-300x203.jpg 300w, https:\/\/mk-kiens.com\/wp-content\/uploads\/2024\/06\/20171117-002002-768x519.jpg 768w, https:\/\/mk-kiens.com\/wp-content\/uploads\/2024\/06\/20171117-002002-1536x1039.jpg 1536w, https:\/\/mk-kiens.com\/wp-content\/uploads\/2024\/06\/20171117-002002-2048x1385.jpg 2048w, https:\/\/mk-kiens.com\/wp-content\/uploads\/2024\/06\/20171117-002002-400x270.jpg 400w\" sizes=\"auto, (max-width: 1024px) 100vw, 1024px\" \/><figcaption class=\"wp-element-caption\">Zu welchem Anlass die Musikkapelle hier beim Burga Aufstellung bezieht konnte nicht mehr nachvollzogen werden, Jedenfalls ist die Aufnahme Ende der 1980ziger Jahre entstanden.<\/figcaption><\/figure>\n\n\n\n<figure class=\"wp-block-image size-large\"><img loading=\"lazy\" decoding=\"async\" width=\"1024\" height=\"688\" data-id=\"2552\" src=\"https:\/\/mk-kiens.com\/wp-content\/uploads\/2024\/06\/20180127-004-1024x688.jpg\" alt=\"\" class=\"wp-image-2552\" srcset=\"https:\/\/mk-kiens.com\/wp-content\/uploads\/2024\/06\/20180127-004-1024x688.jpg 1024w, https:\/\/mk-kiens.com\/wp-content\/uploads\/2024\/06\/20180127-004-300x201.jpg 300w, https:\/\/mk-kiens.com\/wp-content\/uploads\/2024\/06\/20180127-004-768x516.jpg 768w, https:\/\/mk-kiens.com\/wp-content\/uploads\/2024\/06\/20180127-004-1536x1032.jpg 1536w, https:\/\/mk-kiens.com\/wp-content\/uploads\/2024\/06\/20180127-004-2048x1375.jpg 2048w, https:\/\/mk-kiens.com\/wp-content\/uploads\/2024\/06\/20180127-004-400x270.jpg 400w\" sizes=\"auto, (max-width: 1024px) 100vw, 1024px\" \/><figcaption class=\"wp-element-caption\">Verleihung des Jungmusiker-Leitsungsabzeichen in Bronze am 28.05.1989 im Michael-Pacher-Haus in Bruneck. Von links Oberschmid Josef (Bezirkskapellmeister) Helga Plankensteiner, Christian Harrasser, Manfred Gostner, Helmut Silbernagel und Pepi Fauster (Bezirksjugendleiter).<\/figcaption><\/figure>\n\n\n\n<figure class=\"wp-block-image size-large\"><img loading=\"lazy\" decoding=\"async\" width=\"1024\" height=\"689\" data-id=\"2561\" src=\"https:\/\/mk-kiens.com\/wp-content\/uploads\/2024\/06\/20180309-001-1024x689.jpg\" alt=\"\" class=\"wp-image-2561\" srcset=\"https:\/\/mk-kiens.com\/wp-content\/uploads\/2024\/06\/20180309-001-1024x689.jpg 1024w, https:\/\/mk-kiens.com\/wp-content\/uploads\/2024\/06\/20180309-001-300x202.jpg 300w, https:\/\/mk-kiens.com\/wp-content\/uploads\/2024\/06\/20180309-001-768x517.jpg 768w, https:\/\/mk-kiens.com\/wp-content\/uploads\/2024\/06\/20180309-001-1536x1033.jpg 1536w, https:\/\/mk-kiens.com\/wp-content\/uploads\/2024\/06\/20180309-001-2048x1378.jpg 2048w, https:\/\/mk-kiens.com\/wp-content\/uploads\/2024\/06\/20180309-001-400x270.jpg 400w\" sizes=\"auto, (max-width: 1024px) 100vw, 1024px\" \/><figcaption class=\"wp-element-caption\">Einweihung Kriegerdenkmal Ehrenburg 1984. An der Klarinette Josef Gatterer\/Kruma Seppl, Marketenderin Margareth Falkensteiner\/Gossnwirt und rechts davon Johann Mair\/Metzga Hons sowie an der Trompete hinten Josef Costa\/Edl Peppe.<\/figcaption><\/figure>\n\n\n\n<figure class=\"wp-block-image size-large\"><img loading=\"lazy\" decoding=\"async\" width=\"1024\" height=\"690\" data-id=\"2560\" src=\"https:\/\/mk-kiens.com\/wp-content\/uploads\/2024\/06\/20180309-002-1024x690.jpg\" alt=\"\" class=\"wp-image-2560\" srcset=\"https:\/\/mk-kiens.com\/wp-content\/uploads\/2024\/06\/20180309-002-1024x690.jpg 1024w, https:\/\/mk-kiens.com\/wp-content\/uploads\/2024\/06\/20180309-002-300x202.jpg 300w, https:\/\/mk-kiens.com\/wp-content\/uploads\/2024\/06\/20180309-002-768x518.jpg 768w, https:\/\/mk-kiens.com\/wp-content\/uploads\/2024\/06\/20180309-002-1536x1035.jpg 1536w, https:\/\/mk-kiens.com\/wp-content\/uploads\/2024\/06\/20180309-002-2048x1380.jpg 2048w, https:\/\/mk-kiens.com\/wp-content\/uploads\/2024\/06\/20180309-002-400x270.jpg 400w\" sizes=\"auto, (max-width: 1024px) 100vw, 1024px\" \/><figcaption class=\"wp-element-caption\">Einweihung Kriegerdenkmal Ehrenburg 1984. Links der Stabf\u00fchrer und Kapellmeister Florian Leitner, mit verbundener Hand vorne links Mair Josef\/Metzga Seppl und daneben mit der Klarinette Josef Gatterer\/Kruma Seppl, rechts davon mit der Trompete erkennt man Johanna Radm\u00fcller (Plaickna), daneben rechts schauend ist  Costa Josef\/Edl Peppe.<\/figcaption><\/figure>\n\n\n\n<figure class=\"wp-block-image size-large\"><img loading=\"lazy\" decoding=\"async\" width=\"689\" height=\"1024\" data-id=\"2563\" src=\"https:\/\/mk-kiens.com\/wp-content\/uploads\/2024\/06\/20180309-003-689x1024.jpg\" alt=\"\" class=\"wp-image-2563\" srcset=\"https:\/\/mk-kiens.com\/wp-content\/uploads\/2024\/06\/20180309-003-689x1024.jpg 689w, https:\/\/mk-kiens.com\/wp-content\/uploads\/2024\/06\/20180309-003-202x300.jpg 202w, https:\/\/mk-kiens.com\/wp-content\/uploads\/2024\/06\/20180309-003-768x1141.jpg 768w, https:\/\/mk-kiens.com\/wp-content\/uploads\/2024\/06\/20180309-003-1034x1536.jpg 1034w, https:\/\/mk-kiens.com\/wp-content\/uploads\/2024\/06\/20180309-003-1378x2048.jpg 1378w, https:\/\/mk-kiens.com\/wp-content\/uploads\/2024\/06\/20180309-003-scaled.jpg 1723w\" sizes=\"auto, (max-width: 689px) 100vw, 689px\" \/><figcaption class=\"wp-element-caption\">Einweihung Kriegerdenkmal Ehrenburg 1984<\/figcaption><\/figure>\n\n\n\n<figure class=\"wp-block-image size-large\"><img loading=\"lazy\" decoding=\"async\" width=\"1024\" height=\"682\" data-id=\"2568\" src=\"https:\/\/mk-kiens.com\/wp-content\/uploads\/2024\/06\/20180309-004-1024x682.jpg\" alt=\"\" class=\"wp-image-2568\" srcset=\"https:\/\/mk-kiens.com\/wp-content\/uploads\/2024\/06\/20180309-004-1024x682.jpg 1024w, https:\/\/mk-kiens.com\/wp-content\/uploads\/2024\/06\/20180309-004-300x200.jpg 300w, https:\/\/mk-kiens.com\/wp-content\/uploads\/2024\/06\/20180309-004-768x511.jpg 768w, https:\/\/mk-kiens.com\/wp-content\/uploads\/2024\/06\/20180309-004-1536x1023.jpg 1536w, https:\/\/mk-kiens.com\/wp-content\/uploads\/2024\/06\/20180309-004-2048x1364.jpg 2048w\" sizes=\"auto, (max-width: 1024px) 100vw, 1024px\" \/><figcaption class=\"wp-element-caption\">Einweihung Kriegerdenkmal Ehrenburg 1984, man erkennt die Marketenderin Margareth Falkensteiner\/Gossnwirt und daneben den F\u00e4hnrich Franz Engl\/Einsiedel.<\/figcaption><\/figure>\n\n\n\n<figure class=\"wp-block-image size-large\"><img loading=\"lazy\" decoding=\"async\" width=\"1024\" height=\"689\" data-id=\"2562\" src=\"https:\/\/mk-kiens.com\/wp-content\/uploads\/2024\/06\/20180309-005-1024x689.jpg\" alt=\"\" class=\"wp-image-2562\" srcset=\"https:\/\/mk-kiens.com\/wp-content\/uploads\/2024\/06\/20180309-005-1024x689.jpg 1024w, https:\/\/mk-kiens.com\/wp-content\/uploads\/2024\/06\/20180309-005-300x202.jpg 300w, https:\/\/mk-kiens.com\/wp-content\/uploads\/2024\/06\/20180309-005-768x517.jpg 768w, https:\/\/mk-kiens.com\/wp-content\/uploads\/2024\/06\/20180309-005-1536x1034.jpg 1536w, https:\/\/mk-kiens.com\/wp-content\/uploads\/2024\/06\/20180309-005-2048x1379.jpg 2048w, https:\/\/mk-kiens.com\/wp-content\/uploads\/2024\/06\/20180309-005-400x270.jpg 400w\" sizes=\"auto, (max-width: 1024px) 100vw, 1024px\" \/><figcaption class=\"wp-element-caption\">Einweihung Kriegerdenkmal Ehrenburg 1984<\/figcaption><\/figure>\n\n\n\n<figure class=\"wp-block-image size-large\"><img loading=\"lazy\" decoding=\"async\" width=\"691\" height=\"1024\" data-id=\"2557\" src=\"https:\/\/mk-kiens.com\/wp-content\/uploads\/2024\/06\/20180309-006-691x1024.jpg\" alt=\"\" class=\"wp-image-2557\" srcset=\"https:\/\/mk-kiens.com\/wp-content\/uploads\/2024\/06\/20180309-006-691x1024.jpg 691w, https:\/\/mk-kiens.com\/wp-content\/uploads\/2024\/06\/20180309-006-202x300.jpg 202w, https:\/\/mk-kiens.com\/wp-content\/uploads\/2024\/06\/20180309-006-768x1139.jpg 768w, https:\/\/mk-kiens.com\/wp-content\/uploads\/2024\/06\/20180309-006-1036x1536.jpg 1036w, https:\/\/mk-kiens.com\/wp-content\/uploads\/2024\/06\/20180309-006-1381x2048.jpg 1381w, https:\/\/mk-kiens.com\/wp-content\/uploads\/2024\/06\/20180309-006-scaled.jpg 1727w\" sizes=\"auto, (max-width: 691px) 100vw, 691px\" \/><figcaption class=\"wp-element-caption\">Einweihung Kriegerdenkmal Ehrenburg 1984, die Marketenderin Margareth Falkensteiner\/Gossnwirt.<\/figcaption><\/figure>\n\n\n\n<figure class=\"wp-block-image size-large\"><img loading=\"lazy\" decoding=\"async\" width=\"1024\" height=\"694\" data-id=\"2556\" src=\"https:\/\/mk-kiens.com\/wp-content\/uploads\/2024\/06\/20180309-007-1024x694.jpg\" alt=\"\" class=\"wp-image-2556\" srcset=\"https:\/\/mk-kiens.com\/wp-content\/uploads\/2024\/06\/20180309-007-1024x694.jpg 1024w, https:\/\/mk-kiens.com\/wp-content\/uploads\/2024\/06\/20180309-007-300x203.jpg 300w, https:\/\/mk-kiens.com\/wp-content\/uploads\/2024\/06\/20180309-007-768x520.jpg 768w, https:\/\/mk-kiens.com\/wp-content\/uploads\/2024\/06\/20180309-007-1536x1041.jpg 1536w, https:\/\/mk-kiens.com\/wp-content\/uploads\/2024\/06\/20180309-007-2048x1388.jpg 2048w, https:\/\/mk-kiens.com\/wp-content\/uploads\/2024\/06\/20180309-007-400x270.jpg 400w\" sizes=\"auto, (max-width: 1024px) 100vw, 1024px\" \/><figcaption class=\"wp-element-caption\">Einweihung Kriegerdenkmal Ehrenburg 1984<\/figcaption><\/figure>\n\n\n\n<figure class=\"wp-block-image size-large\"><img loading=\"lazy\" decoding=\"async\" width=\"696\" height=\"1024\" data-id=\"2564\" src=\"https:\/\/mk-kiens.com\/wp-content\/uploads\/2024\/06\/20180309-008-696x1024.jpg\" alt=\"\" class=\"wp-image-2564\" srcset=\"https:\/\/mk-kiens.com\/wp-content\/uploads\/2024\/06\/20180309-008-696x1024.jpg 696w, https:\/\/mk-kiens.com\/wp-content\/uploads\/2024\/06\/20180309-008-204x300.jpg 204w, https:\/\/mk-kiens.com\/wp-content\/uploads\/2024\/06\/20180309-008-768x1130.jpg 768w, https:\/\/mk-kiens.com\/wp-content\/uploads\/2024\/06\/20180309-008-1044x1536.jpg 1044w, https:\/\/mk-kiens.com\/wp-content\/uploads\/2024\/06\/20180309-008-1392x2048.jpg 1392w, https:\/\/mk-kiens.com\/wp-content\/uploads\/2024\/06\/20180309-008-scaled.jpg 1740w\" sizes=\"auto, (max-width: 696px) 100vw, 696px\" \/><figcaption class=\"wp-element-caption\">Einweihung Kriegerdenkmal Ehrenburg 1984<\/figcaption><\/figure>\n\n\n\n<figure class=\"wp-block-image size-large\"><img loading=\"lazy\" decoding=\"async\" width=\"1024\" height=\"688\" data-id=\"2573\" src=\"https:\/\/mk-kiens.com\/wp-content\/uploads\/2024\/06\/20180309-009-1024x688.jpg\" alt=\"\" class=\"wp-image-2573\" srcset=\"https:\/\/mk-kiens.com\/wp-content\/uploads\/2024\/06\/20180309-009-1024x688.jpg 1024w, https:\/\/mk-kiens.com\/wp-content\/uploads\/2024\/06\/20180309-009-300x201.jpg 300w, https:\/\/mk-kiens.com\/wp-content\/uploads\/2024\/06\/20180309-009-768x516.jpg 768w, https:\/\/mk-kiens.com\/wp-content\/uploads\/2024\/06\/20180309-009-1536x1032.jpg 1536w, https:\/\/mk-kiens.com\/wp-content\/uploads\/2024\/06\/20180309-009-2048x1375.jpg 2048w, https:\/\/mk-kiens.com\/wp-content\/uploads\/2024\/06\/20180309-009-400x270.jpg 400w\" sizes=\"auto, (max-width: 1024px) 100vw, 1024px\" \/><figcaption class=\"wp-element-caption\">Pustertaler Klangwolke  21.03.1987 auf dem Kronplatz: Der Tourismusverein Bruneck hat die umliegenden Musikkapellen angeschrieben, mit der Bitte, den Fr\u00fchling am Kronplatz einzuspielen. Alle Kapellen, darunter auch die MK Kiens, haben teilgenommen. Jeder Teilnehmer\/Musikant und Marketenderin bekamen eine Tageskarte gratis. An diesem Tage begann f\u00fcr den Tubisten Oskar Hildgartner das Erlernen des Skifahrens. Er hat es bis heute (mit seinen damals 31 Jahren) noch einigerma\u00dfen hin bekommen.<\/figcaption><\/figure>\n\n\n\n<figure class=\"wp-block-image size-large\"><img loading=\"lazy\" decoding=\"async\" width=\"1024\" height=\"740\" data-id=\"2572\" src=\"https:\/\/mk-kiens.com\/wp-content\/uploads\/2024\/06\/20180309-010-1024x740.jpg\" alt=\"\" class=\"wp-image-2572\" srcset=\"https:\/\/mk-kiens.com\/wp-content\/uploads\/2024\/06\/20180309-010-1024x740.jpg 1024w, https:\/\/mk-kiens.com\/wp-content\/uploads\/2024\/06\/20180309-010-300x217.jpg 300w, https:\/\/mk-kiens.com\/wp-content\/uploads\/2024\/06\/20180309-010-768x555.jpg 768w, https:\/\/mk-kiens.com\/wp-content\/uploads\/2024\/06\/20180309-010-1536x1110.jpg 1536w, https:\/\/mk-kiens.com\/wp-content\/uploads\/2024\/06\/20180309-010-2048x1480.jpg 2048w\" sizes=\"auto, (max-width: 1024px) 100vw, 1024px\" \/><figcaption class=\"wp-element-caption\">Pustertaler Klangwolke  21.03.1987 auf dem Kronplatz: Der Tourismusverein Bruneck hat die umliegenden Musikkapellen angeschrieben, mit der Bitte, den Fr\u00fchling am Kronplatz einzuspielen. Alle Kapellen, darunter auch die MK Kiens, haben teilgenommen. Jeder Teilnehmer\/Musikant und Marketenderin bekamen eine Tageskarte gratis. An diesem Tage begann f\u00fcr den Tubisten Oskar Hildgartner das Erlernen des Skifahrens. Er hat es bis heute (mit seinen damals 31 Jahren) noch einigerma\u00dfen hin bekommen.<\/figcaption><\/figure>\n\n\n\n<figure class=\"wp-block-image size-large\"><img loading=\"lazy\" decoding=\"async\" width=\"1024\" height=\"694\" data-id=\"2580\" src=\"https:\/\/mk-kiens.com\/wp-content\/uploads\/2024\/06\/20180402-013-1983-1024x694.jpg\" alt=\"\" class=\"wp-image-2580\" srcset=\"https:\/\/mk-kiens.com\/wp-content\/uploads\/2024\/06\/20180402-013-1983-1024x694.jpg 1024w, https:\/\/mk-kiens.com\/wp-content\/uploads\/2024\/06\/20180402-013-1983-300x203.jpg 300w, https:\/\/mk-kiens.com\/wp-content\/uploads\/2024\/06\/20180402-013-1983-768x520.jpg 768w, https:\/\/mk-kiens.com\/wp-content\/uploads\/2024\/06\/20180402-013-1983-1536x1040.jpg 1536w, https:\/\/mk-kiens.com\/wp-content\/uploads\/2024\/06\/20180402-013-1983-2048x1387.jpg 2048w, https:\/\/mk-kiens.com\/wp-content\/uploads\/2024\/06\/20180402-013-1983-400x270.jpg 400w\" sizes=\"auto, (max-width: 1024px) 100vw, 1024px\" \/><figcaption class=\"wp-element-caption\">Von links il signore mit der Tschigg Oskar Hildgartner bei bester Laune, Hartmann Engl (Obohausa), Johanna  Radm\u00fcller (Plaickner) und Josef Costa\/Edl Peppe.<\/figcaption><\/figure>\n\n\n\n<figure class=\"wp-block-image size-large\"><img loading=\"lazy\" decoding=\"async\" width=\"1024\" height=\"691\" data-id=\"2559\" src=\"https:\/\/mk-kiens.com\/wp-content\/uploads\/2024\/06\/20180402-015-1983-1024x691.jpg\" alt=\"\" class=\"wp-image-2559\" srcset=\"https:\/\/mk-kiens.com\/wp-content\/uploads\/2024\/06\/20180402-015-1983-1024x691.jpg 1024w, https:\/\/mk-kiens.com\/wp-content\/uploads\/2024\/06\/20180402-015-1983-300x203.jpg 300w, https:\/\/mk-kiens.com\/wp-content\/uploads\/2024\/06\/20180402-015-1983-768x519.jpg 768w, https:\/\/mk-kiens.com\/wp-content\/uploads\/2024\/06\/20180402-015-1983-1536x1037.jpg 1536w, https:\/\/mk-kiens.com\/wp-content\/uploads\/2024\/06\/20180402-015-1983-2048x1383.jpg 2048w, https:\/\/mk-kiens.com\/wp-content\/uploads\/2024\/06\/20180402-015-1983-400x270.jpg 400w\" sizes=\"auto, (max-width: 1024px) 100vw, 1024px\" \/><figcaption class=\"wp-element-caption\">Einweihung des Tankl\u00f6schfahrzeuges auf dem Sportplatz in Kiens, wo zu diesem Anlass ein Zeltfest abgehalten wurde. am 25.09.1983. Zu sehen drei schneidige Manno von hinten links: Johann Mair (Metzga Hansi), mit alkoholischem Getr\u00e4nk Oskar Hildgartner und rechts Hartmann Engl (Obohausa). Dann Johanna Radm\u00fcller (Plaickna Johanna) und Josef Costa (Edl Peppe).<\/figcaption><\/figure>\n\n\n\n<figure class=\"wp-block-image size-large\"><img loading=\"lazy\" decoding=\"async\" width=\"1024\" height=\"667\" data-id=\"2565\" src=\"https:\/\/mk-kiens.com\/wp-content\/uploads\/2024\/06\/20180402-016-Bergmesse-1984-1024x667.jpg\" alt=\"\" class=\"wp-image-2565\" srcset=\"https:\/\/mk-kiens.com\/wp-content\/uploads\/2024\/06\/20180402-016-Bergmesse-1984-1024x667.jpg 1024w, https:\/\/mk-kiens.com\/wp-content\/uploads\/2024\/06\/20180402-016-Bergmesse-1984-300x195.jpg 300w, https:\/\/mk-kiens.com\/wp-content\/uploads\/2024\/06\/20180402-016-Bergmesse-1984-768x500.jpg 768w, https:\/\/mk-kiens.com\/wp-content\/uploads\/2024\/06\/20180402-016-Bergmesse-1984-1536x1000.jpg 1536w, https:\/\/mk-kiens.com\/wp-content\/uploads\/2024\/06\/20180402-016-Bergmesse-1984-2048x1333.jpg 2048w\" sizes=\"auto, (max-width: 1024px) 100vw, 1024px\" \/><figcaption class=\"wp-element-caption\">Bergmesse am Grianbochjoch\/Putzenh\u00f6he Jahr 1984 und  Einweihung des neuen Gipfelkreuzes, welches die Feuerwehrm\u00e4nner von der Gelenke bis zum Gipfel getragen haben.<\/figcaption><\/figure>\n\n\n\n<figure class=\"wp-block-image size-large\"><img loading=\"lazy\" decoding=\"async\" width=\"1024\" height=\"692\" data-id=\"2569\" src=\"https:\/\/mk-kiens.com\/wp-content\/uploads\/2024\/06\/20180402-017-Bergmesse-1984-1024x692.jpg\" alt=\"\" class=\"wp-image-2569\" srcset=\"https:\/\/mk-kiens.com\/wp-content\/uploads\/2024\/06\/20180402-017-Bergmesse-1984-1024x692.jpg 1024w, https:\/\/mk-kiens.com\/wp-content\/uploads\/2024\/06\/20180402-017-Bergmesse-1984-300x203.jpg 300w, https:\/\/mk-kiens.com\/wp-content\/uploads\/2024\/06\/20180402-017-Bergmesse-1984-768x519.jpg 768w, https:\/\/mk-kiens.com\/wp-content\/uploads\/2024\/06\/20180402-017-Bergmesse-1984-1536x1039.jpg 1536w, https:\/\/mk-kiens.com\/wp-content\/uploads\/2024\/06\/20180402-017-Bergmesse-1984-2048x1385.jpg 2048w, https:\/\/mk-kiens.com\/wp-content\/uploads\/2024\/06\/20180402-017-Bergmesse-1984-400x270.jpg 400w\" sizes=\"auto, (max-width: 1024px) 100vw, 1024px\" \/><figcaption class=\"wp-element-caption\">Bergmesse am Gr\u00fcnbachjoch 1984\nAm Sonntag, 12. August wird am Gr\u00fcnbachjoch (2438 m) das neue Gipfelkreuz, das anstelle des von Blitz und Wetter zerrissenen Bergkreuzes errichtet worden ist, im Verlauf einer von Hochw\u00fcrden Passler aus Kiens gelesenen Messe gesegnet; der Gottesdienst wird von der Musikkapelle musikalisch umrahmt.\nVon links: Hermann Plankensteiner (Hausa), Alois Mair (Friesenbichla), Paul Engl, dahinter mit wei\u00dfem Hemd Hartmann Engl (Obohausa), Klarinettisten Siegfried Mair\n(Ochsentreiber), Heinz Ploner und Alfons Tinkhauser (Oachna), dahinter Alexander Silbernagl am Horn. Vorne sitzt Karl Pfeifhofer (ehemaliger Lehrer und B\u00fcrgermeister von Kiens) mit seiner Frau Alberta Mair (Schlota).<\/figcaption><\/figure>\n\n\n\n<figure class=\"wp-block-image size-large\"><img loading=\"lazy\" decoding=\"async\" width=\"1016\" height=\"1024\" data-id=\"2541\" src=\"https:\/\/mk-kiens.com\/wp-content\/uploads\/2024\/06\/20180506-009-chiemsee-1980-1016x1024.jpg\" alt=\"\" class=\"wp-image-2541\" srcset=\"https:\/\/mk-kiens.com\/wp-content\/uploads\/2024\/06\/20180506-009-chiemsee-1980-1016x1024.jpg 1016w, https:\/\/mk-kiens.com\/wp-content\/uploads\/2024\/06\/20180506-009-chiemsee-1980-298x300.jpg 298w, https:\/\/mk-kiens.com\/wp-content\/uploads\/2024\/06\/20180506-009-chiemsee-1980-150x150.jpg 150w, https:\/\/mk-kiens.com\/wp-content\/uploads\/2024\/06\/20180506-009-chiemsee-1980-768x774.jpg 768w, https:\/\/mk-kiens.com\/wp-content\/uploads\/2024\/06\/20180506-009-chiemsee-1980.jpg 1156w\" sizes=\"auto, (max-width: 1016px) 100vw, 1016px\" \/><figcaption class=\"wp-element-caption\">Musikausflug an den Chiemsee 1980: Die Marketenderin links ist Seebacher Helene (Koltnhausa), dann Mair Margit (Metzga), Slomp Roman und Engl Margareth (Obohausa).\nDie Musikanten hinten von links sind Radm\u00fcller Johann (Plaickna), Gr\u00fcner Volkmar (F\u00f6rster) und Josef Costa (Edl Peppe). Hinter den Marketenderinnen steht Mair Alois (Friesenbichla) und ganz rechts lacht Peter Kammerer (Grianbocha).<\/figcaption><\/figure>\n\n\n\n<figure class=\"wp-block-image size-large\"><img loading=\"lazy\" decoding=\"async\" width=\"1024\" height=\"622\" data-id=\"2542\" src=\"https:\/\/mk-kiens.com\/wp-content\/uploads\/2024\/06\/20180506-014-prozession-1980-1024x622.jpg\" alt=\"\" class=\"wp-image-2542\" srcset=\"https:\/\/mk-kiens.com\/wp-content\/uploads\/2024\/06\/20180506-014-prozession-1980-1024x622.jpg 1024w, https:\/\/mk-kiens.com\/wp-content\/uploads\/2024\/06\/20180506-014-prozession-1980-300x182.jpg 300w, https:\/\/mk-kiens.com\/wp-content\/uploads\/2024\/06\/20180506-014-prozession-1980-768x467.jpg 768w, https:\/\/mk-kiens.com\/wp-content\/uploads\/2024\/06\/20180506-014-prozession-1980-1536x933.jpg 1536w, https:\/\/mk-kiens.com\/wp-content\/uploads\/2024\/06\/20180506-014-prozession-1980.jpg 1728w\" sizes=\"auto, (max-width: 1024px) 100vw, 1024px\" \/><figcaption class=\"wp-element-caption\">Tankl\u00f6schfahrzeug der FF Kiens Jahr 1980: Die Musikkapelle begleitet die Freiwillige Feuerwehr Kiens und Abordnungen am Widum vorbei runter zur heutigen Tennisbar, wo die offizielle Einweihungsfeier stattfand.<\/figcaption><\/figure>\n\n\n\n<figure class=\"wp-block-image size-large\"><img loading=\"lazy\" decoding=\"async\" width=\"993\" height=\"1024\" data-id=\"2539\" src=\"https:\/\/mk-kiens.com\/wp-content\/uploads\/2024\/06\/20180506-016-1980-993x1024.jpg\" alt=\"\" class=\"wp-image-2539\" srcset=\"https:\/\/mk-kiens.com\/wp-content\/uploads\/2024\/06\/20180506-016-1980-993x1024.jpg 993w, https:\/\/mk-kiens.com\/wp-content\/uploads\/2024\/06\/20180506-016-1980-291x300.jpg 291w, https:\/\/mk-kiens.com\/wp-content\/uploads\/2024\/06\/20180506-016-1980-768x792.jpg 768w, https:\/\/mk-kiens.com\/wp-content\/uploads\/2024\/06\/20180506-016-1980.jpg 1155w\" sizes=\"auto, (max-width: 993px) 100vw, 993px\" \/><figcaption class=\"wp-element-caption\">Aufstellung zur Erstkommunion in Kiens vor dem alten Messnerhausim im Oberdorf im Jahr 1980 , \nVon links Mair Margit\/Metzga, Fahnentr\u00e4ger Volkmar Gr\u00fcner\/Oberf\u00f6rster und Helene Seebacher\/Koltnhausa, hinterm Fahnentr\u00e4ger zu erkennen ist links Oskar Hildgartner, hinter der Marketenderin Roman Slomp mit Brille, daneben Alex Silbernagel und Josef Gatterer\/Kruma Seppl ganz rechts mit Brille.<\/figcaption><\/figure>\n\n\n\n<figure class=\"wp-block-image size-large\"><img loading=\"lazy\" decoding=\"async\" width=\"1024\" height=\"683\" data-id=\"2544\" src=\"https:\/\/mk-kiens.com\/wp-content\/uploads\/2024\/06\/20180507_009-1986-panzendorf-1024x683.jpg\" alt=\"\" class=\"wp-image-2544\" srcset=\"https:\/\/mk-kiens.com\/wp-content\/uploads\/2024\/06\/20180507_009-1986-panzendorf-1024x683.jpg 1024w, https:\/\/mk-kiens.com\/wp-content\/uploads\/2024\/06\/20180507_009-1986-panzendorf-300x200.jpg 300w, https:\/\/mk-kiens.com\/wp-content\/uploads\/2024\/06\/20180507_009-1986-panzendorf-768x512.jpg 768w, https:\/\/mk-kiens.com\/wp-content\/uploads\/2024\/06\/20180507_009-1986-panzendorf-1536x1024.jpg 1536w, https:\/\/mk-kiens.com\/wp-content\/uploads\/2024\/06\/20180507_009-1986-panzendorf.jpg 1612w\" sizes=\"auto, (max-width: 1024px) 100vw, 1024px\" \/><figcaption class=\"wp-element-caption\">Aufgenommen nach der alten Br\u00fccke in Panzendorf, Osttirol im Jahr 1986.\nVon links Hartmann Engl\/Obohausa, Falkensteiner Margareth\/Gassenwirt, Oskar Hildgartner und Mair Margit\/Metzga, hinten links Heinz Ploner und Konrad Seebacher, in Zivil unser F\u00e4hnrich FranzEngl\/Einsiedel, mit Bart Paul Gatterer\/Kruma und Mair Josef\/Metzga Seppl.<\/figcaption><\/figure>\n\n\n\n<figure class=\"wp-block-image size-large\"><img loading=\"lazy\" decoding=\"async\" width=\"1024\" height=\"768\" data-id=\"2551\" src=\"https:\/\/mk-kiens.com\/wp-content\/uploads\/2024\/06\/20190607-002-1024x768.jpg\" alt=\"\" class=\"wp-image-2551\" srcset=\"https:\/\/mk-kiens.com\/wp-content\/uploads\/2024\/06\/20190607-002-1024x768.jpg 1024w, https:\/\/mk-kiens.com\/wp-content\/uploads\/2024\/06\/20190607-002-300x225.jpg 300w, https:\/\/mk-kiens.com\/wp-content\/uploads\/2024\/06\/20190607-002-768x576.jpg 768w, https:\/\/mk-kiens.com\/wp-content\/uploads\/2024\/06\/20190607-002-1536x1152.jpg 1536w, https:\/\/mk-kiens.com\/wp-content\/uploads\/2024\/06\/20190607-002-2048x1536.jpg 2048w\" sizes=\"auto, (max-width: 1024px) 100vw, 1024px\" \/><figcaption class=\"wp-element-caption\">Metzga Seppl (Mair Josef ) mit Marketenterinnen bei der Qualit\u00e4tskontrolle.<\/figcaption><\/figure>\n\n\n\n<figure class=\"wp-block-image size-large\"><img loading=\"lazy\" decoding=\"async\" width=\"1024\" height=\"682\" data-id=\"2553\" src=\"https:\/\/mk-kiens.com\/wp-content\/uploads\/2024\/06\/20190607-004-1024x682.jpg\" alt=\"\" class=\"wp-image-2553\" srcset=\"https:\/\/mk-kiens.com\/wp-content\/uploads\/2024\/06\/20190607-004-1024x682.jpg 1024w, https:\/\/mk-kiens.com\/wp-content\/uploads\/2024\/06\/20190607-004-300x200.jpg 300w, https:\/\/mk-kiens.com\/wp-content\/uploads\/2024\/06\/20190607-004-768x512.jpg 768w, https:\/\/mk-kiens.com\/wp-content\/uploads\/2024\/06\/20190607-004-1536x1024.jpg 1536w, https:\/\/mk-kiens.com\/wp-content\/uploads\/2024\/06\/20190607-004-2048x1365.jpg 2048w\" sizes=\"auto, (max-width: 1024px) 100vw, 1024px\" \/><figcaption class=\"wp-element-caption\">Einmarsch zum Fu\u00dfball-Vereinsturnier in Kiens.<\/figcaption><\/figure>\n\n\n\n<figure class=\"wp-block-image size-large\"><img loading=\"lazy\" decoding=\"async\" width=\"1024\" height=\"682\" data-id=\"2554\" src=\"https:\/\/mk-kiens.com\/wp-content\/uploads\/2024\/06\/20190607-005-1024x682.jpg\" alt=\"\" class=\"wp-image-2554\" srcset=\"https:\/\/mk-kiens.com\/wp-content\/uploads\/2024\/06\/20190607-005-1024x682.jpg 1024w, https:\/\/mk-kiens.com\/wp-content\/uploads\/2024\/06\/20190607-005-300x200.jpg 300w, https:\/\/mk-kiens.com\/wp-content\/uploads\/2024\/06\/20190607-005-768x512.jpg 768w, https:\/\/mk-kiens.com\/wp-content\/uploads\/2024\/06\/20190607-005-1536x1024.jpg 1536w, https:\/\/mk-kiens.com\/wp-content\/uploads\/2024\/06\/20190607-005-2048x1365.jpg 2048w\" sizes=\"auto, (max-width: 1024px) 100vw, 1024px\" \/><figcaption class=\"wp-element-caption\">Fu\u00dfball Vereinsturnier in Kiens mit Stabf\u00fchrer Eduard Knapp (Kofla Edl) und Tafeletr\u00e4ger Armin Oberstaller. Die Mannschaft der Musikkapelle belegte dabei den 4. Platz.\nLinks am Tenorhorn Andreas Messner mit der roten Hose Siegfried Mair (Ochsentreiber) und Paul Engl (Einsiedler) am Fl\u00fcgelhorn, in der zweiten Reihe von links Wolfgang Oberstaller, Helmuth Gatterer in blauer Hose, dahinter mit den strammen Wadeln und Brille ist Siessl Karlheinz und der zur\u00fcck schaut ist Theo Oberstaller, hinter Theo rechts erkennt man noch dHartmann Engl (Obohausa) auf der Posaune und dahinter rechts  mit Bart an der kleinen Trommel Oskar Hildgartner. Von der gro\u00dfen Trommel sieht man nur den wei\u00dfen Schl\u00e4gel, welcher von Mair Johann (Metzga Hons) bedient wurde.<\/figcaption><\/figure>\n\n\n\n<figure class=\"wp-block-image size-large\"><img loading=\"lazy\" decoding=\"async\" width=\"684\" height=\"1024\" data-id=\"2546\" src=\"https:\/\/mk-kiens.com\/wp-content\/uploads\/2024\/06\/20191230105925702-684x1024.jpg\" alt=\"\" class=\"wp-image-2546\" srcset=\"https:\/\/mk-kiens.com\/wp-content\/uploads\/2024\/06\/20191230105925702-684x1024.jpg 684w, https:\/\/mk-kiens.com\/wp-content\/uploads\/2024\/06\/20191230105925702-200x300.jpg 200w, https:\/\/mk-kiens.com\/wp-content\/uploads\/2024\/06\/20191230105925702-768x1150.jpg 768w, https:\/\/mk-kiens.com\/wp-content\/uploads\/2024\/06\/20191230105925702.jpg 877w\" sizes=\"auto, (max-width: 684px) 100vw, 684px\" \/><figcaption class=\"wp-element-caption\">Martha Engl\/Kerbla Martha mit Paul Engl\/Einsiedel,<\/figcaption><\/figure>\n\n\n\n<figure class=\"wp-block-image size-large\"><img loading=\"lazy\" decoding=\"async\" width=\"698\" height=\"1024\" data-id=\"2547\" src=\"https:\/\/mk-kiens.com\/wp-content\/uploads\/2024\/06\/20191230105944189-698x1024.jpg\" alt=\"\" class=\"wp-image-2547\" srcset=\"https:\/\/mk-kiens.com\/wp-content\/uploads\/2024\/06\/20191230105944189-698x1024.jpg 698w, https:\/\/mk-kiens.com\/wp-content\/uploads\/2024\/06\/20191230105944189-205x300.jpg 205w, https:\/\/mk-kiens.com\/wp-content\/uploads\/2024\/06\/20191230105944189-768x1126.jpg 768w, https:\/\/mk-kiens.com\/wp-content\/uploads\/2024\/06\/20191230105944189.jpg 890w\" sizes=\"auto, (max-width: 698px) 100vw, 698px\" \/><figcaption class=\"wp-element-caption\">Martha Engl\/Kerbla mit Hartmann Engl\/Obohausa und Paul Engel\/Einsiedel ,<\/figcaption><\/figure>\n\n\n\n<figure class=\"wp-block-image size-large\"><img loading=\"lazy\" decoding=\"async\" width=\"1024\" height=\"683\" data-id=\"2543\" src=\"https:\/\/mk-kiens.com\/wp-content\/uploads\/2024\/06\/20191230110101242-1024x683.jpg\" alt=\"\" class=\"wp-image-2543\" srcset=\"https:\/\/mk-kiens.com\/wp-content\/uploads\/2024\/06\/20191230110101242-1024x683.jpg 1024w, https:\/\/mk-kiens.com\/wp-content\/uploads\/2024\/06\/20191230110101242-300x200.jpg 300w, https:\/\/mk-kiens.com\/wp-content\/uploads\/2024\/06\/20191230110101242-768x513.jpg 768w, https:\/\/mk-kiens.com\/wp-content\/uploads\/2024\/06\/20191230110101242-1536x1025.jpg 1536w, https:\/\/mk-kiens.com\/wp-content\/uploads\/2024\/06\/20191230110101242.jpg 1774w\" sizes=\"auto, (max-width: 1024px) 100vw, 1024px\" \/><figcaption class=\"wp-element-caption\">Martha Engl (Kerbla) erh\u00e4lt im Jahr 1985 im Michael Bacher Haus in Bruneck die Urkunde zum Leistungsabzeichen in Bronze, Im Bild mit Verbandskapellmeister Alfred Gasser aus Innichen und mit Bart Jugendleiter Bruno Muser vom Bezirk Bruneck.<\/figcaption><\/figure>\n\n\n\n<figure class=\"wp-block-image size-large\"><img loading=\"lazy\" decoding=\"async\" width=\"1024\" height=\"689\" data-id=\"2567\" src=\"https:\/\/mk-kiens.com\/wp-content\/uploads\/2024\/06\/dia_0105-1024x689.jpg\" alt=\"\" class=\"wp-image-2567\" srcset=\"https:\/\/mk-kiens.com\/wp-content\/uploads\/2024\/06\/dia_0105-1024x689.jpg 1024w, https:\/\/mk-kiens.com\/wp-content\/uploads\/2024\/06\/dia_0105-300x202.jpg 300w, https:\/\/mk-kiens.com\/wp-content\/uploads\/2024\/06\/dia_0105-768x517.jpg 768w, https:\/\/mk-kiens.com\/wp-content\/uploads\/2024\/06\/dia_0105-1536x1034.jpg 1536w, https:\/\/mk-kiens.com\/wp-content\/uploads\/2024\/06\/dia_0105-2048x1378.jpg 2048w, https:\/\/mk-kiens.com\/wp-content\/uploads\/2024\/06\/dia_0105-400x270.jpg 400w\" sizes=\"auto, (max-width: 1024px) 100vw, 1024px\" \/><figcaption class=\"wp-element-caption\">Auslandsfahrt nach Wellheim im Jahre 1988. \nHockend von Links: Kammerer Hons (Spangla), Gatterer Paul (Kruma) und Mair Johann (Metzga).\nZweite Reihe von links: Kapellmeister Seebacher Konrad, die Marketenderin Mair Margit, Plankensteiner Hermann, Engl Paul, Oberstaller Theo, Gatterer Helmuth, Niederkofler Dora, Mair Siegfried, Ploner Heinz und Oberstaller Andrea, Tschafeller Irmgard und der F\u00e4hnrich Engl Franz.\nHintere Reihe von links: Innerhofer Josef, Oberstaller Wolfgang, Messner Andreas, Falkensteiner Leopold, Silbernagel Alex, Weger Johann (Pronta) und Silbernagel Helmuth Letzte Reihe von links an der Tuba Slomp Roman, Mairl Michael, Mair Josef, Engl Hartmann, Hildgartner Oskar, Engl Martha (Kerbla) und Siessl Karlheinz.<\/figcaption><\/figure>\n\n\n\n<figure class=\"wp-block-image size-large\"><img loading=\"lazy\" decoding=\"async\" width=\"1024\" height=\"689\" data-id=\"2558\" src=\"https:\/\/mk-kiens.com\/wp-content\/uploads\/2024\/06\/dia_0199-1024x689.jpg\" alt=\"\" class=\"wp-image-2558\" srcset=\"https:\/\/mk-kiens.com\/wp-content\/uploads\/2024\/06\/dia_0199-1024x689.jpg 1024w, https:\/\/mk-kiens.com\/wp-content\/uploads\/2024\/06\/dia_0199-300x202.jpg 300w, https:\/\/mk-kiens.com\/wp-content\/uploads\/2024\/06\/dia_0199-768x517.jpg 768w, https:\/\/mk-kiens.com\/wp-content\/uploads\/2024\/06\/dia_0199-1536x1034.jpg 1536w, https:\/\/mk-kiens.com\/wp-content\/uploads\/2024\/06\/dia_0199-2048x1378.jpg 2048w, https:\/\/mk-kiens.com\/wp-content\/uploads\/2024\/06\/dia_0199-400x270.jpg 400w\" sizes=\"auto, (max-width: 1024px) 100vw, 1024px\" \/><figcaption class=\"wp-element-caption\">Die Musikkapelle umrahmt die Viehveranstaltung musikalisch am Piazzale der Villa Manin.<\/figcaption><\/figure>\n\n\n\n<figure class=\"wp-block-image size-large\"><img loading=\"lazy\" decoding=\"async\" width=\"1024\" height=\"689\" data-id=\"2576\" src=\"https:\/\/mk-kiens.com\/wp-content\/uploads\/2024\/06\/dia_0201-1024x689.jpg\" alt=\"\" class=\"wp-image-2576\" srcset=\"https:\/\/mk-kiens.com\/wp-content\/uploads\/2024\/06\/dia_0201-1024x689.jpg 1024w, https:\/\/mk-kiens.com\/wp-content\/uploads\/2024\/06\/dia_0201-300x202.jpg 300w, https:\/\/mk-kiens.com\/wp-content\/uploads\/2024\/06\/dia_0201-768x517.jpg 768w, https:\/\/mk-kiens.com\/wp-content\/uploads\/2024\/06\/dia_0201-1536x1034.jpg 1536w, https:\/\/mk-kiens.com\/wp-content\/uploads\/2024\/06\/dia_0201-2048x1378.jpg 2048w, https:\/\/mk-kiens.com\/wp-content\/uploads\/2024\/06\/dia_0201-400x270.jpg 400w\" sizes=\"auto, (max-width: 1024px) 100vw, 1024px\" \/><figcaption class=\"wp-element-caption\">Fotoshooting am Piazzale der Villa Manin: Am Boden liegend, mit einem markanten Hut und einer Klarinette, pr\u00e4sentiert sich Oskar Hildgartner. An seiner Seite steht Arthur Kammerer, der mit den Tschinellen spielt, w\u00e4hrend Siegfried Mair, auch bekannt als Ochsentreiber, stolz seine Posaune h\u00e4lt. Bernhard Kammerer, Bino, ist ebenfalls Teil des Ensembles und unterst\u00fctzt mit seinem musikalischen Talent. Michael Lanthaler gesellt sich dazu, und ganz rechts im Bild ist Franz Bergmeister aus Weitental zu sehen, der als Aushilfe dabei ist. Ein Gast aus Codroipo komplettiert die Szene in seiner Zivilkleidung, und gemeinsam bilden sie ein faszinierendes Bild voller Musik und Gemeinschaft.<\/figcaption><\/figure>\n\n\n\n<figure class=\"wp-block-image size-large\"><img loading=\"lazy\" decoding=\"async\" width=\"1024\" height=\"689\" data-id=\"2574\" src=\"https:\/\/mk-kiens.com\/wp-content\/uploads\/2024\/06\/dia_0203-1024x689.jpg\" alt=\"\" class=\"wp-image-2574\" srcset=\"https:\/\/mk-kiens.com\/wp-content\/uploads\/2024\/06\/dia_0203-1024x689.jpg 1024w, https:\/\/mk-kiens.com\/wp-content\/uploads\/2024\/06\/dia_0203-300x202.jpg 300w, https:\/\/mk-kiens.com\/wp-content\/uploads\/2024\/06\/dia_0203-768x517.jpg 768w, https:\/\/mk-kiens.com\/wp-content\/uploads\/2024\/06\/dia_0203-1536x1034.jpg 1536w, https:\/\/mk-kiens.com\/wp-content\/uploads\/2024\/06\/dia_0203-2048x1378.jpg 2048w, https:\/\/mk-kiens.com\/wp-content\/uploads\/2024\/06\/dia_0203-400x270.jpg 400w\" sizes=\"auto, (max-width: 1024px) 100vw, 1024px\" \/><figcaption class=\"wp-element-caption\">Auf der Heimfahrt von der Viehausstellung in Coroipo: Links im Vordergrund sitzt Oskar Hildgartner, erkennbar an seinem markanten Bart. Auf seiner rechten Seite ist Hartmann Engl, auch bekannt als Obohausa, zu sehen, der einen Schnurrbart tr\u00e4gt. Neben ihm sitzt Johann Radm\u00fcller, genannt Plaickna Hansl. Direkt hinter ihnen befindet sich Arthur Kammerer, gefolgt von seinem Bruder Bernhard, auch bekannt als Bino. Am hinteren Ende der Gruppe steht Siegfried Mair, bekannt als Ochsentreiber. Ganz rechts im Bild, mit einem Bart, ist Paul Engl, auch bekannt als Einsiedel, zu sehen.<\/figcaption><\/figure>\n\n\n\n<figure class=\"wp-block-image size-large\"><img loading=\"lazy\" decoding=\"async\" width=\"411\" height=\"919\" data-id=\"2534\" src=\"https:\/\/mk-kiens.com\/wp-content\/uploads\/2024\/06\/mama_03.jpg\" alt=\"\" class=\"wp-image-2534\" srcset=\"https:\/\/mk-kiens.com\/wp-content\/uploads\/2024\/06\/mama_03.jpg 411w, https:\/\/mk-kiens.com\/wp-content\/uploads\/2024\/06\/mama_03-134x300.jpg 134w\" sizes=\"auto, (max-width: 411px) 100vw, 411px\" \/><figcaption class=\"wp-element-caption\">Marketenderin Mair Margit<\/figcaption><\/figure>\n<\/figure>\n\n\n\n<hr class=\"wp-block-separator aligncenter has-text-color has-alpha-channel-opacity has-background is-style-wide\" style=\"background-color:#355e3b;color:#355e3b\"\/>\n\n\n\n<h3 class=\"wp-block-heading has-text-color has-link-color wp-elements-89be025d98a5b66055b85b196cc91904\" style=\"color:#355e3b\">Im Buch auf Seite 106 &#8211; AUSFLUG NACH B\u00dcHL AM ALPSEE<\/h3>\n\n\n\n<p class=\"has-text-align-center\" id=\"qrarchiv3876\"><mark style=\"background-color:#ffffff;color:#355e3b\" class=\"has-inline-color\">Bevor das Video gestartet wird, empfehlen wir die bereits automatisch gestartete Jubil\u00e4umspolka zu pausieren.<\/mark><\/p>\n\n\n\n<div class=\"wp-block-buttons is-content-justification-center is-layout-flex wp-container-core-buttons-is-layout-16018d1d wp-block-buttons-is-layout-flex\">\n<div class=\"wp-block-button\"><a class=\"wp-block-button__link wp-element-button\" href=\"https:\/\/mk-kiens.com\/index.php\/chronik\/#Kiena-Jubil\u00e4ums-Polka\"><strong><mark style=\"background-color:rgba(0, 0, 0, 0)\" class=\"has-inline-color has-white-color\">Kiena Jubil\u00e4ums-Polka pausieren<\/mark><\/strong><\/a><\/div>\n<\/div>\n\n\n\n<figure class=\"wp-block-embed aligncenter is-type-video is-provider-youtube wp-block-embed-youtube wp-embed-aspect-16-9 wp-has-aspect-ratio\"><div class=\"wp-block-embed__wrapper\">\n<iframe loading=\"lazy\" title=\"B\u00fchl am Alpsee Seekonzert und Staukonzert\" width=\"500\" height=\"281\" src=\"https:\/\/www.youtube.com\/embed\/Nce-FqM983k?feature=oembed\" frameborder=\"0\" allow=\"accelerometer; autoplay; clipboard-write; encrypted-media; gyroscope; picture-in-picture; web-share\" referrerpolicy=\"strict-origin-when-cross-origin\" allowfullscreen><\/iframe>\n<\/div><\/figure>\n\n\n\n<figure class=\"wp-block-gallery has-nested-images columns-4 is-cropped wp-block-gallery-10 is-layout-flex wp-block-gallery-is-layout-flex\">\n<figure class=\"wp-block-image size-large\"><img loading=\"lazy\" decoding=\"async\" width=\"1024\" height=\"768\" data-id=\"1930\" src=\"https:\/\/mk-kiens.com\/wp-content\/uploads\/2023\/08\/2016_10_02-13_36_43-1024x768.jpg\" alt=\"\" class=\"wp-image-1930\" srcset=\"https:\/\/mk-kiens.com\/wp-content\/uploads\/2023\/08\/2016_10_02-13_36_43-1024x768.jpg 1024w, https:\/\/mk-kiens.com\/wp-content\/uploads\/2023\/08\/2016_10_02-13_36_43-300x225.jpg 300w, https:\/\/mk-kiens.com\/wp-content\/uploads\/2023\/08\/2016_10_02-13_36_43-768x576.jpg 768w, https:\/\/mk-kiens.com\/wp-content\/uploads\/2023\/08\/2016_10_02-13_36_43-1536x1152.jpg 1536w, https:\/\/mk-kiens.com\/wp-content\/uploads\/2023\/08\/2016_10_02-13_36_43-2048x1536.jpg 2048w\" sizes=\"auto, (max-width: 1024px) 100vw, 1024px\" \/><figcaption class=\"wp-element-caption\">Oskar immer in Aktion.<\/figcaption><\/figure>\n\n\n\n<figure class=\"wp-block-image size-large\"><img loading=\"lazy\" decoding=\"async\" width=\"768\" height=\"1024\" data-id=\"1936\" src=\"https:\/\/mk-kiens.com\/wp-content\/uploads\/2023\/08\/2016_10_02-13_32_22-768x1024.jpg\" alt=\"\" class=\"wp-image-1936\" srcset=\"https:\/\/mk-kiens.com\/wp-content\/uploads\/2023\/08\/2016_10_02-13_32_22-768x1024.jpg 768w, https:\/\/mk-kiens.com\/wp-content\/uploads\/2023\/08\/2016_10_02-13_32_22-225x300.jpg 225w, https:\/\/mk-kiens.com\/wp-content\/uploads\/2023\/08\/2016_10_02-13_32_22-1152x1536.jpg 1152w, https:\/\/mk-kiens.com\/wp-content\/uploads\/2023\/08\/2016_10_02-13_32_22-1536x2048.jpg 1536w, https:\/\/mk-kiens.com\/wp-content\/uploads\/2023\/08\/2016_10_02-13_32_22-scaled.jpg 1920w\" sizes=\"auto, (max-width: 768px) 100vw, 768px\" \/><figcaption class=\"wp-element-caption\">Ein T\u00e4nzchen von Nadja und Alex zu den Kl\u00e4ngen der MK B\u00fchl am Alpsee<\/figcaption><\/figure>\n\n\n\n<figure class=\"wp-block-image size-large\"><img loading=\"lazy\" decoding=\"async\" width=\"1024\" height=\"768\" data-id=\"1928\" src=\"https:\/\/mk-kiens.com\/wp-content\/uploads\/2023\/08\/2016_10_02-13_24_50-1024x768.jpg\" alt=\"\" class=\"wp-image-1928\" srcset=\"https:\/\/mk-kiens.com\/wp-content\/uploads\/2023\/08\/2016_10_02-13_24_50-1024x768.jpg 1024w, https:\/\/mk-kiens.com\/wp-content\/uploads\/2023\/08\/2016_10_02-13_24_50-300x225.jpg 300w, https:\/\/mk-kiens.com\/wp-content\/uploads\/2023\/08\/2016_10_02-13_24_50-768x576.jpg 768w, https:\/\/mk-kiens.com\/wp-content\/uploads\/2023\/08\/2016_10_02-13_24_50-1536x1152.jpg 1536w, https:\/\/mk-kiens.com\/wp-content\/uploads\/2023\/08\/2016_10_02-13_24_50-2048x1536.jpg 2048w\" sizes=\"auto, (max-width: 1024px) 100vw, 1024px\" \/><figcaption class=\"wp-element-caption\">Hausa in Feierlaune.<\/figcaption><\/figure>\n\n\n\n<figure class=\"wp-block-image size-large\"><img loading=\"lazy\" decoding=\"async\" width=\"1024\" height=\"768\" data-id=\"1926\" src=\"https:\/\/mk-kiens.com\/wp-content\/uploads\/2023\/08\/2016_10_02-13_24_27-1024x768.jpg\" alt=\"\" class=\"wp-image-1926\" srcset=\"https:\/\/mk-kiens.com\/wp-content\/uploads\/2023\/08\/2016_10_02-13_24_27-1024x768.jpg 1024w, https:\/\/mk-kiens.com\/wp-content\/uploads\/2023\/08\/2016_10_02-13_24_27-300x225.jpg 300w, https:\/\/mk-kiens.com\/wp-content\/uploads\/2023\/08\/2016_10_02-13_24_27-768x576.jpg 768w, https:\/\/mk-kiens.com\/wp-content\/uploads\/2023\/08\/2016_10_02-13_24_27-1536x1152.jpg 1536w, https:\/\/mk-kiens.com\/wp-content\/uploads\/2023\/08\/2016_10_02-13_24_27-2048x1536.jpg 2048w\" sizes=\"auto, (max-width: 1024px) 100vw, 1024px\" \/><figcaption class=\"wp-element-caption\">Die Stimmung steigt.<\/figcaption><\/figure>\n\n\n\n<figure class=\"wp-block-image size-large\"><img loading=\"lazy\" decoding=\"async\" width=\"1024\" height=\"768\" data-id=\"1929\" src=\"https:\/\/mk-kiens.com\/wp-content\/uploads\/2023\/08\/2016_10_02-13_24_21-1024x768.jpg\" alt=\"\" class=\"wp-image-1929\" srcset=\"https:\/\/mk-kiens.com\/wp-content\/uploads\/2023\/08\/2016_10_02-13_24_21-1024x768.jpg 1024w, https:\/\/mk-kiens.com\/wp-content\/uploads\/2023\/08\/2016_10_02-13_24_21-300x225.jpg 300w, https:\/\/mk-kiens.com\/wp-content\/uploads\/2023\/08\/2016_10_02-13_24_21-768x576.jpg 768w, https:\/\/mk-kiens.com\/wp-content\/uploads\/2023\/08\/2016_10_02-13_24_21-1536x1152.jpg 1536w, https:\/\/mk-kiens.com\/wp-content\/uploads\/2023\/08\/2016_10_02-13_24_21-2048x1536.jpg 2048w\" sizes=\"auto, (max-width: 1024px) 100vw, 1024px\" \/><figcaption class=\"wp-element-caption\">Gmieltliches Zamsitza mit unsere Freunde aus dem Allg\u00e4u.<\/figcaption><\/figure>\n\n\n\n<figure class=\"wp-block-image size-large\"><img loading=\"lazy\" decoding=\"async\" width=\"1024\" height=\"768\" data-id=\"1932\" src=\"https:\/\/mk-kiens.com\/wp-content\/uploads\/2023\/08\/2016_10_02-12_56_07-1024x768.jpg\" alt=\"\" class=\"wp-image-1932\" srcset=\"https:\/\/mk-kiens.com\/wp-content\/uploads\/2023\/08\/2016_10_02-12_56_07-1024x768.jpg 1024w, https:\/\/mk-kiens.com\/wp-content\/uploads\/2023\/08\/2016_10_02-12_56_07-300x225.jpg 300w, https:\/\/mk-kiens.com\/wp-content\/uploads\/2023\/08\/2016_10_02-12_56_07-768x576.jpg 768w, https:\/\/mk-kiens.com\/wp-content\/uploads\/2023\/08\/2016_10_02-12_56_07-1536x1152.jpg 1536w, https:\/\/mk-kiens.com\/wp-content\/uploads\/2023\/08\/2016_10_02-12_56_07-2048x1536.jpg 2048w\" sizes=\"auto, (max-width: 1024px) 100vw, 1024px\" \/><figcaption class=\"wp-element-caption\">Gasthauskonzert im &#8222;Gasthaus zum Alpsee&#8220;<\/figcaption><\/figure>\n\n\n\n<figure class=\"wp-block-image size-large\"><img loading=\"lazy\" decoding=\"async\" width=\"1024\" height=\"768\" data-id=\"1924\" src=\"https:\/\/mk-kiens.com\/wp-content\/uploads\/2023\/08\/2016_10_02-12_46_22-1024x768.jpg\" alt=\"\" class=\"wp-image-1924\" srcset=\"https:\/\/mk-kiens.com\/wp-content\/uploads\/2023\/08\/2016_10_02-12_46_22-1024x768.jpg 1024w, https:\/\/mk-kiens.com\/wp-content\/uploads\/2023\/08\/2016_10_02-12_46_22-300x225.jpg 300w, https:\/\/mk-kiens.com\/wp-content\/uploads\/2023\/08\/2016_10_02-12_46_22-768x576.jpg 768w, https:\/\/mk-kiens.com\/wp-content\/uploads\/2023\/08\/2016_10_02-12_46_22-1536x1152.jpg 1536w, https:\/\/mk-kiens.com\/wp-content\/uploads\/2023\/08\/2016_10_02-12_46_22-2048x1536.jpg 2048w\" sizes=\"auto, (max-width: 1024px) 100vw, 1024px\" \/><figcaption class=\"wp-element-caption\">Gasthauskonzert im &#8222;Gasthaus zum Alpsee&#8220;<\/figcaption><\/figure>\n\n\n\n<figure class=\"wp-block-image size-large\"><img loading=\"lazy\" decoding=\"async\" width=\"1024\" height=\"768\" data-id=\"1935\" src=\"https:\/\/mk-kiens.com\/wp-content\/uploads\/2023\/08\/2016_10_02-12_37_09-1024x768.jpg\" alt=\"\" class=\"wp-image-1935\" srcset=\"https:\/\/mk-kiens.com\/wp-content\/uploads\/2023\/08\/2016_10_02-12_37_09-1024x768.jpg 1024w, https:\/\/mk-kiens.com\/wp-content\/uploads\/2023\/08\/2016_10_02-12_37_09-300x225.jpg 300w, https:\/\/mk-kiens.com\/wp-content\/uploads\/2023\/08\/2016_10_02-12_37_09-768x576.jpg 768w, https:\/\/mk-kiens.com\/wp-content\/uploads\/2023\/08\/2016_10_02-12_37_09-1536x1152.jpg 1536w, https:\/\/mk-kiens.com\/wp-content\/uploads\/2023\/08\/2016_10_02-12_37_09-2048x1536.jpg 2048w\" sizes=\"auto, (max-width: 1024px) 100vw, 1024px\" \/><figcaption class=\"wp-element-caption\">Unsere Marketenderinnen verk\u00f6stigen die Gastgeber mit gutem Schnaps von s\u00fcdlich des Brenners.<\/figcaption><\/figure>\n\n\n\n<figure class=\"wp-block-image size-large\"><img loading=\"lazy\" decoding=\"async\" width=\"1024\" height=\"768\" data-id=\"1934\" src=\"https:\/\/mk-kiens.com\/wp-content\/uploads\/2023\/08\/2016_10_02-12_30_00-1024x768.jpg\" alt=\"\" class=\"wp-image-1934\" srcset=\"https:\/\/mk-kiens.com\/wp-content\/uploads\/2023\/08\/2016_10_02-12_30_00-1024x768.jpg 1024w, https:\/\/mk-kiens.com\/wp-content\/uploads\/2023\/08\/2016_10_02-12_30_00-300x225.jpg 300w, https:\/\/mk-kiens.com\/wp-content\/uploads\/2023\/08\/2016_10_02-12_30_00-768x576.jpg 768w, https:\/\/mk-kiens.com\/wp-content\/uploads\/2023\/08\/2016_10_02-12_30_00-1536x1152.jpg 1536w, https:\/\/mk-kiens.com\/wp-content\/uploads\/2023\/08\/2016_10_02-12_30_00-2048x1536.jpg 2048w\" sizes=\"auto, (max-width: 1024px) 100vw, 1024px\" \/><figcaption class=\"wp-element-caption\">Unsere Marketenderinnen verk\u00f6stigen die Gastgeber mit gutem Schnaps von s\u00fcdlich des Brenners.<\/figcaption><\/figure>\n\n\n\n<figure class=\"wp-block-image size-large\"><img loading=\"lazy\" decoding=\"async\" width=\"1024\" height=\"768\" data-id=\"1933\" src=\"https:\/\/mk-kiens.com\/wp-content\/uploads\/2023\/08\/2016_10_02-12_26_56-1024x768.jpg\" alt=\"\" class=\"wp-image-1933\" srcset=\"https:\/\/mk-kiens.com\/wp-content\/uploads\/2023\/08\/2016_10_02-12_26_56-1024x768.jpg 1024w, https:\/\/mk-kiens.com\/wp-content\/uploads\/2023\/08\/2016_10_02-12_26_56-300x225.jpg 300w, https:\/\/mk-kiens.com\/wp-content\/uploads\/2023\/08\/2016_10_02-12_26_56-768x576.jpg 768w, https:\/\/mk-kiens.com\/wp-content\/uploads\/2023\/08\/2016_10_02-12_26_56-1536x1152.jpg 1536w, https:\/\/mk-kiens.com\/wp-content\/uploads\/2023\/08\/2016_10_02-12_26_56-2048x1536.jpg 2048w\" sizes=\"auto, (max-width: 1024px) 100vw, 1024px\" \/><figcaption class=\"wp-element-caption\">Gasthauskonzert im &#8222;Gasthaus zum Alpsee&#8220;<\/figcaption><\/figure>\n\n\n\n<figure class=\"wp-block-image size-large\"><img loading=\"lazy\" decoding=\"async\" width=\"1024\" height=\"768\" data-id=\"1925\" src=\"https:\/\/mk-kiens.com\/wp-content\/uploads\/2023\/08\/2016_10_02-12_23_20-1024x768.jpg\" alt=\"\" class=\"wp-image-1925\" srcset=\"https:\/\/mk-kiens.com\/wp-content\/uploads\/2023\/08\/2016_10_02-12_23_20-1024x768.jpg 1024w, https:\/\/mk-kiens.com\/wp-content\/uploads\/2023\/08\/2016_10_02-12_23_20-300x225.jpg 300w, https:\/\/mk-kiens.com\/wp-content\/uploads\/2023\/08\/2016_10_02-12_23_20-768x576.jpg 768w, https:\/\/mk-kiens.com\/wp-content\/uploads\/2023\/08\/2016_10_02-12_23_20-1536x1152.jpg 1536w, https:\/\/mk-kiens.com\/wp-content\/uploads\/2023\/08\/2016_10_02-12_23_20-2048x1536.jpg 2048w\" sizes=\"auto, (max-width: 1024px) 100vw, 1024px\" \/><figcaption class=\"wp-element-caption\">Unsere Marketenderinnen verk\u00f6stigen die Gastgeber mit gutem Schnaps von s\u00fcdlich des Brenners.<\/figcaption><\/figure>\n\n\n\n<figure class=\"wp-block-image size-large\"><img loading=\"lazy\" decoding=\"async\" width=\"1024\" height=\"768\" data-id=\"1931\" src=\"https:\/\/mk-kiens.com\/wp-content\/uploads\/2023\/08\/2016_10_02-12_06_22-1024x768.jpg\" alt=\"\" class=\"wp-image-1931\" srcset=\"https:\/\/mk-kiens.com\/wp-content\/uploads\/2023\/08\/2016_10_02-12_06_22-1024x768.jpg 1024w, https:\/\/mk-kiens.com\/wp-content\/uploads\/2023\/08\/2016_10_02-12_06_22-300x225.jpg 300w, https:\/\/mk-kiens.com\/wp-content\/uploads\/2023\/08\/2016_10_02-12_06_22-768x576.jpg 768w, https:\/\/mk-kiens.com\/wp-content\/uploads\/2023\/08\/2016_10_02-12_06_22-1536x1152.jpg 1536w, https:\/\/mk-kiens.com\/wp-content\/uploads\/2023\/08\/2016_10_02-12_06_22-2048x1536.jpg 2048w\" sizes=\"auto, (max-width: 1024px) 100vw, 1024px\" \/><figcaption class=\"wp-element-caption\">Empfang durch die Musikkapelle B\u00fchl in Immenstad im &#8222;Gasthaus zum Alpsee&#8220; (indoor aufgrund des schlechten Wetters).<\/figcaption><\/figure>\n\n\n\n<figure class=\"wp-block-image size-large\"><img loading=\"lazy\" decoding=\"async\" width=\"1024\" height=\"576\" data-id=\"1938\" src=\"https:\/\/mk-kiens.com\/wp-content\/uploads\/2023\/08\/2016_10_02-12_02_37-1024x576.jpg\" alt=\"\" class=\"wp-image-1938\" srcset=\"https:\/\/mk-kiens.com\/wp-content\/uploads\/2023\/08\/2016_10_02-12_02_37-1024x576.jpg 1024w, https:\/\/mk-kiens.com\/wp-content\/uploads\/2023\/08\/2016_10_02-12_02_37-300x169.jpg 300w, https:\/\/mk-kiens.com\/wp-content\/uploads\/2023\/08\/2016_10_02-12_02_37-768x432.jpg 768w, https:\/\/mk-kiens.com\/wp-content\/uploads\/2023\/08\/2016_10_02-12_02_37-1536x865.jpg 1536w, https:\/\/mk-kiens.com\/wp-content\/uploads\/2023\/08\/2016_10_02-12_02_37-2048x1153.jpg 2048w\" sizes=\"auto, (max-width: 1024px) 100vw, 1024px\" \/><figcaption class=\"wp-element-caption\">Empfang durch die Musikkapelle B\u00fchl in Immenstad im &#8222;Gasthaus zum Alpsee&#8220; (indoor aufgrund des schlechten Wetters).<\/figcaption><\/figure>\n\n\n\n<figure class=\"wp-block-image size-large\"><img loading=\"lazy\" decoding=\"async\" width=\"1024\" height=\"680\" data-id=\"1937\" src=\"https:\/\/mk-kiens.com\/wp-content\/uploads\/2023\/08\/2016_10_02-11_12_45-1024x680.jpg\" alt=\"\" class=\"wp-image-1937\" srcset=\"https:\/\/mk-kiens.com\/wp-content\/uploads\/2023\/08\/2016_10_02-11_12_45-1024x680.jpg 1024w, https:\/\/mk-kiens.com\/wp-content\/uploads\/2023\/08\/2016_10_02-11_12_45-300x199.jpg 300w, https:\/\/mk-kiens.com\/wp-content\/uploads\/2023\/08\/2016_10_02-11_12_45-768x510.jpg 768w, https:\/\/mk-kiens.com\/wp-content\/uploads\/2023\/08\/2016_10_02-11_12_45-1536x1020.jpg 1536w, https:\/\/mk-kiens.com\/wp-content\/uploads\/2023\/08\/2016_10_02-11_12_45-2048x1360.jpg 2048w\" sizes=\"auto, (max-width: 1024px) 100vw, 1024px\" \/><figcaption class=\"wp-element-caption\">Empfang durch die Musikkapelle B\u00fchl in Immenstad im &#8222;Gasthaus zum Alpsee&#8220; (indoor aufgrund des schlechten Wetters).<\/figcaption><\/figure>\n<\/figure>\n\n\n\n<p><\/p>\n\n\n\n<hr class=\"wp-block-separator aligncenter has-text-color has-alpha-channel-opacity has-background is-style-wide\" style=\"background-color:#355e3b;color:#355e3b\"\/>\n\n\n\n<hr class=\"wp-block-separator has-text-color has-alpha-channel-opacity has-background is-style-wide\" style=\"background-color:#355e3b;color:#355e3b\"\/>\n\n\n\n<hr class=\"wp-block-separator has-text-color has-alpha-channel-opacity has-background is-style-wide\" style=\"background-color:#355e3b;color:#355e3b\"\/>\n\n\n\n<p><\/p>\n\n\n\n<hr class=\"wp-block-separator has-text-color has-alpha-channel-opacity has-background is-style-wide\" style=\"background-color:#355e3b;color:#355e3b\"\/>\n\n\n\n<p><\/p>\n\n\n\n<hr class=\"wp-block-separator has-text-color has-alpha-channel-opacity has-background is-style-wide\" style=\"background-color:#355e3b;color:#355e3b\"\/>\n\n\n\n<p><\/p>\n\n\n\n<hr class=\"wp-block-separator has-text-color has-alpha-channel-opacity has-background is-style-wide\" style=\"background-color:#355e3b;color:#355e3b\"\/>\n\n\n\n<p><\/p>\n\n\n\n<hr class=\"wp-block-separator has-text-color has-alpha-channel-opacity has-background is-style-wide\" style=\"background-color:#355e3b;color:#355e3b\"\/>\n\n\n\n<hr class=\"wp-block-separator has-text-color has-alpha-channel-opacity has-background is-style-wide\" style=\"background-color:#355e3b;color:#355e3b\"\/>\n\n\n\n<hr class=\"wp-block-separator has-text-color has-alpha-channel-opacity has-background is-style-wide\" style=\"background-color:#355e3b;color:#355e3b\"\/>\n\n\n\n<p><\/p>\n\n\n\n<figure id=\"keintreffer\" class=\"wp-block-video\"><video controls src=\"https:\/\/mk-kiens.com\/wp-content\/uploads\/2023\/09\/Marschprobe_Dronenvideo.mp4\"><\/video><figcaption class=\"wp-element-caption\"><mark style=\"background-color:rgba(0, 0, 0, 0);color:#355e3b\" class=\"has-inline-color\">Leider haben wir f\u00fcr diesen QR-Code noch keinen treffenden Inhalt f\u00fcr dich anzuzeigen, wir arbeiten aber daran! Vielleicht k\u00f6nnen wir dich inzwischen mit diesem Video unterhalten. Ansonsten versuche den n\u00e4chsten QR-Code oder verweile gerne auf unserer Webseite.<\/mark><\/figcaption><\/figure>\n","protected":false},"excerpt":{"rendered":"<p>200 Jahre Musikkapelle Kiens Gria\u00dft enk Das 200-j\u00e4hrige Bestehen der Musikkapelle Kiens erf\u00fcllt uns mit gro\u00dfer Freude. Zur\u00fcckzublicken auf das Vergangene erweckt Neugier und Staunen \u00fcber gelebte Tradition und wegweisende Entwicklungen. Der Blick in die Gegenwart macht stolz auf die musikalische Leistung, die vielen Auftritte und die Anerkennung des Vereins in der Dorfgemeinschaft. Der Blick<br \/><a class=\"moretag\" href=\"https:\/\/mk-kiens.com\/index.php\/chronik\/\">+ Lesen Sie mehr<\/a><\/p>\n","protected":false},"author":1,"featured_media":2012,"parent":0,"menu_order":120,"comment_status":"closed","ping_status":"closed","template":"","meta":{"footnotes":""},"class_list":["post-1899","page","type-page","status-publish","has-post-thumbnail","hentry"],"_links":{"self":[{"href":"https:\/\/mk-kiens.com\/index.php\/wp-json\/wp\/v2\/pages\/1899","targetHints":{"allow":["GET"]}}],"collection":[{"href":"https:\/\/mk-kiens.com\/index.php\/wp-json\/wp\/v2\/pages"}],"about":[{"href":"https:\/\/mk-kiens.com\/index.php\/wp-json\/wp\/v2\/types\/page"}],"author":[{"embeddable":true,"href":"https:\/\/mk-kiens.com\/index.php\/wp-json\/wp\/v2\/users\/1"}],"replies":[{"embeddable":true,"href":"https:\/\/mk-kiens.com\/index.php\/wp-json\/wp\/v2\/comments?post=1899"}],"version-history":[{"count":143,"href":"https:\/\/mk-kiens.com\/index.php\/wp-json\/wp\/v2\/pages\/1899\/revisions"}],"predecessor-version":[{"id":2624,"href":"https:\/\/mk-kiens.com\/index.php\/wp-json\/wp\/v2\/pages\/1899\/revisions\/2624"}],"wp:featuredmedia":[{"embeddable":true,"href":"https:\/\/mk-kiens.com\/index.php\/wp-json\/wp\/v2\/media\/2012"}],"wp:attachment":[{"href":"https:\/\/mk-kiens.com\/index.php\/wp-json\/wp\/v2\/media?parent=1899"}],"curies":[{"name":"wp","href":"https:\/\/api.w.org\/{rel}","templated":true}]}}